{"id":6644,"date":"2023-03-15T09:06:07","date_gmt":"2023-03-15T08:06:07","guid":{"rendered":"https:\/\/www.wenger-basel.ch\/amenagements\/"},"modified":"2024-10-14T10:56:08","modified_gmt":"2024-10-14T08:56:08","slug":"amenagements","status":"publish","type":"page","link":"https:\/\/www.wenger-basel.ch\/fr\/amenagements\/","title":{"rendered":"Am\u00e9nagements"},"content":{"rendered":"[vc_row type=&#8221;in_container&#8221; full_screen_row_position=&#8221;middle&#8221; column_margin=&#8221;default&#8221; column_direction=&#8221;default&#8221; column_direction_tablet=&#8221;default&#8221; column_direction_phone=&#8221;default&#8221; scene_position=&#8221;center&#8221; top_padding_phone=&#8221;30&#8243; text_color=&#8221;dark&#8221; text_align=&#8221;left&#8221; row_border_radius=&#8221;none&#8221; row_border_radius_applies=&#8221;bg&#8221; overflow=&#8221;visible&#8221; overlay_strength=&#8221;0.3&#8243; gradient_direction=&#8221;left_to_right&#8221; shape_divider_position=&#8221;bottom&#8221; bg_image_animation=&#8221;none&#8221; gradient_type=&#8221;default&#8221; shape_type=&#8221;&#8221;][vc_column column_padding=&#8221;no-extra-padding&#8221; column_padding_tablet=&#8221;inherit&#8221; column_padding_phone=&#8221;inherit&#8221; column_padding_position=&#8221;all&#8221; column_element_direction_desktop=&#8221;default&#8221; column_element_spacing=&#8221;default&#8221; desktop_text_alignment=&#8221;default&#8221; tablet_text_alignment=&#8221;default&#8221; phone_text_alignment=&#8221;default&#8221; background_color_opacity=&#8221;1&#8243; background_hover_color_opacity=&#8221;1&#8243; column_backdrop_filter=&#8221;none&#8221; column_shadow=&#8221;none&#8221; column_border_radius=&#8221;none&#8221; column_link_target=&#8221;_self&#8221; column_position=&#8221;default&#8221; gradient_direction=&#8221;left_to_right&#8221; overlay_strength=&#8221;0.3&#8243; width=&#8221;1\/1&#8243; tablet_width_inherit=&#8221;default&#8221; animation_type=&#8221;default&#8221; bg_image_animation=&#8221;none&#8221; border_type=&#8221;simple&#8221; column_border_width=&#8221;none&#8221; column_border_style=&#8221;solid&#8221;][vc_column_text]\n<h1>Am\u00e9nagement int\u00e9rieur d&#8217;utilitaires et de fourgons<\/h1>\n[\/vc_column_text][\/vc_column][\/vc_row][vc_row type=&#8221;in_container&#8221; full_screen_row_position=&#8221;middle&#8221; column_margin=&#8221;default&#8221; column_direction=&#8221;default&#8221; column_direction_tablet=&#8221;default&#8221; column_direction_phone=&#8221;default&#8221; scene_position=&#8221;center&#8221; top_padding_phone=&#8221;30&#8243; text_color=&#8221;dark&#8221; text_align=&#8221;left&#8221; row_border_radius=&#8221;none&#8221; row_border_radius_applies=&#8221;bg&#8221; overflow=&#8221;visible&#8221; overlay_strength=&#8221;0.3&#8243; gradient_direction=&#8221;left_to_right&#8221; shape_divider_position=&#8221;bottom&#8221; bg_image_animation=&#8221;none&#8221; gradient_type=&#8221;default&#8221; shape_type=&#8221;&#8221;][vc_column column_padding=&#8221;padding-3-percent&#8221; column_padding_tablet=&#8221;inherit&#8221; column_padding_phone=&#8221;no-extra-padding&#8221; column_padding_position=&#8221;right&#8221; column_element_direction_desktop=&#8221;default&#8221; column_element_spacing=&#8221;default&#8221; desktop_text_alignment=&#8221;default&#8221; tablet_text_alignment=&#8221;default&#8221; phone_text_alignment=&#8221;default&#8221; background_color_opacity=&#8221;1&#8243; background_hover_color_opacity=&#8221;1&#8243; column_backdrop_filter=&#8221;none&#8221; column_shadow=&#8221;none&#8221; column_border_radius=&#8221;none&#8221; column_link_target=&#8221;_self&#8221; column_position=&#8221;default&#8221; gradient_direction=&#8221;left_to_right&#8221; overlay_strength=&#8221;0.3&#8243; width=&#8221;2\/3&#8243; tablet_width_inherit=&#8221;default&#8221; animation_type=&#8221;default&#8221; bg_image_animation=&#8221;none&#8221; border_type=&#8221;simple&#8221; column_border_width=&#8221;none&#8221; column_border_style=&#8221;solid&#8221; column_padding_type=&#8221;default&#8221; gradient_type=&#8221;default&#8221;][vc_column_text css=&#8221;&#8221; text_direction=&#8221;default&#8221;]Depuis <strong>1919<\/strong>, Wenger accompagne les <strong>entreprises priv\u00e9es et les organismes publics<\/strong> en les <strong>conseillant, en concevant, en agen\u00e7ant, en construisant des v\u00e9hicules utilitaires am\u00e9nag\u00e9s tels que des fourgons<\/strong>. Que ce soient des <strong>syst\u00e8mes d&#8217;\u00e9tag\u00e8res, des rayonnages, des constructions sur mesure, des installations isothermes-frigorifiques-r\u00e9frig\u00e9r\u00e9s ou des \u00e9quipements d&#8217;arrimage et de s\u00e9curisation des chargements<\/strong>, nous trouvons une solution <strong>adapt\u00e9e et efficace \u00e0 vos exigences m\u00e9tiers<\/strong>.<\/p>\n<p><strong>Bien agenc\u00e9 &#8211; vous \u00e9conomisez ainsi beaucoup de temps de recherche. <\/strong>La planification d&#8217;un am\u00e9nagement de v\u00e9hicule commence de pr\u00e9f\u00e9rence <strong>avant l&#8217;achat du v\u00e9hicule<\/strong>. Vous cr\u00e9ez ainsi la base d&#8217;<strong>une r\u00e9alisation optimale de vos objectifs dans vos travaux quotidiens<\/strong>. Avec <strong>des supports et des syst\u00e8mes d&#8217;\u00e9tag\u00e8res adapt\u00e9s<\/strong>, votre <strong>mat\u00e9riel est en s\u00e9curit\u00e9<\/strong>, toujours <strong>\u00e0 port\u00e9e de main et facile \u00e0 ranger<\/strong>. Notre exp\u00e9rience avec les fournisseurs et les clients a montr\u00e9 qu&#8217;un <strong>v\u00e9hicule parfaitement rang\u00e9<\/strong> peut entra\u00eener <strong>des \u00e9conomies massives<\/strong>. Vos collaborateurs sur les chantiers ne doivent plus chercher longtemps votre mat\u00e9riel et ont tout \u00e0 port\u00e9e de main.<\/p>\n<p><strong>Bien rang\u00e9 &#8211; Moins de risque pour votre s\u00e9curit\u00e9. <\/strong>Tous les am\u00e9nagements sont r\u00e9alis\u00e9s dans les <strong>r\u00e8gles de l&#8217;art, en respectant les normes de s\u00e9curit\u00e9 les plus strictes<\/strong> et en utilisant <strong>des mat\u00e9riaux de haute qualit\u00e9<\/strong>. Avec un am\u00e9nagement de notre part, vous pouvez <strong>ranger ou s\u00e9curiser<\/strong> de mani\u00e8re optimale le mat\u00e9riel que vous transportez. Il est en effet dangereux qu&#8217;en cas de <strong>freinage d&#8217;urgence ou d&#8217;accident<\/strong>, un am\u00e9nagement de v\u00e9hicule mal mont\u00e9 ou du mat\u00e9riel et des outils mal rang\u00e9s se transforment <strong>soudain en projectile<\/strong>.<\/p>\n<p><strong>Bien ordonn\u00e9 pour une meilleure image aupr\u00e8s de vos clients. <\/strong>Si tout le chargement vous tombe dessus d\u00e8s l&#8217;ouverture du hayon, c&#8217;est <strong>dangereux<\/strong> pour vous <strong>et g\u00eanant<\/strong> pour l&#8217;image de votre entreprise. Ne sous-estimez pas l&#8217;image que vous laissez avec vos v\u00e9hicules d&#8217;entreprise et prenez vos pr\u00e9cautions avec un am\u00e9nagement parfait pour ne pas \u00eatre mal per\u00e7u.[\/vc_column_text][\/vc_column][vc_column column_padding=&#8221;no-extra-padding&#8221; column_padding_tablet=&#8221;inherit&#8221; column_padding_phone=&#8221;inherit&#8221; column_padding_position=&#8221;all&#8221; column_element_direction_desktop=&#8221;default&#8221; column_element_spacing=&#8221;default&#8221; desktop_text_alignment=&#8221;default&#8221; tablet_text_alignment=&#8221;default&#8221; phone_text_alignment=&#8221;default&#8221; background_color_opacity=&#8221;1&#8243; background_hover_color_opacity=&#8221;1&#8243; column_backdrop_filter=&#8221;none&#8221; column_shadow=&#8221;none&#8221; column_border_radius=&#8221;none&#8221; column_link_target=&#8221;_self&#8221; column_position=&#8221;default&#8221; gradient_direction=&#8221;left_to_right&#8221; overlay_strength=&#8221;0.3&#8243; width=&#8221;1\/3&#8243; tablet_width_inherit=&#8221;default&#8221; animation_type=&#8221;default&#8221; bg_image_animation=&#8221;none&#8221; border_type=&#8221;simple&#8221; column_border_width=&#8221;none&#8221; column_border_style=&#8221;solid&#8221;][vc_video link=&#8221;https:\/\/youtu.be\/SPKxcbz8y00&#8243;][vc_gallery type=&#8221;nectarslider_style&#8221; images=&#8221;3343,3357,3383&#8243; image_loading=&#8221;default&#8221; ns_image_rendering=&#8221;default&#8221; ns_image_aspect_ratio=&#8221;default&#8221; bullet_navigation_style=&#8221;see_through&#8221; onclick=&#8221;link_no&#8221;][\/vc_column][\/vc_row][vc_row type=&#8221;in_container&#8221; full_screen_row_position=&#8221;middle&#8221; column_margin=&#8221;default&#8221; column_direction=&#8221;default&#8221; column_direction_tablet=&#8221;default&#8221; column_direction_phone=&#8221;default&#8221; scene_position=&#8221;center&#8221; top_padding=&#8221;40&#8243; text_color=&#8221;dark&#8221; text_align=&#8221;left&#8221; row_border_radius=&#8221;none&#8221; row_border_radius_applies=&#8221;bg&#8221; overflow=&#8221;visible&#8221; overlay_strength=&#8221;0.3&#8243; gradient_direction=&#8221;left_to_right&#8221; shape_divider_position=&#8221;bottom&#8221; bg_image_animation=&#8221;none&#8221; gradient_type=&#8221;default&#8221; shape_type=&#8221;&#8221;][vc_column column_padding=&#8221;padding-4-percent&#8221; column_padding_tablet=&#8221;inherit&#8221; column_padding_phone=&#8221;no-extra-padding&#8221; column_padding_position=&#8221;right&#8221; column_element_direction_desktop=&#8221;default&#8221; column_element_spacing=&#8221;default&#8221; desktop_text_alignment=&#8221;default&#8221; tablet_text_alignment=&#8221;default&#8221; phone_text_alignment=&#8221;default&#8221; background_color_opacity=&#8221;1&#8243; background_hover_color_opacity=&#8221;1&#8243; column_backdrop_filter=&#8221;none&#8221; column_shadow=&#8221;none&#8221; column_border_radius=&#8221;none&#8221; column_link_target=&#8221;_self&#8221; column_position=&#8221;default&#8221; gradient_direction=&#8221;left_to_right&#8221; overlay_strength=&#8221;0.3&#8243; width=&#8221;2\/3&#8243; tablet_width_inherit=&#8221;default&#8221; animation_type=&#8221;default&#8221; bg_image_animation=&#8221;none&#8221; border_type=&#8221;simple&#8221; column_border_width=&#8221;none&#8221; column_border_style=&#8221;solid&#8221; column_padding_type=&#8221;default&#8221; gradient_type=&#8221;default&#8221;][vc_column_text css=&#8221;&#8221; text_direction=&#8221;default&#8221;]\n<h2>Syst\u00e8mes de rayonnages<\/h2>\n<p>Pour un v\u00e9hicule <strong>parfaitement rang\u00e9<\/strong>. Avec les am\u00e9nagements de syst\u00e8mes de rayonnages en aluminium de Wenger, vos marchandises \u00e0 transporter et vos outils sont <strong>toujours rang\u00e9s au bon endroit<\/strong>. Nous concevons l&#8217;am\u00e9nagement de v\u00e9hicule correspondant sur la base de vos id\u00e9es. Vous recevez toujours une <strong>visualisation avec notre offre<\/strong>, afin que vous puissiez voir \u00e0 quoi ressemble l&#8217;espace de chargement \u00e9quip\u00e9 des syst\u00e8mes de rayonnage. Nos modules sont <strong>disponibles en diff\u00e9rentes hauteurs, profondeurs et largeurs<\/strong>. Il est possible d&#8217;int\u00e9grer dans les rayonnages des<strong> tiroirs, des abattants, des bacs d&#8217;\u00e9tag\u00e8res, des tablettes pour valises<\/strong>, etc.<\/p>\n<p><strong>Charge utile et robustesse gr\u00e2ce \u00e0 l&#8217;aluminium<\/strong>. Cela permet d&#8217;une part de <strong>conserver une charge utile importante<\/strong> et d&#8217;autre part d&#8217;\u00e9viter que les \u00e9l\u00e9ments int\u00e9gr\u00e9s ne rouillent. Gr\u00e2ce \u00e0 leur robustesse, les <strong>syst\u00e8mes de rayonnages durent souvent plus longtemps que le v\u00e9hicule<\/strong>, raison pour laquelle il n&#8217;est pas rare que l&#8217;<strong>am\u00e9nagement int\u00e9rieur complet puisse \u00eatre repris dans un nouveau v\u00e9hicule<\/strong>.<\/p>\n<p>Profitez de notre <strong>gamme de produits sp\u00e9cifiques \u00e0 votre secteur d&#8217;activit\u00e9<\/strong>. Selon la taille du v\u00e9hicule, mais aussi en fonction du <strong>domaine d&#8217;activit\u00e9 de votre entreprise<\/strong>, diff\u00e9rentes possibilit\u00e9s de montage conviennent. Nous vous proposons des syst\u00e8mes de <strong>tiroirs, des clapets d&#8217;\u00e9tag\u00e8res, des tablettes\/tablettes pour valises, des \u00e9tablis extensibles, des supports pour tuyaux ou bo\u00eetes, des portes<\/strong>, etc. combin\u00e9s individuellement et selon vos besoins.<\/p>\n<h2>Atelier mobile<\/h2>\n<p>Faites le bonheur de vos clients. Afin d&#8217;\u00eatre \u00e9quip\u00e9 pour vos interventions et de pouvoir <strong>intervenir rapidement sur place<\/strong>, un atelier mobile est indispensable. Dans un am\u00e9nagement int\u00e9rieur bien pens\u00e9, vous avez toujours <strong>vos outils \u00e0 port\u00e9e de main<\/strong> et vous pouvez effectuer des <strong>r\u00e9parations rapidement et facilement <\/strong>dans votre atelier mobile. Proposez un service sur place, <strong>r\u00e9duisez les temps d&#8217;attente inutiles pour vos clients et augmentez ainsi leur satisfaction<\/strong>.<\/p>\n<p>Effectuez vos travaux d&#8217;entretien sans effort. Faites am\u00e9nager votre v\u00e9hicule par Wenger de mani\u00e8re \u00e0 obtenir, d&#8217;une part, suffisamment de <strong>possibilit\u00e9s de rangement<\/strong> pour votre mat\u00e9riel et, d&#8217;autre part, des surfaces facilement accessibles et aussi grandes que possible pour vos travaux. Comme si vous travailliez dans vos ateliers professionnels. Gr\u00e2ce \u00e0 nos <strong>syst\u00e8mes de rangement ing\u00e9nieux<\/strong>, vos outils de travail sont <strong>agenc\u00e9s de mani\u00e8re logique et facilement accessibles<\/strong>.<\/p>\n<h2>Am\u00e9nagement personnalis\u00e9, sur mesure<\/h2>\n<p>Avec un am\u00e9nagement int\u00e9rieur personnalis\u00e9\u00a0de v\u00e9hicule <strong>structur\u00e9 et adapt\u00e9 \u00e0 vos besoins<\/strong>, vous effectuez vos <strong>t\u00e2ches quotidiennes en toute facilit\u00e9<\/strong>. D\u00e9terminez avec quels produits vous souhaitez am\u00e9nager votre fourgon, afin que vos marchandises soient rang\u00e9es de mani\u00e8re <strong>peu encombrante<\/strong> et que vous trouviez votre mat\u00e9riel de travail l\u00e0 o\u00f9 vous le cherchez. Il est \u00e9galement possible de r\u00e9aliser des <strong>rangements individuels dans la cabine du conducteur<\/strong> et d&#8217;installer des appareils techniques tels que <strong>radio, t\u00e9l\u00e9phones portables<\/strong>, etc. \u00e0 des endroits facilement accessibles. Nos modules et supports sont en grande partie <strong>fabriqu\u00e9s en aluminium<\/strong>. D&#8217;une part, ils sont tr\u00e8s robustes et, d&#8217;autre part, ils conservent une charge utile \u00e9lev\u00e9e.<\/p>\n<p>Des extras bien pens\u00e9s pour vos marchandises. Au moyen de <strong>rails d&#8217;arrimage encastr\u00e9s dans le plancher en bois ou mont\u00e9s sur les entretoises de toit<\/strong>, vos marchandises peuvent \u00eatre s\u00e9curis\u00e9es \u00e0 l&#8217;aide de <strong>rails d&#8217;arrimage ou de barres de blocage<\/strong> de mani\u00e8re \u00e0 ce que rien ne bouge. Pour que les parois lat\u00e9rales ne soient pas endommag\u00e9es lors du chargement et du d\u00e9chargement, elles peuvent \u00eatre prot\u00e9g\u00e9es par un <strong>rev\u00eatement int\u00e9rieur.<\/strong> Gr\u00e2ce \u00e0 des fabrications sp\u00e9ciales plus ou moins importantes, il est possible de r\u00e9aliser des <strong>dispositifs et des supports afin de garantir une s\u00e9curisation parfaite<\/strong> de vos marchandises.<\/p>\n<p><strong>Profitez de notre exp\u00e9rience dans la construction de v\u00e9hicules de police et de pompiers<\/strong>. Les exigences en mati\u00e8re d&#8217;am\u00e9nagement int\u00e9rieur sont compl\u00e8tement diff\u00e9rentes selon le secteur. Gr\u00e2ce \u00e0 des ann\u00e9es d&#8217;exp\u00e9rience dans l&#8217;am\u00e9nagement de fourgonnettes, nous sommes \u00e9quip\u00e9s pour r\u00e9pondre aux souhaits les plus exclusifs. <strong>Profitez des technologies que nous utilisons dans la construction de v\u00e9hicules de police et de pompiers<\/strong> et de l&#8217;exp\u00e9rience qui en r\u00e9sulte dans l&#8217;<strong>am\u00e9nagement compact et robuste de v\u00e9hicules<\/strong>.<\/p>\n<h2>Am\u00e9nagements de v\u00e9hicules frigorifiques<\/h2>\n<p>Pour une <strong>cha\u00eene logistique r\u00e9frig\u00e9r\u00e9e efficace<\/strong>. Pour le transport de marchandises sensibles \u00e0 la temp\u00e9rature, qui doivent respecter une temp\u00e9rature donn\u00e9e dans la cha\u00eene logistique, il faut le bon v\u00e9hicule avec <strong>le refroidissement et l&#8217;isolation correspondants<\/strong>. Wenger vous propose des v\u00e9hicules frigorifiques qui peuvent \u00eatre<strong> r\u00e9frig\u00e9r\u00e9s ou chauff\u00e9s et qui r\u00e9pondent parfaitement \u00e0 vos besoins<\/strong>. Les v\u00e9hicules r\u00e9frig\u00e9r\u00e9s Wenger se distinguent par l&#8217;<strong>interaction parfaite entre l&#8217;isolation et l&#8217;appareil de r\u00e9frig\u00e9ration<\/strong> et s\u00e9duisent par leur grande efficacit\u00e9 \u00e9nerg\u00e9tique. Vous \u00e9conomisez ainsi non seulement sur les frais courants, comme le carburant, mais vous faites aussi une bonne action pour l&#8217;environnement.<\/p>\n<p>Qu&#8217;il s&#8217;agisse de transport <strong>frigorifique, pharmaceutique ou hygi\u00e9nique<\/strong>, nous vous proposons l&#8217;am\u00e9nagement adapt\u00e9 \u00e0 votre secteur. La temp\u00e9rature du compartiment de chargement se <strong>r\u00e8gle facilement en quelques gestes gr\u00e2ce \u00e0 une commande int\u00e9gr\u00e9e<\/strong> dans le cockpit de la cabine de conduite. Gr\u00e2ce \u00e0 l&#8217;\u00e9cran, vous ma\u00eetrisez \u00e0 tout moment la temp\u00e9rature int\u00e9rieure de votre camion frigorifique.<\/p>\n<p>Les caisses frigorifiques Wenger sont constitu\u00e9es de <strong>constructions solides et sans CFC<\/strong> pour le transport de produits frais et congel\u00e9s. L&#8217;isolation de nos v\u00e9hicules frigorifiques, <strong>fabriqu\u00e9e en panneaux de mousse rigide de polyur\u00e9thane \u00e0 pores ferm\u00e9s<\/strong> avec une <strong>texture ext\u00e9rieure lisse et blanche en PRV<\/strong>, offre un refroidissement parfait. Le plancher isol\u00e9 est compos\u00e9 d&#8217;une <strong>surface grise, imperm\u00e9able et antid\u00e9rapante<\/strong>. Le <strong>bon appareil de refroidissement<\/strong> pour l&#8217;am\u00e9nagement int\u00e9rieur permet d&#8217;obtenir la temp\u00e9rature dont vous avez besoin pour les marchandises transport\u00e9es.<\/p>\n<p>Si vous souhaitez transporter des marchandises dans une plage de temp\u00e9rature comprise entre <strong>+0\u00b0C et +12\u00b0C<\/strong>, un v\u00e9hicule \u00e9quip\u00e9 d&#8217;un <strong>service fra\u00eecheur est le mieux adapt\u00e9<\/strong>. Si vous souhaitez transporter des marchandises dans une plage de temp\u00e9rature de <strong>+0\u00b0C \u00e0 -20\u00b0C<\/strong>, un v\u00e9hicule \u00e9quip\u00e9 d&#8217;un <strong>syst\u00e8me de cong\u00e9lation est le mieux adapt\u00e9<\/strong>.<\/p>\n<h2>Arrimage du chargement &#8211; Am\u00e9nagements de s\u00e9curit\u00e9<\/h2>\n<p>Pourquoi la s\u00e9curisation du chargement est si importante . Les forces qui agissent sur le v\u00e9hicule ou sur le chargement lors de l&#8217;<strong>acc\u00e9l\u00e9ration, du freinage, mais aussi dans les virages<\/strong> ou en cas d&#8217;irr\u00e9gularit\u00e9s de la route, se multiplient tr\u00e8s rapidement. C&#8217;est pourquoi il est important d&#8217;<strong>arrimer correctement le chargement et de respecter imp\u00e9rativement les poids maximaux indiqu\u00e9s<\/strong> dans le permis de circulation. Il faut \u00e9galement tenir compte \u00e0 tout moment du <strong>poids des charges par essieu<\/strong>. Vous \u00e9vitez un <strong>\u00e9ventuel basculement du v\u00e9hicule ainsi qu&#8217;un \u00e9cart de trajectoire lors du freinage<\/strong>. De plus, les marchandises correctement arrim\u00e9es ne peuvent <strong>pas se transformer en projectiles dangereux<\/strong>, notamment lors du freinage.<\/p>\n<p>Chaque marchandise doit \u00eatre s\u00e9curis\u00e9e diff\u00e9remment, car la taille et la nature des mat\u00e9riaux peuvent varier. Pour une s\u00e9curisation parfaite, nous vous proposons <strong>diff\u00e9rentes possibilit\u00e9s d&#8217;arrimage<\/strong> : <strong>rails d&#8217;arrimage<\/strong> peuvent \u00eatre mont\u00e9s sur les parois lat\u00e9rales et frontales des extensions, <strong>sangles de serrage<\/strong> permettent d&#8217;obtenir la force de serrage correspondante et de s\u00e9curiser correctement le chargement, <strong>barres peuvent \u00eatre utilis\u00e9es verticalement ou horizontalement<\/strong> pour s\u00e9curiser le chargement et l&#8217;emp\u00eacher de glisser.[\/vc_column_text][\/vc_column][vc_column column_padding=&#8221;no-extra-padding&#8221; column_padding_tablet=&#8221;inherit&#8221; column_padding_phone=&#8221;inherit&#8221; column_padding_position=&#8221;all&#8221; column_element_direction_desktop=&#8221;default&#8221; column_element_spacing=&#8221;default&#8221; desktop_text_alignment=&#8221;default&#8221; tablet_text_alignment=&#8221;default&#8221; phone_text_alignment=&#8221;default&#8221; background_color_opacity=&#8221;1&#8243; background_hover_color_opacity=&#8221;1&#8243; column_backdrop_filter=&#8221;none&#8221; column_shadow=&#8221;none&#8221; column_border_radius=&#8221;none&#8221; column_link_target=&#8221;_self&#8221; column_position=&#8221;default&#8221; gradient_direction=&#8221;left_to_right&#8221; overlay_strength=&#8221;0.3&#8243; width=&#8221;1\/3&#8243; tablet_width_inherit=&#8221;default&#8221; animation_type=&#8221;default&#8221; bg_image_animation=&#8221;none&#8221; border_type=&#8221;simple&#8221; column_border_width=&#8221;none&#8221; column_border_style=&#8221;solid&#8221;][image_with_animation image_url=&#8221;6370&#8243; image_size=&#8221;full&#8221; animation_type=&#8221;entrance&#8221; animation=&#8221;None&#8221; animation_movement_type=&#8221;transform_y&#8221; hover_animation=&#8221;none&#8221; alignment=&#8221;&#8221; border_radius=&#8221;3px&#8221; box_shadow=&#8221;small_depth&#8221; image_loading=&#8221;default&#8221; max_width=&#8221;100%&#8221; max_width_mobile=&#8221;default&#8221;][image_with_animation image_url=&#8221;5301&#8243; image_size=&#8221;full&#8221; animation_type=&#8221;entrance&#8221; animation=&#8221;None&#8221; animation_movement_type=&#8221;transform_y&#8221; hover_animation=&#8221;none&#8221; alignment=&#8221;&#8221; border_radius=&#8221;3px&#8221; box_shadow=&#8221;small_depth&#8221; image_loading=&#8221;default&#8221; max_width=&#8221;100%&#8221; max_width_mobile=&#8221;default&#8221;][image_with_animation image_url=&#8221;5289&#8243; image_size=&#8221;full&#8221; animation_type=&#8221;entrance&#8221; animation=&#8221;None&#8221; animation_movement_type=&#8221;transform_y&#8221; hover_animation=&#8221;none&#8221; alignment=&#8221;&#8221; border_radius=&#8221;3px&#8221; box_shadow=&#8221;small_depth&#8221; image_loading=&#8221;default&#8221; max_width=&#8221;100%&#8221; max_width_mobile=&#8221;default&#8221;][image_with_animation image_url=&#8221;5659&#8243; image_size=&#8221;full&#8221; animation_type=&#8221;entrance&#8221; animation=&#8221;None&#8221; animation_movement_type=&#8221;transform_y&#8221; hover_animation=&#8221;none&#8221; alignment=&#8221;&#8221; border_radius=&#8221;3px&#8221; box_shadow=&#8221;small_depth&#8221; image_loading=&#8221;default&#8221; max_width=&#8221;100%&#8221; max_width_mobile=&#8221;default&#8221;][image_with_animation image_url=&#8221;5636&#8243; image_size=&#8221;full&#8221; animation_type=&#8221;entrance&#8221; animation=&#8221;None&#8221; animation_movement_type=&#8221;transform_y&#8221; hover_animation=&#8221;none&#8221; alignment=&#8221;&#8221; border_radius=&#8221;3px&#8221; box_shadow=&#8221;small_depth&#8221; image_loading=&#8221;default&#8221; max_width=&#8221;100%&#8221; max_width_mobile=&#8221;default&#8221;][image_with_animation image_url=&#8221;1347&#8243; image_size=&#8221;full&#8221; animation_type=&#8221;entrance&#8221; animation=&#8221;None&#8221; animation_movement_type=&#8221;transform_y&#8221; hover_animation=&#8221;none&#8221; alignment=&#8221;&#8221; border_radius=&#8221;3px&#8221; box_shadow=&#8221;small_depth&#8221; image_loading=&#8221;default&#8221; max_width=&#8221;100%&#8221; max_width_mobile=&#8221;default&#8221;][image_with_animation image_url=&#8221;1350&#8243; image_size=&#8221;full&#8221; animation_type=&#8221;entrance&#8221; animation=&#8221;None&#8221; animation_movement_type=&#8221;transform_y&#8221; hover_animation=&#8221;none&#8221; alignment=&#8221;&#8221; border_radius=&#8221;3px&#8221; box_shadow=&#8221;small_depth&#8221; image_loading=&#8221;default&#8221; max_width=&#8221;100%&#8221; max_width_mobile=&#8221;default&#8221;][image_with_animation image_url=&#8221;1326&#8243; image_size=&#8221;full&#8221; animation_type=&#8221;entrance&#8221; animation=&#8221;None&#8221; animation_movement_type=&#8221;transform_y&#8221; hover_animation=&#8221;none&#8221; alignment=&#8221;&#8221; border_radius=&#8221;3px&#8221; box_shadow=&#8221;small_depth&#8221; image_loading=&#8221;default&#8221; max_width=&#8221;100%&#8221; max_width_mobile=&#8221;default&#8221;][image_with_animation image_url=&#8221;1281&#8243; image_size=&#8221;full&#8221; animation_type=&#8221;entrance&#8221; animation=&#8221;None&#8221; animation_movement_type=&#8221;transform_y&#8221; hover_animation=&#8221;none&#8221; alignment=&#8221;&#8221; border_radius=&#8221;3px&#8221; box_shadow=&#8221;small_depth&#8221; image_loading=&#8221;default&#8221; max_width=&#8221;100%&#8221; max_width_mobile=&#8221;default&#8221;][image_with_animation image_url=&#8221;1302&#8243; image_size=&#8221;full&#8221; animation_type=&#8221;entrance&#8221; animation=&#8221;None&#8221; animation_movement_type=&#8221;transform_y&#8221; hover_animation=&#8221;none&#8221; alignment=&#8221;&#8221; border_radius=&#8221;3px&#8221; box_shadow=&#8221;small_depth&#8221; image_loading=&#8221;default&#8221; max_width=&#8221;100%&#8221; max_width_mobile=&#8221;default&#8221;][\/vc_column][\/vc_row][vc_row type=&#8221;full_width_content&#8221; full_screen_row_position=&#8221;middle&#8221; column_margin=&#8221;default&#8221; column_direction=&#8221;default&#8221; column_direction_tablet=&#8221;default&#8221; column_direction_phone=&#8221;default&#8221; scene_position=&#8221;center&#8221; text_color=&#8221;dark&#8221; text_align=&#8221;left&#8221; row_border_radius=&#8221;none&#8221; row_border_radius_applies=&#8221;bg&#8221; overflow=&#8221;visible&#8221; overlay_strength=&#8221;0.3&#8243; gradient_direction=&#8221;left_to_right&#8221; shape_divider_position=&#8221;bottom&#8221; bg_image_animation=&#8221;none&#8221; gradient_type=&#8221;default&#8221; shape_type=&#8221;&#8221;][vc_column column_padding=&#8221;padding-5-percent&#8221; column_padding_tablet=&#8221;inherit&#8221; column_padding_phone=&#8221;inherit&#8221; column_padding_position=&#8221;left-right&#8221; column_element_direction_desktop=&#8221;default&#8221; column_element_spacing=&#8221;default&#8221; desktop_text_alignment=&#8221;default&#8221; tablet_text_alignment=&#8221;default&#8221; phone_text_alignment=&#8221;default&#8221; background_color_opacity=&#8221;1&#8243; background_hover_color_opacity=&#8221;1&#8243; column_backdrop_filter=&#8221;none&#8221; column_shadow=&#8221;none&#8221; column_border_radius=&#8221;none&#8221; column_link_target=&#8221;_self&#8221; column_position=&#8221;default&#8221; gradient_direction=&#8221;left_to_right&#8221; overlay_strength=&#8221;0.3&#8243; width=&#8221;1\/1&#8243; tablet_width_inherit=&#8221;default&#8221; animation_type=&#8221;default&#8221; bg_image_animation=&#8221;none&#8221; border_type=&#8221;simple&#8221; column_border_width=&#8221;none&#8221; column_border_style=&#8221;solid&#8221; column_padding_type=&#8221;default&#8221; gradient_type=&#8221;default&#8221;][nectar_global_section id=&#8221;3533&#8243;][\/vc_column][\/vc_row][vc_row type=&#8221;in_container&#8221; full_screen_row_position=&#8221;middle&#8221; column_margin=&#8221;default&#8221; column_direction=&#8221;default&#8221; column_direction_tablet=&#8221;default&#8221; column_direction_phone=&#8221;default&#8221; scene_position=&#8221;center&#8221; text_color=&#8221;dark&#8221; text_align=&#8221;left&#8221; row_border_radius=&#8221;none&#8221; row_border_radius_applies=&#8221;bg&#8221; overflow=&#8221;visible&#8221; overlay_strength=&#8221;0.3&#8243; gradient_direction=&#8221;left_to_right&#8221; shape_divider_position=&#8221;bottom&#8221; bg_image_animation=&#8221;none&#8221;][vc_column column_padding=&#8221;no-extra-padding&#8221; column_padding_tablet=&#8221;inherit&#8221; column_padding_phone=&#8221;inherit&#8221; column_padding_position=&#8221;all&#8221; column_element_direction_desktop=&#8221;default&#8221; column_element_spacing=&#8221;default&#8221; desktop_text_alignment=&#8221;default&#8221; tablet_text_alignment=&#8221;default&#8221; phone_text_alignment=&#8221;default&#8221; background_color_opacity=&#8221;1&#8243; background_hover_color_opacity=&#8221;1&#8243; column_backdrop_filter=&#8221;none&#8221; column_shadow=&#8221;none&#8221; column_border_radius=&#8221;none&#8221; column_link_target=&#8221;_self&#8221; column_position=&#8221;default&#8221; gradient_direction=&#8221;left_to_right&#8221; overlay_strength=&#8221;0.3&#8243; width=&#8221;1\/1&#8243; tablet_width_inherit=&#8221;default&#8221; animation_type=&#8221;default&#8221; bg_image_animation=&#8221;none&#8221; border_type=&#8221;simple&#8221; column_border_width=&#8221;none&#8221; column_border_style=&#8221;solid&#8221;][nectar_global_section id=&#8221;3564&#8243;][\/vc_column][\/vc_row][vc_row type=&#8221;in_container&#8221; full_screen_row_position=&#8221;middle&#8221; column_margin=&#8221;default&#8221; column_direction=&#8221;default&#8221; column_direction_tablet=&#8221;default&#8221; column_direction_phone=&#8221;default&#8221; scene_position=&#8221;center&#8221; text_color=&#8221;dark&#8221; text_align=&#8221;left&#8221; row_border_radius=&#8221;none&#8221; row_border_radius_applies=&#8221;bg&#8221; overflow=&#8221;visible&#8221; overlay_strength=&#8221;0.3&#8243; gradient_direction=&#8221;left_to_right&#8221; shape_divider_position=&#8221;bottom&#8221; bg_image_animation=&#8221;none&#8221;][vc_column column_padding=&#8221;no-extra-padding&#8221; column_padding_tablet=&#8221;inherit&#8221; column_padding_phone=&#8221;inherit&#8221; column_padding_position=&#8221;all&#8221; column_element_direction_desktop=&#8221;default&#8221; column_element_spacing=&#8221;default&#8221; desktop_text_alignment=&#8221;default&#8221; tablet_text_alignment=&#8221;default&#8221; phone_text_alignment=&#8221;default&#8221; background_color_opacity=&#8221;1&#8243; background_hover_color_opacity=&#8221;1&#8243; column_backdrop_filter=&#8221;none&#8221; column_shadow=&#8221;none&#8221; column_border_radius=&#8221;none&#8221; column_link_target=&#8221;_self&#8221; column_position=&#8221;default&#8221; gradient_direction=&#8221;left_to_right&#8221; overlay_strength=&#8221;0.3&#8243; width=&#8221;1\/1&#8243; tablet_width_inherit=&#8221;default&#8221; animation_type=&#8221;default&#8221; bg_image_animation=&#8221;none&#8221; border_type=&#8221;simple&#8221; column_border_width=&#8221;none&#8221; column_border_style=&#8221;solid&#8221;][vc_column_text]<div class=\"galerie_wrapper\"><div class=\"galerie_wrapper_title\"><h2>Galerie \"Am\u00e9nagement int\u00e9rieur d&#039;utilitaires \/ fourgon\"<\/h2><\/div><div class=\"liste_medias\"><div class=\"thumbnail ausbauten\"><figure class=\"post-attachment mime-image-jpeg\"><a href=\"https:\/\/www.wenger-basel.ch\/wp-content\/uploads\/2023\/04\/regal-systeme-4-800x533.jpg\" class=\"galery_link\" data-fancybox=\"group_0\" title=\"Regal-Systeme\"><img decoding=\"async\" src=\"https:\/\/www.wenger-basel.ch\/wp-content\/uploads\/2023\/04\/regal-systeme-4-800x533.jpg\" alt=\"Regal-Systeme\"><\/a><\/figure><\/div><div class=\"thumbnail ladungssicherung-ausbauten\"><figure class=\"post-attachment mime-image-jpeg\"><a href=\"https:\/\/www.wenger-basel.ch\/wp-content\/uploads\/2025\/02\/IMG_8833-450x600.jpg\" class=\"galery_link\" data-fancybox=\"group_0\" title=\"V\u00e9hicule utilitaire VW Crafter cr\u00e9\u00e9 par Wenger AG Basel, d\u00e9partement \/\"><img decoding=\"async\" src=\"https:\/\/www.wenger-basel.ch\/wp-content\/uploads\/2025\/02\/IMG_8833-450x600.jpg\" alt=\"V\u00e9hicule utilitaire VW Crafter cr\u00e9\u00e9 par Wenger AG Basel, d\u00e9partement \/\"><\/a><\/figure><\/div><div class=\"thumbnail ausbauten\"><figure class=\"post-attachment mime-image-jpeg\"><a href=\"https:\/\/www.wenger-basel.ch\/wp-content\/uploads\/2023\/08\/Kanalsanierung-16-800x600.jpg\" class=\"galery_link\" data-fancybox=\"group_0\" title=\"Kanalsanierungsfahrzeug\"><img decoding=\"async\" src=\"https:\/\/www.wenger-basel.ch\/wp-content\/uploads\/2023\/08\/Kanalsanierung-16-800x600.jpg\" alt=\"Kanalsanierungsfahrzeug\"><\/a><\/figure><\/div><div class=\"thumbnail ausbauten\"><figure class=\"post-attachment mime-image-jpeg\"><a href=\"https:\/\/www.wenger-basel.ch\/wp-content\/uploads\/2023\/11\/master-aluca-schreiner-3-450x600.jpg\" class=\"galery_link\" data-fancybox=\"group_0\" title=\"V\u00e9hicule entretenu par Wenger AG Basel, d\u00e9partement Arrimage \/ s\u00e9curisation du chargement\/Am\u00e9nagement int\u00e9rieur d&#039;utilitaires \/ fourgon\"><img decoding=\"async\" src=\"https:\/\/www.wenger-basel.ch\/wp-content\/uploads\/2023\/11\/master-aluca-schreiner-3-450x600.jpg\" alt=\"V\u00e9hicule entretenu par Wenger AG Basel, d\u00e9partement Arrimage \/ s\u00e9curisation du chargement\/Am\u00e9nagement int\u00e9rieur d&#039;utilitaires \/ fourgon\"><\/a><\/figure><\/div><div class=\"thumbnail ausbauten\"><figure class=\"post-attachment mime-image-jpeg\"><a href=\"https:\/\/www.wenger-basel.ch\/wp-content\/uploads\/2023\/12\/crafter-carlino-450x600.jpg\" class=\"galery_link\" data-fancybox=\"group_0\" title=\"V\u00e9hicule utilitaire VW Crafter cr\u00e9\u00e9 par Wenger AG Basel, d\u00e9partement Arrimage \/ s\u00e9curisation du chargement\/\"><img decoding=\"async\" src=\"https:\/\/www.wenger-basel.ch\/wp-content\/uploads\/2023\/12\/crafter-carlino-450x600.jpg\" alt=\"V\u00e9hicule utilitaire VW Crafter cr\u00e9\u00e9 par Wenger AG Basel, d\u00e9partement Arrimage \/ s\u00e9curisation du chargement\/\"><\/a><\/figure><\/div><div class=\"thumbnail ausbauten\"><figure class=\"post-attachment mime-image-jpeg\"><a href=\"https:\/\/www.wenger-basel.ch\/wp-content\/uploads\/2023\/04\/regal-systeme-5-800x533.jpg\" class=\"galery_link\" data-fancybox=\"group_0\" title=\"Regal-Systeme\"><img decoding=\"async\" src=\"https:\/\/www.wenger-basel.ch\/wp-content\/uploads\/2023\/04\/regal-systeme-5-800x533.jpg\" alt=\"Regal-Systeme\"><\/a><\/figure><\/div><div class=\"thumbnail ausbauten\"><figure class=\"post-attachment mime-image-jpeg\"><a href=\"https:\/\/www.wenger-basel.ch\/wp-content\/uploads\/2023\/11\/Hebebuhne-mit-Heckrah-800x600.jpg\" class=\"galery_link\" data-fancybox=\"group_0\" title=\"Hebeb\u00fchne mit Heckrah\"><img decoding=\"async\" src=\"https:\/\/www.wenger-basel.ch\/wp-content\/uploads\/2023\/11\/Hebebuhne-mit-Heckrah-800x600.jpg\" alt=\"Hebeb\u00fchne mit Heckrah\"><\/a><\/figure><\/div><div class=\"thumbnail ausbauten\"><figure class=\"post-attachment mime-image-jpeg\"><a href=\"https:\/\/www.wenger-basel.ch\/wp-content\/uploads\/2023\/11\/t6-polizei-grau-2-800x600.jpg\" class=\"galery_link\" data-fancybox=\"group_0\" title=\"V\u00e9hicule utilitaire VW T-Modelle cr\u00e9\u00e9 par Wenger AG Basel, d\u00e9partement \/\"><img decoding=\"async\" src=\"https:\/\/www.wenger-basel.ch\/wp-content\/uploads\/2023\/11\/t6-polizei-grau-2-800x600.jpg\" alt=\"V\u00e9hicule utilitaire VW T-Modelle cr\u00e9\u00e9 par Wenger AG Basel, d\u00e9partement \/\"><\/a><\/figure><\/div><div class=\"thumbnail ausbauten\"><figure class=\"post-attachment mime-image-jpeg\"><a href=\"https:\/\/www.wenger-basel.ch\/wp-content\/uploads\/2023\/04\/regal-systeme-P1140025-800x600.jpg\" class=\"galery_link\" data-fancybox=\"group_0\" title=\"Regal-Systeme\"><img decoding=\"async\" src=\"https:\/\/www.wenger-basel.ch\/wp-content\/uploads\/2023\/04\/regal-systeme-P1140025-800x600.jpg\" alt=\"Regal-Systeme\"><\/a><\/figure><\/div><div class=\"thumbnail ausbauten\"><figure class=\"post-attachment mime-image-jpeg\"><a href=\"https:\/\/www.wenger-basel.ch\/wp-content\/uploads\/2023\/12\/peugeot-boxer-3-450x600.jpg\" class=\"galery_link\" data-fancybox=\"group_0\" title=\"V\u00e9hicule utilitaire Peugeot Boxer cr\u00e9\u00e9 par Wenger AG Basel, d\u00e9partement Rayonnage \/ syst\u00e8me d&#039;\u00e9tag\u00e8res\/\"><img decoding=\"async\" src=\"https:\/\/www.wenger-basel.ch\/wp-content\/uploads\/2023\/12\/peugeot-boxer-3-450x600.jpg\" alt=\"V\u00e9hicule utilitaire Peugeot Boxer cr\u00e9\u00e9 par Wenger AG Basel, d\u00e9partement Rayonnage \/ syst\u00e8me d&#039;\u00e9tag\u00e8res\/\"><\/a><\/figure><\/div><div class=\"thumbnail ausbauten\"><figure class=\"post-attachment mime-image-jpeg\"><a href=\"https:\/\/www.wenger-basel.ch\/wp-content\/uploads\/2023\/11\/jumpy-aluca-450x600.jpg\" class=\"galery_link\" data-fancybox=\"group_0\" title=\"V\u00e9hicule utilitaire Citro\u00ebn Jumpy cr\u00e9\u00e9 par Wenger AG Basel, d\u00e9partement Rayonnage \/ syst\u00e8me d&#039;\u00e9tag\u00e8res\/\"><img decoding=\"async\" src=\"https:\/\/www.wenger-basel.ch\/wp-content\/uploads\/2023\/11\/jumpy-aluca-450x600.jpg\" alt=\"V\u00e9hicule utilitaire Citro\u00ebn Jumpy cr\u00e9\u00e9 par Wenger AG Basel, d\u00e9partement Rayonnage \/ syst\u00e8me d&#039;\u00e9tag\u00e8res\/\"><\/a><\/figure><\/div><div class=\"thumbnail ausbauten\"><figure class=\"post-attachment mime-image-jpeg\"><a href=\"https:\/\/www.wenger-basel.ch\/wp-content\/uploads\/2023\/04\/regal-systeme-8-800x533.jpg\" class=\"galery_link\" data-fancybox=\"group_0\" title=\"Regal-Systeme\"><img decoding=\"async\" src=\"https:\/\/www.wenger-basel.ch\/wp-content\/uploads\/2023\/04\/regal-systeme-8-800x533.jpg\" alt=\"Regal-Systeme\"><\/a><\/figure><\/div><div class=\"thumbnail ausbauten\"><figure class=\"post-attachment mime-image-jpeg\"><a href=\"https:\/\/www.wenger-basel.ch\/wp-content\/uploads\/2023\/11\/t6-polizei-gelb-7-800x600.jpg\" class=\"galery_link\" data-fancybox=\"group_0\" title=\"V\u00e9hicule utilitaire VW T-Modelle cr\u00e9\u00e9 par Wenger AG Basel, d\u00e9partement \/\"><img decoding=\"async\" src=\"https:\/\/www.wenger-basel.ch\/wp-content\/uploads\/2023\/11\/t6-polizei-gelb-7-800x600.jpg\" alt=\"V\u00e9hicule utilitaire VW T-Modelle cr\u00e9\u00e9 par Wenger AG Basel, d\u00e9partement \/\"><\/a><\/figure><\/div><div class=\"thumbnail ausbauten\"><figure class=\"post-attachment mime-image-jpeg\"><a href=\"https:\/\/www.wenger-basel.ch\/wp-content\/uploads\/2023\/05\/Feuerwehrfahrzeug-1-800x533.jpg\" class=\"galery_link\" data-fancybox=\"group_0\" title=\"Feuerwehr-Fahrzeuge\"><img decoding=\"async\" src=\"https:\/\/www.wenger-basel.ch\/wp-content\/uploads\/2023\/05\/Feuerwehrfahrzeug-1-800x533.jpg\" alt=\"Feuerwehr-Fahrzeuge\"><\/a><\/figure><\/div><div class=\"thumbnail kuehlausbau\"><figure class=\"post-attachment mime-image-jpeg\"><a href=\"https:\/\/www.wenger-basel.ch\/wp-content\/uploads\/2023\/04\/kuehlausbauten-5-800x533.jpg\" class=\"galery_link\" data-fancybox=\"group_0\" title=\"K\u00fchlausbau\"><img decoding=\"async\" src=\"https:\/\/www.wenger-basel.ch\/wp-content\/uploads\/2023\/04\/kuehlausbauten-5-800x533.jpg\" alt=\"K\u00fchlausbau\"><\/a><\/figure><\/div><div class=\"thumbnail ausbauten\"><figure class=\"post-attachment mime-image-jpeg\"><a href=\"https:\/\/www.wenger-basel.ch\/wp-content\/uploads\/2023\/07\/regal-system-800x600.jpg\" class=\"galery_link\" data-fancybox=\"group_0\" title=\"V\u00e9hicule entretenu par Wenger AG Basel, d\u00e9partement Construction de v\u00e9hicules utilitaires\/Am\u00e9nagement int\u00e9rieur d&#039;utilitaires \/ fourgon\"><img decoding=\"async\" src=\"https:\/\/www.wenger-basel.ch\/wp-content\/uploads\/2023\/07\/regal-system-800x600.jpg\" alt=\"V\u00e9hicule entretenu par Wenger AG Basel, d\u00e9partement Construction de v\u00e9hicules utilitaires\/Am\u00e9nagement int\u00e9rieur d&#039;utilitaires \/ fourgon\"><\/a><\/figure><\/div><div class=\"thumbnail ausbauten\"><figure class=\"post-attachment mime-image-jpeg\"><a href=\"https:\/\/www.wenger-basel.ch\/wp-content\/uploads\/2023\/08\/kanal.jpg\" class=\"galery_link\" data-fancybox=\"group_0\" title=\"V\u00e9hicule entretenu par Wenger AG Basel, d\u00e9partement Construction de v\u00e9hicules utilitaires\/Am\u00e9nagement int\u00e9rieur d&#039;utilitaires \/ fourgon\"><img decoding=\"async\" src=\"https:\/\/www.wenger-basel.ch\/wp-content\/uploads\/2023\/08\/kanal.jpg\" alt=\"V\u00e9hicule entretenu par Wenger AG Basel, d\u00e9partement Construction de v\u00e9hicules utilitaires\/Am\u00e9nagement int\u00e9rieur d&#039;utilitaires \/ fourgon\"><\/a><\/figure><\/div><div class=\"thumbnail ausbauten\"><figure class=\"post-attachment mime-image-jpeg\"><a href=\"https:\/\/www.wenger-basel.ch\/wp-content\/uploads\/2023\/04\/regal-systeme-10-800x533.jpg\" class=\"galery_link\" data-fancybox=\"group_0\" title=\"Regal-Systeme\"><img decoding=\"async\" src=\"https:\/\/www.wenger-basel.ch\/wp-content\/uploads\/2023\/04\/regal-systeme-10-800x533.jpg\" alt=\"Regal-Systeme\"><\/a><\/figure><\/div><div class=\"thumbnail individueller-ausbau\"><figure class=\"post-attachment mime-image-jpeg\"><a href=\"https:\/\/www.wenger-basel.ch\/wp-content\/uploads\/2023\/06\/combi-sanitar-800x600.jpg\" class=\"galery_link\" data-fancybox=\"group_0\" title=\"V\u00e9hicule utilitaire Citro\u00ebn Berlingo cr\u00e9\u00e9 par Wenger AG Basel, d\u00e9partement \/\"><img decoding=\"async\" src=\"https:\/\/www.wenger-basel.ch\/wp-content\/uploads\/2023\/06\/combi-sanitar-800x600.jpg\" alt=\"V\u00e9hicule utilitaire Citro\u00ebn Berlingo cr\u00e9\u00e9 par Wenger AG Basel, d\u00e9partement \/\"><\/a><\/figure><\/div><div class=\"thumbnail ausbauten\"><figure class=\"post-attachment mime-image-jpeg\"><a href=\"https:\/\/www.wenger-basel.ch\/wp-content\/uploads\/2023\/11\/master-aluca-schreiner-4-450x600.jpg\" class=\"galery_link\" data-fancybox=\"group_0\" title=\"V\u00e9hicule entretenu par Wenger AG Basel, d\u00e9partement Rayonnage \/ syst\u00e8me d&#039;\u00e9tag\u00e8res\/Am\u00e9nagement int\u00e9rieur d&#039;utilitaires \/ fourgon\"><img decoding=\"async\" src=\"https:\/\/www.wenger-basel.ch\/wp-content\/uploads\/2023\/11\/master-aluca-schreiner-4-450x600.jpg\" alt=\"V\u00e9hicule entretenu par Wenger AG Basel, d\u00e9partement Rayonnage \/ syst\u00e8me d&#039;\u00e9tag\u00e8res\/Am\u00e9nagement int\u00e9rieur d&#039;utilitaires \/ fourgon\"><\/a><\/figure><\/div><div class=\"thumbnail regalsysteme\"><figure class=\"post-attachment mime-image-jpeg\"><a href=\"https:\/\/www.wenger-basel.ch\/wp-content\/uploads\/2026\/03\/regal-aluca-grau-450x600.jpg\" class=\"galery_link\" data-fancybox=\"group_0\" title=\"V\u00e9hicule entretenu par Wenger AG Basel, d\u00e9partement \/Rayonnage \/ syst\u00e8me d&#039;\u00e9tag\u00e8res\"><img decoding=\"async\" src=\"https:\/\/www.wenger-basel.ch\/wp-content\/uploads\/2026\/03\/regal-aluca-grau-450x600.jpg\" alt=\"V\u00e9hicule entretenu par Wenger AG Basel, d\u00e9partement \/Rayonnage \/ syst\u00e8me d&#039;\u00e9tag\u00e8res\"><\/a><\/figure><\/div><div class=\"thumbnail ausbauten\"><figure class=\"post-attachment mime-image-jpeg\"><a href=\"https:\/\/www.wenger-basel.ch\/wp-content\/uploads\/2023\/05\/kommunal-fahrzeuge-22-800x600.jpg\" class=\"galery_link\" data-fancybox=\"group_0\" title=\"Kommunal-Fahrzeuge\"><img decoding=\"async\" src=\"https:\/\/www.wenger-basel.ch\/wp-content\/uploads\/2023\/05\/kommunal-fahrzeuge-22-800x600.jpg\" alt=\"Kommunal-Fahrzeuge\"><\/a><\/figure><\/div><div class=\"thumbnail anhaenger\"><figure class=\"post-attachment mime-image-jpeg\"><a href=\"https:\/\/www.wenger-basel.ch\/wp-content\/uploads\/2023\/12\/anhanger-kanal-800x600.jpg\" class=\"galery_link\" data-fancybox=\"group_0\" title=\"V\u00e9hicule entretenu par Wenger AG Basel, d\u00e9partement Kanalsanierung\/Remorques\"><img decoding=\"async\" src=\"https:\/\/www.wenger-basel.ch\/wp-content\/uploads\/2023\/12\/anhanger-kanal-800x600.jpg\" alt=\"V\u00e9hicule entretenu par Wenger AG Basel, d\u00e9partement Kanalsanierung\/Remorques\"><\/a><\/figure><\/div><div class=\"thumbnail ausbauten\"><figure class=\"post-attachment mime-image-jpeg\"><a href=\"https:\/\/www.wenger-basel.ch\/wp-content\/uploads\/2023\/11\/Hebebuhne-mit-Heckrah-2-450x600.jpg\" class=\"galery_link\" data-fancybox=\"group_0\" title=\"Hebeb\u00fchne mit Heckrah\"><img decoding=\"async\" src=\"https:\/\/www.wenger-basel.ch\/wp-content\/uploads\/2023\/11\/Hebebuhne-mit-Heckrah-2-450x600.jpg\" alt=\"Hebeb\u00fchne mit Heckrah\"><\/a><\/figure><\/div><div class=\"thumbnail ausbauten\"><figure class=\"post-attachment mime-image-jpeg\"><a href=\"https:\/\/www.wenger-basel.ch\/wp-content\/uploads\/2023\/08\/Kanalsanierung-3-800x533.jpg\" class=\"galery_link\" data-fancybox=\"group_0\" title=\"Kanalsanierungsfahrzeug\"><img decoding=\"async\" src=\"https:\/\/www.wenger-basel.ch\/wp-content\/uploads\/2023\/08\/Kanalsanierung-3-800x533.jpg\" alt=\"Kanalsanierungsfahrzeug\"><\/a><\/figure><\/div><div class=\"thumbnail elektro-ausbauten\"><figure class=\"post-attachment mime-image-jpeg\"><a href=\"https:\/\/www.wenger-basel.ch\/wp-content\/uploads\/2025\/05\/Edaily-front-450x600.jpg\" class=\"galery_link\" data-fancybox=\"group_0\" title=\"V\u00e9hicule utilitaire Iveco Daily cr\u00e9\u00e9 par Wenger AG Basel, d\u00e9partement \/\"><img decoding=\"async\" src=\"https:\/\/www.wenger-basel.ch\/wp-content\/uploads\/2025\/05\/Edaily-front-450x600.jpg\" alt=\"V\u00e9hicule utilitaire Iveco Daily cr\u00e9\u00e9 par Wenger AG Basel, d\u00e9partement \/\"><\/a><\/figure><\/div><div class=\"thumbnail ausbauten\"><figure class=\"post-attachment mime-image-jpeg\"><a href=\"https:\/\/www.wenger-basel.ch\/wp-content\/uploads\/2023\/11\/custom-aluca3-450x600.jpg\" class=\"galery_link\" data-fancybox=\"group_0\" title=\"V\u00e9hicule utilitaire Ford Custom cr\u00e9\u00e9 par Wenger AG Basel, d\u00e9partement Rayonnage \/ syst\u00e8me d&#039;\u00e9tag\u00e8res\/\"><img decoding=\"async\" src=\"https:\/\/www.wenger-basel.ch\/wp-content\/uploads\/2023\/11\/custom-aluca3-450x600.jpg\" alt=\"V\u00e9hicule utilitaire Ford Custom cr\u00e9\u00e9 par Wenger AG Basel, d\u00e9partement Rayonnage \/ syst\u00e8me d&#039;\u00e9tag\u00e8res\/\"><\/a><\/figure><\/div><div class=\"thumbnail ausbauten\"><figure class=\"post-attachment mime-image-jpeg\"><a href=\"https:\/\/www.wenger-basel.ch\/wp-content\/uploads\/2023\/04\/individueller-ausbau-12-800x533.jpg\" class=\"galery_link\" data-fancybox=\"group_0\" title=\"Individueller Ausbau\"><img decoding=\"async\" src=\"https:\/\/www.wenger-basel.ch\/wp-content\/uploads\/2023\/04\/individueller-ausbau-12-800x533.jpg\" alt=\"Individueller Ausbau\"><\/a><\/figure><\/div><div class=\"thumbnail ausbauten\"><figure class=\"post-attachment mime-image-jpeg\"><a href=\"https:\/\/www.wenger-basel.ch\/wp-content\/uploads\/2023\/11\/t6-polizei-gelb-4-800x600.jpg\" class=\"galery_link\" data-fancybox=\"group_0\" title=\"V\u00e9hicule utilitaire VW T-Modelle cr\u00e9\u00e9 par Wenger AG Basel, d\u00e9partement \/\"><img decoding=\"async\" src=\"https:\/\/www.wenger-basel.ch\/wp-content\/uploads\/2023\/11\/t6-polizei-gelb-4-800x600.jpg\" alt=\"V\u00e9hicule utilitaire VW T-Modelle cr\u00e9\u00e9 par Wenger AG Basel, d\u00e9partement \/\"><\/a><\/figure><\/div><div class=\"thumbnail individueller-ausbau\"><figure class=\"post-attachment mime-image-jpeg\"><a href=\"https:\/\/www.wenger-basel.ch\/wp-content\/uploads\/2026\/04\/bmw-polizei-800x600.jpg\" class=\"galery_link\" data-fancybox=\"group_0\" title=\"V\u00e9hicule entretenu par Wenger AG Basel, d\u00e9partement \/Am\u00e9nagement int\u00e9rieur d&#039;utilitaires\"><img decoding=\"async\" src=\"https:\/\/www.wenger-basel.ch\/wp-content\/uploads\/2026\/04\/bmw-polizei-800x600.jpg\" alt=\"V\u00e9hicule entretenu par Wenger AG Basel, d\u00e9partement \/Am\u00e9nagement int\u00e9rieur d&#039;utilitaires\"><\/a><\/figure><\/div><div class=\"thumbnail ausbauten\"><figure class=\"post-attachment mime-image-jpeg\"><a href=\"https:\/\/www.wenger-basel.ch\/wp-content\/uploads\/2023\/11\/caddy-aluca2-800x600.jpg\" class=\"galery_link\" data-fancybox=\"group_0\" title=\"V\u00e9hicule utilitaire VW Caddy cr\u00e9\u00e9 par Wenger AG Basel, d\u00e9partement Rayonnage \/ syst\u00e8me d&#039;\u00e9tag\u00e8res\/\"><img decoding=\"async\" src=\"https:\/\/www.wenger-basel.ch\/wp-content\/uploads\/2023\/11\/caddy-aluca2-800x600.jpg\" alt=\"V\u00e9hicule utilitaire VW Caddy cr\u00e9\u00e9 par Wenger AG Basel, d\u00e9partement Rayonnage \/ syst\u00e8me d&#039;\u00e9tag\u00e8res\/\"><\/a><\/figure><\/div><div class=\"thumbnail planen\"><figure class=\"post-attachment mime-image-jpeg\"><a href=\"https:\/\/www.wenger-basel.ch\/wp-content\/uploads\/2024\/07\/planne-regal-450x600.jpg\" class=\"galery_link\" data-fancybox=\"group_0\" title=\"V\u00e9hicule entretenu par Wenger AG Basel, d\u00e9partement Rayonnage \/ syst\u00e8me d&#039;\u00e9tag\u00e8res\/B\u00e2ches \/ utilitaires b\u00e2ch\u00e9s \/ ponts b\u00e2ch\u00e9s\"><img decoding=\"async\" src=\"https:\/\/www.wenger-basel.ch\/wp-content\/uploads\/2024\/07\/planne-regal-450x600.jpg\" alt=\"V\u00e9hicule entretenu par Wenger AG Basel, d\u00e9partement Rayonnage \/ syst\u00e8me d&#039;\u00e9tag\u00e8res\/B\u00e2ches \/ utilitaires b\u00e2ch\u00e9s \/ ponts b\u00e2ch\u00e9s\"><\/a><\/figure><\/div><div class=\"thumbnail ausbauten\"><figure class=\"post-attachment mime-image-jpeg\"><a href=\"https:\/\/www.wenger-basel.ch\/wp-content\/uploads\/2023\/04\/individueller-ausbau-3-800x533.jpg\" class=\"galery_link\" data-fancybox=\"group_0\" title=\"Individueller Ausbau\"><img decoding=\"async\" src=\"https:\/\/www.wenger-basel.ch\/wp-content\/uploads\/2023\/04\/individueller-ausbau-3-800x533.jpg\" alt=\"Individueller Ausbau\"><\/a><\/figure><\/div><div class=\"thumbnail ausbauten\"><figure class=\"post-attachment mime-image-jpeg\"><a href=\"https:\/\/www.wenger-basel.ch\/wp-content\/uploads\/2023\/05\/Polizeifahrzeug-8-800x533.jpg\" class=\"galery_link\" data-fancybox=\"group_0\" title=\"Polizei Fahrzeuge\"><img decoding=\"async\" src=\"https:\/\/www.wenger-basel.ch\/wp-content\/uploads\/2023\/05\/Polizeifahrzeug-8-800x533.jpg\" alt=\"Polizei Fahrzeuge\"><\/a><\/figure><\/div><div class=\"thumbnail ausbauten\"><figure class=\"post-attachment mime-image-jpeg\"><a href=\"https:\/\/www.wenger-basel.ch\/wp-content\/uploads\/2023\/11\/vito-tschantre-800x600.jpg\" class=\"galery_link\" data-fancybox=\"group_0\" title=\"V\u00e9hicule utilitaire Mercedes Vito cr\u00e9\u00e9 par Wenger AG Basel, d\u00e9partement \/\"><img decoding=\"async\" src=\"https:\/\/www.wenger-basel.ch\/wp-content\/uploads\/2023\/11\/vito-tschantre-800x600.jpg\" alt=\"V\u00e9hicule utilitaire Mercedes Vito cr\u00e9\u00e9 par Wenger AG Basel, d\u00e9partement \/\"><\/a><\/figure><\/div><div class=\"thumbnail regalsysteme\"><figure class=\"post-attachment mime-image-jpeg\"><a href=\"https:\/\/www.wenger-basel.ch\/wp-content\/uploads\/2026\/04\/citan-800x600.jpg\" class=\"galery_link\" data-fancybox=\"group_0\" title=\"V\u00e9hicule utilitaire Mercedes Citan cr\u00e9\u00e9 par Wenger AG Basel, d\u00e9partement \/\"><img decoding=\"async\" src=\"https:\/\/www.wenger-basel.ch\/wp-content\/uploads\/2026\/04\/citan-800x600.jpg\" alt=\"V\u00e9hicule utilitaire Mercedes Citan cr\u00e9\u00e9 par Wenger AG Basel, d\u00e9partement \/\"><\/a><\/figure><\/div><div class=\"thumbnail ausbauten\"><figure class=\"post-attachment mime-image-jpeg\"><a href=\"https:\/\/www.wenger-basel.ch\/wp-content\/uploads\/2023\/11\/aluca-T6-450x600.jpg\" class=\"galery_link\" data-fancybox=\"group_0\" title=\"V\u00e9hicule utilitaire VW T-Modelle cr\u00e9\u00e9 par Wenger AG Basel, d\u00e9partement Rayonnage \/ syst\u00e8me d&#039;\u00e9tag\u00e8res\/\"><img decoding=\"async\" src=\"https:\/\/www.wenger-basel.ch\/wp-content\/uploads\/2023\/11\/aluca-T6-450x600.jpg\" alt=\"V\u00e9hicule utilitaire VW T-Modelle cr\u00e9\u00e9 par Wenger AG Basel, d\u00e9partement Rayonnage \/ syst\u00e8me d&#039;\u00e9tag\u00e8res\/\"><\/a><\/figure><\/div><div class=\"thumbnail ausbauten\"><figure class=\"post-attachment mime-image-jpeg\"><a href=\"https:\/\/www.wenger-basel.ch\/wp-content\/uploads\/2023\/08\/Kanalsanierung-17-800x600.jpg\" class=\"galery_link\" data-fancybox=\"group_0\" title=\"Kanalsanierungsfahrzeug\"><img decoding=\"async\" src=\"https:\/\/www.wenger-basel.ch\/wp-content\/uploads\/2023\/08\/Kanalsanierung-17-800x600.jpg\" alt=\"Kanalsanierungsfahrzeug\"><\/a><\/figure><\/div><div class=\"thumbnail ausbauten\"><figure class=\"post-attachment mime-image-jpeg\"><a href=\"https:\/\/www.wenger-basel.ch\/wp-content\/uploads\/2025\/10\/flux-mobility-7-800x600.jpg\" class=\"galery_link\" data-fancybox=\"group_0\" title=\"V\u00e9hicule utilitaire Flux Mobility Fahrzeuge  cr\u00e9\u00e9 par Wenger AG Basel, d\u00e9partement Elektro\/\"><img decoding=\"async\" src=\"https:\/\/www.wenger-basel.ch\/wp-content\/uploads\/2025\/10\/flux-mobility-7-800x600.jpg\" alt=\"V\u00e9hicule utilitaire Flux Mobility Fahrzeuge  cr\u00e9\u00e9 par Wenger AG Basel, d\u00e9partement Elektro\/\"><\/a><\/figure><\/div><div class=\"thumbnail ausbauten\"><figure class=\"post-attachment mime-image-jpeg\"><a href=\"https:\/\/www.wenger-basel.ch\/wp-content\/uploads\/2023\/08\/produktion-regal-800x533.jpg\" class=\"galery_link\" data-fancybox=\"group_0\" title=\"V\u00e9hicule entretenu par Wenger AG Basel, d\u00e9partement Construction de v\u00e9hicules utilitaires\/Am\u00e9nagement int\u00e9rieur d&#039;utilitaires \/ fourgon\"><img decoding=\"async\" src=\"https:\/\/www.wenger-basel.ch\/wp-content\/uploads\/2023\/08\/produktion-regal-800x533.jpg\" alt=\"V\u00e9hicule entretenu par Wenger AG Basel, d\u00e9partement Construction de v\u00e9hicules utilitaires\/Am\u00e9nagement int\u00e9rieur d&#039;utilitaires \/ fourgon\"><\/a><\/figure><\/div><div class=\"thumbnail ausbauten\"><figure class=\"post-attachment mime-image-jpeg\"><a href=\"https:\/\/www.wenger-basel.ch\/wp-content\/uploads\/2023\/04\/regal-systeme-12-800x533.jpg\" class=\"galery_link\" data-fancybox=\"group_0\" title=\"Regal-Systeme\"><img decoding=\"async\" src=\"https:\/\/www.wenger-basel.ch\/wp-content\/uploads\/2023\/04\/regal-systeme-12-800x533.jpg\" alt=\"Regal-Systeme\"><\/a><\/figure><\/div><div class=\"thumbnail ausbauten\"><figure class=\"post-attachment mime-image-jpeg\"><a href=\"https:\/\/www.wenger-basel.ch\/wp-content\/uploads\/2023\/12\/boxer-trennwand-800x600.jpg\" class=\"galery_link\" data-fancybox=\"group_0\" title=\"V\u00e9hicule utilitaire Peugeot Boxer cr\u00e9\u00e9 par Wenger AG Basel, d\u00e9partement Arrimage \/ s\u00e9curisation du chargement\/\"><img decoding=\"async\" src=\"https:\/\/www.wenger-basel.ch\/wp-content\/uploads\/2023\/12\/boxer-trennwand-800x600.jpg\" alt=\"V\u00e9hicule utilitaire Peugeot Boxer cr\u00e9\u00e9 par Wenger AG Basel, d\u00e9partement Arrimage \/ s\u00e9curisation du chargement\/\"><\/a><\/figure><\/div><div class=\"thumbnail ausbauten\"><figure class=\"post-attachment mime-image-jpeg\"><a href=\"https:\/\/www.wenger-basel.ch\/wp-content\/uploads\/2023\/11\/t6-polizei-800x600.jpg\" class=\"galery_link\" data-fancybox=\"group_0\" title=\"V\u00e9hicule utilitaire VW T-Modelle cr\u00e9\u00e9 par Wenger AG Basel, d\u00e9partement \/\"><img decoding=\"async\" src=\"https:\/\/www.wenger-basel.ch\/wp-content\/uploads\/2023\/11\/t6-polizei-800x600.jpg\" alt=\"V\u00e9hicule utilitaire VW T-Modelle cr\u00e9\u00e9 par Wenger AG Basel, d\u00e9partement \/\"><\/a><\/figure><\/div><div class=\"thumbnail ausbauten\"><figure class=\"post-attachment mime-image-jpeg\"><a href=\"https:\/\/www.wenger-basel.ch\/wp-content\/uploads\/2023\/12\/jumper-800x600.jpg\" class=\"galery_link\" data-fancybox=\"group_0\" title=\"V\u00e9hicule utilitaire Citro\u00ebn Jumper cr\u00e9\u00e9 par Wenger AG Basel, d\u00e9partement Arrimage \/ s\u00e9curisation du chargement\/\"><img decoding=\"async\" src=\"https:\/\/www.wenger-basel.ch\/wp-content\/uploads\/2023\/12\/jumper-800x600.jpg\" alt=\"V\u00e9hicule utilitaire Citro\u00ebn Jumper cr\u00e9\u00e9 par Wenger AG Basel, d\u00e9partement Arrimage \/ s\u00e9curisation du chargement\/\"><\/a><\/figure><\/div><div class=\"thumbnail ausbauten\"><figure class=\"post-attachment mime-image-jpeg\"><a href=\"https:\/\/www.wenger-basel.ch\/wp-content\/uploads\/2023\/11\/hilux-800x600.jpg\" class=\"galery_link\" data-fancybox=\"group_0\" title=\"V\u00e9hicule utilitaire Toyota Hilux cr\u00e9\u00e9 par Wenger AG Basel, d\u00e9partement Am\u00e9nagement int\u00e9rieur d&#039;utilitaires\/\"><img decoding=\"async\" src=\"https:\/\/www.wenger-basel.ch\/wp-content\/uploads\/2023\/11\/hilux-800x600.jpg\" alt=\"V\u00e9hicule utilitaire Toyota Hilux cr\u00e9\u00e9 par Wenger AG Basel, d\u00e9partement Am\u00e9nagement int\u00e9rieur d&#039;utilitaires\/\"><\/a><\/figure><\/div><div class=\"thumbnail ausbauten\"><figure class=\"post-attachment mime-image-jpeg\"><a href=\"https:\/\/www.wenger-basel.ch\/wp-content\/uploads\/2023\/04\/regal-systeme-7-800x533.jpg\" class=\"galery_link\" data-fancybox=\"group_0\" title=\"Regal-Systeme\"><img decoding=\"async\" src=\"https:\/\/www.wenger-basel.ch\/wp-content\/uploads\/2023\/04\/regal-systeme-7-800x533.jpg\" alt=\"Regal-Systeme\"><\/a><\/figure><\/div><div class=\"thumbnail ausbauten\"><figure class=\"post-attachment mime-image-jpeg\"><a href=\"https:\/\/www.wenger-basel.ch\/wp-content\/uploads\/2023\/04\/individueller-ausbau-1-800x533.jpg\" class=\"galery_link\" data-fancybox=\"group_0\" title=\"Individueller Ausbau\"><img decoding=\"async\" src=\"https:\/\/www.wenger-basel.ch\/wp-content\/uploads\/2023\/04\/individueller-ausbau-1-800x533.jpg\" alt=\"Individueller Ausbau\"><\/a><\/figure><\/div><div class=\"thumbnail ausbauten\"><figure class=\"post-attachment mime-image-jpeg\"><a href=\"https:\/\/www.wenger-basel.ch\/wp-content\/uploads\/2023\/08\/Mobile-Werkstatt-14-800x600.jpg\" class=\"galery_link\" data-fancybox=\"group_0\" title=\"Regalsysteme\"><img decoding=\"async\" src=\"https:\/\/www.wenger-basel.ch\/wp-content\/uploads\/2023\/08\/Mobile-Werkstatt-14-800x600.jpg\" alt=\"Regalsysteme\"><\/a><\/figure><\/div><div class=\"thumbnail ausbauten\"><figure class=\"post-attachment mime-image-jpeg\"><a href=\"https:\/\/www.wenger-basel.ch\/wp-content\/uploads\/2023\/12\/crafter-800x600.jpg\" class=\"galery_link\" data-fancybox=\"group_0\" title=\"V\u00e9hicule entretenu par Wenger AG Basel, d\u00e9partement Arrimage \/ s\u00e9curisation du chargement\/Am\u00e9nagement int\u00e9rieur d&#039;utilitaires \/ fourgon\"><img decoding=\"async\" src=\"https:\/\/www.wenger-basel.ch\/wp-content\/uploads\/2023\/12\/crafter-800x600.jpg\" alt=\"V\u00e9hicule entretenu par Wenger AG Basel, d\u00e9partement Arrimage \/ s\u00e9curisation du chargement\/Am\u00e9nagement int\u00e9rieur d&#039;utilitaires \/ fourgon\"><\/a><\/figure><\/div><div class=\"thumbnail ausbauten\"><figure class=\"post-attachment mime-image-jpeg\"><a href=\"https:\/\/www.wenger-basel.ch\/wp-content\/uploads\/2023\/11\/kangoo-kuhl-3-450x600.jpg\" class=\"galery_link\" data-fancybox=\"group_0\" title=\"V\u00e9hicule utilitaire Renault Kangoo cr\u00e9\u00e9 par Wenger AG Basel, d\u00e9partement Am\u00e9nagements de v\u00e9hicules-fourgons isothermes et frigorifiques\/\"><img decoding=\"async\" src=\"https:\/\/www.wenger-basel.ch\/wp-content\/uploads\/2023\/11\/kangoo-kuhl-3-450x600.jpg\" alt=\"V\u00e9hicule utilitaire Renault Kangoo cr\u00e9\u00e9 par Wenger AG Basel, d\u00e9partement Am\u00e9nagements de v\u00e9hicules-fourgons isothermes et frigorifiques\/\"><\/a><\/figure><\/div><div class=\"thumbnail ausbauten\"><figure class=\"post-attachment mime-image-jpeg\"><a href=\"https:\/\/www.wenger-basel.ch\/wp-content\/uploads\/2023\/11\/t6-polizei-grau-4-800x600.jpg\" class=\"galery_link\" data-fancybox=\"group_0\" title=\"V\u00e9hicule utilitaire VW T-Modelle cr\u00e9\u00e9 par Wenger AG Basel, d\u00e9partement Am\u00e9nagement int\u00e9rieur d&#039;utilitaires\/\"><img decoding=\"async\" src=\"https:\/\/www.wenger-basel.ch\/wp-content\/uploads\/2023\/11\/t6-polizei-grau-4-800x600.jpg\" alt=\"V\u00e9hicule utilitaire VW T-Modelle cr\u00e9\u00e9 par Wenger AG Basel, d\u00e9partement Am\u00e9nagement int\u00e9rieur d&#039;utilitaires\/\"><\/a><\/figure><\/div><div class=\"thumbnail ausbauten\"><figure class=\"post-attachment mime-image-jpeg\"><a href=\"https:\/\/www.wenger-basel.ch\/wp-content\/uploads\/2023\/09\/ausbauten-iwb-4-800x600.jpg\" class=\"galery_link\" data-fancybox=\"group_0\" title=\"V\u00e9hicule utilitaire Peugeot Vivaro cr\u00e9\u00e9 par Wenger AG Basel, d\u00e9partement Am\u00e9nagement int\u00e9rieur d&#039;utilitaires\/Rayonnage \/ syst\u00e8me d&#039;\u00e9tag\u00e8res\"><img decoding=\"async\" src=\"https:\/\/www.wenger-basel.ch\/wp-content\/uploads\/2023\/09\/ausbauten-iwb-4-800x600.jpg\" alt=\"V\u00e9hicule utilitaire Peugeot Vivaro cr\u00e9\u00e9 par Wenger AG Basel, d\u00e9partement Am\u00e9nagement int\u00e9rieur d&#039;utilitaires\/Rayonnage \/ syst\u00e8me d&#039;\u00e9tag\u00e8res\"><\/a><\/figure><\/div><div class=\"thumbnail ausbauten\"><figure class=\"post-attachment mime-image-jpeg\"><a href=\"https:\/\/www.wenger-basel.ch\/wp-content\/uploads\/2023\/11\/amarok-pensa-3-450x600.jpg\" class=\"galery_link\" data-fancybox=\"group_0\" title=\"V\u00e9hicule utilitaire VW Amarok cr\u00e9\u00e9 par Wenger AG Basel, d\u00e9partement Rayonnage \/ syst\u00e8me d&#039;\u00e9tag\u00e8res\/\"><img decoding=\"async\" src=\"https:\/\/www.wenger-basel.ch\/wp-content\/uploads\/2023\/11\/amarok-pensa-3-450x600.jpg\" alt=\"V\u00e9hicule utilitaire VW Amarok cr\u00e9\u00e9 par Wenger AG Basel, d\u00e9partement Rayonnage \/ syst\u00e8me d&#039;\u00e9tag\u00e8res\/\"><\/a><\/figure><\/div><div class=\"thumbnail ausbauten\"><figure class=\"post-attachment mime-image-jpeg\"><a href=\"https:\/\/www.wenger-basel.ch\/wp-content\/uploads\/2023\/11\/t6-polizei-gelb-8-450x600.jpg\" class=\"galery_link\" data-fancybox=\"group_0\" title=\"V\u00e9hicule utilitaire VW T-Modelle cr\u00e9\u00e9 par Wenger AG Basel, d\u00e9partement Am\u00e9nagement int\u00e9rieur d&#039;utilitaires\/\"><img decoding=\"async\" src=\"https:\/\/www.wenger-basel.ch\/wp-content\/uploads\/2023\/11\/t6-polizei-gelb-8-450x600.jpg\" alt=\"V\u00e9hicule utilitaire VW T-Modelle cr\u00e9\u00e9 par Wenger AG Basel, d\u00e9partement Am\u00e9nagement int\u00e9rieur d&#039;utilitaires\/\"><\/a><\/figure><\/div><div class=\"thumbnail individueller-ausbau\"><figure class=\"post-attachment mime-image-jpeg\"><a href=\"https:\/\/www.wenger-basel.ch\/wp-content\/uploads\/2026\/04\/vito-800x600.jpg\" class=\"galery_link\" data-fancybox=\"group_0\" title=\"V\u00e9hicule entretenu par Wenger AG Basel, d\u00e9partement Rayonnage \/ syst\u00e8me d&#039;\u00e9tag\u00e8res\/Am\u00e9nagement int\u00e9rieur d&#039;utilitaires\"><img decoding=\"async\" src=\"https:\/\/www.wenger-basel.ch\/wp-content\/uploads\/2026\/04\/vito-800x600.jpg\" alt=\"V\u00e9hicule entretenu par Wenger AG Basel, d\u00e9partement Rayonnage \/ syst\u00e8me d&#039;\u00e9tag\u00e8res\/Am\u00e9nagement int\u00e9rieur d&#039;utilitaires\"><\/a><\/figure><\/div><div class=\"thumbnail ausbauten\"><figure class=\"post-attachment mime-image-jpeg\"><a href=\"https:\/\/www.wenger-basel.ch\/wp-content\/uploads\/2023\/09\/ausbauten-iwb-3-800x600.jpg\" class=\"galery_link\" data-fancybox=\"group_0\" title=\"V\u00e9hicule utilitaire Peugeot Vivaro cr\u00e9\u00e9 par Wenger AG Basel, d\u00e9partement Am\u00e9nagement int\u00e9rieur d&#039;utilitaires\/Rayonnage \/ syst\u00e8me d&#039;\u00e9tag\u00e8res\"><img decoding=\"async\" src=\"https:\/\/www.wenger-basel.ch\/wp-content\/uploads\/2023\/09\/ausbauten-iwb-3-800x600.jpg\" alt=\"V\u00e9hicule utilitaire Peugeot Vivaro cr\u00e9\u00e9 par Wenger AG Basel, d\u00e9partement Am\u00e9nagement int\u00e9rieur d&#039;utilitaires\/Rayonnage \/ syst\u00e8me d&#039;\u00e9tag\u00e8res\"><\/a><\/figure><\/div><div class=\"thumbnail ausbauten\"><figure class=\"post-attachment mime-image-jpeg\"><a href=\"https:\/\/www.wenger-basel.ch\/wp-content\/uploads\/2023\/08\/Mobile-Werkstatt-11-800x600.jpg\" class=\"galery_link\" data-fancybox=\"group_0\" title=\"Regalsysteme\"><img decoding=\"async\" src=\"https:\/\/www.wenger-basel.ch\/wp-content\/uploads\/2023\/08\/Mobile-Werkstatt-11-800x600.jpg\" alt=\"Regalsysteme\"><\/a><\/figure><\/div><div class=\"thumbnail ausbauten\"><figure class=\"post-attachment mime-image-jpeg\"><a href=\"https:\/\/www.wenger-basel.ch\/wp-content\/uploads\/2023\/04\/individueller-ausbau-4-800x533.jpg\" class=\"galery_link\" data-fancybox=\"group_0\" title=\"Individueller Ausbau\"><img decoding=\"async\" src=\"https:\/\/www.wenger-basel.ch\/wp-content\/uploads\/2023\/04\/individueller-ausbau-4-800x533.jpg\" alt=\"Individueller Ausbau\"><\/a><\/figure><\/div><div class=\"thumbnail kuehlausbau\"><figure class=\"post-attachment mime-image-jpeg\"><a href=\"https:\/\/www.wenger-basel.ch\/wp-content\/uploads\/2023\/04\/kuehlausbauten-2-800x533.jpg\" class=\"galery_link\" data-fancybox=\"group_0\" title=\"K\u00fchlausbau\"><img decoding=\"async\" src=\"https:\/\/www.wenger-basel.ch\/wp-content\/uploads\/2023\/04\/kuehlausbauten-2-800x533.jpg\" alt=\"K\u00fchlausbau\"><\/a><\/figure><\/div><div class=\"thumbnail ladungssicherung-ausbauten\"><figure class=\"post-attachment mime-image-jpeg\"><a href=\"https:\/\/www.wenger-basel.ch\/wp-content\/uploads\/2024\/12\/de5edb86-e4b0-41c4-a54a-4bcbf0de6998-450x600.jpg\" class=\"galery_link\" data-fancybox=\"group_0\" title=\"V\u00e9hicule entretenu par Wenger AG Basel, d\u00e9partement \/Arrimage \/ s\u00e9curisation du chargement\"><img decoding=\"async\" src=\"https:\/\/www.wenger-basel.ch\/wp-content\/uploads\/2024\/12\/de5edb86-e4b0-41c4-a54a-4bcbf0de6998-450x600.jpg\" alt=\"V\u00e9hicule entretenu par Wenger AG Basel, d\u00e9partement \/Arrimage \/ s\u00e9curisation du chargement\"><\/a><\/figure><\/div><div class=\"thumbnail ausbauten\"><figure class=\"post-attachment mime-image-jpeg\"><a href=\"https:\/\/www.wenger-basel.ch\/wp-content\/uploads\/2023\/12\/Sonder6.11-800x600.jpg\" class=\"galery_link\" data-fancybox=\"group_0\" title=\"V\u00e9hicule entretenu par Wenger AG Basel, d\u00e9partement Am\u00e9nagement int\u00e9rieur d&#039;utilitaires\/Am\u00e9nagement int\u00e9rieur d&#039;utilitaires \/ fourgon\"><img decoding=\"async\" src=\"https:\/\/www.wenger-basel.ch\/wp-content\/uploads\/2023\/12\/Sonder6.11-800x600.jpg\" alt=\"V\u00e9hicule entretenu par Wenger AG Basel, d\u00e9partement Am\u00e9nagement int\u00e9rieur d&#039;utilitaires\/Am\u00e9nagement int\u00e9rieur d&#039;utilitaires \/ fourgon\"><\/a><\/figure><\/div><div class=\"thumbnail regalsysteme\"><figure class=\"post-attachment mime-image-jpeg\"><a href=\"https:\/\/www.wenger-basel.ch\/wp-content\/uploads\/2026\/02\/regalsystem-3-450x600.jpg\" class=\"galery_link\" data-fancybox=\"group_0\" title=\"V\u00e9hicule entretenu par Wenger AG Basel, d\u00e9partement \/Rayonnage \/ syst\u00e8me d&#039;\u00e9tag\u00e8res\"><img decoding=\"async\" src=\"https:\/\/www.wenger-basel.ch\/wp-content\/uploads\/2026\/02\/regalsystem-3-450x600.jpg\" alt=\"V\u00e9hicule entretenu par Wenger AG Basel, d\u00e9partement \/Rayonnage \/ syst\u00e8me d&#039;\u00e9tag\u00e8res\"><\/a><\/figure><\/div><div class=\"thumbnail ausbauten\"><figure class=\"post-attachment mime-image-jpeg\"><a href=\"https:\/\/www.wenger-basel.ch\/wp-content\/uploads\/2023\/04\/individueller-ausbau-7-800x533.jpg\" class=\"galery_link\" data-fancybox=\"group_0\" title=\"Individueller Ausbau\"><img decoding=\"async\" src=\"https:\/\/www.wenger-basel.ch\/wp-content\/uploads\/2023\/04\/individueller-ausbau-7-800x533.jpg\" alt=\"Individueller Ausbau\"><\/a><\/figure><\/div><div class=\"thumbnail kuehlausbau\"><figure class=\"post-attachment mime-image-jpeg\"><a href=\"https:\/\/www.wenger-basel.ch\/wp-content\/uploads\/2023\/04\/kuehlausbauten-9-800x533.jpg\" class=\"galery_link\" data-fancybox=\"group_0\" title=\"K\u00fchlausbau\"><img decoding=\"async\" src=\"https:\/\/www.wenger-basel.ch\/wp-content\/uploads\/2023\/04\/kuehlausbauten-9-800x533.jpg\" alt=\"K\u00fchlausbau\"><\/a><\/figure><\/div><div class=\"thumbnail ausbauten\"><figure class=\"post-attachment mime-image-jpeg\"><a href=\"https:\/\/www.wenger-basel.ch\/wp-content\/uploads\/2023\/08\/Mobile-Werkstatt-12-800x535.jpg\" class=\"galery_link\" data-fancybox=\"group_0\" title=\"Regalsysteme\"><img decoding=\"async\" src=\"https:\/\/www.wenger-basel.ch\/wp-content\/uploads\/2023\/08\/Mobile-Werkstatt-12-800x535.jpg\" alt=\"Regalsysteme\"><\/a><\/figure><\/div><div class=\"thumbnail ladungssicherung-aufbauten-produkte\"><figure class=\"post-attachment mime-image-jpeg\"><a href=\"https:\/\/www.wenger-basel.ch\/wp-content\/uploads\/2025\/10\/Ratschen-Gurt-35mm-Haken.jpg\" class=\"galery_link\" data-fancybox=\"group_0\" title=\"V\u00e9hicule entretenu par Wenger AG Basel, d\u00e9partement Ladungssicherung Ausbauten Produkte\/Ladungssicherung Aufbauten Produkte\"><img decoding=\"async\" src=\"https:\/\/www.wenger-basel.ch\/wp-content\/uploads\/2025\/10\/Ratschen-Gurt-35mm-Haken.jpg\" alt=\"V\u00e9hicule entretenu par Wenger AG Basel, d\u00e9partement Ladungssicherung Ausbauten Produkte\/Ladungssicherung Aufbauten Produkte\"><\/a><\/figure><\/div><div class=\"thumbnail ausbauten\"><figure class=\"post-attachment mime-image-jpeg\"><a href=\"https:\/\/www.wenger-basel.ch\/wp-content\/uploads\/2023\/11\/jumpy-aluca3-450x600.jpg\" class=\"galery_link\" data-fancybox=\"group_0\" title=\"V\u00e9hicule utilitaire Citro\u00ebn Jumpy cr\u00e9\u00e9 par Wenger AG Basel, d\u00e9partement Rayonnage \/ syst\u00e8me d&#039;\u00e9tag\u00e8res\/\"><img decoding=\"async\" src=\"https:\/\/www.wenger-basel.ch\/wp-content\/uploads\/2023\/11\/jumpy-aluca3-450x600.jpg\" alt=\"V\u00e9hicule utilitaire Citro\u00ebn Jumpy cr\u00e9\u00e9 par Wenger AG Basel, d\u00e9partement Rayonnage \/ syst\u00e8me d&#039;\u00e9tag\u00e8res\/\"><\/a><\/figure><\/div><div class=\"thumbnail ladungssicherung-aufbauten-produkte\"><figure class=\"post-attachment mime-image-jpeg\"><a href=\"https:\/\/www.wenger-basel.ch\/wp-content\/uploads\/2025\/10\/Klemm-Gurt-25mm-Einfachfitting.jpg\" class=\"galery_link\" data-fancybox=\"group_0\" title=\"V\u00e9hicule entretenu par Wenger AG Basel, d\u00e9partement Ladungssicherung Ausbauten Produkte\/Ladungssicherung Aufbauten Produkte\"><img decoding=\"async\" src=\"https:\/\/www.wenger-basel.ch\/wp-content\/uploads\/2025\/10\/Klemm-Gurt-25mm-Einfachfitting.jpg\" alt=\"V\u00e9hicule entretenu par Wenger AG Basel, d\u00e9partement Ladungssicherung Ausbauten Produkte\/Ladungssicherung Aufbauten Produkte\"><\/a><\/figure><\/div><div class=\"thumbnail ausbauten\"><figure class=\"post-attachment mime-image-jpeg\"><a href=\"https:\/\/www.wenger-basel.ch\/wp-content\/uploads\/2023\/11\/sprinter-aluca-800x600.jpg\" class=\"galery_link\" data-fancybox=\"group_0\" title=\"V\u00e9hicule utilitaire Mercedes Sprinter cr\u00e9\u00e9 par Wenger AG Basel, d\u00e9partement Rayonnage \/ syst\u00e8me d&#039;\u00e9tag\u00e8res\/\"><img decoding=\"async\" src=\"https:\/\/www.wenger-basel.ch\/wp-content\/uploads\/2023\/11\/sprinter-aluca-800x600.jpg\" alt=\"V\u00e9hicule utilitaire Mercedes Sprinter cr\u00e9\u00e9 par Wenger AG Basel, d\u00e9partement Rayonnage \/ syst\u00e8me d&#039;\u00e9tag\u00e8res\/\"><\/a><\/figure><\/div><div class=\"thumbnail ausbauten\"><figure class=\"post-attachment mime-image-jpeg\"><a href=\"https:\/\/www.wenger-basel.ch\/wp-content\/uploads\/2023\/12\/partner-800x536.jpg\" class=\"galery_link\" data-fancybox=\"group_0\" title=\"V\u00e9hicule entretenu par Wenger AG Basel, d\u00e9partement Arrimage \/ s\u00e9curisation du chargement\/Am\u00e9nagement int\u00e9rieur d&#039;utilitaires \/ fourgon\"><img decoding=\"async\" src=\"https:\/\/www.wenger-basel.ch\/wp-content\/uploads\/2023\/12\/partner-800x536.jpg\" alt=\"V\u00e9hicule entretenu par Wenger AG Basel, d\u00e9partement Arrimage \/ s\u00e9curisation du chargement\/Am\u00e9nagement int\u00e9rieur d&#039;utilitaires \/ fourgon\"><\/a><\/figure><\/div><div class=\"thumbnail ausbauten\"><figure class=\"post-attachment mime-image-jpeg\"><a href=\"https:\/\/www.wenger-basel.ch\/wp-content\/uploads\/2023\/12\/caddy-grau-450x600.jpg\" class=\"galery_link\" data-fancybox=\"group_0\" title=\"V\u00e9hicule utilitaire VW Caddy cr\u00e9\u00e9 par Wenger AG Basel, d\u00e9partement Arrimage \/ s\u00e9curisation du chargement\/\"><img decoding=\"async\" src=\"https:\/\/www.wenger-basel.ch\/wp-content\/uploads\/2023\/12\/caddy-grau-450x600.jpg\" alt=\"V\u00e9hicule utilitaire VW Caddy cr\u00e9\u00e9 par Wenger AG Basel, d\u00e9partement Arrimage \/ s\u00e9curisation du chargement\/\"><\/a><\/figure><\/div><div class=\"thumbnail ausbauten\"><figure class=\"post-attachment mime-image-jpeg\"><a href=\"https:\/\/www.wenger-basel.ch\/wp-content\/uploads\/2023\/11\/t6-polizei-gelb-3-450x600.jpg\" class=\"galery_link\" data-fancybox=\"group_0\" title=\"V\u00e9hicule utilitaire VW T-Modelle cr\u00e9\u00e9 par Wenger AG Basel, d\u00e9partement \/\"><img decoding=\"async\" src=\"https:\/\/www.wenger-basel.ch\/wp-content\/uploads\/2023\/11\/t6-polizei-gelb-3-450x600.jpg\" alt=\"V\u00e9hicule utilitaire VW T-Modelle cr\u00e9\u00e9 par Wenger AG Basel, d\u00e9partement \/\"><\/a><\/figure><\/div><div class=\"thumbnail individueller-ausbau\"><figure class=\"post-attachment mime-image-jpeg\"><a href=\"https:\/\/www.wenger-basel.ch\/wp-content\/uploads\/2025\/10\/VW-beige-Rampe-450x600.jpg\" class=\"galery_link\" data-fancybox=\"group_0\" title=\"V\u00e9hicule utilitaire VW Crafter cr\u00e9\u00e9 par Wenger AG Basel, d\u00e9partement \/\"><img decoding=\"async\" src=\"https:\/\/www.wenger-basel.ch\/wp-content\/uploads\/2025\/10\/VW-beige-Rampe-450x600.jpg\" alt=\"V\u00e9hicule utilitaire VW Crafter cr\u00e9\u00e9 par Wenger AG Basel, d\u00e9partement \/\"><\/a><\/figure><\/div><div class=\"thumbnail ausbauten\"><figure class=\"post-attachment mime-image-jpeg\"><a href=\"https:\/\/www.wenger-basel.ch\/wp-content\/uploads\/2023\/11\/kangoo-kuhl-5-800x600.jpg\" class=\"galery_link\" data-fancybox=\"group_0\" title=\"V\u00e9hicule utilitaire Renault Kangoo cr\u00e9\u00e9 par Wenger AG Basel, d\u00e9partement Am\u00e9nagements de v\u00e9hicules-fourgons isothermes et frigorifiques\/\"><img decoding=\"async\" src=\"https:\/\/www.wenger-basel.ch\/wp-content\/uploads\/2023\/11\/kangoo-kuhl-5-800x600.jpg\" alt=\"V\u00e9hicule utilitaire Renault Kangoo cr\u00e9\u00e9 par Wenger AG Basel, d\u00e9partement Am\u00e9nagements de v\u00e9hicules-fourgons isothermes et frigorifiques\/\"><\/a><\/figure><\/div><div class=\"thumbnail ausbauten\"><figure class=\"post-attachment mime-image-jpeg\"><a href=\"https:\/\/www.wenger-basel.ch\/wp-content\/uploads\/2023\/09\/ausbauten-iwb-1-800x600.jpg\" class=\"galery_link\" data-fancybox=\"group_0\" title=\"V\u00e9hicule utilitaire Peugeot Vivaro cr\u00e9\u00e9 par Wenger AG Basel, d\u00e9partement Am\u00e9nagement int\u00e9rieur d&#039;utilitaires\/Rayonnage \/ syst\u00e8me d&#039;\u00e9tag\u00e8res\"><img decoding=\"async\" src=\"https:\/\/www.wenger-basel.ch\/wp-content\/uploads\/2023\/09\/ausbauten-iwb-1-800x600.jpg\" alt=\"V\u00e9hicule utilitaire Peugeot Vivaro cr\u00e9\u00e9 par Wenger AG Basel, d\u00e9partement Am\u00e9nagement int\u00e9rieur d&#039;utilitaires\/Rayonnage \/ syst\u00e8me d&#039;\u00e9tag\u00e8res\"><\/a><\/figure><\/div><div class=\"thumbnail ausbauten\"><figure class=\"post-attachment mime-image-jpeg\"><a href=\"https:\/\/www.wenger-basel.ch\/wp-content\/uploads\/2023\/04\/individueller-ausbau-P1100088-800x600.jpg\" class=\"galery_link\" data-fancybox=\"group_0\" title=\"Individueller Ausbau\"><img decoding=\"async\" src=\"https:\/\/www.wenger-basel.ch\/wp-content\/uploads\/2023\/04\/individueller-ausbau-P1100088-800x600.jpg\" alt=\"Individueller Ausbau\"><\/a><\/figure><\/div><div class=\"thumbnail ausbauten\"><figure class=\"post-attachment mime-image-jpeg\"><a href=\"https:\/\/www.wenger-basel.ch\/wp-content\/uploads\/2023\/05\/Polizeifahrzeug-1-800x533.jpg\" class=\"galery_link\" data-fancybox=\"group_0\" title=\"Polizei Fahrzeuge\"><img decoding=\"async\" src=\"https:\/\/www.wenger-basel.ch\/wp-content\/uploads\/2023\/05\/Polizeifahrzeug-1-800x533.jpg\" alt=\"Polizei Fahrzeuge\"><\/a><\/figure><\/div><div class=\"thumbnail ausbauten\"><figure class=\"post-attachment mime-image-jpeg\"><a href=\"https:\/\/www.wenger-basel.ch\/wp-content\/uploads\/2023\/11\/vito-aluca-xx-800x600.jpg\" class=\"galery_link\" data-fancybox=\"group_0\" title=\"V\u00e9hicule utilitaire Mercedes Vito cr\u00e9\u00e9 par Wenger AG Basel, d\u00e9partement Arrimage \/ s\u00e9curisation du chargement\/Rayonnage \/ syst\u00e8me d&#039;\u00e9tag\u00e8res\"><img decoding=\"async\" src=\"https:\/\/www.wenger-basel.ch\/wp-content\/uploads\/2023\/11\/vito-aluca-xx-800x600.jpg\" alt=\"V\u00e9hicule utilitaire Mercedes Vito cr\u00e9\u00e9 par Wenger AG Basel, d\u00e9partement Arrimage \/ s\u00e9curisation du chargement\/Rayonnage \/ syst\u00e8me d&#039;\u00e9tag\u00e8res\"><\/a><\/figure><\/div><div class=\"thumbnail ausbauten\"><figure class=\"post-attachment mime-image-jpeg\"><a href=\"https:\/\/www.wenger-basel.ch\/wp-content\/uploads\/2023\/08\/Mobile-Werkstatt-10-800x600.jpg\" class=\"galery_link\" data-fancybox=\"group_0\" title=\"Regalsysteme\"><img decoding=\"async\" src=\"https:\/\/www.wenger-basel.ch\/wp-content\/uploads\/2023\/08\/Mobile-Werkstatt-10-800x600.jpg\" alt=\"Regalsysteme\"><\/a><\/figure><\/div><div class=\"thumbnail ausbauten\"><figure class=\"post-attachment mime-image-jpeg\"><a href=\"https:\/\/www.wenger-basel.ch\/wp-content\/uploads\/2023\/11\/hilux-4-800x600.jpg\" class=\"galery_link\" data-fancybox=\"group_0\" title=\"V\u00e9hicule utilitaire Toyota Hilux cr\u00e9\u00e9 par Wenger AG Basel, d\u00e9partement Am\u00e9nagement int\u00e9rieur d&#039;utilitaires\/\"><img decoding=\"async\" src=\"https:\/\/www.wenger-basel.ch\/wp-content\/uploads\/2023\/11\/hilux-4-800x600.jpg\" alt=\"V\u00e9hicule utilitaire Toyota Hilux cr\u00e9\u00e9 par Wenger AG Basel, d\u00e9partement Am\u00e9nagement int\u00e9rieur d&#039;utilitaires\/\"><\/a><\/figure><\/div><div class=\"thumbnail kuehlausbau\"><figure class=\"post-attachment mime-image-jpeg\"><a href=\"https:\/\/www.wenger-basel.ch\/wp-content\/uploads\/2023\/04\/kuehlausbauten-1-800x533.jpg\" class=\"galery_link\" data-fancybox=\"group_0\" title=\"K\u00fchlausbau\"><img decoding=\"async\" src=\"https:\/\/www.wenger-basel.ch\/wp-content\/uploads\/2023\/04\/kuehlausbauten-1-800x533.jpg\" alt=\"K\u00fchlausbau\"><\/a><\/figure><\/div><div class=\"thumbnail ausbauten\"><figure class=\"post-attachment mime-image-jpeg\"><a href=\"https:\/\/www.wenger-basel.ch\/wp-content\/uploads\/2023\/11\/t6-polizei-gelb-6-800x600.jpg\" class=\"galery_link\" data-fancybox=\"group_0\" title=\"V\u00e9hicule utilitaire VW T-Modelle cr\u00e9\u00e9 par Wenger AG Basel, d\u00e9partement Am\u00e9nagement int\u00e9rieur d&#039;utilitaires\/\"><img decoding=\"async\" src=\"https:\/\/www.wenger-basel.ch\/wp-content\/uploads\/2023\/11\/t6-polizei-gelb-6-800x600.jpg\" alt=\"V\u00e9hicule utilitaire VW T-Modelle cr\u00e9\u00e9 par Wenger AG Basel, d\u00e9partement Am\u00e9nagement int\u00e9rieur d&#039;utilitaires\/\"><\/a><\/figure><\/div><div class=\"thumbnail ausbauten\"><figure class=\"post-attachment mime-image-jpeg\"><a href=\"https:\/\/www.wenger-basel.ch\/wp-content\/uploads\/2023\/11\/trafic-aluca-800x600.jpg\" class=\"galery_link\" data-fancybox=\"group_0\" title=\"V\u00e9hicule utilitaire Renault Trafic cr\u00e9\u00e9 par Wenger AG Basel, d\u00e9partement Rayonnage \/ syst\u00e8me d&#039;\u00e9tag\u00e8res\/\"><img decoding=\"async\" src=\"https:\/\/www.wenger-basel.ch\/wp-content\/uploads\/2023\/11\/trafic-aluca-800x600.jpg\" alt=\"V\u00e9hicule utilitaire Renault Trafic cr\u00e9\u00e9 par Wenger AG Basel, d\u00e9partement Rayonnage \/ syst\u00e8me d&#039;\u00e9tag\u00e8res\/\"><\/a><\/figure><\/div><div class=\"thumbnail ausbauten\"><figure class=\"post-attachment mime-image-jpeg\"><a href=\"https:\/\/www.wenger-basel.ch\/wp-content\/uploads\/2023\/12\/expert-800x600.jpg\" class=\"galery_link\" data-fancybox=\"group_0\" title=\"V\u00e9hicule utilitaire Peugeot Expert cr\u00e9\u00e9 par Wenger AG Basel, d\u00e9partement Am\u00e9nagement int\u00e9rieur d&#039;utilitaires\/\"><img decoding=\"async\" src=\"https:\/\/www.wenger-basel.ch\/wp-content\/uploads\/2023\/12\/expert-800x600.jpg\" alt=\"V\u00e9hicule utilitaire Peugeot Expert cr\u00e9\u00e9 par Wenger AG Basel, d\u00e9partement Am\u00e9nagement int\u00e9rieur d&#039;utilitaires\/\"><\/a><\/figure><\/div><div class=\"thumbnail ausbauten\"><figure class=\"post-attachment mime-image-jpeg\"><a href=\"https:\/\/www.wenger-basel.ch\/wp-content\/uploads\/2023\/12\/peugeot-marti-2-450x600.jpg\" class=\"galery_link\" data-fancybox=\"group_0\" title=\"V\u00e9hicule utilitaire Peugeot  cr\u00e9\u00e9 par Wenger AG Basel, d\u00e9partement Rayonnage \/ syst\u00e8me d&#039;\u00e9tag\u00e8res\/\"><img decoding=\"async\" src=\"https:\/\/www.wenger-basel.ch\/wp-content\/uploads\/2023\/12\/peugeot-marti-2-450x600.jpg\" alt=\"V\u00e9hicule utilitaire Peugeot  cr\u00e9\u00e9 par Wenger AG Basel, d\u00e9partement Rayonnage \/ syst\u00e8me d&#039;\u00e9tag\u00e8res\/\"><\/a><\/figure><\/div><div class=\"thumbnail ausbauten\"><figure class=\"post-attachment mime-image-jpeg\"><a href=\"https:\/\/www.wenger-basel.ch\/wp-content\/uploads\/2026\/04\/ausbau-sprinter-orange-2-450x600.jpg\" class=\"galery_link\" data-fancybox=\"group_0\" title=\"V\u00e9hicule utilitaire Mercedes Sprinter cr\u00e9\u00e9 par Wenger AG Basel, d\u00e9partement Am\u00e9nagement int\u00e9rieur d&#039;utilitaires\/Arrimage \/ s\u00e9curisation du chargement\"><img decoding=\"async\" src=\"https:\/\/www.wenger-basel.ch\/wp-content\/uploads\/2026\/04\/ausbau-sprinter-orange-2-450x600.jpg\" alt=\"V\u00e9hicule utilitaire Mercedes Sprinter cr\u00e9\u00e9 par Wenger AG Basel, d\u00e9partement Am\u00e9nagement int\u00e9rieur d&#039;utilitaires\/Arrimage \/ s\u00e9curisation du chargement\"><\/a><\/figure><\/div><div class=\"thumbnail ausbauten\"><figure class=\"post-attachment mime-image-jpeg\"><a href=\"https:\/\/www.wenger-basel.ch\/wp-content\/uploads\/2023\/08\/Kanalsanierung-7-800x533.jpg\" class=\"galery_link\" data-fancybox=\"group_0\" title=\"Kanalsanierungsfahrzeug\"><img decoding=\"async\" src=\"https:\/\/www.wenger-basel.ch\/wp-content\/uploads\/2023\/08\/Kanalsanierung-7-800x533.jpg\" alt=\"Kanalsanierungsfahrzeug\"><\/a><\/figure><\/div><div class=\"thumbnail ausbauten\"><figure class=\"post-attachment mime-image-jpeg\"><a href=\"https:\/\/www.wenger-basel.ch\/wp-content\/uploads\/2023\/05\/Polizeifahrzeug-3-800x533.jpg\" class=\"galery_link\" data-fancybox=\"group_0\" title=\"Polizei Fahrzeuge\"><img decoding=\"async\" src=\"https:\/\/www.wenger-basel.ch\/wp-content\/uploads\/2023\/05\/Polizeifahrzeug-3-800x533.jpg\" alt=\"Polizei Fahrzeuge\"><\/a><\/figure><\/div><div class=\"thumbnail ladungssicherung-aufbauten-produkte\"><figure class=\"post-attachment mime-image-jpeg\"><a href=\"https:\/\/www.wenger-basel.ch\/wp-content\/uploads\/2025\/10\/Stabchenzurrschiene.jpg\" class=\"galery_link\" data-fancybox=\"group_0\" title=\"V\u00e9hicule entretenu par Wenger AG Basel, d\u00e9partement Ladungssicherung Ausbauten Produkte\/Ladungssicherung Aufbauten Produkte\"><img decoding=\"async\" src=\"https:\/\/www.wenger-basel.ch\/wp-content\/uploads\/2025\/10\/Stabchenzurrschiene.jpg\" alt=\"V\u00e9hicule entretenu par Wenger AG Basel, d\u00e9partement Ladungssicherung Ausbauten Produkte\/Ladungssicherung Aufbauten Produkte\"><\/a><\/figure><\/div><div class=\"thumbnail ausbauten\"><figure class=\"post-attachment mime-image-jpeg\"><a href=\"https:\/\/www.wenger-basel.ch\/wp-content\/uploads\/2023\/08\/Kanalsanierung-8-800x533.jpg\" class=\"galery_link\" data-fancybox=\"group_0\" title=\"Kanalsanierungsfahrzeug\"><img decoding=\"async\" src=\"https:\/\/www.wenger-basel.ch\/wp-content\/uploads\/2023\/08\/Kanalsanierung-8-800x533.jpg\" alt=\"Kanalsanierungsfahrzeug\"><\/a><\/figure><\/div><div class=\"thumbnail ausbauten\"><figure class=\"post-attachment mime-image-jpeg\"><a href=\"https:\/\/www.wenger-basel.ch\/wp-content\/uploads\/2023\/11\/vito-aluca-2-800x600.jpg\" class=\"galery_link\" data-fancybox=\"group_0\" title=\"V\u00e9hicule utilitaire Mercedes Vito cr\u00e9\u00e9 par Wenger AG Basel, d\u00e9partement Rayonnage \/ syst\u00e8me d&#039;\u00e9tag\u00e8res\/\"><img decoding=\"async\" src=\"https:\/\/www.wenger-basel.ch\/wp-content\/uploads\/2023\/11\/vito-aluca-2-800x600.jpg\" alt=\"V\u00e9hicule utilitaire Mercedes Vito cr\u00e9\u00e9 par Wenger AG Basel, d\u00e9partement Rayonnage \/ syst\u00e8me d&#039;\u00e9tag\u00e8res\/\"><\/a><\/figure><\/div><div class=\"thumbnail kuehlausbau\"><figure class=\"post-attachment mime-image-jpeg\"><a href=\"https:\/\/www.wenger-basel.ch\/wp-content\/uploads\/2023\/04\/kuehlausbauten-P1110324-800x600.jpg\" class=\"galery_link\" data-fancybox=\"group_0\" title=\"K\u00fchlausbau\"><img decoding=\"async\" src=\"https:\/\/www.wenger-basel.ch\/wp-content\/uploads\/2023\/04\/kuehlausbauten-P1110324-800x600.jpg\" alt=\"K\u00fchlausbau\"><\/a><\/figure><\/div><div class=\"thumbnail ausbauten\"><figure class=\"post-attachment mime-image-jpeg\"><a href=\"https:\/\/www.wenger-basel.ch\/wp-content\/uploads\/2023\/08\/Mobile-Werkstatt-13-800x535.jpg\" class=\"galery_link\" data-fancybox=\"group_0\" title=\"Regalsysteme\"><img decoding=\"async\" src=\"https:\/\/www.wenger-basel.ch\/wp-content\/uploads\/2023\/08\/Mobile-Werkstatt-13-800x535.jpg\" alt=\"Regalsysteme\"><\/a><\/figure><\/div><div class=\"thumbnail ausbauten\"><figure class=\"post-attachment mime-image-jpeg\"><a href=\"https:\/\/www.wenger-basel.ch\/wp-content\/uploads\/2023\/12\/peugeot-boxer-2-450x600.jpg\" class=\"galery_link\" data-fancybox=\"group_0\" title=\"V\u00e9hicule utilitaire Peugeot Boxer cr\u00e9\u00e9 par Wenger AG Basel, d\u00e9partement Rayonnage \/ syst\u00e8me d&#039;\u00e9tag\u00e8res\/\"><img decoding=\"async\" src=\"https:\/\/www.wenger-basel.ch\/wp-content\/uploads\/2023\/12\/peugeot-boxer-2-450x600.jpg\" alt=\"V\u00e9hicule utilitaire Peugeot Boxer cr\u00e9\u00e9 par Wenger AG Basel, d\u00e9partement Rayonnage \/ syst\u00e8me d&#039;\u00e9tag\u00e8res\/\"><\/a><\/figure><\/div><div class=\"thumbnail ladungssicherung-aufbauten-produkte\"><figure class=\"post-attachment mime-image-jpeg\"><a href=\"https:\/\/www.wenger-basel.ch\/wp-content\/uploads\/2025\/10\/Zurrschiene.jpg\" class=\"galery_link\" data-fancybox=\"group_0\" title=\"V\u00e9hicule entretenu par Wenger AG Basel, d\u00e9partement Ladungssicherung Ausbauten Produkte\/Ladungssicherung Aufbauten Produkte\"><img decoding=\"async\" src=\"https:\/\/www.wenger-basel.ch\/wp-content\/uploads\/2025\/10\/Zurrschiene.jpg\" alt=\"V\u00e9hicule entretenu par Wenger AG Basel, d\u00e9partement Ladungssicherung Ausbauten Produkte\/Ladungssicherung Aufbauten Produkte\"><\/a><\/figure><\/div><div class=\"thumbnail ausbauten\"><figure class=\"post-attachment mime-image-jpeg\"><a href=\"https:\/\/www.wenger-basel.ch\/wp-content\/uploads\/2023\/11\/flux-polizei-2-800x600.jpg\" class=\"galery_link\" data-fancybox=\"group_0\" title=\"V\u00e9hicule entretenu par Wenger AG Basel, d\u00e9partement \/Am\u00e9nagement int\u00e9rieur d&#039;utilitaires \/ fourgon\"><img decoding=\"async\" src=\"https:\/\/www.wenger-basel.ch\/wp-content\/uploads\/2023\/11\/flux-polizei-2-800x600.jpg\" alt=\"V\u00e9hicule entretenu par Wenger AG Basel, d\u00e9partement \/Am\u00e9nagement int\u00e9rieur d&#039;utilitaires \/ fourgon\"><\/a><\/figure><\/div><div class=\"thumbnail ausbauten\"><figure class=\"post-attachment mime-image-jpeg\"><a href=\"https:\/\/www.wenger-basel.ch\/wp-content\/uploads\/2023\/05\/Polizeifahrzeug-10-800x533.jpg\" class=\"galery_link\" data-fancybox=\"group_0\" title=\"Polizei Fahrzeuge\"><img decoding=\"async\" src=\"https:\/\/www.wenger-basel.ch\/wp-content\/uploads\/2023\/05\/Polizeifahrzeug-10-800x533.jpg\" alt=\"Polizei Fahrzeuge\"><\/a><\/figure><\/div><div class=\"thumbnail elektro-ausbauten\"><figure class=\"post-attachment mime-image-jpeg\"><a href=\"https:\/\/www.wenger-basel.ch\/wp-content\/uploads\/2026\/04\/edaily-delaval-800x600.jpg\" class=\"galery_link\" data-fancybox=\"group_0\" title=\"V\u00e9hicule entretenu par Wenger AG Basel, d\u00e9partement Rayonnage \/ syst\u00e8me d&#039;\u00e9tag\u00e8res\/Elektro\"><img decoding=\"async\" src=\"https:\/\/www.wenger-basel.ch\/wp-content\/uploads\/2026\/04\/edaily-delaval-800x600.jpg\" alt=\"V\u00e9hicule entretenu par Wenger AG Basel, d\u00e9partement Rayonnage \/ syst\u00e8me d&#039;\u00e9tag\u00e8res\/Elektro\"><\/a><\/figure><\/div><div class=\"thumbnail kuehlausbau\"><figure class=\"post-attachment mime-image-jpeg\"><a href=\"https:\/\/www.wenger-basel.ch\/wp-content\/uploads\/2023\/04\/kuehlausbauten-15-800x533.jpg\" class=\"galery_link\" data-fancybox=\"group_0\" title=\"K\u00fchlausbau\"><img decoding=\"async\" src=\"https:\/\/www.wenger-basel.ch\/wp-content\/uploads\/2023\/04\/kuehlausbauten-15-800x533.jpg\" alt=\"K\u00fchlausbau\"><\/a><\/figure><\/div><div class=\"thumbnail ausbauten\"><figure class=\"post-attachment mime-image-jpeg\"><a href=\"https:\/\/www.wenger-basel.ch\/wp-content\/uploads\/2023\/04\/regal-systeme-P1030140-800x600.jpg\" class=\"galery_link\" data-fancybox=\"group_0\" title=\"Regal-Systeme\"><img decoding=\"async\" src=\"https:\/\/www.wenger-basel.ch\/wp-content\/uploads\/2023\/04\/regal-systeme-P1030140-800x600.jpg\" alt=\"Regal-Systeme\"><\/a><\/figure><\/div><div class=\"thumbnail ausbauten\"><figure class=\"post-attachment mime-image-jpeg\"><a href=\"https:\/\/www.wenger-basel.ch\/wp-content\/uploads\/2023\/11\/crafter-2-800x600.jpg\" class=\"galery_link\" data-fancybox=\"group_0\" title=\"V\u00e9hicule utilitaire VW Crafter cr\u00e9\u00e9 par Wenger AG Basel, d\u00e9partement Arrimage \/ s\u00e9curisation du chargement\/\"><img decoding=\"async\" src=\"https:\/\/www.wenger-basel.ch\/wp-content\/uploads\/2023\/11\/crafter-2-800x600.jpg\" alt=\"V\u00e9hicule utilitaire VW Crafter cr\u00e9\u00e9 par Wenger AG Basel, d\u00e9partement Arrimage \/ s\u00e9curisation du chargement\/\"><\/a><\/figure><\/div><div class=\"thumbnail ausbauten\"><figure class=\"post-attachment mime-image-jpeg\"><a href=\"https:\/\/www.wenger-basel.ch\/wp-content\/uploads\/2023\/05\/Polizeifahrzeug-7-800x533.jpg\" class=\"galery_link\" data-fancybox=\"group_0\" title=\"Polizei Fahrzeuge\"><img decoding=\"async\" src=\"https:\/\/www.wenger-basel.ch\/wp-content\/uploads\/2023\/05\/Polizeifahrzeug-7-800x533.jpg\" alt=\"Polizei Fahrzeuge\"><\/a><\/figure><\/div><div class=\"thumbnail ausbauten\"><figure class=\"post-attachment mime-image-jpeg\"><a href=\"https:\/\/www.wenger-basel.ch\/wp-content\/uploads\/2023\/08\/Kanalsanierung-14-800x600.jpg\" class=\"galery_link\" data-fancybox=\"group_0\" title=\"Kanalsanierungsfahrzeug\"><img decoding=\"async\" src=\"https:\/\/www.wenger-basel.ch\/wp-content\/uploads\/2023\/08\/Kanalsanierung-14-800x600.jpg\" alt=\"Kanalsanierungsfahrzeug\"><\/a><\/figure><\/div><div class=\"thumbnail ausbauten\"><figure class=\"post-attachment mime-image-jpeg\"><a href=\"https:\/\/www.wenger-basel.ch\/wp-content\/uploads\/2023\/08\/Kanalsanierung-11-800x600.jpg\" class=\"galery_link\" data-fancybox=\"group_0\" title=\"Kanalsanierungsfahrzeug\"><img decoding=\"async\" src=\"https:\/\/www.wenger-basel.ch\/wp-content\/uploads\/2023\/08\/Kanalsanierung-11-800x600.jpg\" alt=\"Kanalsanierungsfahrzeug\"><\/a><\/figure><\/div><div class=\"thumbnail ausbauten\"><figure class=\"post-attachment mime-image-jpeg\"><a href=\"https:\/\/www.wenger-basel.ch\/wp-content\/uploads\/2023\/11\/t6-polizei-weiss-2-450x600.jpg\" class=\"galery_link\" data-fancybox=\"group_0\" title=\"V\u00e9hicule utilitaire VW T-Modelle cr\u00e9\u00e9 par Wenger AG Basel, d\u00e9partement \/\"><img decoding=\"async\" src=\"https:\/\/www.wenger-basel.ch\/wp-content\/uploads\/2023\/11\/t6-polizei-weiss-2-450x600.jpg\" alt=\"V\u00e9hicule utilitaire VW T-Modelle cr\u00e9\u00e9 par Wenger AG Basel, d\u00e9partement \/\"><\/a><\/figure><\/div><div class=\"thumbnail ausbauten\"><figure class=\"post-attachment mime-image-jpeg\"><a href=\"https:\/\/www.wenger-basel.ch\/wp-content\/uploads\/2024\/06\/IMG_5376-800x600.jpg\" class=\"galery_link\" data-fancybox=\"group_0\" title=\"V\u00e9hicule utilitaire Iveco Daily cr\u00e9\u00e9 par Wenger AG Basel, d\u00e9partement Arrimage \/ s\u00e9curisation du chargement\/\"><img decoding=\"async\" src=\"https:\/\/www.wenger-basel.ch\/wp-content\/uploads\/2024\/06\/IMG_5376-800x600.jpg\" alt=\"V\u00e9hicule utilitaire Iveco Daily cr\u00e9\u00e9 par Wenger AG Basel, d\u00e9partement Arrimage \/ s\u00e9curisation du chargement\/\"><\/a><\/figure><\/div><div class=\"thumbnail anhaenger\"><figure class=\"post-attachment mime-image-jpeg\"><a href=\"https:\/\/www.wenger-basel.ch\/wp-content\/uploads\/2023\/11\/kanalsanierung-11-450x600.jpg\" class=\"galery_link\" data-fancybox=\"group_0\" title=\"V\u00e9hicule entretenu par Wenger AG Basel, d\u00e9partement Kanalsanierung\/Remorques\"><img decoding=\"async\" src=\"https:\/\/www.wenger-basel.ch\/wp-content\/uploads\/2023\/11\/kanalsanierung-11-450x600.jpg\" alt=\"V\u00e9hicule entretenu par Wenger AG Basel, d\u00e9partement Kanalsanierung\/Remorques\"><\/a><\/figure><\/div><div class=\"thumbnail ausbauten\"><figure class=\"post-attachment mime-image-jpeg\"><a href=\"https:\/\/www.wenger-basel.ch\/wp-content\/uploads\/2024\/06\/renault-kangoo-elektro-iwb-aluca-450x600.jpg\" class=\"galery_link\" data-fancybox=\"group_0\" title=\"V\u00e9hicule utilitaire Renault Kangoo cr\u00e9\u00e9 par Wenger AG Basel, d\u00e9partement Elektro\/\"><img decoding=\"async\" src=\"https:\/\/www.wenger-basel.ch\/wp-content\/uploads\/2024\/06\/renault-kangoo-elektro-iwb-aluca-450x600.jpg\" alt=\"V\u00e9hicule utilitaire Renault Kangoo cr\u00e9\u00e9 par Wenger AG Basel, d\u00e9partement Elektro\/\"><\/a><\/figure><\/div><div class=\"thumbnail ausbauten\"><figure class=\"post-attachment mime-image-jpeg\"><a href=\"https:\/\/www.wenger-basel.ch\/wp-content\/uploads\/2023\/11\/kangoo-aluca3-450x600.jpg\" class=\"galery_link\" data-fancybox=\"group_0\" title=\"V\u00e9hicule utilitaire Renault Kangoo cr\u00e9\u00e9 par Wenger AG Basel, d\u00e9partement Rayonnage \/ syst\u00e8me d&#039;\u00e9tag\u00e8res\/\"><img decoding=\"async\" src=\"https:\/\/www.wenger-basel.ch\/wp-content\/uploads\/2023\/11\/kangoo-aluca3-450x600.jpg\" alt=\"V\u00e9hicule utilitaire Renault Kangoo cr\u00e9\u00e9 par Wenger AG Basel, d\u00e9partement Rayonnage \/ syst\u00e8me d&#039;\u00e9tag\u00e8res\/\"><\/a><\/figure><\/div><div class=\"thumbnail ausbauten\"><figure class=\"post-attachment mime-image-jpeg\"><a href=\"https:\/\/www.wenger-basel.ch\/wp-content\/uploads\/2023\/04\/individueller-ausbau-9-800x533.jpg\" class=\"galery_link\" data-fancybox=\"group_0\" title=\"Individueller Ausbau\"><img decoding=\"async\" src=\"https:\/\/www.wenger-basel.ch\/wp-content\/uploads\/2023\/04\/individueller-ausbau-9-800x533.jpg\" alt=\"Individueller Ausbau\"><\/a><\/figure><\/div><div class=\"thumbnail ausbauten\"><figure class=\"post-attachment mime-image-jpeg\"><a href=\"https:\/\/www.wenger-basel.ch\/wp-content\/uploads\/2023\/08\/Kanalsanierung-6-800x533.jpg\" class=\"galery_link\" data-fancybox=\"group_0\" title=\"Kanalsanierungsfahrzeug\"><img decoding=\"async\" src=\"https:\/\/www.wenger-basel.ch\/wp-content\/uploads\/2023\/08\/Kanalsanierung-6-800x533.jpg\" alt=\"Kanalsanierungsfahrzeug\"><\/a><\/figure><\/div><div class=\"thumbnail ausbauten\"><figure class=\"post-attachment mime-image-jpeg\"><a href=\"https:\/\/www.wenger-basel.ch\/wp-content\/uploads\/2023\/08\/Kanalsanierung-13-800x600.jpg\" class=\"galery_link\" data-fancybox=\"group_0\" title=\"Kanalsanierungsfahrzeug\"><img decoding=\"async\" src=\"https:\/\/www.wenger-basel.ch\/wp-content\/uploads\/2023\/08\/Kanalsanierung-13-800x600.jpg\" alt=\"Kanalsanierungsfahrzeug\"><\/a><\/figure><\/div><div class=\"thumbnail kuehlausbau\"><figure class=\"post-attachment mime-image-jpeg\"><a href=\"https:\/\/www.wenger-basel.ch\/wp-content\/uploads\/2023\/04\/kuehlausbauten-7-800x533.jpg\" class=\"galery_link\" data-fancybox=\"group_0\" title=\"K\u00fchlausbau\"><img decoding=\"async\" src=\"https:\/\/www.wenger-basel.ch\/wp-content\/uploads\/2023\/04\/kuehlausbauten-7-800x533.jpg\" alt=\"K\u00fchlausbau\"><\/a><\/figure><\/div><div class=\"thumbnail elektro-ausbauten\"><figure class=\"post-attachment mime-image-jpeg\"><a href=\"https:\/\/www.wenger-basel.ch\/wp-content\/uploads\/2024\/04\/electric-800x600.jpg\" class=\"galery_link\" data-fancybox=\"group_0\" title=\"V\u00e9hicule entretenu par Wenger AG Basel, d\u00e9partement \/Elektro\"><img decoding=\"async\" src=\"https:\/\/www.wenger-basel.ch\/wp-content\/uploads\/2024\/04\/electric-800x600.jpg\" alt=\"V\u00e9hicule entretenu par Wenger AG Basel, d\u00e9partement \/Elektro\"><\/a><\/figure><\/div><div class=\"thumbnail anhaenger\"><figure class=\"post-attachment mime-image-jpeg\"><a href=\"https:\/\/www.wenger-basel.ch\/wp-content\/uploads\/2023\/11\/kanalsanierung-10-800x600.jpg\" class=\"galery_link\" data-fancybox=\"group_0\" title=\"V\u00e9hicule entretenu par Wenger AG Basel, d\u00e9partement Kanalsanierung\/Remorques\"><img decoding=\"async\" src=\"https:\/\/www.wenger-basel.ch\/wp-content\/uploads\/2023\/11\/kanalsanierung-10-800x600.jpg\" alt=\"V\u00e9hicule entretenu par Wenger AG Basel, d\u00e9partement Kanalsanierung\/Remorques\"><\/a><\/figure><\/div><div class=\"thumbnail ausbauten\"><figure class=\"post-attachment mime-image-jpeg\"><a href=\"https:\/\/www.wenger-basel.ch\/wp-content\/uploads\/2023\/05\/Polizeifahrzeug-2-800x533.jpg\" class=\"galery_link\" data-fancybox=\"group_0\" title=\"Polizei Fahrzeuge\"><img decoding=\"async\" src=\"https:\/\/www.wenger-basel.ch\/wp-content\/uploads\/2023\/05\/Polizeifahrzeug-2-800x533.jpg\" alt=\"Polizei Fahrzeuge\"><\/a><\/figure><\/div><div class=\"thumbnail ausbauten\"><figure class=\"post-attachment mime-image-jpeg\"><a href=\"https:\/\/www.wenger-basel.ch\/wp-content\/uploads\/2023\/11\/crafter-ladung2-450x600.jpg\" class=\"galery_link\" data-fancybox=\"group_0\" title=\"V\u00e9hicule entretenu par Wenger AG Basel, d\u00e9partement Arrimage \/ s\u00e9curisation du chargement\/Am\u00e9nagement int\u00e9rieur d&#039;utilitaires \/ fourgon\"><img decoding=\"async\" src=\"https:\/\/www.wenger-basel.ch\/wp-content\/uploads\/2023\/11\/crafter-ladung2-450x600.jpg\" alt=\"V\u00e9hicule entretenu par Wenger AG Basel, d\u00e9partement Arrimage \/ s\u00e9curisation du chargement\/Am\u00e9nagement int\u00e9rieur d&#039;utilitaires \/ fourgon\"><\/a><\/figure><\/div><div class=\"thumbnail ausbauten\"><figure class=\"post-attachment mime-image-jpeg\"><a href=\"https:\/\/www.wenger-basel.ch\/wp-content\/uploads\/2023\/05\/Feuerwehrfahrzeug-10-800x533.jpg\" class=\"galery_link\" data-fancybox=\"group_0\" title=\"Feuerwehr-Fahrzeuge\"><img decoding=\"async\" src=\"https:\/\/www.wenger-basel.ch\/wp-content\/uploads\/2023\/05\/Feuerwehrfahrzeug-10-800x533.jpg\" alt=\"Feuerwehr-Fahrzeuge\"><\/a><\/figure><\/div><div class=\"thumbnail ausbauten\"><figure class=\"post-attachment mime-image-jpeg\"><a href=\"https:\/\/www.wenger-basel.ch\/wp-content\/uploads\/2024\/06\/ausbauten-bvb-800x600.jpg\" class=\"galery_link\" data-fancybox=\"group_0\" title=\"V\u00e9hicule entretenu par Wenger AG Basel, d\u00e9partement Rayonnage \/ syst\u00e8me d&#039;\u00e9tag\u00e8res\/Am\u00e9nagement int\u00e9rieur d&#039;utilitaires \/ fourgon\"><img decoding=\"async\" src=\"https:\/\/www.wenger-basel.ch\/wp-content\/uploads\/2024\/06\/ausbauten-bvb-800x600.jpg\" alt=\"V\u00e9hicule entretenu par Wenger AG Basel, d\u00e9partement Rayonnage \/ syst\u00e8me d&#039;\u00e9tag\u00e8res\/Am\u00e9nagement int\u00e9rieur d&#039;utilitaires \/ fourgon\"><\/a><\/figure><\/div><div class=\"thumbnail ausbauten\"><figure class=\"post-attachment mime-image-jpeg\"><a href=\"https:\/\/www.wenger-basel.ch\/wp-content\/uploads\/2025\/10\/flux-mobility-6-450x600.jpg\" class=\"galery_link\" data-fancybox=\"group_0\" title=\"V\u00e9hicule utilitaire Flux Mobility Fahrzeuge  cr\u00e9\u00e9 par Wenger AG Basel, d\u00e9partement Elektro\/\"><img decoding=\"async\" src=\"https:\/\/www.wenger-basel.ch\/wp-content\/uploads\/2025\/10\/flux-mobility-6-450x600.jpg\" alt=\"V\u00e9hicule utilitaire Flux Mobility Fahrzeuge  cr\u00e9\u00e9 par Wenger AG Basel, d\u00e9partement Elektro\/\"><\/a><\/figure><\/div><div class=\"thumbnail individueller-ausbau\"><figure class=\"post-attachment mime-image-jpeg\"><a href=\"https:\/\/www.wenger-basel.ch\/wp-content\/uploads\/2026\/04\/doblo-800x600.jpg\" class=\"galery_link\" data-fancybox=\"group_0\" title=\"V\u00e9hicule utilitaire Fiat Doblo cr\u00e9\u00e9 par Wenger AG Basel, d\u00e9partement \/\"><img decoding=\"async\" src=\"https:\/\/www.wenger-basel.ch\/wp-content\/uploads\/2026\/04\/doblo-800x600.jpg\" alt=\"V\u00e9hicule utilitaire Fiat Doblo cr\u00e9\u00e9 par Wenger AG Basel, d\u00e9partement \/\"><\/a><\/figure><\/div><div class=\"thumbnail ausbauten\"><figure class=\"post-attachment mime-image-jpeg\"><a href=\"https:\/\/www.wenger-basel.ch\/wp-content\/uploads\/2023\/05\/Polizeifahrzeug-6-800x533.jpg\" class=\"galery_link\" data-fancybox=\"group_0\" title=\"Polizei Fahrzeuge\"><img decoding=\"async\" src=\"https:\/\/www.wenger-basel.ch\/wp-content\/uploads\/2023\/05\/Polizeifahrzeug-6-800x533.jpg\" alt=\"Polizei Fahrzeuge\"><\/a><\/figure><\/div><div class=\"thumbnail elektro-ausbauten\"><figure class=\"post-attachment mime-image-jpeg\"><a href=\"https:\/\/www.wenger-basel.ch\/wp-content\/uploads\/2026\/04\/edaily-delaval-regal-450x600.jpg\" class=\"galery_link\" data-fancybox=\"group_0\" title=\"V\u00e9hicule entretenu par Wenger AG Basel, d\u00e9partement Rayonnage \/ syst\u00e8me d&#039;\u00e9tag\u00e8res\/Elektro\"><img decoding=\"async\" src=\"https:\/\/www.wenger-basel.ch\/wp-content\/uploads\/2026\/04\/edaily-delaval-regal-450x600.jpg\" alt=\"V\u00e9hicule entretenu par Wenger AG Basel, d\u00e9partement Rayonnage \/ syst\u00e8me d&#039;\u00e9tag\u00e8res\/Elektro\"><\/a><\/figure><\/div><div class=\"thumbnail ausbauten\"><figure class=\"post-attachment mime-image-jpeg\"><a href=\"https:\/\/www.wenger-basel.ch\/wp-content\/uploads\/2024\/04\/bwt-renault-master-800x600.jpg\" class=\"galery_link\" data-fancybox=\"group_0\" title=\"V\u00e9hicule utilitaire Renault Trafic cr\u00e9\u00e9 par Wenger AG Basel, d\u00e9partement Elektro\/\"><img decoding=\"async\" src=\"https:\/\/www.wenger-basel.ch\/wp-content\/uploads\/2024\/04\/bwt-renault-master-800x600.jpg\" alt=\"V\u00e9hicule utilitaire Renault Trafic cr\u00e9\u00e9 par Wenger AG Basel, d\u00e9partement Elektro\/\"><\/a><\/figure><\/div><div class=\"thumbnail ausbauten\"><figure class=\"post-attachment mime-image-jpeg\"><a href=\"https:\/\/www.wenger-basel.ch\/wp-content\/uploads\/2023\/11\/vito-aluca-3-450x600.jpg\" class=\"galery_link\" data-fancybox=\"group_0\" title=\"V\u00e9hicule utilitaire Mercedes Vito cr\u00e9\u00e9 par Wenger AG Basel, d\u00e9partement Rayonnage \/ syst\u00e8me d&#039;\u00e9tag\u00e8res\/\"><img decoding=\"async\" src=\"https:\/\/www.wenger-basel.ch\/wp-content\/uploads\/2023\/11\/vito-aluca-3-450x600.jpg\" alt=\"V\u00e9hicule utilitaire Mercedes Vito cr\u00e9\u00e9 par Wenger AG Basel, d\u00e9partement Rayonnage \/ syst\u00e8me d&#039;\u00e9tag\u00e8res\/\"><\/a><\/figure><\/div><div class=\"thumbnail ausbauten\"><figure class=\"post-attachment mime-image-jpeg\"><a href=\"https:\/\/www.wenger-basel.ch\/wp-content\/uploads\/2023\/05\/Polizeifahrzeug-21-800x600.jpg\" class=\"galery_link\" data-fancybox=\"group_0\" title=\"Polizei Fahrzeuge\"><img decoding=\"async\" src=\"https:\/\/www.wenger-basel.ch\/wp-content\/uploads\/2023\/05\/Polizeifahrzeug-21-800x600.jpg\" alt=\"Polizei Fahrzeuge\"><\/a><\/figure><\/div><div class=\"thumbnail ausbauten\"><figure class=\"post-attachment mime-image-jpeg\"><a href=\"https:\/\/www.wenger-basel.ch\/wp-content\/uploads\/2023\/11\/custom-aluca2-800x600.jpg\" class=\"galery_link\" data-fancybox=\"group_0\" title=\"V\u00e9hicule utilitaire Ford Custom cr\u00e9\u00e9 par Wenger AG Basel, d\u00e9partement Rayonnage \/ syst\u00e8me d&#039;\u00e9tag\u00e8res\/\"><img decoding=\"async\" src=\"https:\/\/www.wenger-basel.ch\/wp-content\/uploads\/2023\/11\/custom-aluca2-800x600.jpg\" alt=\"V\u00e9hicule utilitaire Ford Custom cr\u00e9\u00e9 par Wenger AG Basel, d\u00e9partement Rayonnage \/ syst\u00e8me d&#039;\u00e9tag\u00e8res\/\"><\/a><\/figure><\/div><div class=\"thumbnail ausbauten\"><figure class=\"post-attachment mime-image-jpeg\"><a href=\"https:\/\/www.wenger-basel.ch\/wp-content\/uploads\/2023\/05\/Polizeifahrzeug-24-800x600.jpg\" class=\"galery_link\" data-fancybox=\"group_0\" title=\"Polizei Fahrzeuge\"><img decoding=\"async\" src=\"https:\/\/www.wenger-basel.ch\/wp-content\/uploads\/2023\/05\/Polizeifahrzeug-24-800x600.jpg\" alt=\"Polizei Fahrzeuge\"><\/a><\/figure><\/div><div class=\"thumbnail ausbauten\"><figure class=\"post-attachment mime-image-jpeg\"><a href=\"https:\/\/www.wenger-basel.ch\/wp-content\/uploads\/2023\/08\/Kanalsanierung-2-800x600.jpg\" class=\"galery_link\" data-fancybox=\"group_0\" title=\"Kanalsanierungsfahrzeug\"><img decoding=\"async\" src=\"https:\/\/www.wenger-basel.ch\/wp-content\/uploads\/2023\/08\/Kanalsanierung-2-800x600.jpg\" alt=\"Kanalsanierungsfahrzeug\"><\/a><\/figure><\/div><div class=\"thumbnail elektro-ausbauten\"><figure class=\"post-attachment mime-image-jpeg\"><a href=\"https:\/\/www.wenger-basel.ch\/wp-content\/uploads\/2024\/08\/electric-orange-450x600.jpg\" class=\"galery_link\" data-fancybox=\"group_0\" title=\"V\u00e9hicule entretenu par Wenger AG Basel, d\u00e9partement \/Elektro\"><img decoding=\"async\" src=\"https:\/\/www.wenger-basel.ch\/wp-content\/uploads\/2024\/08\/electric-orange-450x600.jpg\" alt=\"V\u00e9hicule entretenu par Wenger AG Basel, d\u00e9partement \/Elektro\"><\/a><\/figure><\/div><div class=\"thumbnail ausbauten\"><figure class=\"post-attachment mime-image-jpeg\"><a href=\"https:\/\/www.wenger-basel.ch\/wp-content\/uploads\/2023\/11\/2021-12-21-07.14.24-800x600.jpg\" class=\"galery_link\" data-fancybox=\"group_0\" title=\"Hebeb\u00fchne \/ Catering\"><img decoding=\"async\" src=\"https:\/\/www.wenger-basel.ch\/wp-content\/uploads\/2023\/11\/2021-12-21-07.14.24-800x600.jpg\" alt=\"Hebeb\u00fchne \/ Catering\"><\/a><\/figure><\/div><div class=\"thumbnail ausbauten\"><figure class=\"post-attachment mime-image-jpeg\"><a href=\"https:\/\/www.wenger-basel.ch\/wp-content\/uploads\/2023\/11\/t6-kuhl-3-800x600.jpg\" class=\"galery_link\" data-fancybox=\"group_0\" title=\"V\u00e9hicule utilitaire VW T-Modelle cr\u00e9\u00e9 par Wenger AG Basel, d\u00e9partement Am\u00e9nagements de v\u00e9hicules-fourgons isothermes et frigorifiques\/\"><img decoding=\"async\" src=\"https:\/\/www.wenger-basel.ch\/wp-content\/uploads\/2023\/11\/t6-kuhl-3-800x600.jpg\" alt=\"V\u00e9hicule utilitaire VW T-Modelle cr\u00e9\u00e9 par Wenger AG Basel, d\u00e9partement Am\u00e9nagements de v\u00e9hicules-fourgons isothermes et frigorifiques\/\"><\/a><\/figure><\/div><div class=\"thumbnail ausbauten\"><figure class=\"post-attachment mime-image-jpeg\"><a href=\"https:\/\/www.wenger-basel.ch\/wp-content\/uploads\/2023\/11\/t6-polizei-gelb-5-800x600.jpg\" class=\"galery_link\" data-fancybox=\"group_0\" title=\"V\u00e9hicule utilitaire VW T-Modelle cr\u00e9\u00e9 par Wenger AG Basel, d\u00e9partement \/\"><img decoding=\"async\" src=\"https:\/\/www.wenger-basel.ch\/wp-content\/uploads\/2023\/11\/t6-polizei-gelb-5-800x600.jpg\" alt=\"V\u00e9hicule utilitaire VW T-Modelle cr\u00e9\u00e9 par Wenger AG Basel, d\u00e9partement \/\"><\/a><\/figure><\/div><div class=\"thumbnail ausbauten\"><figure class=\"post-attachment mime-image-jpeg\"><a href=\"https:\/\/www.wenger-basel.ch\/wp-content\/uploads\/2023\/08\/Mobile-Werkstatt-9-800x533.jpg\" class=\"galery_link\" data-fancybox=\"group_0\" title=\"Regalsysteme\"><img decoding=\"async\" src=\"https:\/\/www.wenger-basel.ch\/wp-content\/uploads\/2023\/08\/Mobile-Werkstatt-9-800x533.jpg\" alt=\"Regalsysteme\"><\/a><\/figure><\/div><div class=\"thumbnail ausbauten\"><figure class=\"post-attachment mime-image-jpeg\"><a href=\"https:\/\/www.wenger-basel.ch\/wp-content\/uploads\/2023\/12\/nef-800x600.jpg\" class=\"galery_link\" data-fancybox=\"group_0\" title=\"V\u00e9hicule entretenu par Wenger AG Basel, d\u00e9partement Arrimage \/ s\u00e9curisation du chargement\/Am\u00e9nagement int\u00e9rieur d&#039;utilitaires \/ fourgon\"><img decoding=\"async\" src=\"https:\/\/www.wenger-basel.ch\/wp-content\/uploads\/2023\/12\/nef-800x600.jpg\" alt=\"V\u00e9hicule entretenu par Wenger AG Basel, d\u00e9partement Arrimage \/ s\u00e9curisation du chargement\/Am\u00e9nagement int\u00e9rieur d&#039;utilitaires \/ fourgon\"><\/a><\/figure><\/div><div class=\"thumbnail ausbauten\"><figure class=\"post-attachment mime-image-jpeg\"><a href=\"https:\/\/www.wenger-basel.ch\/wp-content\/uploads\/2023\/11\/aluca-T6-3-800x600.jpg\" class=\"galery_link\" data-fancybox=\"group_0\" title=\"V\u00e9hicule utilitaire VW T-Modelle cr\u00e9\u00e9 par Wenger AG Basel, d\u00e9partement Rayonnage \/ syst\u00e8me d&#039;\u00e9tag\u00e8res\/\"><img decoding=\"async\" src=\"https:\/\/www.wenger-basel.ch\/wp-content\/uploads\/2023\/11\/aluca-T6-3-800x600.jpg\" alt=\"V\u00e9hicule utilitaire VW T-Modelle cr\u00e9\u00e9 par Wenger AG Basel, d\u00e9partement Rayonnage \/ syst\u00e8me d&#039;\u00e9tag\u00e8res\/\"><\/a><\/figure><\/div><div class=\"thumbnail ladungssicherung-ausbauten\"><figure class=\"post-attachment mime-image-jpeg\"><a href=\"https:\/\/www.wenger-basel.ch\/wp-content\/uploads\/2024\/12\/03515227-08bc-4eb5-af99-4dd6ece7d53c-800x600.jpg\" class=\"galery_link\" data-fancybox=\"group_0\" title=\"V\u00e9hicule entretenu par Wenger AG Basel, d\u00e9partement \/Arrimage \/ s\u00e9curisation du chargement\"><img decoding=\"async\" src=\"https:\/\/www.wenger-basel.ch\/wp-content\/uploads\/2024\/12\/03515227-08bc-4eb5-af99-4dd6ece7d53c-800x600.jpg\" alt=\"V\u00e9hicule entretenu par Wenger AG Basel, d\u00e9partement \/Arrimage \/ s\u00e9curisation du chargement\"><\/a><\/figure><\/div><div class=\"thumbnail ausbauten\"><figure class=\"post-attachment mime-image-jpeg\"><a href=\"https:\/\/www.wenger-basel.ch\/wp-content\/uploads\/2023\/11\/t6-polizei-4-450x600.jpg\" class=\"galery_link\" data-fancybox=\"group_0\" title=\"V\u00e9hicule utilitaire VW T-Modelle cr\u00e9\u00e9 par Wenger AG Basel, d\u00e9partement \/\"><img decoding=\"async\" src=\"https:\/\/www.wenger-basel.ch\/wp-content\/uploads\/2023\/11\/t6-polizei-4-450x600.jpg\" alt=\"V\u00e9hicule utilitaire VW T-Modelle cr\u00e9\u00e9 par Wenger AG Basel, d\u00e9partement \/\"><\/a><\/figure><\/div><div class=\"thumbnail ausbauten\"><figure class=\"post-attachment mime-image-jpeg\"><a href=\"https:\/\/www.wenger-basel.ch\/wp-content\/uploads\/2023\/04\/individueller-ausbau-171249-800x600.jpg\" class=\"galery_link\" data-fancybox=\"group_0\" title=\"Individueller Ausbau\"><img decoding=\"async\" src=\"https:\/\/www.wenger-basel.ch\/wp-content\/uploads\/2023\/04\/individueller-ausbau-171249-800x600.jpg\" alt=\"Individueller Ausbau\"><\/a><\/figure><\/div><div class=\"thumbnail ausbauten\"><figure class=\"post-attachment mime-image-jpeg\"><a href=\"https:\/\/www.wenger-basel.ch\/wp-content\/uploads\/2023\/05\/Feuerwehrfahrzeug-P1010169-800x600.jpg\" class=\"galery_link\" data-fancybox=\"group_0\" title=\"Feuerwehr-Fahrzeuge\"><img decoding=\"async\" src=\"https:\/\/www.wenger-basel.ch\/wp-content\/uploads\/2023\/05\/Feuerwehrfahrzeug-P1010169-800x600.jpg\" alt=\"Feuerwehr-Fahrzeuge\"><\/a><\/figure><\/div><div class=\"thumbnail ausbauten\"><figure class=\"post-attachment mime-image-jpeg\"><a href=\"https:\/\/www.wenger-basel.ch\/wp-content\/uploads\/2023\/11\/t6-polizei-weiss-3-800x600.jpg\" class=\"galery_link\" data-fancybox=\"group_0\" title=\"V\u00e9hicule utilitaire VW T-Modelle cr\u00e9\u00e9 par Wenger AG Basel, d\u00e9partement Am\u00e9nagement int\u00e9rieur d&#039;utilitaires\/\"><img decoding=\"async\" src=\"https:\/\/www.wenger-basel.ch\/wp-content\/uploads\/2023\/11\/t6-polizei-weiss-3-800x600.jpg\" alt=\"V\u00e9hicule utilitaire VW T-Modelle cr\u00e9\u00e9 par Wenger AG Basel, d\u00e9partement Am\u00e9nagement int\u00e9rieur d&#039;utilitaires\/\"><\/a><\/figure><\/div><div class=\"thumbnail ausbauten\"><figure class=\"post-attachment mime-image-jpeg\"><a href=\"https:\/\/www.wenger-basel.ch\/wp-content\/uploads\/2024\/06\/renault-kangoo-elektro-iwb-800x600.jpg\" class=\"galery_link\" data-fancybox=\"group_0\" title=\"V\u00e9hicule utilitaire Renault Kangoo cr\u00e9\u00e9 par Wenger AG Basel, d\u00e9partement Elektro\/\"><img decoding=\"async\" src=\"https:\/\/www.wenger-basel.ch\/wp-content\/uploads\/2024\/06\/renault-kangoo-elektro-iwb-800x600.jpg\" alt=\"V\u00e9hicule utilitaire Renault Kangoo cr\u00e9\u00e9 par Wenger AG Basel, d\u00e9partement Elektro\/\"><\/a><\/figure><\/div><div class=\"thumbnail individueller-ausbau\"><figure class=\"post-attachment mime-image-jpeg\"><a href=\"https:\/\/www.wenger-basel.ch\/wp-content\/uploads\/2026\/04\/connect-450x600.jpg\" class=\"galery_link\" data-fancybox=\"group_0\" title=\"V\u00e9hicule utilitaire Ford Connect cr\u00e9\u00e9 par Wenger AG Basel, d\u00e9partement \/\"><img decoding=\"async\" src=\"https:\/\/www.wenger-basel.ch\/wp-content\/uploads\/2026\/04\/connect-450x600.jpg\" alt=\"V\u00e9hicule utilitaire Ford Connect cr\u00e9\u00e9 par Wenger AG Basel, d\u00e9partement \/\"><\/a><\/figure><\/div><div class=\"thumbnail ladungssicherung-aufbauten-produkte\"><figure class=\"post-attachment mime-image-jpeg\"><a href=\"https:\/\/www.wenger-basel.ch\/wp-content\/uploads\/2025\/10\/Klemm-Gurt-50mm-Kombi.jpg\" class=\"galery_link\" data-fancybox=\"group_0\" title=\"V\u00e9hicule entretenu par Wenger AG Basel, d\u00e9partement Ladungssicherung Ausbauten Produkte\/Ladungssicherung Aufbauten Produkte\"><img decoding=\"async\" src=\"https:\/\/www.wenger-basel.ch\/wp-content\/uploads\/2025\/10\/Klemm-Gurt-50mm-Kombi.jpg\" alt=\"V\u00e9hicule entretenu par Wenger AG Basel, d\u00e9partement Ladungssicherung Ausbauten Produkte\/Ladungssicherung Aufbauten Produkte\"><\/a><\/figure><\/div><div class=\"thumbnail ausbauten\"><figure class=\"post-attachment mime-image-jpeg\"><a href=\"https:\/\/www.wenger-basel.ch\/wp-content\/uploads\/2023\/04\/individueller-ausbau-P1050269-800x600.jpg\" class=\"galery_link\" data-fancybox=\"group_0\" title=\"Individueller Ausbau\"><img decoding=\"async\" src=\"https:\/\/www.wenger-basel.ch\/wp-content\/uploads\/2023\/04\/individueller-ausbau-P1050269-800x600.jpg\" alt=\"Individueller Ausbau\"><\/a><\/figure><\/div><div class=\"thumbnail ausbauten\"><figure class=\"post-attachment mime-image-jpeg\"><a href=\"https:\/\/www.wenger-basel.ch\/wp-content\/uploads\/2023\/11\/master-aluca2-450x600.jpg\" class=\"galery_link\" data-fancybox=\"group_0\" title=\"V\u00e9hicule utilitaire Renault Master cr\u00e9\u00e9 par Wenger AG Basel, d\u00e9partement Rayonnage \/ syst\u00e8me d&#039;\u00e9tag\u00e8res\/\"><img decoding=\"async\" src=\"https:\/\/www.wenger-basel.ch\/wp-content\/uploads\/2023\/11\/master-aluca2-450x600.jpg\" alt=\"V\u00e9hicule utilitaire Renault Master cr\u00e9\u00e9 par Wenger AG Basel, d\u00e9partement Rayonnage \/ syst\u00e8me d&#039;\u00e9tag\u00e8res\/\"><\/a><\/figure><\/div><div class=\"thumbnail ausbauten\"><figure class=\"post-attachment mime-image-jpeg\"><a href=\"https:\/\/www.wenger-basel.ch\/wp-content\/uploads\/2024\/05\/e-citan-800x600.jpg\" class=\"galery_link\" data-fancybox=\"group_0\" title=\"V\u00e9hicule utilitaire Mercedes Citan cr\u00e9\u00e9 par Wenger AG Basel, d\u00e9partement Elektro\/\"><img decoding=\"async\" src=\"https:\/\/www.wenger-basel.ch\/wp-content\/uploads\/2024\/05\/e-citan-800x600.jpg\" alt=\"V\u00e9hicule utilitaire Mercedes Citan cr\u00e9\u00e9 par Wenger AG Basel, d\u00e9partement Elektro\/\"><\/a><\/figure><\/div><div class=\"thumbnail ausbauten\"><figure class=\"post-attachment mime-image-jpeg\"><a href=\"https:\/\/www.wenger-basel.ch\/wp-content\/uploads\/2023\/11\/t6-polizei-weiss-4-800x600.jpg\" class=\"galery_link\" data-fancybox=\"group_0\" title=\"V\u00e9hicule utilitaire VW T-Modelle cr\u00e9\u00e9 par Wenger AG Basel, d\u00e9partement Am\u00e9nagement int\u00e9rieur d&#039;utilitaires\/\"><img decoding=\"async\" src=\"https:\/\/www.wenger-basel.ch\/wp-content\/uploads\/2023\/11\/t6-polizei-weiss-4-800x600.jpg\" alt=\"V\u00e9hicule utilitaire VW T-Modelle cr\u00e9\u00e9 par Wenger AG Basel, d\u00e9partement Am\u00e9nagement int\u00e9rieur d&#039;utilitaires\/\"><\/a><\/figure><\/div><div class=\"thumbnail ausbauten\"><figure class=\"post-attachment mime-image-jpeg\"><a href=\"https:\/\/www.wenger-basel.ch\/wp-content\/uploads\/2023\/11\/t6-polizei-grau-3-800x600.jpg\" class=\"galery_link\" data-fancybox=\"group_0\" title=\"V\u00e9hicule utilitaire VW T-Modelle cr\u00e9\u00e9 par Wenger AG Basel, d\u00e9partement \/\"><img decoding=\"async\" src=\"https:\/\/www.wenger-basel.ch\/wp-content\/uploads\/2023\/11\/t6-polizei-grau-3-800x600.jpg\" alt=\"V\u00e9hicule utilitaire VW T-Modelle cr\u00e9\u00e9 par Wenger AG Basel, d\u00e9partement \/\"><\/a><\/figure><\/div><div class=\"thumbnail ausbauten\"><figure class=\"post-attachment mime-image-jpeg\"><a href=\"https:\/\/www.wenger-basel.ch\/wp-content\/uploads\/2023\/12\/vito-mercedes-orange-800x600.jpg\" class=\"galery_link\" data-fancybox=\"group_0\" title=\"V\u00e9hicule utilitaire Mercedes Vito cr\u00e9\u00e9 par Wenger AG Basel, d\u00e9partement \/\"><img decoding=\"async\" src=\"https:\/\/www.wenger-basel.ch\/wp-content\/uploads\/2023\/12\/vito-mercedes-orange-800x600.jpg\" alt=\"V\u00e9hicule utilitaire Mercedes Vito cr\u00e9\u00e9 par Wenger AG Basel, d\u00e9partement \/\"><\/a><\/figure><\/div><div class=\"thumbnail ladungssicherung-aufbauten-produkte\"><figure class=\"post-attachment mime-image-jpeg\"><a href=\"https:\/\/www.wenger-basel.ch\/wp-content\/uploads\/2025\/10\/Einfachfitting.jpg\" class=\"galery_link\" data-fancybox=\"group_0\" title=\"V\u00e9hicule entretenu par Wenger AG Basel, d\u00e9partement Ladungssicherung Ausbauten Produkte\/Ladungssicherung Aufbauten Produkte\"><img decoding=\"async\" src=\"https:\/\/www.wenger-basel.ch\/wp-content\/uploads\/2025\/10\/Einfachfitting.jpg\" alt=\"V\u00e9hicule entretenu par Wenger AG Basel, d\u00e9partement Ladungssicherung Ausbauten Produkte\/Ladungssicherung Aufbauten Produkte\"><\/a><\/figure><\/div><div class=\"thumbnail ausbauten\"><figure class=\"post-attachment mime-image-jpeg\"><a href=\"https:\/\/www.wenger-basel.ch\/wp-content\/uploads\/2023\/11\/crafter-ladung1-450x600.jpg\" class=\"galery_link\" data-fancybox=\"group_0\" title=\"V\u00e9hicule utilitaire VW Crafter cr\u00e9\u00e9 par Wenger AG Basel, d\u00e9partement \/\"><img decoding=\"async\" src=\"https:\/\/www.wenger-basel.ch\/wp-content\/uploads\/2023\/11\/crafter-ladung1-450x600.jpg\" alt=\"V\u00e9hicule utilitaire VW Crafter cr\u00e9\u00e9 par Wenger AG Basel, d\u00e9partement \/\"><\/a><\/figure><\/div><div class=\"thumbnail ausbauten\"><figure class=\"post-attachment mime-image-jpeg\"><a href=\"https:\/\/www.wenger-basel.ch\/wp-content\/uploads\/2023\/05\/Polizeifahrzeug-23-800x600.jpg\" class=\"galery_link\" data-fancybox=\"group_0\" title=\"Polizei Fahrzeuge\"><img decoding=\"async\" src=\"https:\/\/www.wenger-basel.ch\/wp-content\/uploads\/2023\/05\/Polizeifahrzeug-23-800x600.jpg\" alt=\"Polizei Fahrzeuge\"><\/a><\/figure><\/div><div class=\"thumbnail ausbauten\"><figure class=\"post-attachment mime-image-jpeg\"><a href=\"https:\/\/www.wenger-basel.ch\/wp-content\/uploads\/2023\/05\/Feuerwehrfahrzeug-P1130130-800x600.jpg\" class=\"galery_link\" data-fancybox=\"group_0\" title=\"Feuerwehr-Fahrzeuge\"><img decoding=\"async\" src=\"https:\/\/www.wenger-basel.ch\/wp-content\/uploads\/2023\/05\/Feuerwehrfahrzeug-P1130130-800x600.jpg\" alt=\"Feuerwehr-Fahrzeuge\"><\/a><\/figure><\/div><div class=\"thumbnail ausbauten\"><figure class=\"post-attachment mime-image-jpeg\"><a href=\"https:\/\/www.wenger-basel.ch\/wp-content\/uploads\/2023\/12\/daily-800x600.jpg\" class=\"galery_link\" data-fancybox=\"group_0\" title=\"V\u00e9hicule utilitaire Iveco Daily cr\u00e9\u00e9 par Wenger AG Basel, d\u00e9partement Arrimage \/ s\u00e9curisation du chargement\/\"><img decoding=\"async\" src=\"https:\/\/www.wenger-basel.ch\/wp-content\/uploads\/2023\/12\/daily-800x600.jpg\" alt=\"V\u00e9hicule utilitaire Iveco Daily cr\u00e9\u00e9 par Wenger AG Basel, d\u00e9partement Arrimage \/ s\u00e9curisation du chargement\/\"><\/a><\/figure><\/div><div class=\"thumbnail ausbauten\"><figure class=\"post-attachment mime-image-jpeg\"><a href=\"https:\/\/www.wenger-basel.ch\/wp-content\/uploads\/2023\/12\/boxer-800x600.jpg\" class=\"galery_link\" data-fancybox=\"group_0\" title=\"V\u00e9hicule utilitaire Peugeot Boxer cr\u00e9\u00e9 par Wenger AG Basel, d\u00e9partement Arrimage \/ s\u00e9curisation du chargement\/\"><img decoding=\"async\" src=\"https:\/\/www.wenger-basel.ch\/wp-content\/uploads\/2023\/12\/boxer-800x600.jpg\" alt=\"V\u00e9hicule utilitaire Peugeot Boxer cr\u00e9\u00e9 par Wenger AG Basel, d\u00e9partement Arrimage \/ s\u00e9curisation du chargement\/\"><\/a><\/figure><\/div><div class=\"thumbnail ausbauten\"><figure class=\"post-attachment mime-image-jpeg\"><a href=\"https:\/\/www.wenger-basel.ch\/wp-content\/uploads\/2024\/09\/2024-09-04-16.14.19-800x600.jpg\" class=\"galery_link\" data-fancybox=\"group_0\" title=\"V\u00e9hicule utilitaire Toyota  cr\u00e9\u00e9 par Wenger AG Basel, d\u00e9partement Rayonnage \/ syst\u00e8me d&#039;\u00e9tag\u00e8res\/\"><img decoding=\"async\" src=\"https:\/\/www.wenger-basel.ch\/wp-content\/uploads\/2024\/09\/2024-09-04-16.14.19-800x600.jpg\" alt=\"V\u00e9hicule utilitaire Toyota  cr\u00e9\u00e9 par Wenger AG Basel, d\u00e9partement Rayonnage \/ syst\u00e8me d&#039;\u00e9tag\u00e8res\/\"><\/a><\/figure><\/div><div class=\"thumbnail ausbauten\"><figure class=\"post-attachment mime-image-jpeg\"><a href=\"https:\/\/www.wenger-basel.ch\/wp-content\/uploads\/2023\/12\/combo-800x600.jpg\" class=\"galery_link\" data-fancybox=\"group_0\" title=\"V\u00e9hicule utilitaire Opel Combo cr\u00e9\u00e9 par Wenger AG Basel, d\u00e9partement Arrimage \/ s\u00e9curisation du chargement\/\"><img decoding=\"async\" src=\"https:\/\/www.wenger-basel.ch\/wp-content\/uploads\/2023\/12\/combo-800x600.jpg\" alt=\"V\u00e9hicule utilitaire Opel Combo cr\u00e9\u00e9 par Wenger AG Basel, d\u00e9partement Arrimage \/ s\u00e9curisation du chargement\/\"><\/a><\/figure><\/div><div class=\"thumbnail kuehlausbau\"><figure class=\"post-attachment mime-image-jpeg\"><a href=\"https:\/\/www.wenger-basel.ch\/wp-content\/uploads\/2023\/04\/kuehlausbauten-IMG_5595-800x600.jpg\" class=\"galery_link\" data-fancybox=\"group_0\" title=\"K\u00fchlausbau\"><img decoding=\"async\" src=\"https:\/\/www.wenger-basel.ch\/wp-content\/uploads\/2023\/04\/kuehlausbauten-IMG_5595-800x600.jpg\" alt=\"K\u00fchlausbau\"><\/a><\/figure><\/div><div class=\"thumbnail ladungssicherung-ausbauten\"><figure class=\"post-attachment mime-image-jpeg\"><a href=\"https:\/\/www.wenger-basel.ch\/wp-content\/uploads\/2023\/04\/individueller-ausbau-8-800x533.jpg\" class=\"galery_link\" data-fancybox=\"group_0\" title=\"Individueller Ausbau\"><img decoding=\"async\" src=\"https:\/\/www.wenger-basel.ch\/wp-content\/uploads\/2023\/04\/individueller-ausbau-8-800x533.jpg\" alt=\"Individueller Ausbau\"><\/a><\/figure><\/div><div class=\"thumbnail ausbauten\"><figure class=\"post-attachment mime-image-jpeg\"><a href=\"https:\/\/www.wenger-basel.ch\/wp-content\/uploads\/2023\/12\/td5-stamm-800x600.jpg\" class=\"galery_link\" data-fancybox=\"group_0\" title=\"V\u00e9hicule utilitaire VW T-Modelle cr\u00e9\u00e9 par Wenger AG Basel, d\u00e9partement Arrimage \/ s\u00e9curisation du chargement\/\"><img decoding=\"async\" src=\"https:\/\/www.wenger-basel.ch\/wp-content\/uploads\/2023\/12\/td5-stamm-800x600.jpg\" alt=\"V\u00e9hicule utilitaire VW T-Modelle cr\u00e9\u00e9 par Wenger AG Basel, d\u00e9partement Arrimage \/ s\u00e9curisation du chargement\/\"><\/a><\/figure><\/div><div class=\"thumbnail ausbauten\"><figure class=\"post-attachment mime-image-jpeg\"><a href=\"https:\/\/www.wenger-basel.ch\/wp-content\/uploads\/2023\/11\/T6-aluca-2-800x600.jpg\" class=\"galery_link\" data-fancybox=\"group_0\" title=\"V\u00e9hicule utilitaire VW T-Modelle cr\u00e9\u00e9 par Wenger AG Basel, d\u00e9partement Rayonnage \/ syst\u00e8me d&#039;\u00e9tag\u00e8res\/\"><img decoding=\"async\" src=\"https:\/\/www.wenger-basel.ch\/wp-content\/uploads\/2023\/11\/T6-aluca-2-800x600.jpg\" alt=\"V\u00e9hicule utilitaire VW T-Modelle cr\u00e9\u00e9 par Wenger AG Basel, d\u00e9partement Rayonnage \/ syst\u00e8me d&#039;\u00e9tag\u00e8res\/\"><\/a><\/figure><\/div><div class=\"thumbnail ausbauten\"><figure class=\"post-attachment mime-image-jpeg\"><a href=\"https:\/\/www.wenger-basel.ch\/wp-content\/uploads\/2023\/11\/t6-kuhl-2-800x600.jpg\" class=\"galery_link\" data-fancybox=\"group_0\" title=\"V\u00e9hicule utilitaire VW T-Modelle cr\u00e9\u00e9 par Wenger AG Basel, d\u00e9partement Am\u00e9nagements de v\u00e9hicules-fourgons isothermes et frigorifiques\/\"><img decoding=\"async\" src=\"https:\/\/www.wenger-basel.ch\/wp-content\/uploads\/2023\/11\/t6-kuhl-2-800x600.jpg\" alt=\"V\u00e9hicule utilitaire VW T-Modelle cr\u00e9\u00e9 par Wenger AG Basel, d\u00e9partement Am\u00e9nagements de v\u00e9hicules-fourgons isothermes et frigorifiques\/\"><\/a><\/figure><\/div><div class=\"thumbnail ausbauten\"><figure class=\"post-attachment mime-image-jpeg\"><a href=\"https:\/\/www.wenger-basel.ch\/wp-content\/uploads\/2023\/08\/Kanalsanierung-15-800x600.jpg\" class=\"galery_link\" data-fancybox=\"group_0\" title=\"Kanalsanierungsfahrzeug\"><img decoding=\"async\" src=\"https:\/\/www.wenger-basel.ch\/wp-content\/uploads\/2023\/08\/Kanalsanierung-15-800x600.jpg\" alt=\"Kanalsanierungsfahrzeug\"><\/a><\/figure><\/div><div class=\"thumbnail anhaenger\"><figure class=\"post-attachment mime-image-jpeg\"><a href=\"https:\/\/www.wenger-basel.ch\/wp-content\/uploads\/2023\/11\/kanalsanierung-13-450x600.jpg\" class=\"galery_link\" data-fancybox=\"group_0\" title=\"V\u00e9hicule entretenu par Wenger AG Basel, d\u00e9partement Kanalsanierung\/Remorques\"><img decoding=\"async\" src=\"https:\/\/www.wenger-basel.ch\/wp-content\/uploads\/2023\/11\/kanalsanierung-13-450x600.jpg\" alt=\"V\u00e9hicule entretenu par Wenger AG Basel, d\u00e9partement Kanalsanierung\/Remorques\"><\/a><\/figure><\/div><div class=\"thumbnail kuehlausbau\"><figure class=\"post-attachment mime-image-jpeg\"><a href=\"https:\/\/www.wenger-basel.ch\/wp-content\/uploads\/2023\/04\/kuehlausbauten-16-800x533.jpg\" class=\"galery_link\" data-fancybox=\"group_0\" title=\"K\u00fchlausbau\"><img decoding=\"async\" src=\"https:\/\/www.wenger-basel.ch\/wp-content\/uploads\/2023\/04\/kuehlausbauten-16-800x533.jpg\" alt=\"K\u00fchlausbau\"><\/a><\/figure><\/div><div class=\"thumbnail ausbauten\"><figure class=\"post-attachment mime-image-jpeg\"><a href=\"https:\/\/www.wenger-basel.ch\/wp-content\/uploads\/2023\/08\/Kanalsanierung-9-800x600.jpg\" class=\"galery_link\" data-fancybox=\"group_0\" title=\"Kanalsanierungsfahrzeug\"><img decoding=\"async\" src=\"https:\/\/www.wenger-basel.ch\/wp-content\/uploads\/2023\/08\/Kanalsanierung-9-800x600.jpg\" alt=\"Kanalsanierungsfahrzeug\"><\/a><\/figure><\/div><div class=\"thumbnail kuehlausbau\"><figure class=\"post-attachment mime-image-jpeg\"><a href=\"https:\/\/www.wenger-basel.ch\/wp-content\/uploads\/2023\/04\/kuehlausbauten-8-800x533.jpg\" class=\"galery_link\" data-fancybox=\"group_0\" title=\"K\u00fchlausbau\"><img decoding=\"async\" src=\"https:\/\/www.wenger-basel.ch\/wp-content\/uploads\/2023\/04\/kuehlausbauten-8-800x533.jpg\" alt=\"K\u00fchlausbau\"><\/a><\/figure><\/div><div class=\"thumbnail ausbauten\"><figure class=\"post-attachment mime-image-jpeg\"><a href=\"https:\/\/www.wenger-basel.ch\/wp-content\/uploads\/2023\/04\/regal-systeme-P1020129-800x600.jpg\" class=\"galery_link\" data-fancybox=\"group_0\" title=\"Regal-Systeme\"><img decoding=\"async\" src=\"https:\/\/www.wenger-basel.ch\/wp-content\/uploads\/2023\/04\/regal-systeme-P1020129-800x600.jpg\" alt=\"Regal-Systeme\"><\/a><\/figure><\/div><div class=\"thumbnail ausbauten\"><figure class=\"post-attachment mime-image-jpeg\"><a href=\"https:\/\/www.wenger-basel.ch\/wp-content\/uploads\/2023\/11\/kangoo-kuhl-2-800x600.jpg\" class=\"galery_link\" data-fancybox=\"group_0\" title=\"V\u00e9hicule utilitaire Renault Kangoo cr\u00e9\u00e9 par Wenger AG Basel, d\u00e9partement Am\u00e9nagements de v\u00e9hicules-fourgons isothermes et frigorifiques\/\"><img decoding=\"async\" src=\"https:\/\/www.wenger-basel.ch\/wp-content\/uploads\/2023\/11\/kangoo-kuhl-2-800x600.jpg\" alt=\"V\u00e9hicule utilitaire Renault Kangoo cr\u00e9\u00e9 par Wenger AG Basel, d\u00e9partement Am\u00e9nagements de v\u00e9hicules-fourgons isothermes et frigorifiques\/\"><\/a><\/figure><\/div><div class=\"thumbnail elektro-ausbauten\"><figure class=\"post-attachment mime-image-jpeg\"><a href=\"https:\/\/www.wenger-basel.ch\/wp-content\/uploads\/2024\/08\/banniere-nutzfahrzeug-hybrid-02-800x240.jpg\" class=\"galery_link\" data-fancybox=\"group_0\" title=\"Eletro-Hybrid Nutzfahrzeuge ausbau mit Wenger Carrosserie Fahrzeugbau\"><img decoding=\"async\" src=\"https:\/\/www.wenger-basel.ch\/wp-content\/uploads\/2024\/08\/banniere-nutzfahrzeug-hybrid-02-800x240.jpg\" alt=\"Eletro-Hybrid Nutzfahrzeuge ausbau mit Wenger Carrosserie Fahrzeugbau\"><\/a><\/figure><\/div><div class=\"thumbnail ausbauten\"><figure class=\"post-attachment mime-image-jpeg\"><a href=\"https:\/\/www.wenger-basel.ch\/wp-content\/uploads\/2023\/11\/T6-aluca-800x600.jpg\" class=\"galery_link\" data-fancybox=\"group_0\" title=\"V\u00e9hicule utilitaire VW T-Modelle cr\u00e9\u00e9 par Wenger AG Basel, d\u00e9partement Rayonnage \/ syst\u00e8me d&#039;\u00e9tag\u00e8res\/\"><img decoding=\"async\" src=\"https:\/\/www.wenger-basel.ch\/wp-content\/uploads\/2023\/11\/T6-aluca-800x600.jpg\" alt=\"V\u00e9hicule utilitaire VW T-Modelle cr\u00e9\u00e9 par Wenger AG Basel, d\u00e9partement Rayonnage \/ syst\u00e8me d&#039;\u00e9tag\u00e8res\/\"><\/a><\/figure><\/div><div class=\"thumbnail ausbauten\"><figure class=\"post-attachment mime-image-jpeg\"><a href=\"https:\/\/www.wenger-basel.ch\/wp-content\/uploads\/2023\/11\/hilux2-800x600.jpg\" class=\"galery_link\" data-fancybox=\"group_0\" title=\"V\u00e9hicule utilitaire Toyota Hilux cr\u00e9\u00e9 par Wenger AG Basel, d\u00e9partement Am\u00e9nagement int\u00e9rieur d&#039;utilitaires\/\"><img decoding=\"async\" src=\"https:\/\/www.wenger-basel.ch\/wp-content\/uploads\/2023\/11\/hilux2-800x600.jpg\" alt=\"V\u00e9hicule utilitaire Toyota Hilux cr\u00e9\u00e9 par Wenger AG Basel, d\u00e9partement Am\u00e9nagement int\u00e9rieur d&#039;utilitaires\/\"><\/a><\/figure><\/div><div class=\"thumbnail ausbauten\"><figure class=\"post-attachment mime-image-jpeg\"><a href=\"https:\/\/www.wenger-basel.ch\/wp-content\/uploads\/2023\/05\/Polizeifahrzeug-4-800x533.jpg\" class=\"galery_link\" data-fancybox=\"group_0\" title=\"Polizei Fahrzeuge\"><img decoding=\"async\" src=\"https:\/\/www.wenger-basel.ch\/wp-content\/uploads\/2023\/05\/Polizeifahrzeug-4-800x533.jpg\" alt=\"Polizei Fahrzeuge\"><\/a><\/figure><\/div><div class=\"thumbnail ausbauten\"><figure class=\"post-attachment mime-image-jpeg\"><a href=\"https:\/\/www.wenger-basel.ch\/wp-content\/uploads\/2023\/11\/t6-polizei-2-450x600.jpg\" class=\"galery_link\" data-fancybox=\"group_0\" title=\"V\u00e9hicule utilitaire VW T-Modelle cr\u00e9\u00e9 par Wenger AG Basel, d\u00e9partement \/\"><img decoding=\"async\" src=\"https:\/\/www.wenger-basel.ch\/wp-content\/uploads\/2023\/11\/t6-polizei-2-450x600.jpg\" alt=\"V\u00e9hicule utilitaire VW T-Modelle cr\u00e9\u00e9 par Wenger AG Basel, d\u00e9partement \/\"><\/a><\/figure><\/div><div class=\"thumbnail ausbauten\"><figure class=\"post-attachment mime-image-jpeg\"><a href=\"https:\/\/www.wenger-basel.ch\/wp-content\/uploads\/2023\/11\/dachtrager-crafter-800x600.jpg\" class=\"galery_link\" data-fancybox=\"group_0\" title=\"V\u00e9hicule utilitaire VW Crafter cr\u00e9\u00e9 par Wenger AG Basel, d\u00e9partement Arrimage \/ s\u00e9curisation du chargement\/\"><img decoding=\"async\" src=\"https:\/\/www.wenger-basel.ch\/wp-content\/uploads\/2023\/11\/dachtrager-crafter-800x600.jpg\" alt=\"V\u00e9hicule utilitaire VW Crafter cr\u00e9\u00e9 par Wenger AG Basel, d\u00e9partement Arrimage \/ s\u00e9curisation du chargement\/\"><\/a><\/figure><\/div><div class=\"thumbnail ausbauten\"><figure class=\"post-attachment mime-image-jpeg\"><a href=\"https:\/\/www.wenger-basel.ch\/wp-content\/uploads\/2023\/08\/Kanalsanierung-10-800x533.jpg\" class=\"galery_link\" data-fancybox=\"group_0\" title=\"Kanalsanierungsfahrzeug\"><img decoding=\"async\" src=\"https:\/\/www.wenger-basel.ch\/wp-content\/uploads\/2023\/08\/Kanalsanierung-10-800x533.jpg\" alt=\"Kanalsanierungsfahrzeug\"><\/a><\/figure><\/div><div class=\"thumbnail ausbauten\"><figure class=\"post-attachment mime-image-jpeg\"><a href=\"https:\/\/www.wenger-basel.ch\/wp-content\/uploads\/2023\/12\/peugeot-marti-800x600.jpg\" class=\"galery_link\" data-fancybox=\"group_0\" title=\"V\u00e9hicule utilitaire Peugeot  cr\u00e9\u00e9 par Wenger AG Basel, d\u00e9partement Rayonnage \/ syst\u00e8me d&#039;\u00e9tag\u00e8res\/\"><img decoding=\"async\" src=\"https:\/\/www.wenger-basel.ch\/wp-content\/uploads\/2023\/12\/peugeot-marti-800x600.jpg\" alt=\"V\u00e9hicule utilitaire Peugeot  cr\u00e9\u00e9 par Wenger AG Basel, d\u00e9partement Rayonnage \/ syst\u00e8me d&#039;\u00e9tag\u00e8res\/\"><\/a><\/figure><\/div><div class=\"thumbnail ausbauten\"><figure class=\"post-attachment mime-image-jpeg\"><a href=\"https:\/\/www.wenger-basel.ch\/wp-content\/uploads\/2023\/11\/t6-kuhl-4-800x600.jpg\" class=\"galery_link\" data-fancybox=\"group_0\" title=\"V\u00e9hicule utilitaire VW T-Modelle cr\u00e9\u00e9 par Wenger AG Basel, d\u00e9partement Am\u00e9nagements de v\u00e9hicules-fourgons isothermes et frigorifiques\/\"><img decoding=\"async\" src=\"https:\/\/www.wenger-basel.ch\/wp-content\/uploads\/2023\/11\/t6-kuhl-4-800x600.jpg\" alt=\"V\u00e9hicule utilitaire VW T-Modelle cr\u00e9\u00e9 par Wenger AG Basel, d\u00e9partement Am\u00e9nagements de v\u00e9hicules-fourgons isothermes et frigorifiques\/\"><\/a><\/figure><\/div><div class=\"thumbnail kanalsanierung\"><figure class=\"post-attachment mime-image-jpeg\"><a href=\"https:\/\/www.wenger-basel.ch\/wp-content\/uploads\/2025\/09\/2019-12-16-15.07.37-800x600.jpg\" class=\"galery_link\" data-fancybox=\"group_0\" title=\"V\u00e9hicule utilitaire MAN TGE cr\u00e9\u00e9 par Wenger AG Basel, d\u00e9partement \/\"><img decoding=\"async\" src=\"https:\/\/www.wenger-basel.ch\/wp-content\/uploads\/2025\/09\/2019-12-16-15.07.37-800x600.jpg\" alt=\"V\u00e9hicule utilitaire MAN TGE cr\u00e9\u00e9 par Wenger AG Basel, d\u00e9partement \/\"><\/a><\/figure><\/div><div class=\"thumbnail kanalsanierung\"><figure class=\"post-attachment mime-image-jpeg\"><a href=\"https:\/\/www.wenger-basel.ch\/wp-content\/uploads\/2025\/09\/2019-12-16-14.49.25-800x600.jpg\" class=\"galery_link\" data-fancybox=\"group_0\" title=\"V\u00e9hicule utilitaire MAN TGE cr\u00e9\u00e9 par Wenger AG Basel, d\u00e9partement \/\"><img decoding=\"async\" src=\"https:\/\/www.wenger-basel.ch\/wp-content\/uploads\/2025\/09\/2019-12-16-14.49.25-800x600.jpg\" alt=\"V\u00e9hicule utilitaire MAN TGE cr\u00e9\u00e9 par Wenger AG Basel, d\u00e9partement \/\"><\/a><\/figure><\/div><div class=\"thumbnail ausbauten\"><figure class=\"post-attachment mime-image-jpeg\"><a href=\"https:\/\/www.wenger-basel.ch\/wp-content\/uploads\/2023\/11\/kangoo-aluca-800x600.jpg\" class=\"galery_link\" data-fancybox=\"group_0\" title=\"V\u00e9hicule utilitaire Renault Kangoo cr\u00e9\u00e9 par Wenger AG Basel, d\u00e9partement Rayonnage \/ syst\u00e8me d&#039;\u00e9tag\u00e8res\/\"><img decoding=\"async\" src=\"https:\/\/www.wenger-basel.ch\/wp-content\/uploads\/2023\/11\/kangoo-aluca-800x600.jpg\" alt=\"V\u00e9hicule utilitaire Renault Kangoo cr\u00e9\u00e9 par Wenger AG Basel, d\u00e9partement Rayonnage \/ syst\u00e8me d&#039;\u00e9tag\u00e8res\/\"><\/a><\/figure><\/div><div class=\"thumbnail ausbauten\"><figure class=\"post-attachment mime-image-jpeg\"><a href=\"https:\/\/www.wenger-basel.ch\/wp-content\/uploads\/2023\/04\/regal-systeme-6-800x533.jpg\" class=\"galery_link\" data-fancybox=\"group_0\" title=\"Regal-Systeme\"><img decoding=\"async\" src=\"https:\/\/www.wenger-basel.ch\/wp-content\/uploads\/2023\/04\/regal-systeme-6-800x533.jpg\" alt=\"Regal-Systeme\"><\/a><\/figure><\/div><div class=\"thumbnail ausbauten\"><figure class=\"post-attachment mime-image-jpeg\"><a href=\"https:\/\/www.wenger-basel.ch\/wp-content\/uploads\/2023\/11\/crafter-ladung3-450x600.jpg\" class=\"galery_link\" data-fancybox=\"group_0\" title=\"V\u00e9hicule utilitaire VW Crafter cr\u00e9\u00e9 par Wenger AG Basel, d\u00e9partement Arrimage \/ s\u00e9curisation du chargement\/\"><img decoding=\"async\" src=\"https:\/\/www.wenger-basel.ch\/wp-content\/uploads\/2023\/11\/crafter-ladung3-450x600.jpg\" alt=\"V\u00e9hicule utilitaire VW Crafter cr\u00e9\u00e9 par Wenger AG Basel, d\u00e9partement Arrimage \/ s\u00e9curisation du chargement\/\"><\/a><\/figure><\/div><div class=\"thumbnail ausbauten\"><figure class=\"post-attachment mime-image-jpeg\"><a href=\"https:\/\/www.wenger-basel.ch\/wp-content\/uploads\/2025\/03\/fiat-IWB-800x600.jpg\" class=\"galery_link\" data-fancybox=\"group_0\" title=\"V\u00e9hicule utilitaire Fiat Doblo cr\u00e9\u00e9 par Wenger AG Basel, d\u00e9partement Elektro\/\"><img decoding=\"async\" src=\"https:\/\/www.wenger-basel.ch\/wp-content\/uploads\/2025\/03\/fiat-IWB-800x600.jpg\" alt=\"V\u00e9hicule utilitaire Fiat Doblo cr\u00e9\u00e9 par Wenger AG Basel, d\u00e9partement Elektro\/\"><\/a><\/figure><\/div><div class=\"thumbnail ausbauten\"><figure class=\"post-attachment mime-image-jpeg\"><a href=\"https:\/\/www.wenger-basel.ch\/wp-content\/uploads\/2023\/11\/kangoo-kuhl-800x600.jpg\" class=\"galery_link\" data-fancybox=\"group_0\" title=\"V\u00e9hicule utilitaire Renault Kangoo cr\u00e9\u00e9 par Wenger AG Basel, d\u00e9partement Am\u00e9nagements de v\u00e9hicules-fourgons isothermes et frigorifiques\/\"><img decoding=\"async\" src=\"https:\/\/www.wenger-basel.ch\/wp-content\/uploads\/2023\/11\/kangoo-kuhl-800x600.jpg\" alt=\"V\u00e9hicule utilitaire Renault Kangoo cr\u00e9\u00e9 par Wenger AG Basel, d\u00e9partement Am\u00e9nagements de v\u00e9hicules-fourgons isothermes et frigorifiques\/\"><\/a><\/figure><\/div><div class=\"thumbnail ausbauten\"><figure class=\"post-attachment mime-image-jpeg\"><a href=\"https:\/\/www.wenger-basel.ch\/wp-content\/uploads\/2023\/11\/kangoo-aluca2-800x600.jpg\" class=\"galery_link\" data-fancybox=\"group_0\" title=\"V\u00e9hicule utilitaire Renault Kangoo cr\u00e9\u00e9 par Wenger AG Basel, d\u00e9partement Rayonnage \/ syst\u00e8me d&#039;\u00e9tag\u00e8res\/\"><img decoding=\"async\" src=\"https:\/\/www.wenger-basel.ch\/wp-content\/uploads\/2023\/11\/kangoo-aluca2-800x600.jpg\" alt=\"V\u00e9hicule utilitaire Renault Kangoo cr\u00e9\u00e9 par Wenger AG Basel, d\u00e9partement Rayonnage \/ syst\u00e8me d&#039;\u00e9tag\u00e8res\/\"><\/a><\/figure><\/div><div class=\"thumbnail ausbauten\"><figure class=\"post-attachment mime-image-jpeg\"><a href=\"https:\/\/www.wenger-basel.ch\/wp-content\/uploads\/2025\/03\/fiat-edoblo-iwb-800x600.jpg\" class=\"galery_link\" data-fancybox=\"group_0\" title=\"V\u00e9hicule utilitaire Fiat Doblo cr\u00e9\u00e9 par Wenger AG Basel, d\u00e9partement Elektro\/\"><img decoding=\"async\" src=\"https:\/\/www.wenger-basel.ch\/wp-content\/uploads\/2025\/03\/fiat-edoblo-iwb-800x600.jpg\" alt=\"V\u00e9hicule utilitaire Fiat Doblo cr\u00e9\u00e9 par Wenger AG Basel, d\u00e9partement Elektro\/\"><\/a><\/figure><\/div><div class=\"thumbnail anhaenger\"><figure class=\"post-attachment mime-image-jpeg\"><a href=\"https:\/\/www.wenger-basel.ch\/wp-content\/uploads\/2023\/11\/kanalsanierung-5-450x600.jpg\" class=\"galery_link\" data-fancybox=\"group_0\" title=\"V\u00e9hicule entretenu par Wenger AG Basel, d\u00e9partement Kanalsanierung\/Remorques\"><img decoding=\"async\" src=\"https:\/\/www.wenger-basel.ch\/wp-content\/uploads\/2023\/11\/kanalsanierung-5-450x600.jpg\" alt=\"V\u00e9hicule entretenu par Wenger AG Basel, d\u00e9partement Kanalsanierung\/Remorques\"><\/a><\/figure><\/div><div class=\"thumbnail ausbauten\"><figure class=\"post-attachment mime-image-jpeg\"><a href=\"https:\/\/www.wenger-basel.ch\/wp-content\/uploads\/2023\/11\/daily-wurth-dach-800x600.jpg\" class=\"galery_link\" data-fancybox=\"group_0\" title=\"V\u00e9hicule utilitaire Iveco Daily cr\u00e9\u00e9 par Wenger AG Basel, d\u00e9partement Arrimage \/ s\u00e9curisation du chargement\/\"><img decoding=\"async\" src=\"https:\/\/www.wenger-basel.ch\/wp-content\/uploads\/2023\/11\/daily-wurth-dach-800x600.jpg\" alt=\"V\u00e9hicule utilitaire Iveco Daily cr\u00e9\u00e9 par Wenger AG Basel, d\u00e9partement Arrimage \/ s\u00e9curisation du chargement\/\"><\/a><\/figure><\/div><div class=\"thumbnail anhaenger\"><figure class=\"post-attachment mime-image-jpeg\"><a href=\"https:\/\/www.wenger-basel.ch\/wp-content\/uploads\/2023\/11\/kanalsanierung-7-450x600.jpg\" class=\"galery_link\" data-fancybox=\"group_0\" title=\"V\u00e9hicule entretenu par Wenger AG Basel, d\u00e9partement Kanalsanierung\/Remorques\"><img decoding=\"async\" src=\"https:\/\/www.wenger-basel.ch\/wp-content\/uploads\/2023\/11\/kanalsanierung-7-450x600.jpg\" alt=\"V\u00e9hicule entretenu par Wenger AG Basel, d\u00e9partement Kanalsanierung\/Remorques\"><\/a><\/figure><\/div><div class=\"thumbnail ausbauten\"><figure class=\"post-attachment mime-image-jpeg\"><a href=\"https:\/\/www.wenger-basel.ch\/wp-content\/uploads\/2023\/04\/regal-systeme-2-800x533.jpg\" class=\"galery_link\" data-fancybox=\"group_0\" title=\"Regal-Systeme\"><img decoding=\"async\" src=\"https:\/\/www.wenger-basel.ch\/wp-content\/uploads\/2023\/04\/regal-systeme-2-800x533.jpg\" alt=\"Regal-Systeme\"><\/a><\/figure><\/div><div class=\"thumbnail ausbauten\"><figure class=\"post-attachment mime-image-jpeg\"><a href=\"https:\/\/www.wenger-basel.ch\/wp-content\/uploads\/2023\/04\/regal-systeme-P1020134-800x600.jpg\" class=\"galery_link\" data-fancybox=\"group_0\" title=\"Regal-Systeme\"><img decoding=\"async\" src=\"https:\/\/www.wenger-basel.ch\/wp-content\/uploads\/2023\/04\/regal-systeme-P1020134-800x600.jpg\" alt=\"Regal-Systeme\"><\/a><\/figure><\/div><div class=\"thumbnail regalsysteme\"><figure class=\"post-attachment mime-image-jpeg\"><a href=\"https:\/\/www.wenger-basel.ch\/wp-content\/uploads\/2026\/02\/regalsystem-4-450x600.jpg\" class=\"galery_link\" data-fancybox=\"group_0\" title=\"V\u00e9hicule entretenu par Wenger AG Basel, d\u00e9partement \/Rayonnage \/ syst\u00e8me d&#039;\u00e9tag\u00e8res\"><img decoding=\"async\" src=\"https:\/\/www.wenger-basel.ch\/wp-content\/uploads\/2026\/02\/regalsystem-4-450x600.jpg\" alt=\"V\u00e9hicule entretenu par Wenger AG Basel, d\u00e9partement \/Rayonnage \/ syst\u00e8me d&#039;\u00e9tag\u00e8res\"><\/a><\/figure><\/div><div class=\"thumbnail ausbauten\"><figure class=\"post-attachment mime-image-jpeg\"><a href=\"https:\/\/www.wenger-basel.ch\/wp-content\/uploads\/2024\/09\/2024-09-04-16.13.05-800x600.jpg\" class=\"galery_link\" data-fancybox=\"group_0\" title=\"V\u00e9hicule utilitaire Toyota  cr\u00e9\u00e9 par Wenger AG Basel, d\u00e9partement Rayonnage \/ syst\u00e8me d&#039;\u00e9tag\u00e8res\/\"><img decoding=\"async\" src=\"https:\/\/www.wenger-basel.ch\/wp-content\/uploads\/2024\/09\/2024-09-04-16.13.05-800x600.jpg\" alt=\"V\u00e9hicule utilitaire Toyota  cr\u00e9\u00e9 par Wenger AG Basel, d\u00e9partement Rayonnage \/ syst\u00e8me d&#039;\u00e9tag\u00e8res\/\"><\/a><\/figure><\/div><div class=\"thumbnail ausbauten\"><figure class=\"post-attachment mime-image-jpeg\"><a href=\"https:\/\/www.wenger-basel.ch\/wp-content\/uploads\/2023\/12\/sprinter-flury-800x600.jpg\" class=\"galery_link\" data-fancybox=\"group_0\" title=\"V\u00e9hicule utilitaire Mercedes Sprinter cr\u00e9\u00e9 par Wenger AG Basel, d\u00e9partement Arrimage \/ s\u00e9curisation du chargement\/\"><img decoding=\"async\" src=\"https:\/\/www.wenger-basel.ch\/wp-content\/uploads\/2023\/12\/sprinter-flury-800x600.jpg\" alt=\"V\u00e9hicule utilitaire Mercedes Sprinter cr\u00e9\u00e9 par Wenger AG Basel, d\u00e9partement Arrimage \/ s\u00e9curisation du chargement\/\"><\/a><\/figure><\/div><div class=\"thumbnail ausbauten\"><figure class=\"post-attachment mime-image-jpeg\"><a href=\"https:\/\/www.wenger-basel.ch\/wp-content\/uploads\/2023\/11\/custom-aluca-800x600.jpg\" class=\"galery_link\" data-fancybox=\"group_0\" title=\"V\u00e9hicule utilitaire Ford Custom cr\u00e9\u00e9 par Wenger AG Basel, d\u00e9partement Rayonnage \/ syst\u00e8me d&#039;\u00e9tag\u00e8res\/\"><img decoding=\"async\" src=\"https:\/\/www.wenger-basel.ch\/wp-content\/uploads\/2023\/11\/custom-aluca-800x600.jpg\" alt=\"V\u00e9hicule utilitaire Ford Custom cr\u00e9\u00e9 par Wenger AG Basel, d\u00e9partement Rayonnage \/ syst\u00e8me d&#039;\u00e9tag\u00e8res\/\"><\/a><\/figure><\/div><div class=\"thumbnail ausbauten\"><figure class=\"post-attachment mime-image-jpeg\"><a href=\"https:\/\/www.wenger-basel.ch\/wp-content\/uploads\/2023\/04\/individueller-ausbau-P1110244-800x600.jpg\" class=\"galery_link\" data-fancybox=\"group_0\" title=\"Individueller Ausbau\"><img decoding=\"async\" src=\"https:\/\/www.wenger-basel.ch\/wp-content\/uploads\/2023\/04\/individueller-ausbau-P1110244-800x600.jpg\" alt=\"Individueller Ausbau\"><\/a><\/figure><\/div><div class=\"thumbnail kuehlausbau\"><figure class=\"post-attachment mime-image-jpeg\"><a href=\"https:\/\/www.wenger-basel.ch\/wp-content\/uploads\/2023\/04\/kuehlausbauten-P1130934-800x600.jpg\" class=\"galery_link\" data-fancybox=\"group_0\" title=\"K\u00fchlausbau\"><img decoding=\"async\" src=\"https:\/\/www.wenger-basel.ch\/wp-content\/uploads\/2023\/04\/kuehlausbauten-P1130934-800x600.jpg\" alt=\"K\u00fchlausbau\"><\/a><\/figure><\/div><div class=\"thumbnail anhaenger\"><figure class=\"post-attachment mime-image-jpeg\"><a href=\"https:\/\/www.wenger-basel.ch\/wp-content\/uploads\/2023\/11\/kanalsanierung-8-800x600.jpg\" class=\"galery_link\" data-fancybox=\"group_0\" title=\"V\u00e9hicule entretenu par Wenger AG Basel, d\u00e9partement Kanalsanierung\/Remorques\"><img decoding=\"async\" src=\"https:\/\/www.wenger-basel.ch\/wp-content\/uploads\/2023\/11\/kanalsanierung-8-800x600.jpg\" alt=\"V\u00e9hicule entretenu par Wenger AG Basel, d\u00e9partement Kanalsanierung\/Remorques\"><\/a><\/figure><\/div><div class=\"thumbnail ausbauten\"><figure class=\"post-attachment mime-image-jpeg\"><a href=\"https:\/\/www.wenger-basel.ch\/wp-content\/uploads\/2023\/11\/aluca-T6-2-800x600.jpg\" class=\"galery_link\" data-fancybox=\"group_0\" title=\"V\u00e9hicule utilitaire VW T-Modelle cr\u00e9\u00e9 par Wenger AG Basel, d\u00e9partement Rayonnage \/ syst\u00e8me d&#039;\u00e9tag\u00e8res\/\"><img decoding=\"async\" src=\"https:\/\/www.wenger-basel.ch\/wp-content\/uploads\/2023\/11\/aluca-T6-2-800x600.jpg\" alt=\"V\u00e9hicule utilitaire VW T-Modelle cr\u00e9\u00e9 par Wenger AG Basel, d\u00e9partement Rayonnage \/ syst\u00e8me d&#039;\u00e9tag\u00e8res\/\"><\/a><\/figure><\/div><div class=\"thumbnail anhaenger\"><figure class=\"post-attachment mime-image-jpeg\"><a href=\"https:\/\/www.wenger-basel.ch\/wp-content\/uploads\/2023\/04\/standard-anhaenger-3-800x533.jpg\" class=\"galery_link\" data-fancybox=\"group_0\" title=\"Standardanh\u00e4nger\"><img decoding=\"async\" src=\"https:\/\/www.wenger-basel.ch\/wp-content\/uploads\/2023\/04\/standard-anhaenger-3-800x533.jpg\" alt=\"Standardanh\u00e4nger\"><\/a><\/figure><\/div><div class=\"thumbnail ausbauten\"><figure class=\"post-attachment mime-image-jpeg\"><a href=\"https:\/\/www.wenger-basel.ch\/wp-content\/uploads\/2024\/04\/ford-etransit-800x600.jpg\" class=\"galery_link\" data-fancybox=\"group_0\" title=\"V\u00e9hicule utilitaire Ford Transit cr\u00e9\u00e9 par Wenger AG Basel, d\u00e9partement Elektro\/\"><img decoding=\"async\" src=\"https:\/\/www.wenger-basel.ch\/wp-content\/uploads\/2024\/04\/ford-etransit-800x600.jpg\" alt=\"V\u00e9hicule utilitaire Ford Transit cr\u00e9\u00e9 par Wenger AG Basel, d\u00e9partement Elektro\/\"><\/a><\/figure><\/div><div class=\"thumbnail ausbauten\"><figure class=\"post-attachment mime-image-jpeg\"><a href=\"https:\/\/www.wenger-basel.ch\/wp-content\/uploads\/2023\/12\/movano-800x535.jpg\" class=\"galery_link\" data-fancybox=\"group_0\" title=\"V\u00e9hicule utilitaire Opel Movano cr\u00e9\u00e9 par Wenger AG Basel, d\u00e9partement Arrimage \/ s\u00e9curisation du chargement\/\"><img decoding=\"async\" src=\"https:\/\/www.wenger-basel.ch\/wp-content\/uploads\/2023\/12\/movano-800x535.jpg\" alt=\"V\u00e9hicule utilitaire Opel Movano cr\u00e9\u00e9 par Wenger AG Basel, d\u00e9partement Arrimage \/ s\u00e9curisation du chargement\/\"><\/a><\/figure><\/div><div class=\"thumbnail ausbauten\"><figure class=\"post-attachment mime-image-jpeg\"><a href=\"https:\/\/www.wenger-basel.ch\/wp-content\/uploads\/2023\/11\/t6-polizei-gelb-2-450x600.jpg\" class=\"galery_link\" data-fancybox=\"group_0\" title=\"V\u00e9hicule utilitaire VW T-Modelle cr\u00e9\u00e9 par Wenger AG Basel, d\u00e9partement \/\"><img decoding=\"async\" src=\"https:\/\/www.wenger-basel.ch\/wp-content\/uploads\/2023\/11\/t6-polizei-gelb-2-450x600.jpg\" alt=\"V\u00e9hicule utilitaire VW T-Modelle cr\u00e9\u00e9 par Wenger AG Basel, d\u00e9partement \/\"><\/a><\/figure><\/div><div class=\"thumbnail individueller-ausbau\"><figure class=\"post-attachment mime-image-jpeg\"><a href=\"https:\/\/www.wenger-basel.ch\/wp-content\/uploads\/2025\/04\/individuel-ford-3-800x480.jpg\" class=\"galery_link\" data-fancybox=\"group_0\" title=\"V\u00e9hicule entretenu par Wenger AG Basel, d\u00e9partement \/Am\u00e9nagement int\u00e9rieur d&#039;utilitaires\"><img decoding=\"async\" src=\"https:\/\/www.wenger-basel.ch\/wp-content\/uploads\/2025\/04\/individuel-ford-3-800x480.jpg\" alt=\"V\u00e9hicule entretenu par Wenger AG Basel, d\u00e9partement \/Am\u00e9nagement int\u00e9rieur d&#039;utilitaires\"><\/a><\/figure><\/div><div class=\"thumbnail ausbauten\"><figure class=\"post-attachment mime-image-jpeg\"><a href=\"https:\/\/www.wenger-basel.ch\/wp-content\/uploads\/2023\/11\/t6-polizei-weiss-450x600.jpg\" class=\"galery_link\" data-fancybox=\"group_0\" title=\"V\u00e9hicule utilitaire VW T-Modelle cr\u00e9\u00e9 par Wenger AG Basel, d\u00e9partement \/\"><img decoding=\"async\" src=\"https:\/\/www.wenger-basel.ch\/wp-content\/uploads\/2023\/11\/t6-polizei-weiss-450x600.jpg\" alt=\"V\u00e9hicule utilitaire VW T-Modelle cr\u00e9\u00e9 par Wenger AG Basel, d\u00e9partement \/\"><\/a><\/figure><\/div><div class=\"thumbnail regalsysteme\"><figure class=\"post-attachment mime-image-jpeg\"><a href=\"https:\/\/www.wenger-basel.ch\/wp-content\/uploads\/2026\/02\/regalsystem-2-450x600.jpg\" class=\"galery_link\" data-fancybox=\"group_0\" title=\"V\u00e9hicule entretenu par Wenger AG Basel, d\u00e9partement \/Rayonnage \/ syst\u00e8me d&#039;\u00e9tag\u00e8res\"><img decoding=\"async\" src=\"https:\/\/www.wenger-basel.ch\/wp-content\/uploads\/2026\/02\/regalsystem-2-450x600.jpg\" alt=\"V\u00e9hicule entretenu par Wenger AG Basel, d\u00e9partement \/Rayonnage \/ syst\u00e8me d&#039;\u00e9tag\u00e8res\"><\/a><\/figure><\/div><div class=\"thumbnail ausbauten\"><figure class=\"post-attachment mime-image-jpeg\"><a href=\"https:\/\/www.wenger-basel.ch\/wp-content\/uploads\/2023\/11\/sprinter-aluca-4-800x600.jpg\" class=\"galery_link\" data-fancybox=\"group_0\" title=\"V\u00e9hicule utilitaire Mercedes Sprinter cr\u00e9\u00e9 par Wenger AG Basel, d\u00e9partement Rayonnage \/ syst\u00e8me d&#039;\u00e9tag\u00e8res\/\"><img decoding=\"async\" src=\"https:\/\/www.wenger-basel.ch\/wp-content\/uploads\/2023\/11\/sprinter-aluca-4-800x600.jpg\" alt=\"V\u00e9hicule utilitaire Mercedes Sprinter cr\u00e9\u00e9 par Wenger AG Basel, d\u00e9partement Rayonnage \/ syst\u00e8me d&#039;\u00e9tag\u00e8res\/\"><\/a><\/figure><\/div><div class=\"thumbnail ausbauten\"><figure class=\"post-attachment mime-image-jpeg\"><a href=\"https:\/\/www.wenger-basel.ch\/wp-content\/uploads\/2023\/12\/ducato-sibilia-450x600.jpg\" class=\"galery_link\" data-fancybox=\"group_0\" title=\"V\u00e9hicule utilitaire Fiat Ducato cr\u00e9\u00e9 par Wenger AG Basel, d\u00e9partement Arrimage \/ s\u00e9curisation du chargement\/\"><img decoding=\"async\" src=\"https:\/\/www.wenger-basel.ch\/wp-content\/uploads\/2023\/12\/ducato-sibilia-450x600.jpg\" alt=\"V\u00e9hicule utilitaire Fiat Ducato cr\u00e9\u00e9 par Wenger AG Basel, d\u00e9partement Arrimage \/ s\u00e9curisation du chargement\/\"><\/a><\/figure><\/div><div class=\"thumbnail ausbauten\"><figure class=\"post-attachment mime-image-jpeg\"><a href=\"https:\/\/www.wenger-basel.ch\/wp-content\/uploads\/2023\/08\/Kanalsanierung-4-800x600.jpg\" class=\"galery_link\" data-fancybox=\"group_0\" title=\"Kanalsanierungsfahrzeug\"><img decoding=\"async\" src=\"https:\/\/www.wenger-basel.ch\/wp-content\/uploads\/2023\/08\/Kanalsanierung-4-800x600.jpg\" alt=\"Kanalsanierungsfahrzeug\"><\/a><\/figure><\/div><div class=\"thumbnail ausbauten\"><figure class=\"post-attachment mime-image-jpeg\"><a href=\"https:\/\/www.wenger-basel.ch\/wp-content\/uploads\/2023\/04\/individueller-ausbau-P1040158-800x600.jpg\" class=\"galery_link\" data-fancybox=\"group_0\" title=\"Individueller Ausbau\"><img decoding=\"async\" src=\"https:\/\/www.wenger-basel.ch\/wp-content\/uploads\/2023\/04\/individueller-ausbau-P1040158-800x600.jpg\" alt=\"Individueller Ausbau\"><\/a><\/figure><\/div><div class=\"thumbnail ausbauten\"><figure class=\"post-attachment mime-image-jpeg\"><a href=\"https:\/\/www.wenger-basel.ch\/wp-content\/uploads\/2024\/03\/vw-geissmann-800x600.jpg\" class=\"galery_link\" data-fancybox=\"group_0\" title=\"V\u00e9hicule utilitaire VW T-Modelle cr\u00e9\u00e9 par Wenger AG Basel, d\u00e9partement Am\u00e9nagement int\u00e9rieur d&#039;utilitaires\/\"><img decoding=\"async\" src=\"https:\/\/www.wenger-basel.ch\/wp-content\/uploads\/2024\/03\/vw-geissmann-800x600.jpg\" alt=\"V\u00e9hicule utilitaire VW T-Modelle cr\u00e9\u00e9 par Wenger AG Basel, d\u00e9partement Am\u00e9nagement int\u00e9rieur d&#039;utilitaires\/\"><\/a><\/figure><\/div><div class=\"thumbnail ausbauten\"><figure class=\"post-attachment mime-image-jpeg\"><a href=\"https:\/\/www.wenger-basel.ch\/wp-content\/uploads\/2023\/11\/crafter-ladung-450x600.jpg\" class=\"galery_link\" data-fancybox=\"group_0\" title=\"V\u00e9hicule utilitaire VW Crafter cr\u00e9\u00e9 par Wenger AG Basel, d\u00e9partement Arrimage \/ s\u00e9curisation du chargement\/\"><img decoding=\"async\" src=\"https:\/\/www.wenger-basel.ch\/wp-content\/uploads\/2023\/11\/crafter-ladung-450x600.jpg\" alt=\"V\u00e9hicule utilitaire VW Crafter cr\u00e9\u00e9 par Wenger AG Basel, d\u00e9partement Arrimage \/ s\u00e9curisation du chargement\/\"><\/a><\/figure><\/div><div class=\"thumbnail ausbauten\"><figure class=\"post-attachment mime-image-jpeg\"><a href=\"https:\/\/www.wenger-basel.ch\/wp-content\/uploads\/2023\/11\/hilux-3-800x600.jpg\" class=\"galery_link\" data-fancybox=\"group_0\" title=\"V\u00e9hicule utilitaire Toyota Hilux cr\u00e9\u00e9 par Wenger AG Basel, d\u00e9partement Am\u00e9nagement int\u00e9rieur d&#039;utilitaires\/\"><img decoding=\"async\" src=\"https:\/\/www.wenger-basel.ch\/wp-content\/uploads\/2023\/11\/hilux-3-800x600.jpg\" alt=\"V\u00e9hicule utilitaire Toyota Hilux cr\u00e9\u00e9 par Wenger AG Basel, d\u00e9partement Am\u00e9nagement int\u00e9rieur d&#039;utilitaires\/\"><\/a><\/figure><\/div><div class=\"thumbnail anhaenger\"><figure class=\"post-attachment mime-image-jpeg\"><a href=\"https:\/\/www.wenger-basel.ch\/wp-content\/uploads\/2023\/11\/kanalsanierung-12-450x600.jpg\" class=\"galery_link\" data-fancybox=\"group_0\" title=\"V\u00e9hicule entretenu par Wenger AG Basel, d\u00e9partement Kanalsanierung\/Remorques\"><img decoding=\"async\" src=\"https:\/\/www.wenger-basel.ch\/wp-content\/uploads\/2023\/11\/kanalsanierung-12-450x600.jpg\" alt=\"V\u00e9hicule entretenu par Wenger AG Basel, d\u00e9partement Kanalsanierung\/Remorques\"><\/a><\/figure><\/div><div class=\"thumbnail ausbauten\"><figure class=\"post-attachment mime-image-jpeg\"><a href=\"https:\/\/www.wenger-basel.ch\/wp-content\/uploads\/2023\/11\/t6-kuhl-800x600.jpg\" class=\"galery_link\" data-fancybox=\"group_0\" title=\"V\u00e9hicule utilitaire VW T-Modelle cr\u00e9\u00e9 par Wenger AG Basel, d\u00e9partement Am\u00e9nagements de v\u00e9hicules-fourgons isothermes et frigorifiques\/\"><img decoding=\"async\" src=\"https:\/\/www.wenger-basel.ch\/wp-content\/uploads\/2023\/11\/t6-kuhl-800x600.jpg\" alt=\"V\u00e9hicule utilitaire VW T-Modelle cr\u00e9\u00e9 par Wenger AG Basel, d\u00e9partement Am\u00e9nagements de v\u00e9hicules-fourgons isothermes et frigorifiques\/\"><\/a><\/figure><\/div><div class=\"thumbnail ladungssicherung-aufbauten-produkte\"><figure class=\"post-attachment mime-image-jpeg\"><a href=\"https:\/\/www.wenger-basel.ch\/wp-content\/uploads\/2025\/10\/Umreif-Gurt-25mm-Klemm.jpg\" class=\"galery_link\" data-fancybox=\"group_0\" title=\"Umreif-Gurt 25mm Klemm\"><img decoding=\"async\" src=\"https:\/\/www.wenger-basel.ch\/wp-content\/uploads\/2025\/10\/Umreif-Gurt-25mm-Klemm.jpg\" alt=\"Umreif-Gurt 25mm Klemm\"><\/a><\/figure><\/div><div class=\"thumbnail ausbauten\"><figure class=\"post-attachment mime-image-jpeg\"><a href=\"https:\/\/www.wenger-basel.ch\/wp-content\/uploads\/2023\/11\/jumpy-aluca2-800x600.jpg\" class=\"galery_link\" data-fancybox=\"group_0\" title=\"V\u00e9hicule utilitaire Citro\u00ebn Jumpy cr\u00e9\u00e9 par Wenger AG Basel, d\u00e9partement Rayonnage \/ syst\u00e8me d&#039;\u00e9tag\u00e8res\/\"><img decoding=\"async\" src=\"https:\/\/www.wenger-basel.ch\/wp-content\/uploads\/2023\/11\/jumpy-aluca2-800x600.jpg\" alt=\"V\u00e9hicule utilitaire Citro\u00ebn Jumpy cr\u00e9\u00e9 par Wenger AG Basel, d\u00e9partement Rayonnage \/ syst\u00e8me d&#039;\u00e9tag\u00e8res\/\"><\/a><\/figure><\/div><div class=\"thumbnail ausbauten\"><figure class=\"post-attachment mime-image-jpeg\"><a href=\"https:\/\/www.wenger-basel.ch\/wp-content\/uploads\/2023\/12\/sustom-trenngitter-450x600.jpg\" class=\"galery_link\" data-fancybox=\"group_0\" title=\"V\u00e9hicule utilitaire Mitsubishi L200 cr\u00e9\u00e9 par Wenger AG Basel, d\u00e9partement Arrimage \/ s\u00e9curisation du chargement\/\"><img decoding=\"async\" src=\"https:\/\/www.wenger-basel.ch\/wp-content\/uploads\/2023\/12\/sustom-trenngitter-450x600.jpg\" alt=\"V\u00e9hicule utilitaire Mitsubishi L200 cr\u00e9\u00e9 par Wenger AG Basel, d\u00e9partement Arrimage \/ s\u00e9curisation du chargement\/\"><\/a><\/figure><\/div><div class=\"thumbnail ausbauten\"><figure class=\"post-attachment mime-image-jpeg\"><a href=\"https:\/\/www.wenger-basel.ch\/wp-content\/uploads\/2023\/11\/2022-02-16-13.41.55-450x600.jpg\" class=\"galery_link\" data-fancybox=\"group_0\" title=\"V\u00e9hicule utilitaire Renault Master cr\u00e9\u00e9 par Wenger AG Basel, d\u00e9partement Arrimage \/ s\u00e9curisation du chargement\/\"><img decoding=\"async\" src=\"https:\/\/www.wenger-basel.ch\/wp-content\/uploads\/2023\/11\/2022-02-16-13.41.55-450x600.jpg\" alt=\"V\u00e9hicule utilitaire Renault Master cr\u00e9\u00e9 par Wenger AG Basel, d\u00e9partement Arrimage \/ s\u00e9curisation du chargement\/\"><\/a><\/figure><\/div><div class=\"thumbnail anhaenger\"><figure class=\"post-attachment mime-image-jpeg\"><a href=\"https:\/\/www.wenger-basel.ch\/wp-content\/uploads\/2023\/11\/kanalsanierung-4-450x600.jpg\" class=\"galery_link\" data-fancybox=\"group_0\" title=\"V\u00e9hicule entretenu par Wenger AG Basel, d\u00e9partement Kanalsanierung\/Remorques\"><img decoding=\"async\" src=\"https:\/\/www.wenger-basel.ch\/wp-content\/uploads\/2023\/11\/kanalsanierung-4-450x600.jpg\" alt=\"V\u00e9hicule entretenu par Wenger AG Basel, d\u00e9partement Kanalsanierung\/Remorques\"><\/a><\/figure><\/div><div class=\"thumbnail ausbauten\"><figure class=\"post-attachment mime-image-jpeg\"><a href=\"https:\/\/www.wenger-basel.ch\/wp-content\/uploads\/2023\/04\/regal-systeme-1-800x533.jpg\" class=\"galery_link\" data-fancybox=\"group_0\" title=\"Regal-Systeme\"><img decoding=\"async\" src=\"https:\/\/www.wenger-basel.ch\/wp-content\/uploads\/2023\/04\/regal-systeme-1-800x533.jpg\" alt=\"Regal-Systeme\"><\/a><\/figure><\/div><div class=\"thumbnail ausbauten\"><figure class=\"post-attachment mime-image-jpeg\"><a href=\"https:\/\/www.wenger-basel.ch\/wp-content\/uploads\/2023\/11\/t6-polizei-gelb-9-800x600.jpg\" class=\"galery_link\" data-fancybox=\"group_0\" title=\"V\u00e9hicule utilitaire VW T-Modelle cr\u00e9\u00e9 par Wenger AG Basel, d\u00e9partement Am\u00e9nagement int\u00e9rieur d&#039;utilitaires\/\"><img decoding=\"async\" src=\"https:\/\/www.wenger-basel.ch\/wp-content\/uploads\/2023\/11\/t6-polizei-gelb-9-800x600.jpg\" alt=\"V\u00e9hicule utilitaire VW T-Modelle cr\u00e9\u00e9 par Wenger AG Basel, d\u00e9partement Am\u00e9nagement int\u00e9rieur d&#039;utilitaires\/\"><\/a><\/figure><\/div><div class=\"thumbnail ausbauten\"><figure class=\"post-attachment mime-image-jpeg\"><a href=\"https:\/\/www.wenger-basel.ch\/wp-content\/uploads\/2023\/11\/flux-polizei-800x600.jpg\" class=\"galery_link\" data-fancybox=\"group_0\" title=\"V\u00e9hicule entretenu par Wenger AG Basel, d\u00e9partement \/Am\u00e9nagement int\u00e9rieur d&#039;utilitaires \/ fourgon\"><img decoding=\"async\" src=\"https:\/\/www.wenger-basel.ch\/wp-content\/uploads\/2023\/11\/flux-polizei-800x600.jpg\" alt=\"V\u00e9hicule entretenu par Wenger AG Basel, d\u00e9partement \/Am\u00e9nagement int\u00e9rieur d&#039;utilitaires \/ fourgon\"><\/a><\/figure><\/div><div class=\"thumbnail ausbauten\"><figure class=\"post-attachment mime-image-jpeg\"><a href=\"https:\/\/www.wenger-basel.ch\/wp-content\/uploads\/2023\/11\/kangoo-kuhl-4-800x600.jpg\" class=\"galery_link\" data-fancybox=\"group_0\" title=\"V\u00e9hicule utilitaire Renault Kangoo cr\u00e9\u00e9 par Wenger AG Basel, d\u00e9partement Am\u00e9nagements de v\u00e9hicules-fourgons isothermes et frigorifiques\/\"><img decoding=\"async\" src=\"https:\/\/www.wenger-basel.ch\/wp-content\/uploads\/2023\/11\/kangoo-kuhl-4-800x600.jpg\" alt=\"V\u00e9hicule utilitaire Renault Kangoo cr\u00e9\u00e9 par Wenger AG Basel, d\u00e9partement Am\u00e9nagements de v\u00e9hicules-fourgons isothermes et frigorifiques\/\"><\/a><\/figure><\/div><div class=\"thumbnail individueller-ausbau\"><figure class=\"post-attachment mime-image-jpeg\"><a href=\"https:\/\/www.wenger-basel.ch\/wp-content\/uploads\/2025\/04\/individuel-ford-2-591x600.jpg\" class=\"galery_link\" data-fancybox=\"group_0\" title=\"V\u00e9hicule entretenu par Wenger AG Basel, d\u00e9partement \/Am\u00e9nagement int\u00e9rieur d&#039;utilitaires\"><img decoding=\"async\" src=\"https:\/\/www.wenger-basel.ch\/wp-content\/uploads\/2025\/04\/individuel-ford-2-591x600.jpg\" alt=\"V\u00e9hicule entretenu par Wenger AG Basel, d\u00e9partement \/Am\u00e9nagement int\u00e9rieur d&#039;utilitaires\"><\/a><\/figure><\/div><div class=\"thumbnail ausbauten\"><figure class=\"post-attachment mime-image-jpeg\"><a href=\"https:\/\/www.wenger-basel.ch\/wp-content\/uploads\/2023\/08\/Mobile-Werkstatt-3-800x533.jpg\" class=\"galery_link\" data-fancybox=\"group_0\" title=\"Regalsysteme\"><img decoding=\"async\" src=\"https:\/\/www.wenger-basel.ch\/wp-content\/uploads\/2023\/08\/Mobile-Werkstatt-3-800x533.jpg\" alt=\"Regalsysteme\"><\/a><\/figure><\/div><div class=\"thumbnail ausbauten\"><figure class=\"post-attachment mime-image-jpeg\"><a href=\"https:\/\/www.wenger-basel.ch\/wp-content\/uploads\/2023\/11\/sprinter-aluca2-450x600.jpg\" class=\"galery_link\" data-fancybox=\"group_0\" title=\"V\u00e9hicule utilitaire Mercedes Sprinter cr\u00e9\u00e9 par Wenger AG Basel, d\u00e9partement Rayonnage \/ syst\u00e8me d&#039;\u00e9tag\u00e8res\/\"><img decoding=\"async\" src=\"https:\/\/www.wenger-basel.ch\/wp-content\/uploads\/2023\/11\/sprinter-aluca2-450x600.jpg\" alt=\"V\u00e9hicule utilitaire Mercedes Sprinter cr\u00e9\u00e9 par Wenger AG Basel, d\u00e9partement Rayonnage \/ syst\u00e8me d&#039;\u00e9tag\u00e8res\/\"><\/a><\/figure><\/div><div class=\"thumbnail ausbauten\"><figure class=\"post-attachment mime-image-jpeg\"><a href=\"https:\/\/www.wenger-basel.ch\/wp-content\/uploads\/2023\/04\/individueller-ausbau-2-800x533.jpg\" class=\"galery_link\" data-fancybox=\"group_0\" title=\"Individueller Ausbau\"><img decoding=\"async\" src=\"https:\/\/www.wenger-basel.ch\/wp-content\/uploads\/2023\/04\/individueller-ausbau-2-800x533.jpg\" alt=\"Individueller Ausbau\"><\/a><\/figure><\/div><div class=\"thumbnail ausbauten\"><figure class=\"post-attachment mime-image-jpeg\"><a href=\"https:\/\/www.wenger-basel.ch\/wp-content\/uploads\/2023\/11\/trafic-wurth-3-450x600.jpg\" class=\"galery_link\" data-fancybox=\"group_0\" title=\"V\u00e9hicule entretenu par Wenger AG Basel, d\u00e9partement Rayonnage \/ syst\u00e8me d&#039;\u00e9tag\u00e8res\/Am\u00e9nagement int\u00e9rieur d&#039;utilitaires \/ fourgon\"><img decoding=\"async\" src=\"https:\/\/www.wenger-basel.ch\/wp-content\/uploads\/2023\/11\/trafic-wurth-3-450x600.jpg\" alt=\"V\u00e9hicule entretenu par Wenger AG Basel, d\u00e9partement Rayonnage \/ syst\u00e8me d&#039;\u00e9tag\u00e8res\/Am\u00e9nagement int\u00e9rieur d&#039;utilitaires \/ fourgon\"><\/a><\/figure><\/div><div class=\"thumbnail ausbauten\"><figure class=\"post-attachment mime-image-jpeg\"><a href=\"https:\/\/www.wenger-basel.ch\/wp-content\/uploads\/2023\/11\/t6-kuhl-5-800x600.jpg\" class=\"galery_link\" data-fancybox=\"group_0\" title=\"V\u00e9hicule utilitaire VW T-Modelle cr\u00e9\u00e9 par Wenger AG Basel, d\u00e9partement Am\u00e9nagements de v\u00e9hicules-fourgons isothermes et frigorifiques\/\"><img decoding=\"async\" src=\"https:\/\/www.wenger-basel.ch\/wp-content\/uploads\/2023\/11\/t6-kuhl-5-800x600.jpg\" alt=\"V\u00e9hicule utilitaire VW T-Modelle cr\u00e9\u00e9 par Wenger AG Basel, d\u00e9partement Am\u00e9nagements de v\u00e9hicules-fourgons isothermes et frigorifiques\/\"><\/a><\/figure><\/div><div class=\"thumbnail ausbauten\"><figure class=\"post-attachment mime-image-jpeg\"><a href=\"https:\/\/www.wenger-basel.ch\/wp-content\/uploads\/2023\/05\/Polizeifahrzeug-11-800x533.jpg\" class=\"galery_link\" data-fancybox=\"group_0\" title=\"Polizei Fahrzeuge\"><img decoding=\"async\" src=\"https:\/\/www.wenger-basel.ch\/wp-content\/uploads\/2023\/05\/Polizeifahrzeug-11-800x533.jpg\" alt=\"Polizei Fahrzeuge\"><\/a><\/figure><\/div><div class=\"thumbnail individueller-ausbau\"><figure class=\"post-attachment mime-image-jpeg\"><a href=\"https:\/\/www.wenger-basel.ch\/wp-content\/uploads\/2023\/04\/individueller-ausbau-11-800x533.jpg\" class=\"galery_link\" data-fancybox=\"group_0\" title=\"Individueller Ausbau\"><img decoding=\"async\" src=\"https:\/\/www.wenger-basel.ch\/wp-content\/uploads\/2023\/04\/individueller-ausbau-11-800x533.jpg\" alt=\"Individueller Ausbau\"><\/a><\/figure><\/div><div class=\"thumbnail individueller-ausbau\"><figure class=\"post-attachment mime-image-jpeg\"><a href=\"https:\/\/www.wenger-basel.ch\/wp-content\/uploads\/2025\/04\/individuel-ford-1-450x600.jpg\" class=\"galery_link\" data-fancybox=\"group_0\" title=\"V\u00e9hicule entretenu par Wenger AG Basel, d\u00e9partement \/Am\u00e9nagement int\u00e9rieur d&#039;utilitaires\"><img decoding=\"async\" src=\"https:\/\/www.wenger-basel.ch\/wp-content\/uploads\/2025\/04\/individuel-ford-1-450x600.jpg\" alt=\"V\u00e9hicule entretenu par Wenger AG Basel, d\u00e9partement \/Am\u00e9nagement int\u00e9rieur d&#039;utilitaires\"><\/a><\/figure><\/div><div class=\"thumbnail ausbauten\"><figure class=\"post-attachment mime-image-jpeg\"><a href=\"https:\/\/www.wenger-basel.ch\/wp-content\/uploads\/2023\/11\/t6-polizei-3-800x600.jpg\" class=\"galery_link\" data-fancybox=\"group_0\" title=\"V\u00e9hicule utilitaire VW T-Modelle cr\u00e9\u00e9 par Wenger AG Basel, d\u00e9partement \/\"><img decoding=\"async\" src=\"https:\/\/www.wenger-basel.ch\/wp-content\/uploads\/2023\/11\/t6-polizei-3-800x600.jpg\" alt=\"V\u00e9hicule utilitaire VW T-Modelle cr\u00e9\u00e9 par Wenger AG Basel, d\u00e9partement \/\"><\/a><\/figure><\/div><div class=\"thumbnail ausbauten\"><figure class=\"post-attachment mime-image-jpeg\"><a href=\"https:\/\/www.wenger-basel.ch\/wp-content\/uploads\/2023\/12\/trafic-sonnenschutz-800x600.jpg\" class=\"galery_link\" data-fancybox=\"group_0\" title=\"V\u00e9hicule utilitaire Renault Trafic cr\u00e9\u00e9 par Wenger AG Basel, d\u00e9partement \/\"><img decoding=\"async\" src=\"https:\/\/www.wenger-basel.ch\/wp-content\/uploads\/2023\/12\/trafic-sonnenschutz-800x600.jpg\" alt=\"V\u00e9hicule utilitaire Renault Trafic cr\u00e9\u00e9 par Wenger AG Basel, d\u00e9partement \/\"><\/a><\/figure><\/div><div class=\"thumbnail individueller-ausbau\"><figure class=\"post-attachment mime-image-jpeg\"><a href=\"https:\/\/www.wenger-basel.ch\/wp-content\/uploads\/2025\/04\/individuel-ford-4-587x600.jpg\" class=\"galery_link\" data-fancybox=\"group_0\" title=\"V\u00e9hicule entretenu par Wenger AG Basel, d\u00e9partement \/Am\u00e9nagement int\u00e9rieur d&#039;utilitaires\"><img decoding=\"async\" src=\"https:\/\/www.wenger-basel.ch\/wp-content\/uploads\/2025\/04\/individuel-ford-4-587x600.jpg\" alt=\"V\u00e9hicule entretenu par Wenger AG Basel, d\u00e9partement \/Am\u00e9nagement int\u00e9rieur d&#039;utilitaires\"><\/a><\/figure><\/div><div class=\"thumbnail kuehlausbau\"><figure class=\"post-attachment mime-image-jpeg\"><a href=\"https:\/\/www.wenger-basel.ch\/wp-content\/uploads\/2023\/04\/kuehlausbauten-14-800x533.jpg\" class=\"galery_link\" data-fancybox=\"group_0\" title=\"K\u00fchlausbau\"><img decoding=\"async\" src=\"https:\/\/www.wenger-basel.ch\/wp-content\/uploads\/2023\/04\/kuehlausbauten-14-800x533.jpg\" alt=\"K\u00fchlausbau\"><\/a><\/figure><\/div><div class=\"thumbnail ausbauten\"><figure class=\"post-attachment mime-image-jpeg\"><a href=\"https:\/\/www.wenger-basel.ch\/wp-content\/uploads\/2023\/08\/Kanalsanierung-12-800x600.jpg\" class=\"galery_link\" data-fancybox=\"group_0\" title=\"Kanalsanierungsfahrzeug\"><img decoding=\"async\" src=\"https:\/\/www.wenger-basel.ch\/wp-content\/uploads\/2023\/08\/Kanalsanierung-12-800x600.jpg\" alt=\"Kanalsanierungsfahrzeug\"><\/a><\/figure><\/div><div class=\"thumbnail ausbauten\"><figure class=\"post-attachment mime-image-jpeg\"><a href=\"https:\/\/www.wenger-basel.ch\/wp-content\/uploads\/2023\/12\/ducato-aluboden-800x600.jpg\" class=\"galery_link\" data-fancybox=\"group_0\" title=\"V\u00e9hicule utilitaire Fiat Ducato cr\u00e9\u00e9 par Wenger AG Basel, d\u00e9partement Arrimage \/ s\u00e9curisation du chargement\/\"><img decoding=\"async\" src=\"https:\/\/www.wenger-basel.ch\/wp-content\/uploads\/2023\/12\/ducato-aluboden-800x600.jpg\" alt=\"V\u00e9hicule utilitaire Fiat Ducato cr\u00e9\u00e9 par Wenger AG Basel, d\u00e9partement Arrimage \/ s\u00e9curisation du chargement\/\"><\/a><\/figure><\/div><div class=\"thumbnail elektro-ausbauten\"><figure class=\"post-attachment mime-image-jpeg\"><a href=\"https:\/\/www.wenger-basel.ch\/wp-content\/uploads\/2025\/05\/Edaily-450x600.jpg\" class=\"galery_link\" data-fancybox=\"group_0\" title=\"V\u00e9hicule utilitaire Iveco Daily cr\u00e9\u00e9 par Wenger AG Basel, d\u00e9partement \/\"><img decoding=\"async\" src=\"https:\/\/www.wenger-basel.ch\/wp-content\/uploads\/2025\/05\/Edaily-450x600.jpg\" alt=\"V\u00e9hicule utilitaire Iveco Daily cr\u00e9\u00e9 par Wenger AG Basel, d\u00e9partement \/\"><\/a><\/figure><\/div><div class=\"thumbnail kuehlausbau\"><figure class=\"post-attachment mime-image-jpeg\"><a href=\"https:\/\/www.wenger-basel.ch\/wp-content\/uploads\/2023\/04\/kuehlausbauten-P1080367-800x600.jpg\" class=\"galery_link\" data-fancybox=\"group_0\" title=\"K\u00fchlausbau\"><img decoding=\"async\" src=\"https:\/\/www.wenger-basel.ch\/wp-content\/uploads\/2023\/04\/kuehlausbauten-P1080367-800x600.jpg\" alt=\"K\u00fchlausbau\"><\/a><\/figure><\/div><div class=\"thumbnail ausbauten\"><figure class=\"post-attachment mime-image-jpeg\"><a href=\"https:\/\/www.wenger-basel.ch\/wp-content\/uploads\/2023\/11\/master-aluca3-450x600.jpg\" class=\"galery_link\" data-fancybox=\"group_0\" title=\"V\u00e9hicule utilitaire Renault Master cr\u00e9\u00e9 par Wenger AG Basel, d\u00e9partement Rayonnage \/ syst\u00e8me d&#039;\u00e9tag\u00e8res\/\"><img decoding=\"async\" src=\"https:\/\/www.wenger-basel.ch\/wp-content\/uploads\/2023\/11\/master-aluca3-450x600.jpg\" alt=\"V\u00e9hicule utilitaire Renault Master cr\u00e9\u00e9 par Wenger AG Basel, d\u00e9partement Rayonnage \/ syst\u00e8me d&#039;\u00e9tag\u00e8res\/\"><\/a><\/figure><\/div><div class=\"thumbnail kuehlausbau\"><figure class=\"post-attachment mime-image-jpeg\"><a href=\"https:\/\/www.wenger-basel.ch\/wp-content\/uploads\/2023\/04\/kuehlausbauten-P1110989-800x600.jpg\" class=\"galery_link\" data-fancybox=\"group_0\" title=\"K\u00fchlausbau\"><img decoding=\"async\" src=\"https:\/\/www.wenger-basel.ch\/wp-content\/uploads\/2023\/04\/kuehlausbauten-P1110989-800x600.jpg\" alt=\"K\u00fchlausbau\"><\/a><\/figure><\/div><div class=\"thumbnail ausbauten\"><figure class=\"post-attachment mime-image-jpeg\"><a href=\"https:\/\/www.wenger-basel.ch\/wp-content\/uploads\/2023\/11\/sprinter-800x600.jpg\" class=\"galery_link\" data-fancybox=\"group_0\" title=\"V\u00e9hicule utilitaire Mercedes Sprinter cr\u00e9\u00e9 par Wenger AG Basel, d\u00e9partement Rayonnage \/ syst\u00e8me d&#039;\u00e9tag\u00e8res\/\"><img decoding=\"async\" src=\"https:\/\/www.wenger-basel.ch\/wp-content\/uploads\/2023\/11\/sprinter-800x600.jpg\" alt=\"V\u00e9hicule utilitaire Mercedes Sprinter cr\u00e9\u00e9 par Wenger AG Basel, d\u00e9partement Rayonnage \/ syst\u00e8me d&#039;\u00e9tag\u00e8res\/\"><\/a><\/figure><\/div><div class=\"thumbnail ausbauten\"><figure class=\"post-attachment mime-image-jpeg\"><a href=\"https:\/\/www.wenger-basel.ch\/wp-content\/uploads\/2023\/11\/caddy-aluca-800x600.jpg\" class=\"galery_link\" data-fancybox=\"group_0\" title=\"V\u00e9hicule utilitaire VW Caddy cr\u00e9\u00e9 par Wenger AG Basel, d\u00e9partement Rayonnage \/ syst\u00e8me d&#039;\u00e9tag\u00e8res\/\"><img decoding=\"async\" src=\"https:\/\/www.wenger-basel.ch\/wp-content\/uploads\/2023\/11\/caddy-aluca-800x600.jpg\" alt=\"V\u00e9hicule utilitaire VW Caddy cr\u00e9\u00e9 par Wenger AG Basel, d\u00e9partement Rayonnage \/ syst\u00e8me d&#039;\u00e9tag\u00e8res\/\"><\/a><\/figure><\/div><div class=\"thumbnail ausbauten\"><figure class=\"post-attachment mime-image-jpeg\"><a href=\"https:\/\/www.wenger-basel.ch\/wp-content\/uploads\/2023\/12\/mitsu-koffer-450x600.jpg\" class=\"galery_link\" data-fancybox=\"group_0\" title=\"V\u00e9hicule utilitaire Mitsubishi L200 cr\u00e9\u00e9 par Wenger AG Basel, d\u00e9partement Arrimage \/ s\u00e9curisation du chargement\/\"><img decoding=\"async\" src=\"https:\/\/www.wenger-basel.ch\/wp-content\/uploads\/2023\/12\/mitsu-koffer-450x600.jpg\" alt=\"V\u00e9hicule utilitaire Mitsubishi L200 cr\u00e9\u00e9 par Wenger AG Basel, d\u00e9partement Arrimage \/ s\u00e9curisation du chargement\/\"><\/a><\/figure><\/div><div class=\"thumbnail elektro-ausbauten\"><figure class=\"post-attachment mime-image-jpeg\"><a href=\"https:\/\/www.wenger-basel.ch\/wp-content\/uploads\/2024\/04\/flux-ausbauten-800x600.jpg\" class=\"galery_link\" data-fancybox=\"group_0\" title=\"V\u00e9hicule utilitaire Flux Mobility Fahrzeuge  cr\u00e9\u00e9 par Wenger AG Basel, d\u00e9partement \/\"><img decoding=\"async\" src=\"https:\/\/www.wenger-basel.ch\/wp-content\/uploads\/2024\/04\/flux-ausbauten-800x600.jpg\" alt=\"V\u00e9hicule utilitaire Flux Mobility Fahrzeuge  cr\u00e9\u00e9 par Wenger AG Basel, d\u00e9partement \/\"><\/a><\/figure><\/div><div class=\"thumbnail regalsysteme\"><figure class=\"post-attachment mime-image-jpeg\"><a href=\"https:\/\/www.wenger-basel.ch\/wp-content\/uploads\/2026\/02\/regalsystem-1-450x600.jpg\" class=\"galery_link\" data-fancybox=\"group_0\" title=\"V\u00e9hicule entretenu par Wenger AG Basel, d\u00e9partement \/Rayonnage \/ syst\u00e8me d&#039;\u00e9tag\u00e8res\"><img decoding=\"async\" src=\"https:\/\/www.wenger-basel.ch\/wp-content\/uploads\/2026\/02\/regalsystem-1-450x600.jpg\" alt=\"V\u00e9hicule entretenu par Wenger AG Basel, d\u00e9partement \/Rayonnage \/ syst\u00e8me d&#039;\u00e9tag\u00e8res\"><\/a><\/figure><\/div><div class=\"thumbnail ausbauten\"><figure class=\"post-attachment mime-image-jpeg\"><a href=\"https:\/\/www.wenger-basel.ch\/wp-content\/uploads\/2023\/11\/daily-wurth-800x600.jpg\" class=\"galery_link\" data-fancybox=\"group_0\" title=\"V\u00e9hicule utilitaire Iveco Daily cr\u00e9\u00e9 par Wenger AG Basel, d\u00e9partement Rayonnage \/ syst\u00e8me d&#039;\u00e9tag\u00e8res\/\"><img decoding=\"async\" src=\"https:\/\/www.wenger-basel.ch\/wp-content\/uploads\/2023\/11\/daily-wurth-800x600.jpg\" alt=\"V\u00e9hicule utilitaire Iveco Daily cr\u00e9\u00e9 par Wenger AG Basel, d\u00e9partement Rayonnage \/ syst\u00e8me d&#039;\u00e9tag\u00e8res\/\"><\/a><\/figure><\/div><div class=\"thumbnail ausbauten\"><figure class=\"post-attachment mime-image-jpeg\"><a href=\"https:\/\/www.wenger-basel.ch\/wp-content\/uploads\/2023\/05\/Feuerwehrfahrzeug-8-800x533.jpg\" class=\"galery_link\" data-fancybox=\"group_0\" title=\"Feuerwehr-Fahrzeuge\"><img decoding=\"async\" src=\"https:\/\/www.wenger-basel.ch\/wp-content\/uploads\/2023\/05\/Feuerwehrfahrzeug-8-800x533.jpg\" alt=\"Feuerwehr-Fahrzeuge\"><\/a><\/figure><\/div><div class=\"thumbnail ausbauten\"><figure class=\"post-attachment mime-image-jpeg\"><a href=\"https:\/\/www.wenger-basel.ch\/wp-content\/uploads\/2023\/04\/individueller-ausbau-10-800x533.jpg\" class=\"galery_link\" data-fancybox=\"group_0\" title=\"Individueller Ausbau\"><img decoding=\"async\" src=\"https:\/\/www.wenger-basel.ch\/wp-content\/uploads\/2023\/04\/individueller-ausbau-10-800x533.jpg\" alt=\"Individueller Ausbau\"><\/a><\/figure><\/div><div class=\"thumbnail ausbauten\"><figure class=\"post-attachment mime-image-jpeg\"><a href=\"https:\/\/www.wenger-basel.ch\/wp-content\/uploads\/2023\/08\/Kanalsanierung-5-800x533.jpg\" class=\"galery_link\" data-fancybox=\"group_0\" title=\"Kanalsanierungsfahrzeug\"><img decoding=\"async\" src=\"https:\/\/www.wenger-basel.ch\/wp-content\/uploads\/2023\/08\/Kanalsanierung-5-800x533.jpg\" alt=\"Kanalsanierungsfahrzeug\"><\/a><\/figure><\/div><div class=\"thumbnail ausbauten\"><figure class=\"post-attachment mime-image-jpeg\"><a href=\"https:\/\/www.wenger-basel.ch\/wp-content\/uploads\/2023\/11\/outback-aluca-800x600.jpg\" class=\"galery_link\" data-fancybox=\"group_0\" title=\"V\u00e9hicule entretenu par Wenger AG Basel, d\u00e9partement Rayonnage \/ syst\u00e8me d&#039;\u00e9tag\u00e8res\/Am\u00e9nagement int\u00e9rieur d&#039;utilitaires \/ fourgon\"><img decoding=\"async\" src=\"https:\/\/www.wenger-basel.ch\/wp-content\/uploads\/2023\/11\/outback-aluca-800x600.jpg\" alt=\"V\u00e9hicule entretenu par Wenger AG Basel, d\u00e9partement Rayonnage \/ syst\u00e8me d&#039;\u00e9tag\u00e8res\/Am\u00e9nagement int\u00e9rieur d&#039;utilitaires \/ fourgon\"><\/a><\/figure><\/div><div class=\"thumbnail kuehlausbau\"><figure class=\"post-attachment mime-image-jpeg\"><a href=\"https:\/\/www.wenger-basel.ch\/wp-content\/uploads\/2023\/04\/kuehlausbauten-10-800x533.jpg\" class=\"galery_link\" data-fancybox=\"group_0\" title=\"K\u00fchlausbau\"><img decoding=\"async\" src=\"https:\/\/www.wenger-basel.ch\/wp-content\/uploads\/2023\/04\/kuehlausbauten-10-800x533.jpg\" alt=\"K\u00fchlausbau\"><\/a><\/figure><\/div><div class=\"thumbnail ausbauten\"><figure class=\"post-attachment mime-image-jpeg\"><a href=\"https:\/\/www.wenger-basel.ch\/wp-content\/uploads\/2023\/04\/regal-systeme-3-800x533.jpg\" class=\"galery_link\" data-fancybox=\"group_0\" title=\"Regal-Systeme\"><img decoding=\"async\" src=\"https:\/\/www.wenger-basel.ch\/wp-content\/uploads\/2023\/04\/regal-systeme-3-800x533.jpg\" alt=\"Regal-Systeme\"><\/a><\/figure><\/div><div class=\"thumbnail ausbauten\"><figure class=\"post-attachment mime-image-jpeg\"><a href=\"https:\/\/www.wenger-basel.ch\/wp-content\/uploads\/2023\/04\/regal-systeme-9-800x533.jpg\" class=\"galery_link\" data-fancybox=\"group_0\" title=\"Regal-Systeme\"><img decoding=\"async\" src=\"https:\/\/www.wenger-basel.ch\/wp-content\/uploads\/2023\/04\/regal-systeme-9-800x533.jpg\" alt=\"Regal-Systeme\"><\/a><\/figure><\/div><div class=\"thumbnail ausbauten\"><figure class=\"post-attachment mime-image-jpeg\"><a href=\"https:\/\/www.wenger-basel.ch\/wp-content\/uploads\/2023\/09\/ausbauten-iwb-2-800x600.jpg\" class=\"galery_link\" data-fancybox=\"group_0\" title=\"V\u00e9hicule utilitaire Peugeot Vivaro cr\u00e9\u00e9 par Wenger AG Basel, d\u00e9partement Am\u00e9nagement int\u00e9rieur d&#039;utilitaires\/Rayonnage \/ syst\u00e8me d&#039;\u00e9tag\u00e8res\"><img decoding=\"async\" src=\"https:\/\/www.wenger-basel.ch\/wp-content\/uploads\/2023\/09\/ausbauten-iwb-2-800x600.jpg\" alt=\"V\u00e9hicule utilitaire Peugeot Vivaro cr\u00e9\u00e9 par Wenger AG Basel, d\u00e9partement Am\u00e9nagement int\u00e9rieur d&#039;utilitaires\/Rayonnage \/ syst\u00e8me d&#039;\u00e9tag\u00e8res\"><\/a><\/figure><\/div><div class=\"thumbnail ausbauten\"><figure class=\"post-attachment mime-image-jpeg\"><a href=\"https:\/\/www.wenger-basel.ch\/wp-content\/uploads\/2023\/11\/t6-polizei-5-800x600.jpg\" class=\"galery_link\" data-fancybox=\"group_0\" title=\"V\u00e9hicule utilitaire VW T-Modelle cr\u00e9\u00e9 par Wenger AG Basel, d\u00e9partement Am\u00e9nagement int\u00e9rieur d&#039;utilitaires\/\"><img decoding=\"async\" src=\"https:\/\/www.wenger-basel.ch\/wp-content\/uploads\/2023\/11\/t6-polizei-5-800x600.jpg\" alt=\"V\u00e9hicule utilitaire VW T-Modelle cr\u00e9\u00e9 par Wenger AG Basel, d\u00e9partement Am\u00e9nagement int\u00e9rieur d&#039;utilitaires\/\"><\/a><\/figure><\/div><div class=\"thumbnail ausbauten\"><figure class=\"post-attachment mime-image-jpeg\"><a href=\"https:\/\/www.wenger-basel.ch\/wp-content\/uploads\/2023\/11\/master-aluca-800x600.jpg\" class=\"galery_link\" data-fancybox=\"group_0\" title=\"V\u00e9hicule utilitaire Renault Master cr\u00e9\u00e9 par Wenger AG Basel, d\u00e9partement Rayonnage \/ syst\u00e8me d&#039;\u00e9tag\u00e8res\/\"><img decoding=\"async\" src=\"https:\/\/www.wenger-basel.ch\/wp-content\/uploads\/2023\/11\/master-aluca-800x600.jpg\" alt=\"V\u00e9hicule utilitaire Renault Master cr\u00e9\u00e9 par Wenger AG Basel, d\u00e9partement Rayonnage \/ syst\u00e8me d&#039;\u00e9tag\u00e8res\/\"><\/a><\/figure><\/div><div class=\"thumbnail ausbauten\"><figure class=\"post-attachment mime-image-jpeg\"><a href=\"https:\/\/www.wenger-basel.ch\/wp-content\/uploads\/2023\/05\/Polizeifahrzeug-5-800x533.jpg\" class=\"galery_link\" data-fancybox=\"group_0\" title=\"Polizei Fahrzeuge\"><img decoding=\"async\" src=\"https:\/\/www.wenger-basel.ch\/wp-content\/uploads\/2023\/05\/Polizeifahrzeug-5-800x533.jpg\" alt=\"Polizei Fahrzeuge\"><\/a><\/figure><\/div><div class=\"thumbnail ausbauten\"><figure class=\"post-attachment mime-image-jpeg\"><a href=\"https:\/\/www.wenger-basel.ch\/wp-content\/uploads\/2023\/11\/vito-kanalsanierung-2-800x600.jpg\" class=\"galery_link\" data-fancybox=\"group_0\" title=\"V\u00e9hicule utilitaire Mercedes Vito cr\u00e9\u00e9 par Wenger AG Basel, d\u00e9partement Am\u00e9nagement int\u00e9rieur d&#039;utilitaires\/Kanalsanierung\"><img decoding=\"async\" src=\"https:\/\/www.wenger-basel.ch\/wp-content\/uploads\/2023\/11\/vito-kanalsanierung-2-800x600.jpg\" alt=\"V\u00e9hicule utilitaire Mercedes Vito cr\u00e9\u00e9 par Wenger AG Basel, d\u00e9partement Am\u00e9nagement int\u00e9rieur d&#039;utilitaires\/Kanalsanierung\"><\/a><\/figure><\/div><div class=\"thumbnail ausbauten\"><figure class=\"post-attachment mime-image-jpeg\"><a href=\"https:\/\/www.wenger-basel.ch\/wp-content\/uploads\/2023\/12\/sprinter-tiefbauamt-800x600.jpg\" class=\"galery_link\" data-fancybox=\"group_0\" title=\"V\u00e9hicule utilitaire Mercedes Sprinter cr\u00e9\u00e9 par Wenger AG Basel, d\u00e9partement Arrimage \/ s\u00e9curisation du chargement\/\"><img decoding=\"async\" src=\"https:\/\/www.wenger-basel.ch\/wp-content\/uploads\/2023\/12\/sprinter-tiefbauamt-800x600.jpg\" alt=\"V\u00e9hicule utilitaire Mercedes Sprinter cr\u00e9\u00e9 par Wenger AG Basel, d\u00e9partement Arrimage \/ s\u00e9curisation du chargement\/\"><\/a><\/figure><\/div><div class=\"thumbnail kuehlausbau\"><figure class=\"post-attachment mime-image-jpeg\"><a href=\"https:\/\/www.wenger-basel.ch\/wp-content\/uploads\/2023\/04\/kuehlausbauten-6-800x533.jpg\" class=\"galery_link\" data-fancybox=\"group_0\" title=\"K\u00fchlausbau\"><img decoding=\"async\" src=\"https:\/\/www.wenger-basel.ch\/wp-content\/uploads\/2023\/04\/kuehlausbauten-6-800x533.jpg\" alt=\"K\u00fchlausbau\"><\/a><\/figure><\/div><div class=\"thumbnail anhaenger\"><figure class=\"post-attachment mime-image-jpeg\"><a href=\"https:\/\/www.wenger-basel.ch\/wp-content\/uploads\/2023\/11\/kanalsanierung-6-450x600.jpg\" class=\"galery_link\" data-fancybox=\"group_0\" title=\"V\u00e9hicule entretenu par Wenger AG Basel, d\u00e9partement Kanalsanierung\/Remorques\"><img decoding=\"async\" src=\"https:\/\/www.wenger-basel.ch\/wp-content\/uploads\/2023\/11\/kanalsanierung-6-450x600.jpg\" alt=\"V\u00e9hicule entretenu par Wenger AG Basel, d\u00e9partement Kanalsanierung\/Remorques\"><\/a><\/figure><\/div><div class=\"thumbnail ausbauten\"><figure class=\"post-attachment mime-image-jpeg\"><a href=\"https:\/\/www.wenger-basel.ch\/wp-content\/uploads\/2023\/11\/vito-kanalsanierung-800x600.jpg\" class=\"galery_link\" data-fancybox=\"group_0\" title=\"V\u00e9hicule utilitaire Mercedes Vito cr\u00e9\u00e9 par Wenger AG Basel, d\u00e9partement Am\u00e9nagement int\u00e9rieur d&#039;utilitaires\/Kanalsanierung\"><img decoding=\"async\" src=\"https:\/\/www.wenger-basel.ch\/wp-content\/uploads\/2023\/11\/vito-kanalsanierung-800x600.jpg\" alt=\"V\u00e9hicule utilitaire Mercedes Vito cr\u00e9\u00e9 par Wenger AG Basel, d\u00e9partement Am\u00e9nagement int\u00e9rieur d&#039;utilitaires\/Kanalsanierung\"><\/a><\/figure><\/div><div class=\"thumbnail ladungssicherung-aufbauten-produkte\"><figure class=\"post-attachment mime-image-jpeg\"><a href=\"https:\/\/www.wenger-basel.ch\/wp-content\/uploads\/2025\/10\/Polsterlatte-blau.jpg\" class=\"galery_link\" data-fancybox=\"group_0\" title=\"V\u00e9hicule entretenu par Wenger AG Basel, d\u00e9partement Ladungssicherung Ausbauten Produkte\/Ladungssicherung Aufbauten Produkte\"><img decoding=\"async\" src=\"https:\/\/www.wenger-basel.ch\/wp-content\/uploads\/2025\/10\/Polsterlatte-blau.jpg\" alt=\"V\u00e9hicule entretenu par Wenger AG Basel, d\u00e9partement Ladungssicherung Ausbauten Produkte\/Ladungssicherung Aufbauten Produkte\"><\/a><\/figure><\/div><div class=\"thumbnail ausbauten\"><figure class=\"post-attachment mime-image-jpeg\"><a href=\"https:\/\/www.wenger-basel.ch\/wp-content\/uploads\/2023\/11\/t6-polizei-gelb-10-800x600.jpg\" class=\"galery_link\" data-fancybox=\"group_0\" title=\"V\u00e9hicule utilitaire VW T-Modelle cr\u00e9\u00e9 par Wenger AG Basel, d\u00e9partement \/\"><img decoding=\"async\" src=\"https:\/\/www.wenger-basel.ch\/wp-content\/uploads\/2023\/11\/t6-polizei-gelb-10-800x600.jpg\" alt=\"V\u00e9hicule utilitaire VW T-Modelle cr\u00e9\u00e9 par Wenger AG Basel, d\u00e9partement \/\"><\/a><\/figure><\/div><div class=\"thumbnail ausbauten\"><figure class=\"post-attachment mime-image-jpeg\"><a href=\"https:\/\/www.wenger-basel.ch\/wp-content\/uploads\/2023\/05\/Polizeifahrzeug-9-800x533.jpg\" class=\"galery_link\" data-fancybox=\"group_0\" title=\"Polizei Fahrzeuge\"><img decoding=\"async\" src=\"https:\/\/www.wenger-basel.ch\/wp-content\/uploads\/2023\/05\/Polizeifahrzeug-9-800x533.jpg\" alt=\"Polizei Fahrzeuge\"><\/a><\/figure><\/div><div class=\"thumbnail ausbauten\"><figure class=\"post-attachment mime-image-jpeg\"><a href=\"https:\/\/www.wenger-basel.ch\/wp-content\/uploads\/2023\/04\/individueller-ausbau-5-800x533.jpg\" class=\"galery_link\" data-fancybox=\"group_0\" title=\"Individueller Ausbau\"><img decoding=\"async\" src=\"https:\/\/www.wenger-basel.ch\/wp-content\/uploads\/2023\/04\/individueller-ausbau-5-800x533.jpg\" alt=\"Individueller Ausbau\"><\/a><\/figure><\/div><div class=\"thumbnail ausbauten\"><figure class=\"post-attachment mime-image-jpeg\"><a href=\"https:\/\/www.wenger-basel.ch\/wp-content\/uploads\/2023\/11\/trafic-aluca-2-800x600.jpg\" class=\"galery_link\" data-fancybox=\"group_0\" title=\"V\u00e9hicule utilitaire Renault Trafic cr\u00e9\u00e9 par Wenger AG Basel, d\u00e9partement Rayonnage \/ syst\u00e8me d&#039;\u00e9tag\u00e8res\/\"><img decoding=\"async\" src=\"https:\/\/www.wenger-basel.ch\/wp-content\/uploads\/2023\/11\/trafic-aluca-2-800x600.jpg\" alt=\"V\u00e9hicule utilitaire Renault Trafic cr\u00e9\u00e9 par Wenger AG Basel, d\u00e9partement Rayonnage \/ syst\u00e8me d&#039;\u00e9tag\u00e8res\/\"><\/a><\/figure><\/div><div class=\"thumbnail ausbauten\"><figure class=\"post-attachment mime-image-jpeg\"><a href=\"https:\/\/www.wenger-basel.ch\/wp-content\/uploads\/2023\/04\/regal-systeme-P1100906-800x600.jpg\" class=\"galery_link\" data-fancybox=\"group_0\" title=\"Regal-Systeme\"><img decoding=\"async\" src=\"https:\/\/www.wenger-basel.ch\/wp-content\/uploads\/2023\/04\/regal-systeme-P1100906-800x600.jpg\" alt=\"Regal-Systeme\"><\/a><\/figure><\/div><div class=\"thumbnail ausbauten\"><figure class=\"post-attachment mime-image-jpeg\"><a href=\"https:\/\/www.wenger-basel.ch\/wp-content\/uploads\/2023\/11\/master-aluca-schreiner-2-800x600.jpg\" class=\"galery_link\" data-fancybox=\"group_0\" title=\"V\u00e9hicule entretenu par Wenger AG Basel, d\u00e9partement Arrimage \/ s\u00e9curisation du chargement\/Am\u00e9nagement int\u00e9rieur d&#039;utilitaires \/ fourgon\"><img decoding=\"async\" src=\"https:\/\/www.wenger-basel.ch\/wp-content\/uploads\/2023\/11\/master-aluca-schreiner-2-800x600.jpg\" alt=\"V\u00e9hicule entretenu par Wenger AG Basel, d\u00e9partement Arrimage \/ s\u00e9curisation du chargement\/Am\u00e9nagement int\u00e9rieur d&#039;utilitaires \/ fourgon\"><\/a><\/figure><\/div><div class=\"thumbnail aufbauten\"><figure class=\"post-attachment mime-image-jpeg\"><a href=\"https:\/\/www.wenger-basel.ch\/wp-content\/uploads\/2023\/04\/kran-aufbau-0555-800x535.jpg\" class=\"galery_link\" data-fancybox=\"group_0\" title=\"Krahn Aufbau - Nutzfahrzeugen\"><img decoding=\"async\" src=\"https:\/\/www.wenger-basel.ch\/wp-content\/uploads\/2023\/04\/kran-aufbau-0555-800x535.jpg\" alt=\"Krahn Aufbau - Nutzfahrzeugen\"><\/a><\/figure><\/div><\/div><\/div>[\/vc_column_text][\/vc_column][\/vc_row]\n","protected":false},"excerpt":{"rendered":"<p>[vc_row type=&#8221;in_container&#8221; full_screen_row_position=&#8221;middle&#8221; column_margin=&#8221;default&#8221; column_direction=&#8221;default&#8221; column_direction_tablet=&#8221;default&#8221; column_direction_phone=&#8221;default&#8221; scene_position=&#8221;center&#8221; top_padding_phone=&#8221;30&#8243; text_color=&#8221;dark&#8221; text_align=&#8221;left&#8221; row_border_radius=&#8221;none&#8221; row_border_radius_applies=&#8221;bg&#8221; overflow=&#8221;visible&#8221; overlay_strength=&#8221;0.3&#8243; gradient_direction=&#8221;left_to_right&#8221; shape_divider_position=&#8221;bottom&#8221; bg_image_animation=&#8221;none&#8221; gradient_type=&#8221;default&#8221; shape_type=&#8221;&#8221;][vc_column column_padding=&#8221;no-extra-padding&#8221; column_padding_tablet=&#8221;inherit&#8221; column_padding_phone=&#8221;inherit&#8221; column_padding_position=&#8221;all&#8221; column_element_direction_desktop=&#8221;default&#8221; column_element_spacing=&#8221;default&#8221; desktop_text_alignment=&#8221;default&#8221; tablet_text_alignment=&#8221;default&#8221; phone_text_alignment=&#8221;default&#8221; background_color_opacity=&#8221;1&#8243;&#8230;<\/p>\n","protected":false},"author":6,"featured_media":0,"parent":0,"menu_order":0,"comment_status":"closed","ping_status":"closed","template":"","meta":{"_acf_changed":false,"footnotes":""},"categories":[],"tags":[],"class_list":["post-6644","page","type-page","status-publish"],"acf":[],"yoast_head":"<!-- This site is optimized with the Yoast SEO plugin v27.5 - https:\/\/yoast.com\/product\/yoast-seo-wordpress\/ -->\n<title>Am\u00e9nagements - Wenger Carrosserie\/Fahrzeugbau AG<\/title>\n<meta name=\"robots\" content=\"index, follow, max-snippet:-1, max-image-preview:large, max-video-preview:-1\" \/>\n<link rel=\"canonical\" href=\"https:\/\/www.wenger-basel.ch\/fr\/amenagements\/\" \/>\n<meta property=\"og:locale\" content=\"fr_FR\" \/>\n<meta property=\"og:type\" content=\"article\" \/>\n<meta property=\"og:title\" content=\"Am\u00e9nagements - Wenger Carrosserie\/Fahrzeugbau AG\" \/>\n<meta property=\"og:description\" content=\"[vc_row type=&#8221;in_container&#8221; full_screen_row_position=&#8221;middle&#8221; column_margin=&#8221;default&#8221; column_direction=&#8221;default&#8221; column_direction_tablet=&#8221;default&#8221; column_direction_phone=&#8221;default&#8221; scene_position=&#8221;center&#8221; top_padding_phone=&#8221;30&#8243; text_color=&#8221;dark&#8221; text_align=&#8221;left&#8221; row_border_radius=&#8221;none&#8221; row_border_radius_applies=&#8221;bg&#8221; overflow=&#8221;visible&#8221; overlay_strength=&#8221;0.3&#8243; gradient_direction=&#8221;left_to_right&#8221; shape_divider_position=&#8221;bottom&#8221; bg_image_animation=&#8221;none&#8221; gradient_type=&#8221;default&#8221; shape_type=&#8221;&#8221;][vc_column column_padding=&#8221;no-extra-padding&#8221; column_padding_tablet=&#8221;inherit&#8221; column_padding_phone=&#8221;inherit&#8221; column_padding_position=&#8221;all&#8221; column_element_direction_desktop=&#8221;default&#8221; column_element_spacing=&#8221;default&#8221; desktop_text_alignment=&#8221;default&#8221; tablet_text_alignment=&#8221;default&#8221; phone_text_alignment=&#8221;default&#8221; background_color_opacity=&#8221;1&#8243;...\" \/>\n<meta property=\"og:url\" content=\"https:\/\/www.wenger-basel.ch\/fr\/amenagements\/\" \/>\n<meta property=\"og:site_name\" content=\"Wenger Carrosserie\/Fahrzeugbau AG\" \/>\n<meta property=\"article:publisher\" content=\"https:\/\/www.facebook.com\/WengerBasel\" \/>\n<meta property=\"article:modified_time\" content=\"2024-10-14T08:56:08+00:00\" \/>\n<meta property=\"og:image\" content=\"https:\/\/www.wenger-basel.ch\/wp-content\/uploads\/2023\/08\/wenger-basel-empfang.jpg\" \/>\n\t<meta property=\"og:image:width\" content=\"1200\" \/>\n\t<meta property=\"og:image:height\" content=\"790\" \/>\n\t<meta property=\"og:image:type\" content=\"image\/jpeg\" \/>\n<meta name=\"twitter:card\" content=\"summary_large_image\" \/>\n<meta name=\"twitter:label1\" content=\"Est. reading time\" \/>\n\t<meta name=\"twitter:data1\" content=\"12 minutes\" \/>\n<!-- \/ Yoast SEO plugin. -->","yoast_head_json":{"title":"Am\u00e9nagements - Wenger Carrosserie\/Fahrzeugbau AG","robots":{"index":"index","follow":"follow","max-snippet":"max-snippet:-1","max-image-preview":"max-image-preview:large","max-video-preview":"max-video-preview:-1"},"canonical":"https:\/\/www.wenger-basel.ch\/fr\/amenagements\/","og_locale":"fr_FR","og_type":"article","og_title":"Am\u00e9nagements - Wenger Carrosserie\/Fahrzeugbau AG","og_description":"[vc_row type=&#8221;in_container&#8221; full_screen_row_position=&#8221;middle&#8221; column_margin=&#8221;default&#8221; column_direction=&#8221;default&#8221; column_direction_tablet=&#8221;default&#8221; column_direction_phone=&#8221;default&#8221; scene_position=&#8221;center&#8221; top_padding_phone=&#8221;30&#8243; text_color=&#8221;dark&#8221; text_align=&#8221;left&#8221; row_border_radius=&#8221;none&#8221; row_border_radius_applies=&#8221;bg&#8221; overflow=&#8221;visible&#8221; overlay_strength=&#8221;0.3&#8243; gradient_direction=&#8221;left_to_right&#8221; shape_divider_position=&#8221;bottom&#8221; bg_image_animation=&#8221;none&#8221; gradient_type=&#8221;default&#8221; shape_type=&#8221;&#8221;][vc_column column_padding=&#8221;no-extra-padding&#8221; column_padding_tablet=&#8221;inherit&#8221; column_padding_phone=&#8221;inherit&#8221; column_padding_position=&#8221;all&#8221; column_element_direction_desktop=&#8221;default&#8221; column_element_spacing=&#8221;default&#8221; desktop_text_alignment=&#8221;default&#8221; tablet_text_alignment=&#8221;default&#8221; phone_text_alignment=&#8221;default&#8221; background_color_opacity=&#8221;1&#8243;...","og_url":"https:\/\/www.wenger-basel.ch\/fr\/amenagements\/","og_site_name":"Wenger Carrosserie\/Fahrzeugbau AG","article_publisher":"https:\/\/www.facebook.com\/WengerBasel","article_modified_time":"2024-10-14T08:56:08+00:00","og_image":[{"width":1200,"height":790,"url":"https:\/\/www.wenger-basel.ch\/wp-content\/uploads\/2023\/08\/wenger-basel-empfang.jpg","type":"image\/jpeg"}],"twitter_card":"summary_large_image","twitter_misc":{"Est. reading time":"12 minutes"},"schema":{"@context":"https:\/\/schema.org","@graph":[{"@type":"WebPage","@id":"https:\/\/www.wenger-basel.ch\/fr\/amenagements\/","url":"https:\/\/www.wenger-basel.ch\/fr\/amenagements\/","name":"Am\u00e9nagements - Wenger Carrosserie\/Fahrzeugbau AG","isPartOf":{"@id":"https:\/\/www.wenger-basel.ch\/#website"},"datePublished":"2023-03-15T08:06:07+00:00","dateModified":"2024-10-14T08:56:08+00:00","breadcrumb":{"@id":"https:\/\/www.wenger-basel.ch\/fr\/amenagements\/#breadcrumb"},"inLanguage":"fr-CH","potentialAction":[{"@type":"ReadAction","target":["https:\/\/www.wenger-basel.ch\/fr\/amenagements\/"]}]},{"@type":"BreadcrumbList","@id":"https:\/\/www.wenger-basel.ch\/fr\/amenagements\/#breadcrumb","itemListElement":[{"@type":"ListItem","position":1,"name":"Startseite","item":"https:\/\/www.wenger-basel.ch\/fr\/"},{"@type":"ListItem","position":2,"name":"Am\u00e9nagements"}]},{"@type":"WebSite","@id":"https:\/\/www.wenger-basel.ch\/#website","url":"https:\/\/www.wenger-basel.ch\/","name":"WENGER Carrosserie \/ Fahrzeugbau","description":"Best\u00e4ndige Qualit\u00e4t seit 1919","publisher":{"@id":"https:\/\/www.wenger-basel.ch\/#organization"},"potentialAction":[{"@type":"SearchAction","target":{"@type":"EntryPoint","urlTemplate":"https:\/\/www.wenger-basel.ch\/?s={search_term_string}"},"query-input":{"@type":"PropertyValueSpecification","valueRequired":true,"valueName":"search_term_string"}}],"inLanguage":"fr-CH"},{"@type":"Organization","@id":"https:\/\/www.wenger-basel.ch\/#organization","name":"WENGER Carrosserie \/ Fahrzeugbau","url":"https:\/\/www.wenger-basel.ch\/","logo":{"@type":"ImageObject","inLanguage":"fr-CH","@id":"https:\/\/www.wenger-basel.ch\/#\/schema\/logo\/image\/","url":"https:\/\/www.wenger-basel.ch\/wp-content\/uploads\/2023\/08\/wenger-logo-1919-large.png","contentUrl":"https:\/\/www.wenger-basel.ch\/wp-content\/uploads\/2023\/08\/wenger-logo-1919-large.png","width":696,"height":499,"caption":"WENGER Carrosserie \/ Fahrzeugbau"},"image":{"@id":"https:\/\/www.wenger-basel.ch\/#\/schema\/logo\/image\/"},"sameAs":["https:\/\/www.facebook.com\/WengerBasel"]}]}},"_links":{"self":[{"href":"https:\/\/www.wenger-basel.ch\/fr\/wp-json\/wp\/v2\/pages\/6644","targetHints":{"allow":["GET"]}}],"collection":[{"href":"https:\/\/www.wenger-basel.ch\/fr\/wp-json\/wp\/v2\/pages"}],"about":[{"href":"https:\/\/www.wenger-basel.ch\/fr\/wp-json\/wp\/v2\/types\/page"}],"author":[{"embeddable":true,"href":"https:\/\/www.wenger-basel.ch\/fr\/wp-json\/wp\/v2\/users\/6"}],"replies":[{"embeddable":true,"href":"https:\/\/www.wenger-basel.ch\/fr\/wp-json\/wp\/v2\/comments?post=6644"}],"version-history":[{"count":0,"href":"https:\/\/www.wenger-basel.ch\/fr\/wp-json\/wp\/v2\/pages\/6644\/revisions"}],"wp:attachment":[{"href":"https:\/\/www.wenger-basel.ch\/fr\/wp-json\/wp\/v2\/media?parent=6644"}],"wp:term":[{"taxonomy":"category","embeddable":true,"href":"https:\/\/www.wenger-basel.ch\/fr\/wp-json\/wp\/v2\/categories?post=6644"},{"taxonomy":"post_tag","embeddable":true,"href":"https:\/\/www.wenger-basel.ch\/fr\/wp-json\/wp\/v2\/tags?post=6644"}],"curies":[{"name":"wp","href":"https:\/\/api.w.org\/{rel}","templated":true}]}}