{"id":6667,"date":"2023-03-15T09:04:52","date_gmt":"2023-03-15T08:04:52","guid":{"rendered":"https:\/\/www.wenger-basel.ch\/peindre\/"},"modified":"2024-07-19T14:36:41","modified_gmt":"2024-07-19T12:36:41","slug":"peinture","status":"publish","type":"page","link":"https:\/\/www.wenger-basel.ch\/fr\/peinture\/","title":{"rendered":"Peinture"},"content":{"rendered":"[vc_row type=&#8221;in_container&#8221; full_screen_row_position=&#8221;middle&#8221; column_margin=&#8221;default&#8221; column_direction=&#8221;default&#8221; column_direction_tablet=&#8221;default&#8221; column_direction_phone=&#8221;default&#8221; scene_position=&#8221;center&#8221; top_padding_phone=&#8221;40&#8243; text_color=&#8221;dark&#8221; text_align=&#8221;left&#8221; row_border_radius=&#8221;none&#8221; row_border_radius_applies=&#8221;bg&#8221; overflow=&#8221;visible&#8221; overlay_strength=&#8221;0.3&#8243; gradient_direction=&#8221;left_to_right&#8221; shape_divider_position=&#8221;bottom&#8221; bg_image_animation=&#8221;none&#8221; gradient_type=&#8221;default&#8221; shape_type=&#8221;&#8221;][vc_column column_padding=&#8221;no-extra-padding&#8221; column_padding_tablet=&#8221;inherit&#8221; column_padding_phone=&#8221;inherit&#8221; column_padding_position=&#8221;all&#8221; column_element_direction_desktop=&#8221;default&#8221; column_element_spacing=&#8221;default&#8221; desktop_text_alignment=&#8221;default&#8221; tablet_text_alignment=&#8221;default&#8221; phone_text_alignment=&#8221;default&#8221; background_color_opacity=&#8221;1&#8243; background_hover_color_opacity=&#8221;1&#8243; column_backdrop_filter=&#8221;none&#8221; column_shadow=&#8221;none&#8221; column_border_radius=&#8221;none&#8221; column_link_target=&#8221;_self&#8221; column_position=&#8221;default&#8221; gradient_direction=&#8221;left_to_right&#8221; overlay_strength=&#8221;0.3&#8243; width=&#8221;1\/1&#8243; tablet_width_inherit=&#8221;default&#8221; animation_type=&#8221;default&#8221; bg_image_animation=&#8221;none&#8221; border_type=&#8221;simple&#8221; column_border_width=&#8221;none&#8221; column_border_style=&#8221;solid&#8221;][vc_column_text]\n<h1>Toutes prestations en peinture de carrosserie<\/h1>\n[\/vc_column_text][\/vc_column][\/vc_row][vc_row type=&#8221;in_container&#8221; full_screen_row_position=&#8221;middle&#8221; column_margin=&#8221;default&#8221; column_direction=&#8221;default&#8221; column_direction_tablet=&#8221;default&#8221; column_direction_phone=&#8221;default&#8221; scene_position=&#8221;center&#8221; top_padding_phone=&#8221;40&#8243; text_color=&#8221;dark&#8221; text_align=&#8221;left&#8221; row_border_radius=&#8221;none&#8221; row_border_radius_applies=&#8221;bg&#8221; overflow=&#8221;visible&#8221; overlay_strength=&#8221;0.3&#8243; gradient_direction=&#8221;left_to_right&#8221; shape_divider_position=&#8221;bottom&#8221; bg_image_animation=&#8221;none&#8221; gradient_type=&#8221;default&#8221; shape_type=&#8221;&#8221;][vc_column column_padding=&#8221;no-extra-padding&#8221; column_padding_tablet=&#8221;inherit&#8221; column_padding_phone=&#8221;inherit&#8221; column_padding_position=&#8221;all&#8221; column_element_direction_desktop=&#8221;default&#8221; column_element_spacing=&#8221;default&#8221; desktop_text_alignment=&#8221;default&#8221; tablet_text_alignment=&#8221;default&#8221; phone_text_alignment=&#8221;default&#8221; background_color_opacity=&#8221;1&#8243; background_hover_color_opacity=&#8221;1&#8243; column_backdrop_filter=&#8221;none&#8221; column_shadow=&#8221;none&#8221; column_border_radius=&#8221;none&#8221; column_link_target=&#8221;_self&#8221; column_position=&#8221;default&#8221; gradient_direction=&#8221;left_to_right&#8221; overlay_strength=&#8221;0.3&#8243; width=&#8221;2\/3&#8243; tablet_width_inherit=&#8221;default&#8221; animation_type=&#8221;default&#8221; bg_image_animation=&#8221;none&#8221; border_type=&#8221;simple&#8221; column_border_width=&#8221;none&#8221; column_border_style=&#8221;solid&#8221;][vc_column_text css=&#8221;&#8221; text_direction=&#8221;default&#8221;]Notre atelier de peinture propose des services professionnels en peinture automobile ! Notre objectif est de <strong>r\u00e9parer rapidement et avec la plus grande qualit\u00e9 les dommages caus\u00e9s \u00e0 la peinture des v\u00e9hicules<\/strong>. Gr\u00e2ce \u00e0 des <strong>m\u00e9thodes de peinture sp\u00e9ciales<\/strong> et <strong>des produits de haute qualit\u00e9<\/strong>, nous faisons dispara\u00eetre les d\u00e9g\u00e2ts de peinture sur votre voiture lors d&#8217;accidents, mais \u00e9galement sur vos utilitaires-v\u00e9hicules professionnels, comme sur des petits d\u00e9g\u00e2ts. Faites confiance \u00e0 notre <strong>expertise pour un r\u00e9sultat final parfait<\/strong>. D\u00e9couvrez nos peintures pour v\u00e9hicules respectueuses de l&#8217;environnement pour un aspect \u00e9clatant ![\/vc_column_text][\/vc_column][vc_column column_padding=&#8221;no-extra-padding&#8221; column_padding_tablet=&#8221;inherit&#8221; column_padding_phone=&#8221;inherit&#8221; column_padding_position=&#8221;all&#8221; column_element_direction_desktop=&#8221;default&#8221; column_element_spacing=&#8221;default&#8221; desktop_text_alignment=&#8221;default&#8221; tablet_text_alignment=&#8221;default&#8221; phone_text_alignment=&#8221;default&#8221; background_color_opacity=&#8221;1&#8243; background_hover_color_opacity=&#8221;1&#8243; column_backdrop_filter=&#8221;none&#8221; column_shadow=&#8221;none&#8221; column_border_radius=&#8221;none&#8221; column_link_target=&#8221;_self&#8221; column_position=&#8221;default&#8221; gradient_direction=&#8221;left_to_right&#8221; overlay_strength=&#8221;0.3&#8243; width=&#8221;1\/3&#8243; tablet_width_inherit=&#8221;default&#8221; animation_type=&#8221;default&#8221; bg_image_animation=&#8221;none&#8221; border_type=&#8221;simple&#8221; column_border_width=&#8221;none&#8221; column_border_style=&#8221;solid&#8221;][vc_video link=&#8221;https:\/\/youtu.be\/jnnBLDWxKT0&#8243;][\/vc_column][\/vc_row][vc_row type=&#8221;in_container&#8221; full_screen_row_position=&#8221;middle&#8221; column_margin=&#8221;default&#8221; column_direction=&#8221;default&#8221; column_direction_tablet=&#8221;default&#8221; column_direction_phone=&#8221;default&#8221; scene_position=&#8221;center&#8221; text_color=&#8221;dark&#8221; text_align=&#8221;left&#8221; row_border_radius=&#8221;none&#8221; row_border_radius_applies=&#8221;bg&#8221; overflow=&#8221;visible&#8221; overlay_strength=&#8221;0.3&#8243; gradient_direction=&#8221;left_to_right&#8221; shape_divider_position=&#8221;bottom&#8221; bg_image_animation=&#8221;none&#8221;][vc_column column_padding=&#8221;padding-3-percent&#8221; column_padding_tablet=&#8221;inherit&#8221; column_padding_phone=&#8221;no-extra-padding&#8221; column_padding_position=&#8221;right&#8221; column_element_direction_desktop=&#8221;default&#8221; column_element_spacing=&#8221;default&#8221; desktop_text_alignment=&#8221;default&#8221; tablet_text_alignment=&#8221;default&#8221; phone_text_alignment=&#8221;default&#8221; background_color_opacity=&#8221;1&#8243; background_hover_color_opacity=&#8221;1&#8243; column_backdrop_filter=&#8221;none&#8221; column_shadow=&#8221;none&#8221; column_border_radius=&#8221;none&#8221; column_link_target=&#8221;_self&#8221; column_position=&#8221;default&#8221; gradient_direction=&#8221;left_to_right&#8221; overlay_strength=&#8221;0.3&#8243; width=&#8221;2\/3&#8243; tablet_width_inherit=&#8221;default&#8221; animation_type=&#8221;default&#8221; bg_image_animation=&#8221;none&#8221; border_type=&#8221;simple&#8221; column_border_width=&#8221;none&#8221; column_border_style=&#8221;solid&#8221; column_padding_type=&#8221;default&#8221; gradient_type=&#8221;default&#8221;][vc_column_text css=&#8221;&#8221; text_direction=&#8221;default&#8221;]\n<h2>Nos prestations en peinture de carrosserie<\/h2>\n<h3>Faite v\u00e9rifier l\u2019int\u00e9grit\u00e9 de votre peinture<\/h3>\n<p>Faites contr\u00f4ler votre voiture aupr\u00e8s de notre atelier d\u00e9di\u00e9 apr\u00e8s un accident, avant que des dommages cons\u00e9cutifs ne surviennent.<br \/>\nAfin de <strong>pr\u00e9venir la corrosion<\/strong>, vous devez absolument vous rendre dans nos ateliers en cas de dommage. Nous <strong>contr\u00f4lons les dommages<\/strong> afin d&#8217;\u00e9valuer si et sous quelle forme une peinture accident\u00e9e doit \u00eatre appliqu\u00e9e. Il est possible qu&#8217;un dommage \u00e0 la carrosserie <strong>entra\u00eene une infiltration d&#8217;humidit\u00e9<\/strong> \u00e0 travers la couche de finition endommag\u00e9e. L&#8217;infiltration de la peinture peut entra\u00eener de la <strong>corrosion<\/strong>. Cela peut d\u00e9j\u00e0 se produire lors d&#8217;un <strong>impact de pierres<\/strong>, par exemple sur le capot. Nous nous ferons un plaisir d&#8217;inspecter les d\u00e9g\u00e2ts de la carrosserie de votre voiture et de vous <strong>proposer des solutions adapt\u00e9es<\/strong>.<\/p>\n<h3>Un soulagement avec notre gestion des sinistres<\/h3>\n<p>Les accidents ne peuvent pas seulement provoquer des <strong>frais \u00e9lev\u00e9s en r\u00e9paration, mais aussi un consid\u00e9rable travail administratif<\/strong> avec l\u2019assurance. Le service que nous vous proposons volontiers est la <strong>prise en charge des formalit\u00e9s administrative et de vous d\u00e9lester de cette corv\u00e9e<\/strong>. La seule chose obligatoire que vous aurez \u00e0 faire au pr\u00e9alable, sera de <strong>d\u00e9clarer votre sinistre \u00e0 l\u2019assurance<\/strong>. Nous nous chargerons par la suite de <strong>prendre le relais pour tous les \u00e9changes administratifs<\/strong>.<\/p>\n<h3>Apr\u00e8s r\u00e9paration \u00e0 nouveau une peinture parfaite<\/h3>\n<p>Retrouvez un v\u00e9hicule <strong>parfaitement peint<\/strong> malgr\u00e9 les dommages caus\u00e9s par l&#8217;accident. Lors de celui-ci, la peinture est g\u00e9n\u00e9ralement aussi touch\u00e9e. Il n&#8217;est alors g\u00e9n\u00e9ralement <strong>plus possible d&#8217;effectuer un simple gommage sans r\u00e9paration<\/strong> de la peinture. C&#8217;est pourquoi des <strong>pi\u00e8ces enti\u00e8res de la carrosserie doivent \u00eatre enti\u00e8rement peintes<\/strong>. Une peinture parfaite, <strong>sans diff\u00e9rence de teinte<\/strong> avec le reste de la carrosserie, est facile \u00e0 obtenir avec des <strong>produits de qualit\u00e9 et les bons outils<\/strong>.<\/p>\n<h2>Peinture pour petits d\u00e9g\u00e2ts<\/h2>\n<p>L\u2019intervention pour repeindre des petits d\u00e9g\u00e2ts <strong>ne doit pas \u00eatre obligatoirement on\u00e9reuse<\/strong>. Imaginez une m\u00e9thode de r\u00e9paration qui vous permette d&#8217;<strong>\u00e9liminer \u00e0 peu de frais les petites rayures g\u00eanantes<\/strong> sur la carrosserie dans une qualit\u00e9 irr\u00e9prochable. L&#8217;endroit endommag\u00e9 ne doit toutefois <strong>pas \u00eatre plus grand que le format A3<\/strong>. La d\u00e9signation DinA3 ne se r\u00e9f\u00e8re pas \u00e0 la taille du dommage, mais \u00e0 la surface compl\u00e8te \u00e0 traiter. Par exemple, une <strong>surface compl\u00e8te \u00e0 traiter de taille A4 correspond \u00e0 un dommage d&#8217;environ 10 cm de diam\u00e8tre<\/strong>. Le dommage ne doit pas non plus se situer sur les surfaces centrales du toit et du capot.<\/p>\n<p>Restituez votre v\u00e9hicule <strong>en parfait \u00e9tat \u00e0 la soci\u00e9t\u00e9 de leasing<\/strong>. Avec la r\u00e9paration des petits dommages, nous vous permettons de rendre votre v\u00e9hicule de leasing \u00e0 la soci\u00e9t\u00e9 de leasing avec un <strong>aspect ext\u00e9rieur parfait<\/strong>. Vous vous \u00e9pargnez ainsi les co\u00fbteuses d\u00e9ductions cosm\u00e9tiques qui vous sont factur\u00e9es par le propri\u00e9taire du v\u00e9hicule pour les dommages correspondants lors de la restitution.<\/p>\n<p>En tant que <strong>membre du r\u00e9seau<\/strong> car4rep, vous b\u00e9n\u00e9ficiez chez nous de <strong>petits travaux de peinture \u00e0 prix fixe<\/strong>. Laissez-nous vous conseiller sans engagement ou fixez tout de suite un rendez-vous.<\/p>\n<h2>Peinture de v\u00e9hicules utilitaires<\/h2>\n<p>Pr\u00e9sentez votre entreprise d\u2019une mani\u00e8re impeccable \u00e0 votre client\u00e8le. Wenger et son service de peinture pour v\u00e9hicules utilitaires veillent \u00e0 ce que votre <strong>parc de v\u00e9hicules soit impeccable<\/strong> et que vous puissiez transmettre le bon message \u00e0 vos clients avec une pr\u00e9sentation propre. Nous vous proposons volontiers une <strong>solution \u00e9conomique pour l&#8217;\u00e9limination des bosses et des rayures g\u00eanantes<\/strong>, pour une pr\u00e9sentation parfaite \u00e0 vos interlocuteurs.<\/p>\n<p>L&#8217;<strong>infrastructure<\/strong> parfaite pour vos v\u00e9hicules parfaits. <strong>Plusieurs cabines de peinture modernes<\/strong> permettent de transformer vos id\u00e9es de <strong>design en r\u00e9alit\u00e9 ou de remettre en \u00e9tat les v\u00e9hicules<\/strong> dont la peinture est endommag\u00e9e, afin que vous disposiez d&#8217;un parc de v\u00e9hicules <strong>parfait et uniforme. Une cabine de peinture de 14 m\u00e8tres<\/strong> de long, entre autres, permet de r\u00e9aliser sans probl\u00e8me des <strong>projets et des r\u00e9parations sur de gros camions<\/strong>. L&#8217;infrastructure de l&#8217;atelier de peinture offre tous les <strong>outils et installations n\u00e9cessaires<\/strong> pour une peinture rationnelle et de qualit\u00e9. Nos collaborateurs sont <strong>form\u00e9s aux exigences sp\u00e9cifiques de la peinture de v\u00e9hicules utilitaires<\/strong> et vous permettent d&#8217;obtenir un r\u00e9sultat final impeccable avec lequel vous pourrez vous faire remarquer par vos clients.[\/vc_column_text][\/vc_column][vc_column column_padding=&#8221;no-extra-padding&#8221; column_padding_tablet=&#8221;inherit&#8221; column_padding_phone=&#8221;inherit&#8221; column_padding_position=&#8221;all&#8221; column_element_direction_desktop=&#8221;default&#8221; column_element_spacing=&#8221;default&#8221; desktop_text_alignment=&#8221;default&#8221; tablet_text_alignment=&#8221;default&#8221; phone_text_alignment=&#8221;default&#8221; background_color_opacity=&#8221;1&#8243; background_hover_color_opacity=&#8221;1&#8243; column_backdrop_filter=&#8221;none&#8221; column_shadow=&#8221;none&#8221; column_border_radius=&#8221;none&#8221; column_link_target=&#8221;_self&#8221; column_position=&#8221;default&#8221; gradient_direction=&#8221;left_to_right&#8221; overlay_strength=&#8221;0.3&#8243; width=&#8221;1\/3&#8243; tablet_width_inherit=&#8221;default&#8221; animation_type=&#8221;default&#8221; bg_image_animation=&#8221;none&#8221; border_type=&#8221;simple&#8221; column_border_width=&#8221;none&#8221; column_border_style=&#8221;solid&#8221;][image_with_animation image_url=&#8221;747&#8243; image_size=&#8221;full&#8221; animation_type=&#8221;entrance&#8221; animation=&#8221;None&#8221; animation_movement_type=&#8221;transform_y&#8221; hover_animation=&#8221;none&#8221; alignment=&#8221;&#8221; border_radius=&#8221;3px&#8221; box_shadow=&#8221;small_depth&#8221; image_loading=&#8221;default&#8221; max_width=&#8221;100%&#8221; max_width_mobile=&#8221;default&#8221;][image_with_animation image_url=&#8221;3106&#8243; image_size=&#8221;full&#8221; animation_type=&#8221;entrance&#8221; animation=&#8221;None&#8221; animation_movement_type=&#8221;transform_y&#8221; hover_animation=&#8221;none&#8221; alignment=&#8221;&#8221; border_radius=&#8221;3px&#8221; box_shadow=&#8221;small_depth&#8221; image_loading=&#8221;default&#8221; max_width=&#8221;100%&#8221; max_width_mobile=&#8221;default&#8221;][image_with_animation image_url=&#8221;4836&#8243; image_size=&#8221;full&#8221; animation_type=&#8221;entrance&#8221; animation=&#8221;None&#8221; animation_movement_type=&#8221;transform_y&#8221; hover_animation=&#8221;none&#8221; alignment=&#8221;&#8221; border_radius=&#8221;3px&#8221; box_shadow=&#8221;small_depth&#8221; image_loading=&#8221;default&#8221; max_width=&#8221;100%&#8221; max_width_mobile=&#8221;default&#8221;][image_with_animation image_url=&#8221;4641&#8243; image_size=&#8221;full&#8221; animation_type=&#8221;entrance&#8221; animation=&#8221;None&#8221; animation_movement_type=&#8221;transform_y&#8221; hover_animation=&#8221;none&#8221; alignment=&#8221;&#8221; border_radius=&#8221;3px&#8221; box_shadow=&#8221;small_depth&#8221; image_loading=&#8221;default&#8221; max_width=&#8221;100%&#8221; max_width_mobile=&#8221;default&#8221;][image_with_animation image_url=&#8221;791&#8243; image_size=&#8221;full&#8221; animation_type=&#8221;entrance&#8221; animation=&#8221;None&#8221; animation_movement_type=&#8221;transform_y&#8221; hover_animation=&#8221;none&#8221; alignment=&#8221;&#8221; border_radius=&#8221;3px&#8221; box_shadow=&#8221;small_depth&#8221; image_loading=&#8221;default&#8221; max_width=&#8221;100%&#8221; max_width_mobile=&#8221;default&#8221;][\/vc_column][\/vc_row][vc_row type=&#8221;in_container&#8221; full_screen_row_position=&#8221;middle&#8221; column_margin=&#8221;default&#8221; column_direction=&#8221;default&#8221; column_direction_tablet=&#8221;default&#8221; column_direction_phone=&#8221;default&#8221; scene_position=&#8221;center&#8221; text_color=&#8221;dark&#8221; text_align=&#8221;left&#8221; row_border_radius=&#8221;none&#8221; row_border_radius_applies=&#8221;bg&#8221; overflow=&#8221;visible&#8221; overlay_strength=&#8221;0.3&#8243; gradient_direction=&#8221;left_to_right&#8221; shape_divider_position=&#8221;bottom&#8221; bg_image_animation=&#8221;none&#8221;][vc_column column_padding=&#8221;no-extra-padding&#8221; column_padding_tablet=&#8221;inherit&#8221; column_padding_phone=&#8221;inherit&#8221; column_padding_position=&#8221;all&#8221; column_element_direction_desktop=&#8221;default&#8221; column_element_spacing=&#8221;default&#8221; desktop_text_alignment=&#8221;default&#8221; tablet_text_alignment=&#8221;default&#8221; phone_text_alignment=&#8221;default&#8221; background_color_opacity=&#8221;1&#8243; background_hover_color_opacity=&#8221;1&#8243; column_backdrop_filter=&#8221;none&#8221; column_shadow=&#8221;none&#8221; column_border_radius=&#8221;none&#8221; column_link_target=&#8221;_self&#8221; column_position=&#8221;default&#8221; gradient_direction=&#8221;left_to_right&#8221; overlay_strength=&#8221;0.3&#8243; width=&#8221;1\/1&#8243; tablet_width_inherit=&#8221;default&#8221; animation_type=&#8221;default&#8221; bg_image_animation=&#8221;none&#8221; border_type=&#8221;simple&#8221; column_border_width=&#8221;none&#8221; column_border_style=&#8221;solid&#8221;][nectar_global_section id=&#8221;3517&#8243;][\/vc_column][\/vc_row][vc_row type=&#8221;in_container&#8221; full_screen_row_position=&#8221;middle&#8221; column_margin=&#8221;default&#8221; column_direction=&#8221;default&#8221; column_direction_tablet=&#8221;default&#8221; column_direction_phone=&#8221;default&#8221; scene_position=&#8221;center&#8221; text_color=&#8221;dark&#8221; text_align=&#8221;left&#8221; row_border_radius=&#8221;none&#8221; row_border_radius_applies=&#8221;bg&#8221; overflow=&#8221;visible&#8221; overlay_strength=&#8221;0.3&#8243; gradient_direction=&#8221;left_to_right&#8221; shape_divider_position=&#8221;bottom&#8221; bg_image_animation=&#8221;none&#8221;][vc_column column_padding=&#8221;no-extra-padding&#8221; column_padding_tablet=&#8221;inherit&#8221; column_padding_phone=&#8221;inherit&#8221; column_padding_position=&#8221;all&#8221; column_element_direction_desktop=&#8221;default&#8221; column_element_spacing=&#8221;default&#8221; desktop_text_alignment=&#8221;default&#8221; tablet_text_alignment=&#8221;default&#8221; phone_text_alignment=&#8221;default&#8221; background_color_opacity=&#8221;1&#8243; background_hover_color_opacity=&#8221;1&#8243; column_backdrop_filter=&#8221;none&#8221; column_shadow=&#8221;none&#8221; column_border_radius=&#8221;none&#8221; column_link_target=&#8221;_self&#8221; column_position=&#8221;default&#8221; gradient_direction=&#8221;left_to_right&#8221; overlay_strength=&#8221;0.3&#8243; width=&#8221;1\/1&#8243; tablet_width_inherit=&#8221;default&#8221; animation_type=&#8221;default&#8221; bg_image_animation=&#8221;none&#8221; border_type=&#8221;simple&#8221; column_border_width=&#8221;none&#8221; column_border_style=&#8221;solid&#8221;][vc_column_text]<div class=\"galerie_wrapper\"><div class=\"galerie_wrapper_title\"><h2>Galerie \"Peinture automobile\"<\/h2><\/div><div class=\"liste_medias\"><div class=\"thumbnail video\"><figure class=\"post-video\"><a href=\"https:\/\/www.youtube.com\/embed\/VhK7T9HlNss?rel=0\" class=\"galery_link galery_video_link\" data-fancybox=\"group_0\" data-type=\"iframe\" title=\"Carrosserie Lackiererei 0&#8217;21&#8221;\"><img decoding=\"async\" src=\"https:\/\/img.youtube.com\/vi\/VhK7T9HlNss\/hqdefault.jpg\" alt=\"Carrosserie Lackiererei 0&#8217;21&#8221;\"><span class=\"video_play_button\"><\/span><\/a><\/figure><\/div><div class=\"thumbnail unfalllackierung\"><figure class=\"post-attachment mime-image-jpeg\"><a href=\"https:\/\/www.wenger-basel.ch\/wp-content\/uploads\/2023\/04\/unfalllackierung-18-800x533.jpg\" class=\"galery_link\" data-fancybox=\"group_0\" title=\"Unfalllackierung\"><img decoding=\"async\" src=\"https:\/\/www.wenger-basel.ch\/wp-content\/uploads\/2023\/04\/unfalllackierung-18-800x533.jpg\" alt=\"Unfalllackierung\"><\/a><\/figure><\/div><div class=\"thumbnail unfalllackierung\"><figure class=\"post-attachment mime-image-jpeg\"><a href=\"https:\/\/www.wenger-basel.ch\/wp-content\/uploads\/2023\/04\/unfalllackierung-4-800x533.jpg\" class=\"galery_link\" data-fancybox=\"group_0\" title=\"Unfalllackierung\"><img decoding=\"async\" src=\"https:\/\/www.wenger-basel.ch\/wp-content\/uploads\/2023\/04\/unfalllackierung-4-800x533.jpg\" alt=\"Unfalllackierung\"><\/a><\/figure><\/div><div class=\"thumbnail kleinschadenlackierung\"><figure class=\"post-attachment mime-image-jpeg\"><a href=\"https:\/\/www.wenger-basel.ch\/wp-content\/uploads\/2023\/08\/Kleinschadenlackierung-18.jpg\" class=\"galery_link\" data-fancybox=\"group_0\" title=\"Kleinschadenlackierung\"><img decoding=\"async\" src=\"https:\/\/www.wenger-basel.ch\/wp-content\/uploads\/2023\/08\/Kleinschadenlackierung-18.jpg\" alt=\"Kleinschadenlackierung\"><\/a><\/figure><\/div><div class=\"thumbnail unfalllackierung\"><figure class=\"post-attachment mime-image-jpeg\"><a href=\"https:\/\/www.wenger-basel.ch\/wp-content\/uploads\/2023\/04\/unfalllackierung-14-800x533.jpg\" class=\"galery_link\" data-fancybox=\"group_0\" title=\"Unfalllackierung\"><img decoding=\"async\" src=\"https:\/\/www.wenger-basel.ch\/wp-content\/uploads\/2023\/04\/unfalllackierung-14-800x533.jpg\" alt=\"Unfalllackierung\"><\/a><\/figure><\/div><div class=\"thumbnail unfalllackierung\"><figure class=\"post-attachment mime-image-jpeg\"><a href=\"https:\/\/www.wenger-basel.ch\/wp-content\/uploads\/2023\/04\/unfalllackierung-9-800x533.jpg\" class=\"galery_link\" data-fancybox=\"group_0\" title=\"Unfalllackierung\"><img decoding=\"async\" src=\"https:\/\/www.wenger-basel.ch\/wp-content\/uploads\/2023\/04\/unfalllackierung-9-800x533.jpg\" alt=\"Unfalllackierung\"><\/a><\/figure><\/div><div class=\"thumbnail lackieren\"><figure class=\"post-attachment mime-image-jpeg\"><a href=\"https:\/\/www.wenger-basel.ch\/wp-content\/uploads\/2024\/04\/LKW-lackierung-800x600.jpg\" class=\"galery_link\" data-fancybox=\"group_0\" title=\"V\u00e9hicule entretenu par Wenger AG Basel, d\u00e9partement Peinture de v\u00e9hicules utilitaires\/Peinture automobile\"><img decoding=\"async\" src=\"https:\/\/www.wenger-basel.ch\/wp-content\/uploads\/2024\/04\/LKW-lackierung-800x600.jpg\" alt=\"V\u00e9hicule entretenu par Wenger AG Basel, d\u00e9partement Peinture de v\u00e9hicules utilitaires\/Peinture automobile\"><\/a><\/figure><\/div><div class=\"thumbnail nutzfahrzeug-lackierung\"><figure class=\"post-attachment mime-image-jpeg\"><a href=\"https:\/\/www.wenger-basel.ch\/wp-content\/uploads\/2025\/04\/nutz-lackierung-braun-2-450x600.jpg\" class=\"galery_link\" data-fancybox=\"group_0\" title=\"V\u00e9hicule entretenu par Wenger AG Basel, d\u00e9partement \/Peinture de v\u00e9hicules utilitaires\"><img decoding=\"async\" src=\"https:\/\/www.wenger-basel.ch\/wp-content\/uploads\/2025\/04\/nutz-lackierung-braun-2-450x600.jpg\" alt=\"V\u00e9hicule entretenu par Wenger AG Basel, d\u00e9partement \/Peinture de v\u00e9hicules utilitaires\"><\/a><\/figure><\/div><div class=\"thumbnail kleinschadenlackierung\"><figure class=\"post-attachment mime-image-jpeg\"><a href=\"https:\/\/www.wenger-basel.ch\/wp-content\/uploads\/2024\/03\/bmw-pinsel-800x600.jpg\" class=\"galery_link\" data-fancybox=\"group_0\" title=\"BMW V\u00e9hicule entretenu par Wenger AG Basel, d\u00e9partement \/Petits travaux de peinture\"><img decoding=\"async\" src=\"https:\/\/www.wenger-basel.ch\/wp-content\/uploads\/2024\/03\/bmw-pinsel-800x600.jpg\" alt=\"BMW V\u00e9hicule entretenu par Wenger AG Basel, d\u00e9partement \/Petits travaux de peinture\"><\/a><\/figure><\/div><div class=\"thumbnail nutzfahrzeug-lackierung\"><figure class=\"post-attachment mime-image-jpeg\"><a href=\"https:\/\/www.wenger-basel.ch\/wp-content\/uploads\/2025\/07\/wurtzel-800x600.jpg\" class=\"galery_link\" data-fancybox=\"group_0\" title=\"V\u00e9hicule entretenu par Wenger AG Basel, d\u00e9partement \/Peinture de v\u00e9hicules utilitaires\"><img decoding=\"async\" src=\"https:\/\/www.wenger-basel.ch\/wp-content\/uploads\/2025\/07\/wurtzel-800x600.jpg\" alt=\"V\u00e9hicule entretenu par Wenger AG Basel, d\u00e9partement \/Peinture de v\u00e9hicules utilitaires\"><\/a><\/figure><\/div><div class=\"thumbnail lackieren\"><figure class=\"post-attachment mime-image-jpeg\"><a href=\"https:\/\/www.wenger-basel.ch\/wp-content\/uploads\/2024\/02\/tape-schwartz-800x600.jpg\" class=\"galery_link\" data-fancybox=\"group_0\" title=\"V\u00e9hicule entretenu par Wenger AG Basel, d\u00e9partement Peinture apr\u00e8s accident\/Peinture automobile\"><img decoding=\"async\" src=\"https:\/\/www.wenger-basel.ch\/wp-content\/uploads\/2024\/02\/tape-schwartz-800x600.jpg\" alt=\"V\u00e9hicule entretenu par Wenger AG Basel, d\u00e9partement Peinture apr\u00e8s accident\/Peinture automobile\"><\/a><\/figure><\/div><div class=\"thumbnail kleinschadenlackierung\"><figure class=\"post-attachment mime-image-jpeg\"><a href=\"https:\/\/www.wenger-basel.ch\/wp-content\/uploads\/2023\/08\/Kleinschadenlackierung-12.jpg\" class=\"galery_link\" data-fancybox=\"group_0\" title=\"Kleinschadenlackierung\"><img decoding=\"async\" src=\"https:\/\/www.wenger-basel.ch\/wp-content\/uploads\/2023\/08\/Kleinschadenlackierung-12.jpg\" alt=\"Kleinschadenlackierung\"><\/a><\/figure><\/div><div class=\"thumbnail nutzfahrzeug-lackierung\"><figure class=\"post-attachment mime-image-jpeg\"><a href=\"https:\/\/www.wenger-basel.ch\/wp-content\/uploads\/2023\/04\/nutzfahrzeug-lackierung-5-800x600.jpg\" class=\"galery_link\" data-fancybox=\"group_0\" title=\"Nutzfahrzeug-Lackierung\"><img decoding=\"async\" src=\"https:\/\/www.wenger-basel.ch\/wp-content\/uploads\/2023\/04\/nutzfahrzeug-lackierung-5-800x600.jpg\" alt=\"Nutzfahrzeug-Lackierung\"><\/a><\/figure><\/div><div class=\"thumbnail carrosserie\"><figure class=\"post-attachment mime-image-jpeg\"><a href=\"https:\/\/www.wenger-basel.ch\/wp-content\/uploads\/2023\/08\/scania3-450x600.jpg\" class=\"galery_link\" data-fancybox=\"group_0\" title=\"V\u00e9hicule entretenu par Wenger AG Basel, d\u00e9partement Peinture automobile\/Carrosserie g\u00e9n\u00e9rale\"><img decoding=\"async\" src=\"https:\/\/www.wenger-basel.ch\/wp-content\/uploads\/2023\/08\/scania3-450x600.jpg\" alt=\"V\u00e9hicule entretenu par Wenger AG Basel, d\u00e9partement Peinture automobile\/Carrosserie g\u00e9n\u00e9rale\"><\/a><\/figure><\/div><div class=\"thumbnail lackieren\"><figure class=\"post-attachment mime-image-jpeg\"><a href=\"https:\/\/www.wenger-basel.ch\/wp-content\/uploads\/2024\/02\/vorbereitung-2-800x524.jpg\" class=\"galery_link\" data-fancybox=\"group_0\" title=\"V\u00e9hicule entretenu par Wenger AG Basel, d\u00e9partement Peinture apr\u00e8s accident\/Peinture automobile\"><img decoding=\"async\" src=\"https:\/\/www.wenger-basel.ch\/wp-content\/uploads\/2024\/02\/vorbereitung-2-800x524.jpg\" alt=\"V\u00e9hicule entretenu par Wenger AG Basel, d\u00e9partement Peinture apr\u00e8s accident\/Peinture automobile\"><\/a><\/figure><\/div><div class=\"thumbnail unfalllackierung\"><figure class=\"post-attachment mime-image-jpeg\"><a href=\"https:\/\/www.wenger-basel.ch\/wp-content\/uploads\/2023\/06\/lackierung-muster-450x600.jpg\" class=\"galery_link\" data-fancybox=\"group_0\" title=\"V\u00e9hicule entretenu par Wenger AG Basel, d\u00e9partement \/Peinture apr\u00e8s accident\"><img decoding=\"async\" src=\"https:\/\/www.wenger-basel.ch\/wp-content\/uploads\/2023\/06\/lackierung-muster-450x600.jpg\" alt=\"V\u00e9hicule entretenu par Wenger AG Basel, d\u00e9partement \/Peinture apr\u00e8s accident\"><\/a><\/figure><\/div><div class=\"thumbnail kleinschadenlackierung\"><figure class=\"post-attachment mime-image-jpeg\"><a href=\"https:\/\/www.wenger-basel.ch\/wp-content\/uploads\/2023\/08\/Kleinschadenlackierung-8.jpg\" class=\"galery_link\" data-fancybox=\"group_0\" title=\"Kleinschadenlackierung\"><img decoding=\"async\" src=\"https:\/\/www.wenger-basel.ch\/wp-content\/uploads\/2023\/08\/Kleinschadenlackierung-8.jpg\" alt=\"Kleinschadenlackierung\"><\/a><\/figure><\/div><div class=\"thumbnail unfalllackierung\"><figure class=\"post-attachment mime-image-jpeg\"><a href=\"https:\/\/www.wenger-basel.ch\/wp-content\/uploads\/2023\/04\/unfalllackierung-17-800x533.jpg\" class=\"galery_link\" data-fancybox=\"group_0\" title=\"Unfalllackierung\"><img decoding=\"async\" src=\"https:\/\/www.wenger-basel.ch\/wp-content\/uploads\/2023\/04\/unfalllackierung-17-800x533.jpg\" alt=\"Unfalllackierung\"><\/a><\/figure><\/div><div class=\"thumbnail kleinschadenlackierung\"><figure class=\"post-attachment mime-image-jpeg\"><a href=\"https:\/\/www.wenger-basel.ch\/wp-content\/uploads\/2023\/08\/Kleinschadenlackierung-19.jpg\" class=\"galery_link\" data-fancybox=\"group_0\" title=\"Kleinschadenlackierung\"><img decoding=\"async\" src=\"https:\/\/www.wenger-basel.ch\/wp-content\/uploads\/2023\/08\/Kleinschadenlackierung-19.jpg\" alt=\"Kleinschadenlackierung\"><\/a><\/figure><\/div><div class=\"thumbnail carrosserie\"><figure class=\"post-attachment mime-image-jpeg\"><a href=\"https:\/\/www.wenger-basel.ch\/wp-content\/uploads\/2024\/04\/lackier-arbeit-800x600.jpg\" class=\"galery_link\" data-fancybox=\"group_0\" title=\"V\u00e9hicule entretenu par Wenger AG Basel, d\u00e9partement Peinture automobile\/Carrosserie g\u00e9n\u00e9rale\"><img decoding=\"async\" src=\"https:\/\/www.wenger-basel.ch\/wp-content\/uploads\/2024\/04\/lackier-arbeit-800x600.jpg\" alt=\"V\u00e9hicule entretenu par Wenger AG Basel, d\u00e9partement Peinture automobile\/Carrosserie g\u00e9n\u00e9rale\"><\/a><\/figure><\/div><div class=\"thumbnail lackieren\"><figure class=\"post-attachment mime-image-jpeg\"><a href=\"https:\/\/www.wenger-basel.ch\/wp-content\/uploads\/2024\/02\/lackierei-teil-schwartz-800x600.jpg\" class=\"galery_link\" data-fancybox=\"group_0\" title=\"V\u00e9hicule entretenu par Wenger AG Basel, d\u00e9partement Peinture apr\u00e8s accident\/Peinture automobile\"><img decoding=\"async\" src=\"https:\/\/www.wenger-basel.ch\/wp-content\/uploads\/2024\/02\/lackierei-teil-schwartz-800x600.jpg\" alt=\"V\u00e9hicule entretenu par Wenger AG Basel, d\u00e9partement Peinture apr\u00e8s accident\/Peinture automobile\"><\/a><\/figure><\/div><div class=\"thumbnail carrosserie\"><figure class=\"post-attachment mime-image-jpeg\"><a href=\"https:\/\/www.wenger-basel.ch\/wp-content\/uploads\/2023\/05\/reparatur-bmw-800x450.jpg\" class=\"galery_link\" data-fancybox=\"group_0\" title=\"BMW V\u00e9hicule entretenu par Wenger AG Basel, d\u00e9partement Peinture apr\u00e8s accident\/Carrosserie g\u00e9n\u00e9rale\"><img decoding=\"async\" src=\"https:\/\/www.wenger-basel.ch\/wp-content\/uploads\/2023\/05\/reparatur-bmw-800x450.jpg\" alt=\"BMW V\u00e9hicule entretenu par Wenger AG Basel, d\u00e9partement Peinture apr\u00e8s accident\/Carrosserie g\u00e9n\u00e9rale\"><\/a><\/figure><\/div><div class=\"thumbnail carrosserie\"><figure class=\"post-attachment mime-image-jpeg\"><a href=\"https:\/\/www.wenger-basel.ch\/wp-content\/uploads\/2023\/06\/DSC_9317-800x533.jpg\" class=\"galery_link\" data-fancybox=\"group_0\" title=\"Etape de peinture Wenger Carroserie\"><img decoding=\"async\" src=\"https:\/\/www.wenger-basel.ch\/wp-content\/uploads\/2023\/06\/DSC_9317-800x533.jpg\" alt=\"Etape de peinture Wenger Carroserie\"><\/a><\/figure><\/div><div class=\"thumbnail unfalllackierung\"><figure class=\"post-attachment mime-image-jpeg\"><a href=\"https:\/\/www.wenger-basel.ch\/wp-content\/uploads\/2023\/04\/unfalllackierung-16-800x533.jpg\" class=\"galery_link\" data-fancybox=\"group_0\" title=\"Unfalllackierung\"><img decoding=\"async\" src=\"https:\/\/www.wenger-basel.ch\/wp-content\/uploads\/2023\/04\/unfalllackierung-16-800x533.jpg\" alt=\"Unfalllackierung\"><\/a><\/figure><\/div><div class=\"thumbnail unfalllackierung\"><figure class=\"post-attachment mime-image-jpeg\"><a href=\"https:\/\/www.wenger-basel.ch\/wp-content\/uploads\/2023\/04\/unfalllackierung-8-800x533.jpg\" class=\"galery_link\" data-fancybox=\"group_0\" title=\"Unfalllackierung\"><img decoding=\"async\" src=\"https:\/\/www.wenger-basel.ch\/wp-content\/uploads\/2023\/04\/unfalllackierung-8-800x533.jpg\" alt=\"Unfalllackierung\"><\/a><\/figure><\/div><div class=\"thumbnail nutzfahrzeug-lackierung\"><figure class=\"post-attachment mime-image-jpeg\"><a href=\"https:\/\/www.wenger-basel.ch\/wp-content\/uploads\/2023\/04\/nutzfahrzeug-lackierung-060-800x531.jpg\" class=\"galery_link\" data-fancybox=\"group_0\" title=\"Nutzfahrzeug-Lackierung\"><img decoding=\"async\" src=\"https:\/\/www.wenger-basel.ch\/wp-content\/uploads\/2023\/04\/nutzfahrzeug-lackierung-060-800x531.jpg\" alt=\"Nutzfahrzeug-Lackierung\"><\/a><\/figure><\/div><div class=\"thumbnail unfalllackierung\"><figure class=\"post-attachment mime-image-jpeg\"><a href=\"https:\/\/www.wenger-basel.ch\/wp-content\/uploads\/2023\/06\/unfall-lackieren-800x600.jpg\" class=\"galery_link\" data-fancybox=\"group_0\" title=\"Porsche V\u00e9hicule entretenu par Wenger AG Basel, d\u00e9partement \/Peinture apr\u00e8s accident\"><img decoding=\"async\" src=\"https:\/\/www.wenger-basel.ch\/wp-content\/uploads\/2023\/06\/unfall-lackieren-800x600.jpg\" alt=\"Porsche V\u00e9hicule entretenu par Wenger AG Basel, d\u00e9partement \/Peinture apr\u00e8s accident\"><\/a><\/figure><\/div><div class=\"thumbnail nutzfahrzeug-lackierung\"><figure class=\"post-attachment mime-image-jpeg\"><a href=\"https:\/\/www.wenger-basel.ch\/wp-content\/uploads\/2025\/08\/lkw-schwartz-2-450x600.jpg\" class=\"galery_link\" data-fancybox=\"group_0\" title=\"V\u00e9hicule entretenu par Wenger AG Basel, d\u00e9partement \/Peinture de v\u00e9hicules utilitaires\"><img decoding=\"async\" src=\"https:\/\/www.wenger-basel.ch\/wp-content\/uploads\/2025\/08\/lkw-schwartz-2-450x600.jpg\" alt=\"V\u00e9hicule entretenu par Wenger AG Basel, d\u00e9partement \/Peinture de v\u00e9hicules utilitaires\"><\/a><\/figure><\/div><div class=\"thumbnail lackieren\"><figure class=\"post-attachment mime-image-jpeg\"><a href=\"https:\/\/www.wenger-basel.ch\/wp-content\/uploads\/2024\/02\/lack-warm-800x500.jpg\" class=\"galery_link\" data-fancybox=\"group_0\" title=\"V\u00e9hicule entretenu par Wenger AG Basel, d\u00e9partement Peinture apr\u00e8s accident\/Peinture automobile\"><img decoding=\"async\" src=\"https:\/\/www.wenger-basel.ch\/wp-content\/uploads\/2024\/02\/lack-warm-800x500.jpg\" alt=\"V\u00e9hicule entretenu par Wenger AG Basel, d\u00e9partement Peinture apr\u00e8s accident\/Peinture automobile\"><\/a><\/figure><\/div><div class=\"thumbnail unfalllackierung\"><figure class=\"post-attachment mime-image-jpeg\"><a href=\"https:\/\/www.wenger-basel.ch\/wp-content\/uploads\/2023\/04\/unfalllackierung-15-800x533.jpg\" class=\"galery_link\" data-fancybox=\"group_0\" title=\"Unfalllackierung\"><img decoding=\"async\" src=\"https:\/\/www.wenger-basel.ch\/wp-content\/uploads\/2023\/04\/unfalllackierung-15-800x533.jpg\" alt=\"Unfalllackierung\"><\/a><\/figure><\/div><div class=\"thumbnail nutzfahrzeug-lackierung\"><figure class=\"post-attachment mime-image-jpeg\"><a href=\"https:\/\/www.wenger-basel.ch\/wp-content\/uploads\/2024\/03\/schademann-gelb-1-450x600.jpg\" class=\"galery_link\" data-fancybox=\"group_0\" title=\"V\u00e9hicule entretenu par Wenger AG Basel, d\u00e9partement \/Peinture de v\u00e9hicules utilitaires\"><img decoding=\"async\" src=\"https:\/\/www.wenger-basel.ch\/wp-content\/uploads\/2024\/03\/schademann-gelb-1-450x600.jpg\" alt=\"V\u00e9hicule entretenu par Wenger AG Basel, d\u00e9partement \/Peinture de v\u00e9hicules utilitaires\"><\/a><\/figure><\/div><div class=\"thumbnail lackieren\"><figure class=\"post-attachment mime-image-jpeg\"><a href=\"https:\/\/www.wenger-basel.ch\/wp-content\/uploads\/2024\/02\/lackierung-schwartz-800x492.jpg\" class=\"galery_link\" data-fancybox=\"group_0\" title=\"V\u00e9hicule entretenu par Wenger AG Basel, d\u00e9partement Peinture apr\u00e8s accident\/Peinture automobile\"><img decoding=\"async\" src=\"https:\/\/www.wenger-basel.ch\/wp-content\/uploads\/2024\/02\/lackierung-schwartz-800x492.jpg\" alt=\"V\u00e9hicule entretenu par Wenger AG Basel, d\u00e9partement Peinture apr\u00e8s accident\/Peinture automobile\"><\/a><\/figure><\/div><div class=\"thumbnail kleinschadenlackierung\"><figure class=\"post-attachment mime-image-jpeg\"><a href=\"https:\/\/www.wenger-basel.ch\/wp-content\/uploads\/2023\/08\/Kleinschadenlackierung-25.jpg\" class=\"galery_link\" data-fancybox=\"group_0\" title=\"Kleinschadenlackierung\"><img decoding=\"async\" src=\"https:\/\/www.wenger-basel.ch\/wp-content\/uploads\/2023\/08\/Kleinschadenlackierung-25.jpg\" alt=\"Kleinschadenlackierung\"><\/a><\/figure><\/div><div class=\"thumbnail unfalllackierung\"><figure class=\"post-attachment mime-image-jpeg\"><a href=\"https:\/\/www.wenger-basel.ch\/wp-content\/uploads\/2023\/04\/unfalllackierung-13-800x533.jpg\" class=\"galery_link\" data-fancybox=\"group_0\" title=\"Unfalllackierung\"><img decoding=\"async\" src=\"https:\/\/www.wenger-basel.ch\/wp-content\/uploads\/2023\/04\/unfalllackierung-13-800x533.jpg\" alt=\"Unfalllackierung\"><\/a><\/figure><\/div><div class=\"thumbnail unfalllackierung\"><figure class=\"post-attachment mime-image-jpeg\"><a href=\"https:\/\/www.wenger-basel.ch\/wp-content\/uploads\/2023\/04\/unfalllackierung-2-800x533.jpg\" class=\"galery_link\" data-fancybox=\"group_0\" title=\"Unfalllackierung\"><img decoding=\"async\" src=\"https:\/\/www.wenger-basel.ch\/wp-content\/uploads\/2023\/04\/unfalllackierung-2-800x533.jpg\" alt=\"Unfalllackierung\"><\/a><\/figure><\/div><div class=\"thumbnail nutzfahrzeug-lackierung\"><figure class=\"post-attachment mime-image-jpeg\"><a href=\"https:\/\/www.wenger-basel.ch\/wp-content\/uploads\/2025\/03\/Nutzfahrzeug-weiss-800x600.jpg\" class=\"galery_link\" data-fancybox=\"group_0\" title=\"V\u00e9hicule entretenu par Wenger AG Basel, d\u00e9partement \/Peinture de v\u00e9hicules utilitaires\"><img decoding=\"async\" src=\"https:\/\/www.wenger-basel.ch\/wp-content\/uploads\/2025\/03\/Nutzfahrzeug-weiss-800x600.jpg\" alt=\"V\u00e9hicule entretenu par Wenger AG Basel, d\u00e9partement \/Peinture de v\u00e9hicules utilitaires\"><\/a><\/figure><\/div><div class=\"thumbnail unfalllackierung\"><figure class=\"post-attachment mime-image-jpeg\"><a href=\"https:\/\/www.wenger-basel.ch\/wp-content\/uploads\/2024\/06\/lackieren-teil-schwartz-800x600.jpg\" class=\"galery_link\" data-fancybox=\"group_0\" title=\"BMW V\u00e9hicule entretenu par Wenger AG Basel, d\u00e9partement \/Peinture apr\u00e8s accident\"><img decoding=\"async\" src=\"https:\/\/www.wenger-basel.ch\/wp-content\/uploads\/2024\/06\/lackieren-teil-schwartz-800x600.jpg\" alt=\"BMW V\u00e9hicule entretenu par Wenger AG Basel, d\u00e9partement \/Peinture apr\u00e8s accident\"><\/a><\/figure><\/div><div class=\"thumbnail nutzfahrzeug-lackierung\"><figure class=\"post-attachment mime-image-jpeg\"><a href=\"https:\/\/www.wenger-basel.ch\/wp-content\/uploads\/2023\/04\/nutzfahrzeug-lackierung-1-800x533.jpg\" class=\"galery_link\" data-fancybox=\"group_0\" title=\"Nutzfahrzeug-Lackierung\"><img decoding=\"async\" src=\"https:\/\/www.wenger-basel.ch\/wp-content\/uploads\/2023\/04\/nutzfahrzeug-lackierung-1-800x533.jpg\" alt=\"Nutzfahrzeug-Lackierung\"><\/a><\/figure><\/div><div class=\"thumbnail kleinschadenlackierung\"><figure class=\"post-attachment mime-image-jpeg\"><a href=\"https:\/\/www.wenger-basel.ch\/wp-content\/uploads\/2025\/05\/spot-repair5-800x600.jpg\" class=\"galery_link\" data-fancybox=\"group_0\" title=\"V\u00e9hicule entretenu par Wenger AG Basel, d\u00e9partement \/Petits travaux de peinture\"><img decoding=\"async\" src=\"https:\/\/www.wenger-basel.ch\/wp-content\/uploads\/2025\/05\/spot-repair5-800x600.jpg\" alt=\"V\u00e9hicule entretenu par Wenger AG Basel, d\u00e9partement \/Petits travaux de peinture\"><\/a><\/figure><\/div><div class=\"thumbnail kleinschadenlackierung\"><figure class=\"post-attachment mime-image-jpeg\"><a href=\"https:\/\/www.wenger-basel.ch\/wp-content\/uploads\/2023\/08\/Kleinschadenlackierung-17.jpg\" class=\"galery_link\" data-fancybox=\"group_0\" title=\"Kleinschadenlackierung\"><img decoding=\"async\" src=\"https:\/\/www.wenger-basel.ch\/wp-content\/uploads\/2023\/08\/Kleinschadenlackierung-17.jpg\" alt=\"Kleinschadenlackierung\"><\/a><\/figure><\/div><div class=\"thumbnail nutzfahrzeug-lackierung\"><figure class=\"post-attachment mime-image-jpeg\"><a href=\"https:\/\/www.wenger-basel.ch\/wp-content\/uploads\/2025\/04\/nutz-lackierung-braun-800x600.jpg\" class=\"galery_link\" data-fancybox=\"group_0\" title=\"V\u00e9hicule entretenu par Wenger AG Basel, d\u00e9partement \/Peinture de v\u00e9hicules utilitaires\"><img decoding=\"async\" src=\"https:\/\/www.wenger-basel.ch\/wp-content\/uploads\/2025\/04\/nutz-lackierung-braun-800x600.jpg\" alt=\"V\u00e9hicule entretenu par Wenger AG Basel, d\u00e9partement \/Peinture de v\u00e9hicules utilitaires\"><\/a><\/figure><\/div><div class=\"thumbnail nutzfahrzeug-lackierung\"><figure class=\"post-attachment mime-image-jpeg\"><a href=\"https:\/\/www.wenger-basel.ch\/wp-content\/uploads\/2025\/05\/ford-transit-weiss-800x600.jpg\" class=\"galery_link\" data-fancybox=\"group_0\" title=\"V\u00e9hicule entretenu par Wenger AG Basel, d\u00e9partement \/Peinture de v\u00e9hicules utilitaires\"><img decoding=\"async\" src=\"https:\/\/www.wenger-basel.ch\/wp-content\/uploads\/2025\/05\/ford-transit-weiss-800x600.jpg\" alt=\"V\u00e9hicule entretenu par Wenger AG Basel, d\u00e9partement \/Peinture de v\u00e9hicules utilitaires\"><\/a><\/figure><\/div><div class=\"thumbnail carrosserie\"><figure class=\"post-attachment mime-image-jpeg\"><a href=\"https:\/\/www.wenger-basel.ch\/wp-content\/uploads\/2023\/05\/reparatur-kuga-800x450.jpg\" class=\"galery_link\" data-fancybox=\"group_0\" title=\"Ford V\u00e9hicule entretenu par Wenger AG Basel, d\u00e9partement Peinture apr\u00e8s accident\/Carrosserie g\u00e9n\u00e9rale\"><img decoding=\"async\" src=\"https:\/\/www.wenger-basel.ch\/wp-content\/uploads\/2023\/05\/reparatur-kuga-800x450.jpg\" alt=\"Ford V\u00e9hicule entretenu par Wenger AG Basel, d\u00e9partement Peinture apr\u00e8s accident\/Carrosserie g\u00e9n\u00e9rale\"><\/a><\/figure><\/div><div class=\"thumbnail nutzfahrzeug-lackierung\"><figure class=\"post-attachment mime-image-jpeg\"><a href=\"https:\/\/www.wenger-basel.ch\/wp-content\/uploads\/2023\/04\/nutzfahrzeug-lackierung-11-800x533.jpg\" class=\"galery_link\" data-fancybox=\"group_0\" title=\"Nutzfahrzeug-Lackierung\"><img decoding=\"async\" src=\"https:\/\/www.wenger-basel.ch\/wp-content\/uploads\/2023\/04\/nutzfahrzeug-lackierung-11-800x533.jpg\" alt=\"Nutzfahrzeug-Lackierung\"><\/a><\/figure><\/div><div class=\"thumbnail nutzfahrzeug-lackierung\"><figure class=\"post-attachment mime-image-jpeg\"><a href=\"https:\/\/www.wenger-basel.ch\/wp-content\/uploads\/2023\/04\/nutzfahrzeug-lackierung-12-800x533.jpg\" class=\"galery_link\" data-fancybox=\"group_0\" title=\"Nutzfahrzeug-Lackierung\"><img decoding=\"async\" src=\"https:\/\/www.wenger-basel.ch\/wp-content\/uploads\/2023\/04\/nutzfahrzeug-lackierung-12-800x533.jpg\" alt=\"Nutzfahrzeug-Lackierung\"><\/a><\/figure><\/div><div class=\"thumbnail unfalllackierung\"><figure class=\"post-attachment mime-image-jpeg\"><a href=\"https:\/\/www.wenger-basel.ch\/wp-content\/uploads\/2025\/05\/bmw-schwartz-800x600.jpg\" class=\"galery_link\" data-fancybox=\"group_0\" title=\"V\u00e9hicule entretenu par Wenger AG Basel, d\u00e9partement \/Peinture apr\u00e8s accident\"><img decoding=\"async\" src=\"https:\/\/www.wenger-basel.ch\/wp-content\/uploads\/2025\/05\/bmw-schwartz-800x600.jpg\" alt=\"V\u00e9hicule entretenu par Wenger AG Basel, d\u00e9partement \/Peinture apr\u00e8s accident\"><\/a><\/figure><\/div><div class=\"thumbnail nutzfahrzeug-lackierung\"><figure class=\"post-attachment mime-image-jpeg\"><a href=\"https:\/\/www.wenger-basel.ch\/wp-content\/uploads\/2025\/03\/banner-nutzfahrzeug-lackierung-800x285.jpg\" class=\"galery_link\" data-fancybox=\"group_0\" title=\"Nutzfahrzeug Lackierung mit WENGER Basel\"><img decoding=\"async\" src=\"https:\/\/www.wenger-basel.ch\/wp-content\/uploads\/2025\/03\/banner-nutzfahrzeug-lackierung-800x285.jpg\" alt=\"Nutzfahrzeug Lackierung mit WENGER Basel\"><\/a><\/figure><\/div><div class=\"thumbnail lackieren\"><figure class=\"post-attachment mime-image-jpeg\"><a href=\"https:\/\/www.wenger-basel.ch\/wp-content\/uploads\/2024\/02\/nutzfahrzeug-lackiererei-800x600.jpg\" class=\"galery_link\" data-fancybox=\"group_0\" title=\"V\u00e9hicule entretenu par Wenger AG Basel, d\u00e9partement Peinture de v\u00e9hicules utilitaires\/Peinture automobile\"><img decoding=\"async\" src=\"https:\/\/www.wenger-basel.ch\/wp-content\/uploads\/2024\/02\/nutzfahrzeug-lackiererei-800x600.jpg\" alt=\"V\u00e9hicule entretenu par Wenger AG Basel, d\u00e9partement Peinture de v\u00e9hicules utilitaires\/Peinture automobile\"><\/a><\/figure><\/div><div class=\"thumbnail lackieren\"><figure class=\"post-attachment mime-image-jpeg\"><a href=\"https:\/\/www.wenger-basel.ch\/wp-content\/uploads\/2024\/02\/tape-rot-800x600.jpg\" class=\"galery_link\" data-fancybox=\"group_0\" title=\"V\u00e9hicule entretenu par Wenger AG Basel, d\u00e9partement Peinture apr\u00e8s accident\/Peinture automobile\"><img decoding=\"async\" src=\"https:\/\/www.wenger-basel.ch\/wp-content\/uploads\/2024\/02\/tape-rot-800x600.jpg\" alt=\"V\u00e9hicule entretenu par Wenger AG Basel, d\u00e9partement Peinture apr\u00e8s accident\/Peinture automobile\"><\/a><\/figure><\/div><div class=\"thumbnail kleinschadenlackierung\"><figure class=\"post-attachment mime-image-jpeg\"><a href=\"https:\/\/www.wenger-basel.ch\/wp-content\/uploads\/2023\/08\/Kleinschadenlackierung-21.jpg\" class=\"galery_link\" data-fancybox=\"group_0\" title=\"Kleinschadenlackierung\"><img decoding=\"async\" src=\"https:\/\/www.wenger-basel.ch\/wp-content\/uploads\/2023\/08\/Kleinschadenlackierung-21.jpg\" alt=\"Kleinschadenlackierung\"><\/a><\/figure><\/div><div class=\"thumbnail nutzfahrzeug-lackierung\"><figure class=\"post-attachment mime-image-jpeg\"><a href=\"https:\/\/www.wenger-basel.ch\/wp-content\/uploads\/2023\/04\/nutzfahrzeug-lackierung-14-800x533.jpg\" class=\"galery_link\" data-fancybox=\"group_0\" title=\"Nutzfahrzeug-Lackierung\"><img decoding=\"async\" src=\"https:\/\/www.wenger-basel.ch\/wp-content\/uploads\/2023\/04\/nutzfahrzeug-lackierung-14-800x533.jpg\" alt=\"Nutzfahrzeug-Lackierung\"><\/a><\/figure><\/div><div class=\"thumbnail kleinschadenlackierung\"><figure class=\"post-attachment mime-image-jpeg\"><a href=\"https:\/\/www.wenger-basel.ch\/wp-content\/uploads\/2023\/08\/Kleinschadenlackierung-11.jpg\" class=\"galery_link\" data-fancybox=\"group_0\" title=\"Kleinschadenlackierung\"><img decoding=\"async\" src=\"https:\/\/www.wenger-basel.ch\/wp-content\/uploads\/2023\/08\/Kleinschadenlackierung-11.jpg\" alt=\"Kleinschadenlackierung\"><\/a><\/figure><\/div><div class=\"thumbnail unfalllackierung\"><figure class=\"post-attachment mime-image-jpeg\"><a href=\"https:\/\/www.wenger-basel.ch\/wp-content\/uploads\/2023\/04\/unfalllackierung-11-800x533.jpg\" class=\"galery_link\" data-fancybox=\"group_0\" title=\"Unfalllackierung\"><img decoding=\"async\" src=\"https:\/\/www.wenger-basel.ch\/wp-content\/uploads\/2023\/04\/unfalllackierung-11-800x533.jpg\" alt=\"Unfalllackierung\"><\/a><\/figure><\/div><div class=\"thumbnail kleinschadenlackierung\"><figure class=\"post-attachment mime-image-jpeg\"><a href=\"https:\/\/www.wenger-basel.ch\/wp-content\/uploads\/2024\/04\/teil-grau-lackierung-450x600.jpg\" class=\"galery_link\" data-fancybox=\"group_0\" title=\"V\u00e9hicule entretenu par Wenger AG Basel, d\u00e9partement Peinture automobile\/Petits travaux de peinture\"><img decoding=\"async\" src=\"https:\/\/www.wenger-basel.ch\/wp-content\/uploads\/2024\/04\/teil-grau-lackierung-450x600.jpg\" alt=\"V\u00e9hicule entretenu par Wenger AG Basel, d\u00e9partement Peinture automobile\/Petits travaux de peinture\"><\/a><\/figure><\/div><div class=\"thumbnail nutzfahrzeug-lackierung\"><figure class=\"post-attachment mime-image-jpeg\"><a href=\"https:\/\/www.wenger-basel.ch\/wp-content\/uploads\/2025\/03\/kipper-alltech-800x600.jpg\" class=\"galery_link\" data-fancybox=\"group_0\" title=\"V\u00e9hicule utilitaire Ford Transit cr\u00e9\u00e9 par Wenger AG Basel, d\u00e9partement R\u00e9paration d&#039;utilitaires\/\"><img decoding=\"async\" src=\"https:\/\/www.wenger-basel.ch\/wp-content\/uploads\/2025\/03\/kipper-alltech-800x600.jpg\" alt=\"V\u00e9hicule utilitaire Ford Transit cr\u00e9\u00e9 par Wenger AG Basel, d\u00e9partement R\u00e9paration d&#039;utilitaires\/\"><\/a><\/figure><\/div><div class=\"thumbnail unfalllackierung\"><figure class=\"post-attachment mime-image-jpeg\"><a href=\"https:\/\/www.wenger-basel.ch\/wp-content\/uploads\/2023\/04\/unfalllackierung-21-800x533.jpg\" class=\"galery_link\" data-fancybox=\"group_0\" title=\"Unfalllackierung\"><img decoding=\"async\" src=\"https:\/\/www.wenger-basel.ch\/wp-content\/uploads\/2023\/04\/unfalllackierung-21-800x533.jpg\" alt=\"Unfalllackierung\"><\/a><\/figure><\/div><div class=\"thumbnail nutzfahrzeug-lackierung\"><figure class=\"post-attachment mime-image-jpeg\"><a href=\"https:\/\/www.wenger-basel.ch\/wp-content\/uploads\/2023\/04\/nutzfahrzeug-lackierung-8-800x533.jpg\" class=\"galery_link\" data-fancybox=\"group_0\" title=\"Nutzfahrzeug-Lackierung\"><img decoding=\"async\" src=\"https:\/\/www.wenger-basel.ch\/wp-content\/uploads\/2023\/04\/nutzfahrzeug-lackierung-8-800x533.jpg\" alt=\"Nutzfahrzeug-Lackierung\"><\/a><\/figure><\/div><div class=\"thumbnail lackieren\"><figure class=\"post-attachment mime-image-jpeg\"><a href=\"https:\/\/www.wenger-basel.ch\/wp-content\/uploads\/2024\/02\/ok-IMG_3888-800x600.jpg\" class=\"galery_link\" data-fancybox=\"group_0\" title=\"V\u00e9hicule entretenu par Wenger AG Basel, d\u00e9partement Peinture apr\u00e8s accident\/Peinture automobile\"><img decoding=\"async\" src=\"https:\/\/www.wenger-basel.ch\/wp-content\/uploads\/2024\/02\/ok-IMG_3888-800x600.jpg\" alt=\"V\u00e9hicule entretenu par Wenger AG Basel, d\u00e9partement Peinture apr\u00e8s accident\/Peinture automobile\"><\/a><\/figure><\/div><div class=\"thumbnail nutzfahrzeug-lackierung\"><figure class=\"post-attachment mime-image-jpeg\"><a href=\"https:\/\/www.wenger-basel.ch\/wp-content\/uploads\/2025\/04\/nutz-lackierung-braun-3-800x600.jpg\" class=\"galery_link\" data-fancybox=\"group_0\" title=\"V\u00e9hicule entretenu par Wenger AG Basel, d\u00e9partement \/Peinture de v\u00e9hicules utilitaires\"><img decoding=\"async\" src=\"https:\/\/www.wenger-basel.ch\/wp-content\/uploads\/2025\/04\/nutz-lackierung-braun-3-800x600.jpg\" alt=\"V\u00e9hicule entretenu par Wenger AG Basel, d\u00e9partement \/Peinture de v\u00e9hicules utilitaires\"><\/a><\/figure><\/div><div class=\"thumbnail kleinschadenlackierung\"><figure class=\"post-attachment mime-image-jpeg\"><a href=\"https:\/\/www.wenger-basel.ch\/wp-content\/uploads\/2023\/08\/Kleinschadenlackierung-15.jpg\" class=\"galery_link\" data-fancybox=\"group_0\" title=\"Kleinschadenlackierung\"><img decoding=\"async\" src=\"https:\/\/www.wenger-basel.ch\/wp-content\/uploads\/2023\/08\/Kleinschadenlackierung-15.jpg\" alt=\"Kleinschadenlackierung\"><\/a><\/figure><\/div><div class=\"thumbnail kleinschadenlackierung\"><figure class=\"post-attachment mime-image-jpeg\"><a href=\"https:\/\/www.wenger-basel.ch\/wp-content\/uploads\/2025\/05\/spot-repair-4-450x600.jpg\" class=\"galery_link\" data-fancybox=\"group_0\" title=\"V\u00e9hicule entretenu par Wenger AG Basel, d\u00e9partement \/Petits travaux de peinture\"><img decoding=\"async\" src=\"https:\/\/www.wenger-basel.ch\/wp-content\/uploads\/2025\/05\/spot-repair-4-450x600.jpg\" alt=\"V\u00e9hicule entretenu par Wenger AG Basel, d\u00e9partement \/Petits travaux de peinture\"><\/a><\/figure><\/div><div class=\"thumbnail kleinschadenlackierung\"><figure class=\"post-attachment mime-image-jpeg\"><a href=\"https:\/\/www.wenger-basel.ch\/wp-content\/uploads\/2023\/08\/Kleinschadenlackierung-7.jpg\" class=\"galery_link\" data-fancybox=\"group_0\" title=\"Kleinschadenlackierung\"><img decoding=\"async\" src=\"https:\/\/www.wenger-basel.ch\/wp-content\/uploads\/2023\/08\/Kleinschadenlackierung-7.jpg\" alt=\"Kleinschadenlackierung\"><\/a><\/figure><\/div><div class=\"thumbnail nutzfahrzeug-lackierung\"><figure class=\"post-attachment mime-image-jpeg\"><a href=\"https:\/\/www.wenger-basel.ch\/wp-content\/uploads\/2023\/04\/nutzfahrzeug-lackierung-4-800x600.jpg\" class=\"galery_link\" data-fancybox=\"group_0\" title=\"Nutzfahrzeug-Lackierung\"><img decoding=\"async\" src=\"https:\/\/www.wenger-basel.ch\/wp-content\/uploads\/2023\/04\/nutzfahrzeug-lackierung-4-800x600.jpg\" alt=\"Nutzfahrzeug-Lackierung\"><\/a><\/figure><\/div><div class=\"thumbnail nutzfahrzeug-lackierung\"><figure class=\"post-attachment mime-image-jpeg\"><a href=\"https:\/\/www.wenger-basel.ch\/wp-content\/uploads\/2023\/04\/nutzfahrzeug-lackierung-7-800x533.jpg\" class=\"galery_link\" data-fancybox=\"group_0\" title=\"Nutzfahrzeug-Lackierung\"><img decoding=\"async\" src=\"https:\/\/www.wenger-basel.ch\/wp-content\/uploads\/2023\/04\/nutzfahrzeug-lackierung-7-800x533.jpg\" alt=\"Nutzfahrzeug-Lackierung\"><\/a><\/figure><\/div><div class=\"thumbnail nutzfahrzeug-lackierung\"><figure class=\"post-attachment mime-image-jpeg\"><a href=\"https:\/\/www.wenger-basel.ch\/wp-content\/uploads\/2025\/08\/lkw-schwartz-3-450x600.jpg\" class=\"galery_link\" data-fancybox=\"group_0\" title=\"V\u00e9hicule entretenu par Wenger AG Basel, d\u00e9partement \/Peinture de v\u00e9hicules utilitaires\"><img decoding=\"async\" src=\"https:\/\/www.wenger-basel.ch\/wp-content\/uploads\/2025\/08\/lkw-schwartz-3-450x600.jpg\" alt=\"V\u00e9hicule entretenu par Wenger AG Basel, d\u00e9partement \/Peinture de v\u00e9hicules utilitaires\"><\/a><\/figure><\/div><div class=\"thumbnail nutzfahrzeug-lackierung\"><figure class=\"post-attachment mime-image-jpeg\"><a href=\"https:\/\/www.wenger-basel.ch\/wp-content\/uploads\/2025\/04\/orthopadie-800x600.jpg\" class=\"galery_link\" data-fancybox=\"group_0\" title=\"V\u00e9hicule entretenu par Wenger AG Basel, d\u00e9partement R\u00e9paration d&#039;utilitaires\/Peinture de v\u00e9hicules utilitaires\"><img decoding=\"async\" src=\"https:\/\/www.wenger-basel.ch\/wp-content\/uploads\/2025\/04\/orthopadie-800x600.jpg\" alt=\"V\u00e9hicule entretenu par Wenger AG Basel, d\u00e9partement R\u00e9paration d&#039;utilitaires\/Peinture de v\u00e9hicules utilitaires\"><\/a><\/figure><\/div><div class=\"thumbnail lackieren\"><figure class=\"post-attachment mime-image-jpeg\"><a href=\"https:\/\/www.wenger-basel.ch\/wp-content\/uploads\/2024\/02\/lackiererei-nutzfarzeug-gelb-800x600.jpg\" class=\"galery_link\" data-fancybox=\"group_0\" title=\"V\u00e9hicule entretenu par Wenger AG Basel, d\u00e9partement Peinture de v\u00e9hicules utilitaires\/Peinture automobile\"><img decoding=\"async\" src=\"https:\/\/www.wenger-basel.ch\/wp-content\/uploads\/2024\/02\/lackiererei-nutzfarzeug-gelb-800x600.jpg\" alt=\"V\u00e9hicule entretenu par Wenger AG Basel, d\u00e9partement Peinture de v\u00e9hicules utilitaires\/Peinture automobile\"><\/a><\/figure><\/div><div class=\"thumbnail carrosserie\"><figure class=\"post-attachment mime-image-jpeg\"><a href=\"https:\/\/www.wenger-basel.ch\/wp-content\/uploads\/2024\/03\/teil-lackierung-800x600.jpg\" class=\"galery_link\" data-fancybox=\"group_0\" title=\"V\u00e9hicule entretenu par Wenger AG Basel, d\u00e9partement Peinture automobile\/Carrosserie g\u00e9n\u00e9rale\"><img decoding=\"async\" src=\"https:\/\/www.wenger-basel.ch\/wp-content\/uploads\/2024\/03\/teil-lackierung-800x600.jpg\" alt=\"V\u00e9hicule entretenu par Wenger AG Basel, d\u00e9partement Peinture automobile\/Carrosserie g\u00e9n\u00e9rale\"><\/a><\/figure><\/div><div class=\"thumbnail kleinschadenlackierung\"><figure class=\"post-attachment mime-image-jpeg\"><a href=\"https:\/\/www.wenger-basel.ch\/wp-content\/uploads\/2025\/05\/spot-repair-1-450x600.jpg\" class=\"galery_link\" data-fancybox=\"group_0\" title=\"V\u00e9hicule entretenu par Wenger AG Basel, d\u00e9partement \/Petits travaux de peinture\"><img decoding=\"async\" src=\"https:\/\/www.wenger-basel.ch\/wp-content\/uploads\/2025\/05\/spot-repair-1-450x600.jpg\" alt=\"V\u00e9hicule entretenu par Wenger AG Basel, d\u00e9partement \/Petits travaux de peinture\"><\/a><\/figure><\/div><div class=\"thumbnail lackieren\"><figure class=\"post-attachment mime-image-jpeg\"><a href=\"https:\/\/www.wenger-basel.ch\/wp-content\/uploads\/2024\/02\/teil-rot-450x600.jpg\" class=\"galery_link\" data-fancybox=\"group_0\" title=\"V\u00e9hicule entretenu par Wenger AG Basel, d\u00e9partement Peinture apr\u00e8s accident\/Peinture automobile\"><img decoding=\"async\" src=\"https:\/\/www.wenger-basel.ch\/wp-content\/uploads\/2024\/02\/teil-rot-450x600.jpg\" alt=\"V\u00e9hicule entretenu par Wenger AG Basel, d\u00e9partement Peinture apr\u00e8s accident\/Peinture automobile\"><\/a><\/figure><\/div><div class=\"thumbnail nutzfahrzeug-lackierung\"><figure class=\"post-attachment mime-image-jpeg\"><a href=\"https:\/\/www.wenger-basel.ch\/wp-content\/uploads\/2023\/04\/nutzfahrzeug-lackierung-13-800x533.jpg\" class=\"galery_link\" data-fancybox=\"group_0\" title=\"Nutzfahrzeug-Lackierung\"><img decoding=\"async\" src=\"https:\/\/www.wenger-basel.ch\/wp-content\/uploads\/2023\/04\/nutzfahrzeug-lackierung-13-800x533.jpg\" alt=\"Nutzfahrzeug-Lackierung\"><\/a><\/figure><\/div><div class=\"thumbnail lackieren\"><figure class=\"post-attachment mime-image-jpeg\"><a href=\"https:\/\/www.wenger-basel.ch\/wp-content\/uploads\/2024\/02\/lackierung-rot-667x600.jpg\" class=\"galery_link\" data-fancybox=\"group_0\" title=\"V\u00e9hicule entretenu par Wenger AG Basel, d\u00e9partement Peinture apr\u00e8s accident\/Peinture automobile\"><img decoding=\"async\" src=\"https:\/\/www.wenger-basel.ch\/wp-content\/uploads\/2024\/02\/lackierung-rot-667x600.jpg\" alt=\"V\u00e9hicule entretenu par Wenger AG Basel, d\u00e9partement Peinture apr\u00e8s accident\/Peinture automobile\"><\/a><\/figure><\/div><div class=\"thumbnail lackieren\"><figure class=\"post-attachment mime-image-jpeg\"><a href=\"https:\/\/www.wenger-basel.ch\/wp-content\/uploads\/2024\/02\/lackiererei-Teilen-800x557.jpg\" class=\"galery_link\" data-fancybox=\"group_0\" title=\"V\u00e9hicule entretenu par Wenger AG Basel, d\u00e9partement Peinture apr\u00e8s accident\/Peinture automobile\"><img decoding=\"async\" src=\"https:\/\/www.wenger-basel.ch\/wp-content\/uploads\/2024\/02\/lackiererei-Teilen-800x557.jpg\" alt=\"V\u00e9hicule entretenu par Wenger AG Basel, d\u00e9partement Peinture apr\u00e8s accident\/Peinture automobile\"><\/a><\/figure><\/div><div class=\"thumbnail unfalllackierung\"><figure class=\"post-attachment mime-image-jpeg\"><a href=\"https:\/\/www.wenger-basel.ch\/wp-content\/uploads\/2024\/04\/auto-teil-lack-800x600.jpg\" class=\"galery_link\" data-fancybox=\"group_0\" title=\"V\u00e9hicule entretenu par Wenger AG Basel, d\u00e9partement \/Peinture apr\u00e8s accident\"><img decoding=\"async\" src=\"https:\/\/www.wenger-basel.ch\/wp-content\/uploads\/2024\/04\/auto-teil-lack-800x600.jpg\" alt=\"V\u00e9hicule entretenu par Wenger AG Basel, d\u00e9partement \/Peinture apr\u00e8s accident\"><\/a><\/figure><\/div><div class=\"thumbnail unfalllackierung\"><figure class=\"post-attachment mime-image-jpeg\"><a href=\"https:\/\/www.wenger-basel.ch\/wp-content\/uploads\/2024\/04\/lack-bmw-schwartz-800x600.jpg\" class=\"galery_link\" data-fancybox=\"group_0\" title=\"BMW V\u00e9hicule entretenu par Wenger AG Basel, d\u00e9partement \/Peinture apr\u00e8s accident\"><img decoding=\"async\" src=\"https:\/\/www.wenger-basel.ch\/wp-content\/uploads\/2024\/04\/lack-bmw-schwartz-800x600.jpg\" alt=\"BMW V\u00e9hicule entretenu par Wenger AG Basel, d\u00e9partement \/Peinture apr\u00e8s accident\"><\/a><\/figure><\/div><div class=\"thumbnail unfalllackierung\"><figure class=\"post-attachment mime-image-jpeg\"><a href=\"https:\/\/www.wenger-basel.ch\/wp-content\/uploads\/2023\/04\/unfalllackierung-20-800x533.jpg\" class=\"galery_link\" data-fancybox=\"group_0\" title=\"Unfalllackierung\"><img decoding=\"async\" src=\"https:\/\/www.wenger-basel.ch\/wp-content\/uploads\/2023\/04\/unfalllackierung-20-800x533.jpg\" alt=\"Unfalllackierung\"><\/a><\/figure><\/div><div class=\"thumbnail unfalllackierung\"><figure class=\"post-attachment mime-image-jpeg\"><a href=\"https:\/\/www.wenger-basel.ch\/wp-content\/uploads\/2023\/04\/unfalllackierung-19-800x533.jpg\" class=\"galery_link\" data-fancybox=\"group_0\" title=\"Unfalllackierung\"><img decoding=\"async\" src=\"https:\/\/www.wenger-basel.ch\/wp-content\/uploads\/2023\/04\/unfalllackierung-19-800x533.jpg\" alt=\"Unfalllackierung\"><\/a><\/figure><\/div><div class=\"thumbnail lackieren\"><figure class=\"post-attachment mime-image-jpeg\"><a href=\"https:\/\/www.wenger-basel.ch\/wp-content\/uploads\/2024\/02\/vorbereitung-1-774x600.jpg\" class=\"galery_link\" data-fancybox=\"group_0\" title=\"V\u00e9hicule entretenu par Wenger AG Basel, d\u00e9partement Peinture apr\u00e8s accident\/Peinture automobile\"><img decoding=\"async\" src=\"https:\/\/www.wenger-basel.ch\/wp-content\/uploads\/2024\/02\/vorbereitung-1-774x600.jpg\" alt=\"V\u00e9hicule entretenu par Wenger AG Basel, d\u00e9partement Peinture apr\u00e8s accident\/Peinture automobile\"><\/a><\/figure><\/div><div class=\"thumbnail nutzfahrzeug-lackierung\"><figure class=\"post-attachment mime-image-jpeg\"><a href=\"https:\/\/www.wenger-basel.ch\/wp-content\/uploads\/2023\/04\/nutzfahrzeug-lackierung-6-800x533.jpg\" class=\"galery_link\" data-fancybox=\"group_0\" title=\"Nutzfahrzeug-Lackierung\"><img decoding=\"async\" src=\"https:\/\/www.wenger-basel.ch\/wp-content\/uploads\/2023\/04\/nutzfahrzeug-lackierung-6-800x533.jpg\" alt=\"Nutzfahrzeug-Lackierung\"><\/a><\/figure><\/div><div class=\"thumbnail nutzfahrzeug-lackierung\"><figure class=\"post-attachment mime-image-jpeg\"><a href=\"https:\/\/www.wenger-basel.ch\/wp-content\/uploads\/2024\/05\/nutz-lack-800x600.jpg\" class=\"galery_link\" data-fancybox=\"group_0\" title=\"V\u00e9hicule entretenu par Wenger AG Basel, d\u00e9partement \/Peinture de v\u00e9hicules utilitaires\"><img decoding=\"async\" src=\"https:\/\/www.wenger-basel.ch\/wp-content\/uploads\/2024\/05\/nutz-lack-800x600.jpg\" alt=\"V\u00e9hicule entretenu par Wenger AG Basel, d\u00e9partement \/Peinture de v\u00e9hicules utilitaires\"><\/a><\/figure><\/div><div class=\"thumbnail kleinschadenlackierung\"><figure class=\"post-attachment mime-image-jpeg\"><a href=\"https:\/\/www.wenger-basel.ch\/wp-content\/uploads\/2023\/08\/Kleinschadenlackierung-2.jpg\" class=\"galery_link\" data-fancybox=\"group_0\" title=\"Kleinschadenlackierung\"><img decoding=\"async\" src=\"https:\/\/www.wenger-basel.ch\/wp-content\/uploads\/2023\/08\/Kleinschadenlackierung-2.jpg\" alt=\"Kleinschadenlackierung\"><\/a><\/figure><\/div><div class=\"thumbnail kleinschadenlackierung\"><figure class=\"post-attachment mime-image-jpeg\"><a href=\"https:\/\/www.wenger-basel.ch\/wp-content\/uploads\/2025\/05\/spot-repair-800x600.jpg\" class=\"galery_link\" data-fancybox=\"group_0\" title=\"V\u00e9hicule entretenu par Wenger AG Basel, d\u00e9partement \/Petits travaux de peinture\"><img decoding=\"async\" src=\"https:\/\/www.wenger-basel.ch\/wp-content\/uploads\/2025\/05\/spot-repair-800x600.jpg\" alt=\"V\u00e9hicule entretenu par Wenger AG Basel, d\u00e9partement \/Petits travaux de peinture\"><\/a><\/figure><\/div><div class=\"thumbnail nutzfahrzeug-lackierung\"><figure class=\"post-attachment mime-image-jpeg\"><a href=\"https:\/\/www.wenger-basel.ch\/wp-content\/uploads\/2025\/05\/nutz-rad-lackiereung-800x600.jpg\" class=\"galery_link\" data-fancybox=\"group_0\" title=\"V\u00e9hicule entretenu par Wenger AG Basel, d\u00e9partement \/Peinture de v\u00e9hicules utilitaires\"><img decoding=\"async\" src=\"https:\/\/www.wenger-basel.ch\/wp-content\/uploads\/2025\/05\/nutz-rad-lackiereung-800x600.jpg\" alt=\"V\u00e9hicule entretenu par Wenger AG Basel, d\u00e9partement \/Peinture de v\u00e9hicules utilitaires\"><\/a><\/figure><\/div><div class=\"thumbnail nutzfahrzeug-lackierung\"><figure class=\"post-attachment mime-image-jpeg\"><a href=\"https:\/\/www.wenger-basel.ch\/wp-content\/uploads\/2023\/04\/nutzfahrzeug-lackierung-10-800x533.jpg\" class=\"galery_link\" data-fancybox=\"group_0\" title=\"Nutzfahrzeug-Lackierung\"><img decoding=\"async\" src=\"https:\/\/www.wenger-basel.ch\/wp-content\/uploads\/2023\/04\/nutzfahrzeug-lackierung-10-800x533.jpg\" alt=\"Nutzfahrzeug-Lackierung\"><\/a><\/figure><\/div><div class=\"thumbnail lackieren\"><figure class=\"post-attachment mime-image-jpeg\"><a href=\"https:\/\/www.wenger-basel.ch\/wp-content\/uploads\/2024\/02\/curve-schwarz-800x542.jpg\" class=\"galery_link\" data-fancybox=\"group_0\" title=\"V\u00e9hicule entretenu par Wenger AG Basel, d\u00e9partement Peinture apr\u00e8s accident\/Peinture automobile\"><img decoding=\"async\" src=\"https:\/\/www.wenger-basel.ch\/wp-content\/uploads\/2024\/02\/curve-schwarz-800x542.jpg\" alt=\"V\u00e9hicule entretenu par Wenger AG Basel, d\u00e9partement Peinture apr\u00e8s accident\/Peinture automobile\"><\/a><\/figure><\/div><div class=\"thumbnail unfalllackierung\"><figure class=\"post-attachment mime-image-jpeg\"><a href=\"https:\/\/www.wenger-basel.ch\/wp-content\/uploads\/2023\/06\/lackierung-farbe-produktion-450x600.jpg\" class=\"galery_link\" data-fancybox=\"group_0\" title=\"V\u00e9hicule entretenu par Wenger AG Basel, d\u00e9partement \/Peinture apr\u00e8s accident\"><img decoding=\"async\" src=\"https:\/\/www.wenger-basel.ch\/wp-content\/uploads\/2023\/06\/lackierung-farbe-produktion-450x600.jpg\" alt=\"V\u00e9hicule entretenu par Wenger AG Basel, d\u00e9partement \/Peinture apr\u00e8s accident\"><\/a><\/figure><\/div><div class=\"thumbnail nutzfahrzeug-lackierung\"><figure class=\"post-attachment mime-image-jpeg\"><a href=\"https:\/\/www.wenger-basel.ch\/wp-content\/uploads\/2023\/04\/nutzfahrzeug-lackierung-9-800x533.jpg\" class=\"galery_link\" data-fancybox=\"group_0\" title=\"Nutzfahrzeug-Lackierung\"><img decoding=\"async\" src=\"https:\/\/www.wenger-basel.ch\/wp-content\/uploads\/2023\/04\/nutzfahrzeug-lackierung-9-800x533.jpg\" alt=\"Nutzfahrzeug-Lackierung\"><\/a><\/figure><\/div><div class=\"thumbnail unfalllackierung\"><figure class=\"post-attachment mime-image-jpeg\"><a href=\"https:\/\/www.wenger-basel.ch\/wp-content\/uploads\/2025\/10\/Ferrari-neu-lack-800x600.jpg\" class=\"galery_link\" data-fancybox=\"group_0\" title=\"Ferrari V\u00e9hicule entretenu par Wenger AG Basel, d\u00e9partement \/Peinture apr\u00e8s accident\"><img decoding=\"async\" src=\"https:\/\/www.wenger-basel.ch\/wp-content\/uploads\/2025\/10\/Ferrari-neu-lack-800x600.jpg\" alt=\"Ferrari V\u00e9hicule entretenu par Wenger AG Basel, d\u00e9partement \/Peinture apr\u00e8s accident\"><\/a><\/figure><\/div><div class=\"thumbnail kleinschadenlackierung\"><figure class=\"post-attachment mime-image-jpeg\"><a href=\"https:\/\/www.wenger-basel.ch\/wp-content\/uploads\/2023\/08\/Kleinschadenlackierung-20.jpg\" class=\"galery_link\" data-fancybox=\"group_0\" title=\"Kleinschadenlackierung\"><img decoding=\"async\" src=\"https:\/\/www.wenger-basel.ch\/wp-content\/uploads\/2023\/08\/Kleinschadenlackierung-20.jpg\" alt=\"Kleinschadenlackierung\"><\/a><\/figure><\/div><div class=\"thumbnail kleinschadenlackierung\"><figure class=\"post-attachment mime-image-jpeg\"><a href=\"https:\/\/www.wenger-basel.ch\/wp-content\/uploads\/2025\/05\/spot-repair-3-800x600.jpg\" class=\"galery_link\" data-fancybox=\"group_0\" title=\"V\u00e9hicule entretenu par Wenger AG Basel, d\u00e9partement \/Petits travaux de peinture\"><img decoding=\"async\" src=\"https:\/\/www.wenger-basel.ch\/wp-content\/uploads\/2025\/05\/spot-repair-3-800x600.jpg\" alt=\"V\u00e9hicule entretenu par Wenger AG Basel, d\u00e9partement \/Petits travaux de peinture\"><\/a><\/figure><\/div><div class=\"thumbnail nutzfahrzeug-lackierung\"><figure class=\"post-attachment mime-image-jpeg\"><a href=\"https:\/\/www.wenger-basel.ch\/wp-content\/uploads\/2025\/07\/sunrise-800x600.jpg\" class=\"galery_link\" data-fancybox=\"group_0\" title=\"V\u00e9hicule entretenu par Wenger AG Basel, d\u00e9partement R\u00e9paration d&#039;utilitaires\/Peinture de v\u00e9hicules utilitaires\"><img decoding=\"async\" src=\"https:\/\/www.wenger-basel.ch\/wp-content\/uploads\/2025\/07\/sunrise-800x600.jpg\" alt=\"V\u00e9hicule entretenu par Wenger AG Basel, d\u00e9partement R\u00e9paration d&#039;utilitaires\/Peinture de v\u00e9hicules utilitaires\"><\/a><\/figure><\/div><div class=\"thumbnail carrosserie\"><figure class=\"post-attachment mime-image-jpeg\"><a href=\"https:\/\/www.wenger-basel.ch\/wp-content\/uploads\/2024\/04\/LKW-rost-800x600.jpg\" class=\"galery_link\" data-fancybox=\"group_0\" title=\"V\u00e9hicule entretenu par Wenger AG Basel, d\u00e9partement Peinture automobile\/Carrosserie g\u00e9n\u00e9rale\"><img decoding=\"async\" src=\"https:\/\/www.wenger-basel.ch\/wp-content\/uploads\/2024\/04\/LKW-rost-800x600.jpg\" alt=\"V\u00e9hicule entretenu par Wenger AG Basel, d\u00e9partement Peinture automobile\/Carrosserie g\u00e9n\u00e9rale\"><\/a><\/figure><\/div><div class=\"thumbnail nutzfahrzeug-lackierung\"><figure class=\"post-attachment mime-image-jpeg\"><a href=\"https:\/\/www.wenger-basel.ch\/wp-content\/uploads\/2023\/04\/nutzfahrzeug-lackierung-3-800x533.jpg\" class=\"galery_link\" data-fancybox=\"group_0\" title=\"Nutzfahrzeug-Lackierung\"><img decoding=\"async\" src=\"https:\/\/www.wenger-basel.ch\/wp-content\/uploads\/2023\/04\/nutzfahrzeug-lackierung-3-800x533.jpg\" alt=\"Nutzfahrzeug-Lackierung\"><\/a><\/figure><\/div><div class=\"thumbnail carrosserie\"><figure class=\"post-attachment mime-image-jpeg\"><a href=\"https:\/\/www.wenger-basel.ch\/wp-content\/uploads\/2023\/08\/scania2-450x600.jpg\" class=\"galery_link\" data-fancybox=\"group_0\" title=\"V\u00e9hicule entretenu par Wenger AG Basel, d\u00e9partement Peinture automobile\/Carrosserie g\u00e9n\u00e9rale\"><img decoding=\"async\" src=\"https:\/\/www.wenger-basel.ch\/wp-content\/uploads\/2023\/08\/scania2-450x600.jpg\" alt=\"V\u00e9hicule entretenu par Wenger AG Basel, d\u00e9partement Peinture automobile\/Carrosserie g\u00e9n\u00e9rale\"><\/a><\/figure><\/div><div class=\"thumbnail nutzfahrzeug-lackierung\"><figure class=\"post-attachment mime-image-jpeg\"><a href=\"https:\/\/www.wenger-basel.ch\/wp-content\/uploads\/2024\/03\/schademann-gelb-2-800x600.jpg\" class=\"galery_link\" data-fancybox=\"group_0\" title=\"V\u00e9hicule entretenu par Wenger AG Basel, d\u00e9partement \/Peinture de v\u00e9hicules utilitaires\"><img decoding=\"async\" src=\"https:\/\/www.wenger-basel.ch\/wp-content\/uploads\/2024\/03\/schademann-gelb-2-800x600.jpg\" alt=\"V\u00e9hicule entretenu par Wenger AG Basel, d\u00e9partement \/Peinture de v\u00e9hicules utilitaires\"><\/a><\/figure><\/div><div class=\"thumbnail kleinschadenlackierung\"><figure class=\"post-attachment mime-image-jpeg\"><a href=\"https:\/\/www.wenger-basel.ch\/wp-content\/uploads\/2023\/08\/Kleinschadenlackierung-3.jpg\" class=\"galery_link\" data-fancybox=\"group_0\" title=\"Kleinschadenlackierung\"><img decoding=\"async\" src=\"https:\/\/www.wenger-basel.ch\/wp-content\/uploads\/2023\/08\/Kleinschadenlackierung-3.jpg\" alt=\"Kleinschadenlackierung\"><\/a><\/figure><\/div><div class=\"thumbnail lackieren\"><figure class=\"post-attachment mime-image-jpeg\"><a href=\"https:\/\/www.wenger-basel.ch\/wp-content\/uploads\/2024\/02\/tape-mercedes-800x600.jpg\" class=\"galery_link\" data-fancybox=\"group_0\" title=\"V\u00e9hicule entretenu par Wenger AG Basel, d\u00e9partement Peinture apr\u00e8s accident\/Peinture automobile\"><img decoding=\"async\" src=\"https:\/\/www.wenger-basel.ch\/wp-content\/uploads\/2024\/02\/tape-mercedes-800x600.jpg\" alt=\"V\u00e9hicule entretenu par Wenger AG Basel, d\u00e9partement Peinture apr\u00e8s accident\/Peinture automobile\"><\/a><\/figure><\/div><div class=\"thumbnail nutzfahrzeug-lackierung\"><figure class=\"post-attachment mime-image-jpeg\"><a href=\"https:\/\/www.wenger-basel.ch\/wp-content\/uploads\/2025\/05\/ford-transit-weiss-2-800x600.jpg\" class=\"galery_link\" data-fancybox=\"group_0\" title=\"V\u00e9hicule entretenu par Wenger AG Basel, d\u00e9partement \/Peinture de v\u00e9hicules utilitaires\"><img decoding=\"async\" src=\"https:\/\/www.wenger-basel.ch\/wp-content\/uploads\/2025\/05\/ford-transit-weiss-2-800x600.jpg\" alt=\"V\u00e9hicule entretenu par Wenger AG Basel, d\u00e9partement \/Peinture de v\u00e9hicules utilitaires\"><\/a><\/figure><\/div><div class=\"thumbnail kleinschadenlackierung\"><figure class=\"post-attachment mime-image-jpeg\"><a href=\"https:\/\/www.wenger-basel.ch\/wp-content\/uploads\/2023\/08\/Kleinschadenlackierung-6.jpg\" class=\"galery_link\" data-fancybox=\"group_0\" title=\"Kleinschadenlackierung\"><img decoding=\"async\" src=\"https:\/\/www.wenger-basel.ch\/wp-content\/uploads\/2023\/08\/Kleinschadenlackierung-6.jpg\" alt=\"Kleinschadenlackierung\"><\/a><\/figure><\/div><div class=\"thumbnail kleinschadenlackierung\"><figure class=\"post-attachment mime-image-jpeg\"><a href=\"https:\/\/www.wenger-basel.ch\/wp-content\/uploads\/2025\/05\/spot-repair-2-800x600.jpg\" class=\"galery_link\" data-fancybox=\"group_0\" title=\"V\u00e9hicule entretenu par Wenger AG Basel, d\u00e9partement \/Petits travaux de peinture\"><img decoding=\"async\" src=\"https:\/\/www.wenger-basel.ch\/wp-content\/uploads\/2025\/05\/spot-repair-2-800x600.jpg\" alt=\"V\u00e9hicule entretenu par Wenger AG Basel, d\u00e9partement \/Petits travaux de peinture\"><\/a><\/figure><\/div><div class=\"thumbnail kleinschadenlackierung\"><figure class=\"post-attachment mime-image-jpeg\"><a href=\"https:\/\/www.wenger-basel.ch\/wp-content\/uploads\/2023\/08\/Kleinschadenlackierung-9.jpg\" class=\"galery_link\" data-fancybox=\"group_0\" title=\"Kleinschadenlackierung\"><img decoding=\"async\" src=\"https:\/\/www.wenger-basel.ch\/wp-content\/uploads\/2023\/08\/Kleinschadenlackierung-9.jpg\" alt=\"Kleinschadenlackierung\"><\/a><\/figure><\/div><\/div><\/div>[\/vc_column_text][\/vc_column][\/vc_row]\n","protected":false},"excerpt":{"rendered":"<p>[vc_row type=&#8221;in_container&#8221; full_screen_row_position=&#8221;middle&#8221; column_margin=&#8221;default&#8221; column_direction=&#8221;default&#8221; column_direction_tablet=&#8221;default&#8221; column_direction_phone=&#8221;default&#8221; scene_position=&#8221;center&#8221; top_padding_phone=&#8221;40&#8243; text_color=&#8221;dark&#8221; text_align=&#8221;left&#8221; row_border_radius=&#8221;none&#8221; row_border_radius_applies=&#8221;bg&#8221; overflow=&#8221;visible&#8221; overlay_strength=&#8221;0.3&#8243; gradient_direction=&#8221;left_to_right&#8221; shape_divider_position=&#8221;bottom&#8221; bg_image_animation=&#8221;none&#8221; gradient_type=&#8221;default&#8221; shape_type=&#8221;&#8221;][vc_column column_padding=&#8221;no-extra-padding&#8221; column_padding_tablet=&#8221;inherit&#8221; column_padding_phone=&#8221;inherit&#8221; column_padding_position=&#8221;all&#8221; column_element_direction_desktop=&#8221;default&#8221; column_element_spacing=&#8221;default&#8221; desktop_text_alignment=&#8221;default&#8221; tablet_text_alignment=&#8221;default&#8221; phone_text_alignment=&#8221;default&#8221; background_color_opacity=&#8221;1&#8243;&#8230;<\/p>\n","protected":false},"author":6,"featured_media":0,"parent":0,"menu_order":0,"comment_status":"closed","ping_status":"closed","template":"","meta":{"_acf_changed":false,"footnotes":""},"categories":[],"tags":[],"class_list":["post-6667","page","type-page","status-publish"],"acf":[],"yoast_head":"<!-- This site is optimized with the Yoast SEO plugin v27.5 - https:\/\/yoast.com\/product\/yoast-seo-wordpress\/ -->\n<title>Peinture automobile - Wenger Carrosserie\/Fahrzeugbau AG<\/title>\n<meta name=\"description\" content=\"Nous vous proposons des m\u00e9thodes de peinture \u00e9conomiques et des r\u00e9parations rapides pour les petits d\u00e9g\u00e2ts de peinture. Contactez-nous et \u00e9conomisez de l&#039;argent gr\u00e2ce \u00e0 notre m\u00e9thode de r\u00e9paration des petits dommages.\" \/>\n<meta name=\"robots\" content=\"index, follow, max-snippet:-1, max-image-preview:large, max-video-preview:-1\" \/>\n<link rel=\"canonical\" href=\"https:\/\/www.wenger-basel.ch\/fr\/peinture\/\" \/>\n<meta property=\"og:locale\" content=\"fr_FR\" \/>\n<meta property=\"og:type\" content=\"article\" \/>\n<meta property=\"og:title\" content=\"Peinture automobile - Wenger Carrosserie\/Fahrzeugbau AG\" \/>\n<meta property=\"og:description\" content=\"Nous vous proposons des m\u00e9thodes de peinture \u00e9conomiques et des r\u00e9parations rapides pour les petits d\u00e9g\u00e2ts de peinture. Contactez-nous et \u00e9conomisez de l&#039;argent gr\u00e2ce \u00e0 notre m\u00e9thode de r\u00e9paration des petits dommages.\" \/>\n<meta property=\"og:url\" content=\"https:\/\/www.wenger-basel.ch\/fr\/peinture\/\" \/>\n<meta property=\"og:site_name\" content=\"Wenger Carrosserie\/Fahrzeugbau AG\" \/>\n<meta property=\"article:publisher\" content=\"https:\/\/www.facebook.com\/WengerBasel\" \/>\n<meta property=\"article:modified_time\" content=\"2024-07-19T12:36:41+00:00\" \/>\n<meta property=\"og:image\" content=\"https:\/\/www.wenger-basel.ch\/wp-content\/uploads\/2023\/08\/wenger-basel-empfang.jpg\" \/>\n\t<meta property=\"og:image:width\" content=\"1200\" \/>\n\t<meta property=\"og:image:height\" content=\"790\" \/>\n\t<meta property=\"og:image:type\" content=\"image\/jpeg\" \/>\n<meta name=\"twitter:card\" content=\"summary_large_image\" \/>\n<meta name=\"twitter:label1\" content=\"Est. reading time\" \/>\n\t<meta name=\"twitter:data1\" content=\"7 minutes\" \/>\n<!-- \/ Yoast SEO plugin. -->","yoast_head_json":{"title":"Peinture automobile - Wenger Carrosserie\/Fahrzeugbau AG","description":"Nous vous proposons des m\u00e9thodes de peinture \u00e9conomiques et des r\u00e9parations rapides pour les petits d\u00e9g\u00e2ts de peinture. Contactez-nous et \u00e9conomisez de l'argent gr\u00e2ce \u00e0 notre m\u00e9thode de r\u00e9paration des petits dommages.","robots":{"index":"index","follow":"follow","max-snippet":"max-snippet:-1","max-image-preview":"max-image-preview:large","max-video-preview":"max-video-preview:-1"},"canonical":"https:\/\/www.wenger-basel.ch\/fr\/peinture\/","og_locale":"fr_FR","og_type":"article","og_title":"Peinture automobile - Wenger Carrosserie\/Fahrzeugbau AG","og_description":"Nous vous proposons des m\u00e9thodes de peinture \u00e9conomiques et des r\u00e9parations rapides pour les petits d\u00e9g\u00e2ts de peinture. Contactez-nous et \u00e9conomisez de l'argent gr\u00e2ce \u00e0 notre m\u00e9thode de r\u00e9paration des petits dommages.","og_url":"https:\/\/www.wenger-basel.ch\/fr\/peinture\/","og_site_name":"Wenger Carrosserie\/Fahrzeugbau AG","article_publisher":"https:\/\/www.facebook.com\/WengerBasel","article_modified_time":"2024-07-19T12:36:41+00:00","og_image":[{"width":1200,"height":790,"url":"https:\/\/www.wenger-basel.ch\/wp-content\/uploads\/2023\/08\/wenger-basel-empfang.jpg","type":"image\/jpeg"}],"twitter_card":"summary_large_image","twitter_misc":{"Est. reading time":"7 minutes"},"schema":{"@context":"https:\/\/schema.org","@graph":[{"@type":"WebPage","@id":"https:\/\/www.wenger-basel.ch\/fr\/peinture\/","url":"https:\/\/www.wenger-basel.ch\/fr\/peinture\/","name":"Peinture automobile - Wenger Carrosserie\/Fahrzeugbau AG","isPartOf":{"@id":"https:\/\/www.wenger-basel.ch\/#website"},"datePublished":"2023-03-15T08:04:52+00:00","dateModified":"2024-07-19T12:36:41+00:00","description":"Nous vous proposons des m\u00e9thodes de peinture \u00e9conomiques et des r\u00e9parations rapides pour les petits d\u00e9g\u00e2ts de peinture. Contactez-nous et \u00e9conomisez de l'argent gr\u00e2ce \u00e0 notre m\u00e9thode de r\u00e9paration des petits dommages.","breadcrumb":{"@id":"https:\/\/www.wenger-basel.ch\/fr\/peinture\/#breadcrumb"},"inLanguage":"fr-CH","potentialAction":[{"@type":"ReadAction","target":["https:\/\/www.wenger-basel.ch\/fr\/peinture\/"]}]},{"@type":"BreadcrumbList","@id":"https:\/\/www.wenger-basel.ch\/fr\/peinture\/#breadcrumb","itemListElement":[{"@type":"ListItem","position":1,"name":"Startseite","item":"https:\/\/www.wenger-basel.ch\/fr\/"},{"@type":"ListItem","position":2,"name":"Peinture"}]},{"@type":"WebSite","@id":"https:\/\/www.wenger-basel.ch\/#website","url":"https:\/\/www.wenger-basel.ch\/","name":"WENGER Carrosserie \/ Fahrzeugbau","description":"Best\u00e4ndige Qualit\u00e4t seit 1919","publisher":{"@id":"https:\/\/www.wenger-basel.ch\/#organization"},"potentialAction":[{"@type":"SearchAction","target":{"@type":"EntryPoint","urlTemplate":"https:\/\/www.wenger-basel.ch\/?s={search_term_string}"},"query-input":{"@type":"PropertyValueSpecification","valueRequired":true,"valueName":"search_term_string"}}],"inLanguage":"fr-CH"},{"@type":"Organization","@id":"https:\/\/www.wenger-basel.ch\/#organization","name":"WENGER Carrosserie \/ Fahrzeugbau","url":"https:\/\/www.wenger-basel.ch\/","logo":{"@type":"ImageObject","inLanguage":"fr-CH","@id":"https:\/\/www.wenger-basel.ch\/#\/schema\/logo\/image\/","url":"https:\/\/www.wenger-basel.ch\/wp-content\/uploads\/2023\/08\/wenger-logo-1919-large.png","contentUrl":"https:\/\/www.wenger-basel.ch\/wp-content\/uploads\/2023\/08\/wenger-logo-1919-large.png","width":696,"height":499,"caption":"WENGER Carrosserie \/ Fahrzeugbau"},"image":{"@id":"https:\/\/www.wenger-basel.ch\/#\/schema\/logo\/image\/"},"sameAs":["https:\/\/www.facebook.com\/WengerBasel"]}]}},"_links":{"self":[{"href":"https:\/\/www.wenger-basel.ch\/fr\/wp-json\/wp\/v2\/pages\/6667","targetHints":{"allow":["GET"]}}],"collection":[{"href":"https:\/\/www.wenger-basel.ch\/fr\/wp-json\/wp\/v2\/pages"}],"about":[{"href":"https:\/\/www.wenger-basel.ch\/fr\/wp-json\/wp\/v2\/types\/page"}],"author":[{"embeddable":true,"href":"https:\/\/www.wenger-basel.ch\/fr\/wp-json\/wp\/v2\/users\/6"}],"replies":[{"embeddable":true,"href":"https:\/\/www.wenger-basel.ch\/fr\/wp-json\/wp\/v2\/comments?post=6667"}],"version-history":[{"count":0,"href":"https:\/\/www.wenger-basel.ch\/fr\/wp-json\/wp\/v2\/pages\/6667\/revisions"}],"wp:attachment":[{"href":"https:\/\/www.wenger-basel.ch\/fr\/wp-json\/wp\/v2\/media?parent=6667"}],"wp:term":[{"taxonomy":"category","embeddable":true,"href":"https:\/\/www.wenger-basel.ch\/fr\/wp-json\/wp\/v2\/categories?post=6667"},{"taxonomy":"post_tag","embeddable":true,"href":"https:\/\/www.wenger-basel.ch\/fr\/wp-json\/wp\/v2\/tags?post=6667"}],"curies":[{"name":"wp","href":"https:\/\/api.w.org\/{rel}","templated":true}]}}