{"id":8304,"date":"2023-05-10T14:18:48","date_gmt":"2023-05-10T12:18:48","guid":{"rendered":"https:\/\/www.wenger-basel.ch\/?page_id=8304"},"modified":"2023-12-07T09:44:24","modified_gmt":"2023-12-07T08:44:24","slug":"construction-en-bois","status":"publish","type":"page","link":"https:\/\/www.wenger-basel.ch\/fr\/vous-etes\/secteur-prive\/construction-en-bois\/","title":{"rendered":"M\u00e9tiers du Bois"},"content":{"rendered":"[vc_row type=&#8221;in_container&#8221; full_screen_row_position=&#8221;middle&#8221; column_margin=&#8221;default&#8221; column_direction=&#8221;default&#8221; column_direction_tablet=&#8221;default&#8221; column_direction_phone=&#8221;default&#8221; scene_position=&#8221;center&#8221; text_color=&#8221;dark&#8221; text_align=&#8221;left&#8221; row_border_radius=&#8221;none&#8221; row_border_radius_applies=&#8221;bg&#8221; overflow=&#8221;visible&#8221; overlay_strength=&#8221;0.3&#8243; gradient_direction=&#8221;left_to_right&#8221; shape_divider_position=&#8221;bottom&#8221; bg_image_animation=&#8221;none&#8221;][vc_column column_padding=&#8221;no-extra-padding&#8221; column_padding_tablet=&#8221;inherit&#8221; column_padding_phone=&#8221;inherit&#8221; column_padding_position=&#8221;all&#8221; column_element_direction_desktop=&#8221;default&#8221; column_element_spacing=&#8221;default&#8221; desktop_text_alignment=&#8221;default&#8221; tablet_text_alignment=&#8221;default&#8221; phone_text_alignment=&#8221;default&#8221; background_color_opacity=&#8221;1&#8243; background_hover_color_opacity=&#8221;1&#8243; column_backdrop_filter=&#8221;none&#8221; column_shadow=&#8221;none&#8221; column_border_radius=&#8221;none&#8221; column_link_target=&#8221;_self&#8221; column_position=&#8221;default&#8221; gradient_direction=&#8221;left_to_right&#8221; overlay_strength=&#8221;0.3&#8243; width=&#8221;1\/1&#8243; tablet_width_inherit=&#8221;default&#8221; animation_type=&#8221;default&#8221; bg_image_animation=&#8221;none&#8221; border_type=&#8221;simple&#8221; column_border_width=&#8221;none&#8221; column_border_style=&#8221;solid&#8221;][vc_column_text]\n<h1>M\u00e9tiers du bois<\/h1>\n[\/vc_column_text][\/vc_column][\/vc_row][vc_row type=&#8221;in_container&#8221; full_screen_row_position=&#8221;middle&#8221; column_margin=&#8221;default&#8221; column_direction=&#8221;default&#8221; column_direction_tablet=&#8221;default&#8221; column_direction_phone=&#8221;default&#8221; scene_position=&#8221;center&#8221; text_color=&#8221;dark&#8221; text_align=&#8221;left&#8221; row_border_radius=&#8221;none&#8221; row_border_radius_applies=&#8221;bg&#8221; overflow=&#8221;visible&#8221; overlay_strength=&#8221;0.3&#8243; gradient_direction=&#8221;left_to_right&#8221; shape_divider_position=&#8221;bottom&#8221; bg_image_animation=&#8221;none&#8221;][vc_column column_padding=&#8221;no-extra-padding&#8221; column_padding_tablet=&#8221;inherit&#8221; column_padding_phone=&#8221;inherit&#8221; column_padding_position=&#8221;all&#8221; column_element_direction_desktop=&#8221;default&#8221; column_element_spacing=&#8221;default&#8221; desktop_text_alignment=&#8221;default&#8221; tablet_text_alignment=&#8221;default&#8221; phone_text_alignment=&#8221;default&#8221; background_color_opacity=&#8221;1&#8243; background_hover_color_opacity=&#8221;1&#8243; column_backdrop_filter=&#8221;none&#8221; column_shadow=&#8221;none&#8221; column_border_radius=&#8221;none&#8221; column_link_target=&#8221;_self&#8221; column_position=&#8221;default&#8221; gradient_direction=&#8221;left_to_right&#8221; overlay_strength=&#8221;0.3&#8243; width=&#8221;2\/3&#8243; tablet_width_inherit=&#8221;default&#8221; animation_type=&#8221;default&#8221; bg_image_animation=&#8221;none&#8221; border_type=&#8221;simple&#8221; column_border_width=&#8221;none&#8221; column_border_style=&#8221;solid&#8221;][nectar_global_section id=&#8221;8307&#8243;][\/vc_column][vc_column column_padding=&#8221;no-extra-padding&#8221; column_padding_tablet=&#8221;inherit&#8221; column_padding_phone=&#8221;inherit&#8221; column_padding_position=&#8221;all&#8221; column_element_direction_desktop=&#8221;default&#8221; column_element_spacing=&#8221;default&#8221; desktop_text_alignment=&#8221;default&#8221; tablet_text_alignment=&#8221;default&#8221; phone_text_alignment=&#8221;default&#8221; background_color_opacity=&#8221;1&#8243; background_hover_color_opacity=&#8221;1&#8243; column_backdrop_filter=&#8221;none&#8221; column_shadow=&#8221;none&#8221; column_border_radius=&#8221;none&#8221; column_link_target=&#8221;_self&#8221; column_position=&#8221;default&#8221; gradient_direction=&#8221;left_to_right&#8221; overlay_strength=&#8221;0.3&#8243; width=&#8221;1\/3&#8243; tablet_width_inherit=&#8221;default&#8221; animation_type=&#8221;default&#8221; bg_image_animation=&#8221;none&#8221; border_type=&#8221;simple&#8221; column_border_width=&#8221;none&#8221; column_border_style=&#8221;solid&#8221;][image_with_animation image_url=&#8221;2147&#8243; image_size=&#8221;full&#8221; animation_type=&#8221;entrance&#8221; animation=&#8221;None&#8221; animation_movement_type=&#8221;transform_y&#8221; hover_animation=&#8221;none&#8221; alignment=&#8221;&#8221; border_radius=&#8221;3px&#8221; box_shadow=&#8221;small_depth&#8221; image_loading=&#8221;default&#8221; max_width=&#8221;100%&#8221; max_width_mobile=&#8221;default&#8221;][image_with_animation image_url=&#8221;2420&#8243; image_size=&#8221;full&#8221; animation_type=&#8221;entrance&#8221; animation=&#8221;None&#8221; animation_movement_type=&#8221;transform_y&#8221; hover_animation=&#8221;none&#8221; alignment=&#8221;&#8221; border_radius=&#8221;3px&#8221; box_shadow=&#8221;small_depth&#8221; image_loading=&#8221;default&#8221; max_width=&#8221;100%&#8221; max_width_mobile=&#8221;default&#8221;][image_with_animation image_url=&#8221;989&#8243; image_size=&#8221;full&#8221; animation_type=&#8221;entrance&#8221; animation=&#8221;None&#8221; animation_movement_type=&#8221;transform_y&#8221; hover_animation=&#8221;none&#8221; alignment=&#8221;&#8221; border_radius=&#8221;3px&#8221; box_shadow=&#8221;small_depth&#8221; image_loading=&#8221;default&#8221; max_width=&#8221;100%&#8221; max_width_mobile=&#8221;default&#8221;][\/vc_column][\/vc_row][vc_row type=&#8221;in_container&#8221; full_screen_row_position=&#8221;middle&#8221; column_margin=&#8221;default&#8221; column_direction=&#8221;default&#8221; column_direction_tablet=&#8221;default&#8221; column_direction_phone=&#8221;default&#8221; scene_position=&#8221;center&#8221; text_color=&#8221;dark&#8221; text_align=&#8221;left&#8221; row_border_radius=&#8221;none&#8221; row_border_radius_applies=&#8221;bg&#8221; overflow=&#8221;visible&#8221; overlay_strength=&#8221;0.3&#8243; gradient_direction=&#8221;left_to_right&#8221; shape_divider_position=&#8221;bottom&#8221; bg_image_animation=&#8221;none&#8221;][vc_column column_padding=&#8221;no-extra-padding&#8221; column_padding_tablet=&#8221;inherit&#8221; column_padding_phone=&#8221;inherit&#8221; column_padding_position=&#8221;all&#8221; column_element_direction_desktop=&#8221;default&#8221; column_element_spacing=&#8221;default&#8221; desktop_text_alignment=&#8221;default&#8221; tablet_text_alignment=&#8221;default&#8221; phone_text_alignment=&#8221;default&#8221; background_color_opacity=&#8221;1&#8243; background_hover_color_opacity=&#8221;1&#8243; column_backdrop_filter=&#8221;none&#8221; column_shadow=&#8221;none&#8221; column_border_radius=&#8221;none&#8221; column_link_target=&#8221;_self&#8221; column_position=&#8221;default&#8221; gradient_direction=&#8221;left_to_right&#8221; overlay_strength=&#8221;0.3&#8243; width=&#8221;1\/1&#8243; tablet_width_inherit=&#8221;default&#8221; animation_type=&#8221;default&#8221; bg_image_animation=&#8221;none&#8221; border_type=&#8221;simple&#8221; column_border_width=&#8221;none&#8221; column_border_style=&#8221;solid&#8221;][nectar_global_section id=&#8221;6798&#8243;][\/vc_column][\/vc_row][vc_row type=&#8221;in_container&#8221; full_screen_row_position=&#8221;middle&#8221; column_margin=&#8221;default&#8221; column_direction=&#8221;default&#8221; column_direction_tablet=&#8221;default&#8221; column_direction_phone=&#8221;default&#8221; scene_position=&#8221;center&#8221; text_color=&#8221;dark&#8221; text_align=&#8221;left&#8221; row_border_radius=&#8221;none&#8221; row_border_radius_applies=&#8221;bg&#8221; overflow=&#8221;visible&#8221; overlay_strength=&#8221;0.3&#8243; gradient_direction=&#8221;left_to_right&#8221; shape_divider_position=&#8221;bottom&#8221; bg_image_animation=&#8221;none&#8221;][vc_column column_padding=&#8221;no-extra-padding&#8221; column_padding_tablet=&#8221;inherit&#8221; column_padding_phone=&#8221;inherit&#8221; column_padding_position=&#8221;all&#8221; column_element_direction_desktop=&#8221;default&#8221; column_element_spacing=&#8221;default&#8221; desktop_text_alignment=&#8221;default&#8221; tablet_text_alignment=&#8221;default&#8221; phone_text_alignment=&#8221;default&#8221; background_color_opacity=&#8221;1&#8243; background_hover_color_opacity=&#8221;1&#8243; column_backdrop_filter=&#8221;none&#8221; column_shadow=&#8221;none&#8221; column_border_radius=&#8221;none&#8221; column_link_target=&#8221;_self&#8221; column_position=&#8221;default&#8221; gradient_direction=&#8221;left_to_right&#8221; overlay_strength=&#8221;0.3&#8243; width=&#8221;1\/1&#8243; tablet_width_inherit=&#8221;default&#8221; animation_type=&#8221;default&#8221; bg_image_animation=&#8221;none&#8221; border_type=&#8221;simple&#8221; column_border_width=&#8221;none&#8221; column_border_style=&#8221;solid&#8221;][vc_column_text]<div class=\"galerie_wrapper\"><div class=\"galerie_wrapper_title\"><h2>Galerie \"M\u00e9tiers du bois\"<\/h2><\/div><div class=\"liste_medias\"><div class=\"thumbnail anhaenger\"><figure class=\"post-attachment mime-image-jpeg\"><a href=\"https:\/\/www.wenger-basel.ch\/wp-content\/uploads\/2023\/12\/anhanger-plane4-800x600.jpg\" class=\"galery_link\" data-fancybox=\"group_0\" title=\"V\u00e9hicule entretenu par Wenger AG Basel, d\u00e9partement Remorques sp\u00e9ciales \/ sur mesure\/Remorques\"><img decoding=\"async\" src=\"https:\/\/www.wenger-basel.ch\/wp-content\/uploads\/2023\/12\/anhanger-plane4-800x600.jpg\" alt=\"V\u00e9hicule entretenu par Wenger AG Basel, d\u00e9partement Remorques sp\u00e9ciales \/ sur mesure\/Remorques\"><\/a><\/figure><\/div><div class=\"thumbnail aufbauten\"><figure class=\"post-attachment mime-image-jpeg\"><a href=\"https:\/\/www.wenger-basel.ch\/wp-content\/uploads\/2023\/11\/crafter-33-450x600.jpg\" class=\"galery_link\" data-fancybox=\"group_0\" title=\"V\u00e9hicule utilitaire VW Crafter cr\u00e9\u00e9 par Wenger AG Basel, d\u00e9partement Grues \/ utilitaires grues\/Camions plateaux \/ ponts\"><img decoding=\"async\" src=\"https:\/\/www.wenger-basel.ch\/wp-content\/uploads\/2023\/11\/crafter-33-450x600.jpg\" alt=\"V\u00e9hicule utilitaire VW Crafter cr\u00e9\u00e9 par Wenger AG Basel, d\u00e9partement Grues \/ utilitaires grues\/Camions plateaux \/ ponts\"><\/a><\/figure><\/div><div class=\"thumbnail ausbauten\"><figure class=\"post-attachment mime-image-jpeg\"><a href=\"https:\/\/www.wenger-basel.ch\/wp-content\/uploads\/2023\/04\/regal-systeme-9-800x533.jpg\" class=\"galery_link\" data-fancybox=\"group_0\" title=\"Regal-Systeme\"><img decoding=\"async\" src=\"https:\/\/www.wenger-basel.ch\/wp-content\/uploads\/2023\/04\/regal-systeme-9-800x533.jpg\" alt=\"Regal-Systeme\"><\/a><\/figure><\/div><div class=\"thumbnail elektro-aufbauten\"><figure class=\"post-attachment mime-image-jpeg\"><a href=\"https:\/\/www.wenger-basel.ch\/wp-content\/uploads\/2026\/04\/Etransit-alabor-kipper-800x600.jpg\" class=\"galery_link\" data-fancybox=\"group_0\" title=\"V\u00e9hicule entretenu par Wenger AG Basel, d\u00e9partement Bennes basculantes\/Elektro\"><img decoding=\"async\" src=\"https:\/\/www.wenger-basel.ch\/wp-content\/uploads\/2026\/04\/Etransit-alabor-kipper-800x600.jpg\" alt=\"V\u00e9hicule entretenu par Wenger AG Basel, d\u00e9partement Bennes basculantes\/Elektro\"><\/a><\/figure><\/div><div class=\"thumbnail aufbauten\"><figure class=\"post-attachment mime-image-jpeg\"><a href=\"https:\/\/www.wenger-basel.ch\/wp-content\/uploads\/2023\/06\/grau-fahrzeugbau2-800x600.jpg\" class=\"galery_link\" data-fancybox=\"group_0\" title=\"V\u00e9hicule utilitaire Mercedes Sprinter cr\u00e9\u00e9 par Wenger AG Basel, d\u00e9partement Construction de v\u00e9hicules utilitaires\/Werkzeugkiste\"><img decoding=\"async\" src=\"https:\/\/www.wenger-basel.ch\/wp-content\/uploads\/2023\/06\/grau-fahrzeugbau2-800x600.jpg\" alt=\"V\u00e9hicule utilitaire Mercedes Sprinter cr\u00e9\u00e9 par Wenger AG Basel, d\u00e9partement Construction de v\u00e9hicules utilitaires\/Werkzeugkiste\"><\/a><\/figure><\/div><div class=\"thumbnail aufbauten\"><figure class=\"post-attachment mime-image-jpeg\"><a href=\"https:\/\/www.wenger-basel.ch\/wp-content\/uploads\/2023\/11\/master-800x600.jpg\" class=\"galery_link\" data-fancybox=\"group_0\" title=\"V\u00e9hicule utilitaire Renault Master cr\u00e9\u00e9 par Wenger AG Basel, d\u00e9partement Bennes basculantes\/\"><img decoding=\"async\" src=\"https:\/\/www.wenger-basel.ch\/wp-content\/uploads\/2023\/11\/master-800x600.jpg\" alt=\"V\u00e9hicule utilitaire Renault Master cr\u00e9\u00e9 par Wenger AG Basel, d\u00e9partement Bennes basculantes\/\"><\/a><\/figure><\/div><div class=\"thumbnail planen\"><figure class=\"post-attachment mime-image-jpeg\"><a href=\"https:\/\/www.wenger-basel.ch\/wp-content\/uploads\/2024\/03\/isuzu-blau-seite-800x600.jpg\" class=\"galery_link\" data-fancybox=\"group_0\" title=\"V\u00e9hicule utilitaire Isuzu  cr\u00e9\u00e9 par Wenger AG Basel, d\u00e9partement Camions plateaux \/ ponts\/\"><img decoding=\"async\" src=\"https:\/\/www.wenger-basel.ch\/wp-content\/uploads\/2024\/03\/isuzu-blau-seite-800x600.jpg\" alt=\"V\u00e9hicule utilitaire Isuzu  cr\u00e9\u00e9 par Wenger AG Basel, d\u00e9partement Camions plateaux \/ ponts\/\"><\/a><\/figure><\/div><div class=\"thumbnail tiefrahmenchassis\"><figure class=\"post-attachment mime-image-jpeg\"><a href=\"https:\/\/www.wenger-basel.ch\/wp-content\/uploads\/2023\/04\/tiefrahmenchassis-DSC_1943-800x535.jpg\" class=\"galery_link\" data-fancybox=\"group_0\" title=\"Tiefrahmenchassis\"><img decoding=\"async\" src=\"https:\/\/www.wenger-basel.ch\/wp-content\/uploads\/2023\/04\/tiefrahmenchassis-DSC_1943-800x535.jpg\" alt=\"Tiefrahmenchassis\"><\/a><\/figure><\/div><div class=\"thumbnail aufbauten\"><figure class=\"post-attachment mime-image-jpeg\"><a href=\"https:\/\/www.wenger-basel.ch\/wp-content\/uploads\/2023\/11\/sprinter-stamm-800x600.jpg\" class=\"galery_link\" data-fancybox=\"group_0\" title=\"V\u00e9hicule utilitaire Mercedes Sprinter cr\u00e9\u00e9 par Wenger AG Basel, d\u00e9partement Camions plateaux \/ ponts\/\"><img decoding=\"async\" src=\"https:\/\/www.wenger-basel.ch\/wp-content\/uploads\/2023\/11\/sprinter-stamm-800x600.jpg\" alt=\"V\u00e9hicule utilitaire Mercedes Sprinter cr\u00e9\u00e9 par Wenger AG Basel, d\u00e9partement Camions plateaux \/ ponts\/\"><\/a><\/figure><\/div><div class=\"thumbnail aufbauten\"><figure class=\"post-attachment mime-image-jpeg\"><a href=\"https:\/\/www.wenger-basel.ch\/wp-content\/uploads\/2023\/11\/daily-pritsche-4-450x600.jpg\" class=\"galery_link\" data-fancybox=\"group_0\" title=\"V\u00e9hicule utilitaire Iveco Daily cr\u00e9\u00e9 par Wenger AG Basel, d\u00e9partement Camions plateaux \/ ponts\/Werkzeugkiste\"><img decoding=\"async\" src=\"https:\/\/www.wenger-basel.ch\/wp-content\/uploads\/2023\/11\/daily-pritsche-4-450x600.jpg\" alt=\"V\u00e9hicule utilitaire Iveco Daily cr\u00e9\u00e9 par Wenger AG Basel, d\u00e9partement Camions plateaux \/ ponts\/Werkzeugkiste\"><\/a><\/figure><\/div><div class=\"thumbnail ausbauten\"><figure class=\"post-attachment mime-image-jpeg\"><a href=\"https:\/\/www.wenger-basel.ch\/wp-content\/uploads\/2023\/04\/regal-systeme-P1140025-800x600.jpg\" class=\"galery_link\" data-fancybox=\"group_0\" title=\"Regal-Systeme\"><img decoding=\"async\" src=\"https:\/\/www.wenger-basel.ch\/wp-content\/uploads\/2023\/04\/regal-systeme-P1140025-800x600.jpg\" alt=\"Regal-Systeme\"><\/a><\/figure><\/div><div class=\"thumbnail fahrzeugbau\"><figure class=\"post-attachment mime-image-jpeg\"><a href=\"https:\/\/www.wenger-basel.ch\/wp-content\/uploads\/2023\/04\/pritsche-2020-04-30-07.38.13-800x600.jpg\" class=\"galery_link\" data-fancybox=\"group_0\" title=\"Aluminium Pritsche\"><img decoding=\"async\" src=\"https:\/\/www.wenger-basel.ch\/wp-content\/uploads\/2023\/04\/pritsche-2020-04-30-07.38.13-800x600.jpg\" alt=\"Aluminium Pritsche\"><\/a><\/figure><\/div><div class=\"thumbnail aufbauten\"><figure class=\"post-attachment mime-image-jpeg\"><a href=\"https:\/\/www.wenger-basel.ch\/wp-content\/uploads\/2023\/04\/koffer-12-800x533.jpg\" class=\"galery_link\" data-fancybox=\"group_0\" title=\"Koffer\"><img decoding=\"async\" src=\"https:\/\/www.wenger-basel.ch\/wp-content\/uploads\/2023\/04\/koffer-12-800x533.jpg\" alt=\"Koffer\"><\/a><\/figure><\/div><div class=\"thumbnail pritsche\"><figure class=\"post-attachment mime-image-jpeg\"><a href=\"https:\/\/www.wenger-basel.ch\/wp-content\/uploads\/2025\/09\/2025-07-23-08.33.42-800x600.jpg\" class=\"galery_link\" data-fancybox=\"group_0\" title=\"V\u00e9hicule utilitaire VW Crafter cr\u00e9\u00e9 par Wenger AG Basel, d\u00e9partement \/\"><img decoding=\"async\" src=\"https:\/\/www.wenger-basel.ch\/wp-content\/uploads\/2025\/09\/2025-07-23-08.33.42-800x600.jpg\" alt=\"V\u00e9hicule utilitaire VW Crafter cr\u00e9\u00e9 par Wenger AG Basel, d\u00e9partement \/\"><\/a><\/figure><\/div><div class=\"thumbnail anhaenger\"><figure class=\"post-attachment mime-image-jpeg\"><a href=\"https:\/\/www.wenger-basel.ch\/wp-content\/uploads\/2023\/12\/anhanger-sehr-lang-800x600.jpg\" class=\"galery_link\" data-fancybox=\"group_0\" title=\"V\u00e9hicule entretenu par Wenger AG Basel, d\u00e9partement Remorques standards\/Remorques\"><img decoding=\"async\" src=\"https:\/\/www.wenger-basel.ch\/wp-content\/uploads\/2023\/12\/anhanger-sehr-lang-800x600.jpg\" alt=\"V\u00e9hicule entretenu par Wenger AG Basel, d\u00e9partement Remorques standards\/Remorques\"><\/a><\/figure><\/div><div class=\"thumbnail planen\"><figure class=\"post-attachment mime-image-jpeg\"><a href=\"https:\/\/www.wenger-basel.ch\/wp-content\/uploads\/2025\/10\/Vw-Amarok-Schwartz-Koffer-1-800x600.jpg\" class=\"galery_link\" data-fancybox=\"group_0\" title=\"V\u00e9hicule utilitaire VW Amarok cr\u00e9\u00e9 par Wenger AG Basel, d\u00e9partement \/\"><img decoding=\"async\" src=\"https:\/\/www.wenger-basel.ch\/wp-content\/uploads\/2025\/10\/Vw-Amarok-Schwartz-Koffer-1-800x600.jpg\" alt=\"V\u00e9hicule utilitaire VW Amarok cr\u00e9\u00e9 par Wenger AG Basel, d\u00e9partement \/\"><\/a><\/figure><\/div><div class=\"thumbnail ausbauten\"><figure class=\"post-attachment mime-image-jpeg\"><a href=\"https:\/\/www.wenger-basel.ch\/wp-content\/uploads\/2023\/04\/individueller-ausbau-3-800x533.jpg\" class=\"galery_link\" data-fancybox=\"group_0\" title=\"Individueller Ausbau\"><img decoding=\"async\" src=\"https:\/\/www.wenger-basel.ch\/wp-content\/uploads\/2023\/04\/individueller-ausbau-3-800x533.jpg\" alt=\"Individueller Ausbau\"><\/a><\/figure><\/div><div class=\"thumbnail aufbauten\"><figure class=\"post-attachment mime-image-jpeg\"><a href=\"https:\/\/www.wenger-basel.ch\/wp-content\/uploads\/2023\/12\/canter-800x600.jpg\" class=\"galery_link\" data-fancybox=\"group_0\" title=\"V\u00e9hicule utilitaire Mitsubishi  cr\u00e9\u00e9 par Wenger AG Basel, d\u00e9partement Bennes basculantes\/\"><img decoding=\"async\" src=\"https:\/\/www.wenger-basel.ch\/wp-content\/uploads\/2023\/12\/canter-800x600.jpg\" alt=\"V\u00e9hicule utilitaire Mitsubishi  cr\u00e9\u00e9 par Wenger AG Basel, d\u00e9partement Bennes basculantes\/\"><\/a><\/figure><\/div><div class=\"thumbnail aufbauten\"><figure class=\"post-attachment mime-image-jpeg\"><a href=\"https:\/\/www.wenger-basel.ch\/wp-content\/uploads\/2023\/12\/isuzu-lang-2-800x536.jpg\" class=\"galery_link\" data-fancybox=\"group_0\" title=\"V\u00e9hicule utilitaire Isuzu  cr\u00e9\u00e9 par Wenger AG Basel, d\u00e9partement Camions plateaux \/ ponts\/\"><img decoding=\"async\" src=\"https:\/\/www.wenger-basel.ch\/wp-content\/uploads\/2023\/12\/isuzu-lang-2-800x536.jpg\" alt=\"V\u00e9hicule utilitaire Isuzu  cr\u00e9\u00e9 par Wenger AG Basel, d\u00e9partement Camions plateaux \/ ponts\/\"><\/a><\/figure><\/div><div class=\"thumbnail aufbauten\"><figure class=\"post-attachment mime-image-jpeg\"><a href=\"https:\/\/www.wenger-basel.ch\/wp-content\/uploads\/2023\/04\/kran-aufbau-1020875-800x600.jpg\" class=\"galery_link\" data-fancybox=\"group_0\" title=\"Krahn Aufbau - Nutzfahrzeugen\"><img decoding=\"async\" src=\"https:\/\/www.wenger-basel.ch\/wp-content\/uploads\/2023\/04\/kran-aufbau-1020875-800x600.jpg\" alt=\"Krahn Aufbau - Nutzfahrzeugen\"><\/a><\/figure><\/div><div class=\"thumbnail fahrzeugbau\"><figure class=\"post-attachment mime-image-jpeg\"><a href=\"https:\/\/www.wenger-basel.ch\/wp-content\/uploads\/2023\/04\/pritsche-2020-04-07-14.43.57-800x600.jpg\" class=\"galery_link\" data-fancybox=\"group_0\" title=\"Aluminium Pritsche\"><img decoding=\"async\" src=\"https:\/\/www.wenger-basel.ch\/wp-content\/uploads\/2023\/04\/pritsche-2020-04-07-14.43.57-800x600.jpg\" alt=\"Aluminium Pritsche\"><\/a><\/figure><\/div><div class=\"thumbnail aufbauten\"><figure class=\"post-attachment mime-image-jpeg\"><a href=\"https:\/\/www.wenger-basel.ch\/wp-content\/uploads\/2023\/11\/master-pritsche-2-800x600.jpg\" class=\"galery_link\" data-fancybox=\"group_0\" title=\"V\u00e9hicule utilitaire Renault Master cr\u00e9\u00e9 par Wenger AG Basel, d\u00e9partement Camions plateaux \/ ponts\/\"><img decoding=\"async\" src=\"https:\/\/www.wenger-basel.ch\/wp-content\/uploads\/2023\/11\/master-pritsche-2-800x600.jpg\" alt=\"V\u00e9hicule utilitaire Renault Master cr\u00e9\u00e9 par Wenger AG Basel, d\u00e9partement Camions plateaux \/ ponts\/\"><\/a><\/figure><\/div><div class=\"thumbnail aufbauten\"><figure class=\"post-attachment mime-image-jpeg\"><a href=\"https:\/\/www.wenger-basel.ch\/wp-content\/uploads\/2023\/10\/gartenbau-fzg-800x600.jpg\" class=\"galery_link\" data-fancybox=\"group_0\" title=\"V\u00e9hicule utilitaire Mercedes Sprinter cr\u00e9\u00e9 par Wenger AG Basel, d\u00e9partement Construction de v\u00e9hicules utilitaires\/Camions plateaux \/ ponts\"><img decoding=\"async\" src=\"https:\/\/www.wenger-basel.ch\/wp-content\/uploads\/2023\/10\/gartenbau-fzg-800x600.jpg\" alt=\"V\u00e9hicule utilitaire Mercedes Sprinter cr\u00e9\u00e9 par Wenger AG Basel, d\u00e9partement Construction de v\u00e9hicules utilitaires\/Camions plateaux \/ ponts\"><\/a><\/figure><\/div><div class=\"thumbnail ausbauten\"><figure class=\"post-attachment mime-image-jpeg\"><a href=\"https:\/\/www.wenger-basel.ch\/wp-content\/uploads\/2023\/11\/master-aluca-schreiner-4-450x600.jpg\" class=\"galery_link\" data-fancybox=\"group_0\" title=\"V\u00e9hicule entretenu par Wenger AG Basel, d\u00e9partement Rayonnage \/ syst\u00e8me d&#039;\u00e9tag\u00e8res\/Am\u00e9nagement int\u00e9rieur d&#039;utilitaires \/ fourgon\"><img decoding=\"async\" src=\"https:\/\/www.wenger-basel.ch\/wp-content\/uploads\/2023\/11\/master-aluca-schreiner-4-450x600.jpg\" alt=\"V\u00e9hicule entretenu par Wenger AG Basel, d\u00e9partement Rayonnage \/ syst\u00e8me d&#039;\u00e9tag\u00e8res\/Am\u00e9nagement int\u00e9rieur d&#039;utilitaires \/ fourgon\"><\/a><\/figure><\/div><div class=\"thumbnail anhaenger\"><figure class=\"post-attachment mime-image-jpeg\"><a href=\"https:\/\/www.wenger-basel.ch\/wp-content\/uploads\/2023\/12\/anhanger-zu-800x600.jpg\" class=\"galery_link\" data-fancybox=\"group_0\" title=\"V\u00e9hicule entretenu par Wenger AG Basel, d\u00e9partement Remorques standards\/Remorques\"><img decoding=\"async\" src=\"https:\/\/www.wenger-basel.ch\/wp-content\/uploads\/2023\/12\/anhanger-zu-800x600.jpg\" alt=\"V\u00e9hicule entretenu par Wenger AG Basel, d\u00e9partement Remorques standards\/Remorques\"><\/a><\/figure><\/div><div class=\"thumbnail aufbauten\"><figure class=\"post-attachment mime-image-jpeg\"><a href=\"https:\/\/www.wenger-basel.ch\/wp-content\/uploads\/2023\/11\/daily-durtschi-800x600.jpg\" class=\"galery_link\" data-fancybox=\"group_0\" title=\"V\u00e9hicule utilitaire Iveco Daily cr\u00e9\u00e9 par Wenger AG Basel, d\u00e9partement Camions plateaux \/ ponts\/Werkzeugkiste\"><img decoding=\"async\" src=\"https:\/\/www.wenger-basel.ch\/wp-content\/uploads\/2023\/11\/daily-durtschi-800x600.jpg\" alt=\"V\u00e9hicule utilitaire Iveco Daily cr\u00e9\u00e9 par Wenger AG Basel, d\u00e9partement Camions plateaux \/ ponts\/Werkzeugkiste\"><\/a><\/figure><\/div><div class=\"thumbnail kipper\"><figure class=\"post-attachment mime-image-jpeg\"><a href=\"https:\/\/www.wenger-basel.ch\/wp-content\/uploads\/2026\/01\/ford-transit-blau-doppelK-800x600.jpg\" class=\"galery_link\" data-fancybox=\"group_0\" title=\"V\u00e9hicule entretenu par Wenger AG Basel, d\u00e9partement \/Bennes basculantes\"><img decoding=\"async\" src=\"https:\/\/www.wenger-basel.ch\/wp-content\/uploads\/2026\/01\/ford-transit-blau-doppelK-800x600.jpg\" alt=\"V\u00e9hicule entretenu par Wenger AG Basel, d\u00e9partement \/Bennes basculantes\"><\/a><\/figure><\/div><div class=\"thumbnail fahrzeugbau\"><figure class=\"post-attachment mime-image-jpeg\"><a href=\"https:\/\/www.wenger-basel.ch\/wp-content\/uploads\/2023\/04\/pritsche-P1050426-800x600.jpg\" class=\"galery_link\" data-fancybox=\"group_0\" title=\"Aluminium Pritsche\"><img decoding=\"async\" src=\"https:\/\/www.wenger-basel.ch\/wp-content\/uploads\/2023\/04\/pritsche-P1050426-800x600.jpg\" alt=\"Aluminium Pritsche\"><\/a><\/figure><\/div><div class=\"thumbnail fahrzeugbau\"><figure class=\"post-attachment mime-image-jpeg\"><a href=\"https:\/\/www.wenger-basel.ch\/wp-content\/uploads\/2023\/04\/kipper-P1110295-800x600.jpg\" class=\"galery_link\" data-fancybox=\"group_0\" title=\"Kipper\"><img decoding=\"async\" src=\"https:\/\/www.wenger-basel.ch\/wp-content\/uploads\/2023\/04\/kipper-P1110295-800x600.jpg\" alt=\"Kipper\"><\/a><\/figure><\/div><div class=\"thumbnail fahrzeugbau\"><figure class=\"post-attachment mime-image-jpeg\"><a href=\"https:\/\/www.wenger-basel.ch\/wp-content\/uploads\/2023\/04\/pritsche-P1020618-800x600.jpg\" class=\"galery_link\" data-fancybox=\"group_0\" title=\"Aluminium Pritsche\"><img decoding=\"async\" src=\"https:\/\/www.wenger-basel.ch\/wp-content\/uploads\/2023\/04\/pritsche-P1020618-800x600.jpg\" alt=\"Aluminium Pritsche\"><\/a><\/figure><\/div><div class=\"thumbnail aufbauten\"><figure class=\"post-attachment mime-image-jpeg\"><a href=\"https:\/\/www.wenger-basel.ch\/wp-content\/uploads\/2023\/11\/daily-pritsche-800x600.jpg\" class=\"galery_link\" data-fancybox=\"group_0\" title=\"V\u00e9hicule utilitaire Iveco Daily cr\u00e9\u00e9 par Wenger AG Basel, d\u00e9partement Camions plateaux \/ ponts\/Werkzeugkiste\"><img decoding=\"async\" src=\"https:\/\/www.wenger-basel.ch\/wp-content\/uploads\/2023\/11\/daily-pritsche-800x600.jpg\" alt=\"V\u00e9hicule utilitaire Iveco Daily cr\u00e9\u00e9 par Wenger AG Basel, d\u00e9partement Camions plateaux \/ ponts\/Werkzeugkiste\"><\/a><\/figure><\/div><div class=\"thumbnail aufbauten\"><figure class=\"post-attachment mime-image-jpeg\"><a href=\"https:\/\/www.wenger-basel.ch\/wp-content\/uploads\/2023\/11\/crafter-franz-2-800x600.jpg\" class=\"galery_link\" data-fancybox=\"group_0\" title=\"V\u00e9hicule utilitaire VW Crafter cr\u00e9\u00e9 par Wenger AG Basel, d\u00e9partement Grues \/ utilitaires grues\/Camions plateaux \/ ponts\"><img decoding=\"async\" src=\"https:\/\/www.wenger-basel.ch\/wp-content\/uploads\/2023\/11\/crafter-franz-2-800x600.jpg\" alt=\"V\u00e9hicule utilitaire VW Crafter cr\u00e9\u00e9 par Wenger AG Basel, d\u00e9partement Grues \/ utilitaires grues\/Camions plateaux \/ ponts\"><\/a><\/figure><\/div><div class=\"thumbnail aufbauten\"><figure class=\"post-attachment mime-image-jpeg\"><a href=\"https:\/\/www.wenger-basel.ch\/wp-content\/uploads\/2023\/11\/isuzu-kipper-800x600.jpg\" class=\"galery_link\" data-fancybox=\"group_0\" title=\"V\u00e9hicule utilitaire Isuzu M\/P\/F- Baureihe cr\u00e9\u00e9 par Wenger AG Basel, d\u00e9partement Bennes basculantes\/\"><img decoding=\"async\" src=\"https:\/\/www.wenger-basel.ch\/wp-content\/uploads\/2023\/11\/isuzu-kipper-800x600.jpg\" alt=\"V\u00e9hicule utilitaire Isuzu M\/P\/F- Baureihe cr\u00e9\u00e9 par Wenger AG Basel, d\u00e9partement Bennes basculantes\/\"><\/a><\/figure><\/div><div class=\"thumbnail ausbauten\"><figure class=\"post-attachment mime-image-jpeg\"><a href=\"https:\/\/www.wenger-basel.ch\/wp-content\/uploads\/2023\/11\/trafic-wurth-3-450x600.jpg\" class=\"galery_link\" data-fancybox=\"group_0\" title=\"V\u00e9hicule entretenu par Wenger AG Basel, d\u00e9partement Rayonnage \/ syst\u00e8me d&#039;\u00e9tag\u00e8res\/Am\u00e9nagement int\u00e9rieur d&#039;utilitaires \/ fourgon\"><img decoding=\"async\" src=\"https:\/\/www.wenger-basel.ch\/wp-content\/uploads\/2023\/11\/trafic-wurth-3-450x600.jpg\" alt=\"V\u00e9hicule entretenu par Wenger AG Basel, d\u00e9partement Rayonnage \/ syst\u00e8me d&#039;\u00e9tag\u00e8res\/Am\u00e9nagement int\u00e9rieur d&#039;utilitaires \/ fourgon\"><\/a><\/figure><\/div><div class=\"thumbnail anhaenger\"><figure class=\"post-attachment mime-image-jpeg\"><a href=\"https:\/\/www.wenger-basel.ch\/wp-content\/uploads\/2023\/04\/spezialanhaenger-12-800x533.jpg\" class=\"galery_link\" data-fancybox=\"group_0\" title=\"Spezialanh\u00e4nger\"><img decoding=\"async\" src=\"https:\/\/www.wenger-basel.ch\/wp-content\/uploads\/2023\/04\/spezialanhaenger-12-800x533.jpg\" alt=\"Spezialanh\u00e4nger\"><\/a><\/figure><\/div><div class=\"thumbnail ausbauten\"><figure class=\"post-attachment mime-image-jpeg\"><a href=\"https:\/\/www.wenger-basel.ch\/wp-content\/uploads\/2023\/04\/individueller-ausbau-P1110244-800x600.jpg\" class=\"galery_link\" data-fancybox=\"group_0\" title=\"Individueller Ausbau\"><img decoding=\"async\" src=\"https:\/\/www.wenger-basel.ch\/wp-content\/uploads\/2023\/04\/individueller-ausbau-P1110244-800x600.jpg\" alt=\"Individueller Ausbau\"><\/a><\/figure><\/div><div class=\"thumbnail aufbauten\"><figure class=\"post-attachment mime-image-jpeg\"><a href=\"https:\/\/www.wenger-basel.ch\/wp-content\/uploads\/2023\/11\/transit-weiss-800x600.jpg\" class=\"galery_link\" data-fancybox=\"group_0\" title=\"V\u00e9hicule utilitaire Ford Transit cr\u00e9\u00e9 par Wenger AG Basel, d\u00e9partement Bennes basculantes\/\"><img decoding=\"async\" src=\"https:\/\/www.wenger-basel.ch\/wp-content\/uploads\/2023\/11\/transit-weiss-800x600.jpg\" alt=\"V\u00e9hicule utilitaire Ford Transit cr\u00e9\u00e9 par Wenger AG Basel, d\u00e9partement Bennes basculantes\/\"><\/a><\/figure><\/div><div class=\"thumbnail aufbauten\"><figure class=\"post-attachment mime-image-jpeg\"><a href=\"https:\/\/www.wenger-basel.ch\/wp-content\/uploads\/2023\/06\/kipper-gelb-transit-800x600.jpg\" class=\"galery_link\" data-fancybox=\"group_0\" title=\"V\u00e9hicule entretenu par Wenger AG Basel, d\u00e9partement Bennes basculantes\/Construction sur chassis cabine\"><img decoding=\"async\" src=\"https:\/\/www.wenger-basel.ch\/wp-content\/uploads\/2023\/06\/kipper-gelb-transit-800x600.jpg\" alt=\"V\u00e9hicule entretenu par Wenger AG Basel, d\u00e9partement Bennes basculantes\/Construction sur chassis cabine\"><\/a><\/figure><\/div><div class=\"thumbnail aufbauten\"><figure class=\"post-attachment mime-image-jpeg\"><a href=\"https:\/\/www.wenger-basel.ch\/wp-content\/uploads\/2023\/11\/weidmann-plane-2-800x600.jpg\" class=\"galery_link\" data-fancybox=\"group_0\" title=\"V\u00e9hicule utilitaire Mercedes Sprinter cr\u00e9\u00e9 par Wenger AG Basel, d\u00e9partement B\u00e2ches \/ utilitaires b\u00e2ch\u00e9s \/ ponts b\u00e2ch\u00e9s\/\"><img decoding=\"async\" src=\"https:\/\/www.wenger-basel.ch\/wp-content\/uploads\/2023\/11\/weidmann-plane-2-800x600.jpg\" alt=\"V\u00e9hicule utilitaire Mercedes Sprinter cr\u00e9\u00e9 par Wenger AG Basel, d\u00e9partement B\u00e2ches \/ utilitaires b\u00e2ch\u00e9s \/ ponts b\u00e2ch\u00e9s\/\"><\/a><\/figure><\/div><div class=\"thumbnail ladungssicherung-aufbauten\"><figure class=\"post-attachment mime-image-jpeg\"><a href=\"https:\/\/www.wenger-basel.ch\/wp-content\/uploads\/2023\/08\/holz-ladung-450x600.jpg\" class=\"galery_link\" data-fancybox=\"group_0\" title=\"V\u00e9hicule entretenu par Wenger AG Basel, d\u00e9partement Camions plateaux \/ ponts\/Arrimage \/ s\u00e9curisation du chargement\"><img decoding=\"async\" src=\"https:\/\/www.wenger-basel.ch\/wp-content\/uploads\/2023\/08\/holz-ladung-450x600.jpg\" alt=\"V\u00e9hicule entretenu par Wenger AG Basel, d\u00e9partement Camions plateaux \/ ponts\/Arrimage \/ s\u00e9curisation du chargement\"><\/a><\/figure><\/div><div class=\"thumbnail aufbauten\"><figure class=\"post-attachment mime-image-jpeg\"><a href=\"https:\/\/www.wenger-basel.ch\/wp-content\/uploads\/2023\/12\/canter-2-800x600.jpg\" class=\"galery_link\" data-fancybox=\"group_0\" title=\"V\u00e9hicule utilitaire Mitsubishi  cr\u00e9\u00e9 par Wenger AG Basel, d\u00e9partement Bennes basculantes\/\"><img decoding=\"async\" src=\"https:\/\/www.wenger-basel.ch\/wp-content\/uploads\/2023\/12\/canter-2-800x600.jpg\" alt=\"V\u00e9hicule utilitaire Mitsubishi  cr\u00e9\u00e9 par Wenger AG Basel, d\u00e9partement Bennes basculantes\/\"><\/a><\/figure><\/div><div class=\"thumbnail aufbauten\"><figure class=\"post-attachment mime-image-jpeg\"><a href=\"https:\/\/www.wenger-basel.ch\/wp-content\/uploads\/2023\/11\/crafter-pritsche-800x600.jpg\" class=\"galery_link\" data-fancybox=\"group_0\" title=\"V\u00e9hicule utilitaire VW Crafter cr\u00e9\u00e9 par Wenger AG Basel, d\u00e9partement Grues \/ utilitaires grues\/Camions plateaux \/ ponts\"><img decoding=\"async\" src=\"https:\/\/www.wenger-basel.ch\/wp-content\/uploads\/2023\/11\/crafter-pritsche-800x600.jpg\" alt=\"V\u00e9hicule utilitaire VW Crafter cr\u00e9\u00e9 par Wenger AG Basel, d\u00e9partement Grues \/ utilitaires grues\/Camions plateaux \/ ponts\"><\/a><\/figure><\/div><div class=\"thumbnail anhaenger\"><figure class=\"post-attachment mime-image-jpeg\"><a href=\"https:\/\/www.wenger-basel.ch\/wp-content\/uploads\/2023\/04\/standard-anhaenger-1-800x533.jpg\" class=\"galery_link\" data-fancybox=\"group_0\" title=\"Standardanh\u00e4nger\"><img decoding=\"async\" src=\"https:\/\/www.wenger-basel.ch\/wp-content\/uploads\/2023\/04\/standard-anhaenger-1-800x533.jpg\" alt=\"Standardanh\u00e4nger\"><\/a><\/figure><\/div><div class=\"thumbnail \"><figure class=\"post-attachment mime-image-jpeg\"><a href=\"https:\/\/www.wenger-basel.ch\/wp-content\/uploads\/2025\/12\/hilux-grau-800x600.jpg\" class=\"galery_link\" data-fancybox=\"group_0\" title=\"V\u00e9hicule entretenu par Wenger AG Basel, d\u00e9partement \/\"><img decoding=\"async\" src=\"https:\/\/www.wenger-basel.ch\/wp-content\/uploads\/2025\/12\/hilux-grau-800x600.jpg\" alt=\"V\u00e9hicule entretenu par Wenger AG Basel, d\u00e9partement \/\"><\/a><\/figure><\/div><div class=\"thumbnail aufbauten\"><figure class=\"post-attachment mime-image-jpeg\"><a href=\"https:\/\/www.wenger-basel.ch\/wp-content\/uploads\/2023\/11\/tge-800x600.jpg\" class=\"galery_link\" data-fancybox=\"group_0\" title=\"V\u00e9hicule utilitaire MAN TGE cr\u00e9\u00e9 par Wenger AG Basel, d\u00e9partement Bennes basculantes\/\"><img decoding=\"async\" src=\"https:\/\/www.wenger-basel.ch\/wp-content\/uploads\/2023\/11\/tge-800x600.jpg\" alt=\"V\u00e9hicule utilitaire MAN TGE cr\u00e9\u00e9 par Wenger AG Basel, d\u00e9partement Bennes basculantes\/\"><\/a><\/figure><\/div><div class=\"thumbnail elektro-aufbauten\"><figure class=\"post-attachment mime-image-jpeg\"><a href=\"https:\/\/www.wenger-basel.ch\/wp-content\/uploads\/2024\/03\/ford-elektro-800x600.jpg\" class=\"galery_link\" data-fancybox=\"group_0\" title=\"V\u00e9hicule utilitaire Ford  cr\u00e9\u00e9 par Wenger AG Basel, d\u00e9partement \/\"><img decoding=\"async\" src=\"https:\/\/www.wenger-basel.ch\/wp-content\/uploads\/2024\/03\/ford-elektro-800x600.jpg\" alt=\"V\u00e9hicule utilitaire Ford  cr\u00e9\u00e9 par Wenger AG Basel, d\u00e9partement \/\"><\/a><\/figure><\/div><div class=\"thumbnail \"><figure class=\"post-attachment mime-image-jpeg\"><a href=\"https:\/\/www.wenger-basel.ch\/wp-content\/uploads\/2026\/01\/IMG_2525-450x600.jpg\" class=\"galery_link\" data-fancybox=\"group_0\" title=\"V\u00e9hicule utilitaire Toyota Hilux cr\u00e9\u00e9 par Wenger AG Basel, d\u00e9partement \/\"><img decoding=\"async\" src=\"https:\/\/www.wenger-basel.ch\/wp-content\/uploads\/2026\/01\/IMG_2525-450x600.jpg\" alt=\"V\u00e9hicule utilitaire Toyota Hilux cr\u00e9\u00e9 par Wenger AG Basel, d\u00e9partement \/\"><\/a><\/figure><\/div><div class=\"thumbnail ausbauten\"><figure class=\"post-attachment mime-image-jpeg\"><a href=\"https:\/\/www.wenger-basel.ch\/wp-content\/uploads\/2023\/11\/master-aluca-schreiner-2-800x600.jpg\" class=\"galery_link\" data-fancybox=\"group_0\" title=\"V\u00e9hicule entretenu par Wenger AG Basel, d\u00e9partement Arrimage \/ s\u00e9curisation du chargement\/Am\u00e9nagement int\u00e9rieur d&#039;utilitaires \/ fourgon\"><img decoding=\"async\" src=\"https:\/\/www.wenger-basel.ch\/wp-content\/uploads\/2023\/11\/master-aluca-schreiner-2-800x600.jpg\" alt=\"V\u00e9hicule entretenu par Wenger AG Basel, d\u00e9partement Arrimage \/ s\u00e9curisation du chargement\/Am\u00e9nagement int\u00e9rieur d&#039;utilitaires \/ fourgon\"><\/a><\/figure><\/div><div class=\"thumbnail aufbauten\"><figure class=\"post-attachment mime-image-jpeg\"><a href=\"https:\/\/www.wenger-basel.ch\/wp-content\/uploads\/2023\/11\/t6-egeler-3-800x600.jpg\" class=\"galery_link\" data-fancybox=\"group_0\" title=\"V\u00e9hicule utilitaire VW T-Modelle cr\u00e9\u00e9 par Wenger AG Basel, d\u00e9partement Camions plateaux \/ ponts\/\"><img decoding=\"async\" src=\"https:\/\/www.wenger-basel.ch\/wp-content\/uploads\/2023\/11\/t6-egeler-3-800x600.jpg\" alt=\"V\u00e9hicule utilitaire VW T-Modelle cr\u00e9\u00e9 par Wenger AG Basel, d\u00e9partement Camions plateaux \/ ponts\/\"><\/a><\/figure><\/div><div class=\"thumbnail ausbauten\"><figure class=\"post-attachment mime-image-jpeg\"><a href=\"https:\/\/www.wenger-basel.ch\/wp-content\/uploads\/2023\/04\/regal-systeme-P1100906-800x600.jpg\" class=\"galery_link\" data-fancybox=\"group_0\" title=\"Regal-Systeme\"><img decoding=\"async\" src=\"https:\/\/www.wenger-basel.ch\/wp-content\/uploads\/2023\/04\/regal-systeme-P1100906-800x600.jpg\" alt=\"Regal-Systeme\"><\/a><\/figure><\/div><div class=\"thumbnail pritsche\"><figure class=\"post-attachment mime-image-jpeg\"><a href=\"https:\/\/www.wenger-basel.ch\/wp-content\/uploads\/2025\/04\/chMarbet-800x544.jpg\" class=\"galery_link\" data-fancybox=\"group_0\" title=\"V\u00e9hicule utilitaire VW Crafter cr\u00e9\u00e9 par Wenger AG Basel, d\u00e9partement \/\"><img decoding=\"async\" src=\"https:\/\/www.wenger-basel.ch\/wp-content\/uploads\/2025\/04\/chMarbet-800x544.jpg\" alt=\"V\u00e9hicule utilitaire VW Crafter cr\u00e9\u00e9 par Wenger AG Basel, d\u00e9partement \/\"><\/a><\/figure><\/div><div class=\"thumbnail anhaenger\"><figure class=\"post-attachment mime-image-jpeg\"><a href=\"https:\/\/www.wenger-basel.ch\/wp-content\/uploads\/2023\/04\/standard-anhaenger-7-800x533.jpg\" class=\"galery_link\" data-fancybox=\"group_0\" title=\"Standardanh\u00e4nger\"><img decoding=\"async\" src=\"https:\/\/www.wenger-basel.ch\/wp-content\/uploads\/2023\/04\/standard-anhaenger-7-800x533.jpg\" alt=\"Standardanh\u00e4nger\"><\/a><\/figure><\/div><div class=\"thumbnail fahrzeugbau\"><figure class=\"post-attachment mime-image-jpeg\"><a href=\"https:\/\/www.wenger-basel.ch\/wp-content\/uploads\/2023\/04\/pritsche-P1050307-800x600.jpg\" class=\"galery_link\" data-fancybox=\"group_0\" title=\"Aluminium Pritsche\"><img decoding=\"async\" src=\"https:\/\/www.wenger-basel.ch\/wp-content\/uploads\/2023\/04\/pritsche-P1050307-800x600.jpg\" alt=\"Aluminium Pritsche\"><\/a><\/figure><\/div><div class=\"thumbnail \"><figure class=\"post-attachment mime-image-jpeg\"><a href=\"https:\/\/www.wenger-basel.ch\/wp-content\/uploads\/2023\/11\/master-aluca-schreiner-800x600.jpg\" class=\"galery_link\" data-fancybox=\"group_0\" title=\"V\u00e9hicule utilitaire Renault Trafic cr\u00e9\u00e9 par Wenger AG Basel, d\u00e9partement \/\"><img decoding=\"async\" src=\"https:\/\/www.wenger-basel.ch\/wp-content\/uploads\/2023\/11\/master-aluca-schreiner-800x600.jpg\" alt=\"V\u00e9hicule utilitaire Renault Trafic cr\u00e9\u00e9 par Wenger AG Basel, d\u00e9partement \/\"><\/a><\/figure><\/div><div class=\"thumbnail aufbauten\"><figure class=\"post-attachment mime-image-jpeg\"><a href=\"https:\/\/www.wenger-basel.ch\/wp-content\/uploads\/2023\/11\/t6-egeler-2-800x600.jpg\" class=\"galery_link\" data-fancybox=\"group_0\" title=\"V\u00e9hicule utilitaire VW T-Modelle cr\u00e9\u00e9 par Wenger AG Basel, d\u00e9partement Camions plateaux \/ ponts\/\"><img decoding=\"async\" src=\"https:\/\/www.wenger-basel.ch\/wp-content\/uploads\/2023\/11\/t6-egeler-2-800x600.jpg\" alt=\"V\u00e9hicule utilitaire VW T-Modelle cr\u00e9\u00e9 par Wenger AG Basel, d\u00e9partement Camions plateaux \/ ponts\/\"><\/a><\/figure><\/div><div class=\"thumbnail kipper\"><figure class=\"post-attachment mime-image-jpeg\"><a href=\"https:\/\/www.wenger-basel.ch\/wp-content\/uploads\/2026\/04\/daily-kipper-800x600.jpg\" class=\"galery_link\" data-fancybox=\"group_0\" title=\"V\u00e9hicule utilitaire Iveco Daily cr\u00e9\u00e9 par Wenger AG Basel, d\u00e9partement \/\"><img decoding=\"async\" src=\"https:\/\/www.wenger-basel.ch\/wp-content\/uploads\/2026\/04\/daily-kipper-800x600.jpg\" alt=\"V\u00e9hicule utilitaire Iveco Daily cr\u00e9\u00e9 par Wenger AG Basel, d\u00e9partement \/\"><\/a><\/figure><\/div><div class=\"thumbnail ausbauten\"><figure class=\"post-attachment mime-image-jpeg\"><a href=\"https:\/\/www.wenger-basel.ch\/wp-content\/uploads\/2023\/11\/kangoo-aluca2-800x600.jpg\" class=\"galery_link\" data-fancybox=\"group_0\" title=\"V\u00e9hicule utilitaire Renault Kangoo cr\u00e9\u00e9 par Wenger AG Basel, d\u00e9partement Rayonnage \/ syst\u00e8me d&#039;\u00e9tag\u00e8res\/\"><img decoding=\"async\" src=\"https:\/\/www.wenger-basel.ch\/wp-content\/uploads\/2023\/11\/kangoo-aluca2-800x600.jpg\" alt=\"V\u00e9hicule utilitaire Renault Kangoo cr\u00e9\u00e9 par Wenger AG Basel, d\u00e9partement Rayonnage \/ syst\u00e8me d&#039;\u00e9tag\u00e8res\/\"><\/a><\/figure><\/div><div class=\"thumbnail aufbauten\"><figure class=\"post-attachment mime-image-jpeg\"><a href=\"https:\/\/www.wenger-basel.ch\/wp-content\/uploads\/2023\/11\/master-pritsche-holz-3-800x600.jpg\" class=\"galery_link\" data-fancybox=\"group_0\" title=\"V\u00e9hicule utilitaire Mercedes Sprinter cr\u00e9\u00e9 par Wenger AG Basel, d\u00e9partement Camions plateaux \/ ponts\/Werkzeugkiste\"><img decoding=\"async\" src=\"https:\/\/www.wenger-basel.ch\/wp-content\/uploads\/2023\/11\/master-pritsche-holz-3-800x600.jpg\" alt=\"V\u00e9hicule utilitaire Mercedes Sprinter cr\u00e9\u00e9 par Wenger AG Basel, d\u00e9partement Camions plateaux \/ ponts\/Werkzeugkiste\"><\/a><\/figure><\/div><div class=\"thumbnail aufbauten\"><figure class=\"post-attachment mime-image-jpeg\"><a href=\"https:\/\/www.wenger-basel.ch\/wp-content\/uploads\/2023\/04\/kran-aufbau-1050632-800x600.jpg\" class=\"galery_link\" data-fancybox=\"group_0\" title=\"Krahn und Pritsche Aufbau auf Toyota Hilux\"><img decoding=\"async\" src=\"https:\/\/www.wenger-basel.ch\/wp-content\/uploads\/2023\/04\/kran-aufbau-1050632-800x600.jpg\" alt=\"Krahn und Pritsche Aufbau auf Toyota Hilux\"><\/a><\/figure><\/div><div class=\"thumbnail \"><figure class=\"post-attachment mime-image-jpeg\"><a href=\"https:\/\/www.wenger-basel.ch\/wp-content\/uploads\/2023\/11\/trafic-wurth-800x600.jpg\" class=\"galery_link\" data-fancybox=\"group_0\" title=\"V\u00e9hicule utilitaire Renault Trafic cr\u00e9\u00e9 par Wenger AG Basel, d\u00e9partement \/\"><img decoding=\"async\" src=\"https:\/\/www.wenger-basel.ch\/wp-content\/uploads\/2023\/11\/trafic-wurth-800x600.jpg\" alt=\"V\u00e9hicule utilitaire Renault Trafic cr\u00e9\u00e9 par Wenger AG Basel, d\u00e9partement \/\"><\/a><\/figure><\/div><div class=\"thumbnail planen\"><figure class=\"post-attachment mime-image-jpeg\"><a href=\"https:\/\/www.wenger-basel.ch\/wp-content\/uploads\/2025\/09\/2025-09-03-07.05.43-2-800x600.jpg\" class=\"galery_link\" data-fancybox=\"group_0\" title=\"V\u00e9hicule utilitaire VW Amarok cr\u00e9\u00e9 par Wenger AG Basel, d\u00e9partement \/\"><img decoding=\"async\" src=\"https:\/\/www.wenger-basel.ch\/wp-content\/uploads\/2025\/09\/2025-09-03-07.05.43-2-800x600.jpg\" alt=\"V\u00e9hicule utilitaire VW Amarok cr\u00e9\u00e9 par Wenger AG Basel, d\u00e9partement \/\"><\/a><\/figure><\/div><div class=\"thumbnail fahrzeugbau\"><figure class=\"post-attachment mime-image-jpeg\"><a href=\"https:\/\/www.wenger-basel.ch\/wp-content\/uploads\/2023\/04\/pritsche-P1020803-800x600.jpg\" class=\"galery_link\" data-fancybox=\"group_0\" title=\"Aluminium Pritsche\"><img decoding=\"async\" src=\"https:\/\/www.wenger-basel.ch\/wp-content\/uploads\/2023\/04\/pritsche-P1020803-800x600.jpg\" alt=\"Aluminium Pritsche\"><\/a><\/figure><\/div><div class=\"thumbnail planen\"><figure class=\"post-attachment mime-image-jpeg\"><a href=\"https:\/\/www.wenger-basel.ch\/wp-content\/uploads\/2023\/06\/fahrzeugbau-privatsektor-800x533.jpg\" class=\"galery_link\" data-fancybox=\"group_0\" title=\"WENGER - Fahrzeugbau seit 1919\"><img decoding=\"async\" src=\"https:\/\/www.wenger-basel.ch\/wp-content\/uploads\/2023\/06\/fahrzeugbau-privatsektor-800x533.jpg\" alt=\"WENGER - Fahrzeugbau seit 1919\"><\/a><\/figure><\/div><div class=\"thumbnail kran\"><figure class=\"post-attachment mime-image-jpeg\"><a href=\"https:\/\/www.wenger-basel.ch\/wp-content\/uploads\/2025\/04\/Kran-F32-2-800x600.jpg\" class=\"galery_link\" data-fancybox=\"group_0\" title=\"V\u00e9hicule entretenu par Wenger AG Basel, d\u00e9partement \/Grues \/ utilitaires grues\"><img decoding=\"async\" src=\"https:\/\/www.wenger-basel.ch\/wp-content\/uploads\/2025\/04\/Kran-F32-2-800x600.jpg\" alt=\"V\u00e9hicule entretenu par Wenger AG Basel, d\u00e9partement \/Grues \/ utilitaires grues\"><\/a><\/figure><\/div><div class=\"thumbnail ausbauten\"><figure class=\"post-attachment mime-image-jpeg\"><a href=\"https:\/\/www.wenger-basel.ch\/wp-content\/uploads\/2023\/11\/kangoo-aluca-800x600.jpg\" class=\"galery_link\" data-fancybox=\"group_0\" title=\"V\u00e9hicule utilitaire Renault Kangoo cr\u00e9\u00e9 par Wenger AG Basel, d\u00e9partement Rayonnage \/ syst\u00e8me d&#039;\u00e9tag\u00e8res\/\"><img decoding=\"async\" src=\"https:\/\/www.wenger-basel.ch\/wp-content\/uploads\/2023\/11\/kangoo-aluca-800x600.jpg\" alt=\"V\u00e9hicule utilitaire Renault Kangoo cr\u00e9\u00e9 par Wenger AG Basel, d\u00e9partement Rayonnage \/ syst\u00e8me d&#039;\u00e9tag\u00e8res\/\"><\/a><\/figure><\/div><div class=\"thumbnail aufbauten\"><figure class=\"post-attachment mime-image-jpeg\"><a href=\"https:\/\/www.wenger-basel.ch\/wp-content\/uploads\/2023\/06\/grau-sprinter-800x600.jpg\" class=\"galery_link\" data-fancybox=\"group_0\" title=\"V\u00e9hicule utilitaire Mercedes Sprinter cr\u00e9\u00e9 par Wenger AG Basel, d\u00e9partement Construction de v\u00e9hicules utilitaires\/Bennes basculantes\"><img decoding=\"async\" src=\"https:\/\/www.wenger-basel.ch\/wp-content\/uploads\/2023\/06\/grau-sprinter-800x600.jpg\" alt=\"V\u00e9hicule utilitaire Mercedes Sprinter cr\u00e9\u00e9 par Wenger AG Basel, d\u00e9partement Construction de v\u00e9hicules utilitaires\/Bennes basculantes\"><\/a><\/figure><\/div><div class=\"thumbnail aufbauten\"><figure class=\"post-attachment mime-image-jpeg\"><a href=\"https:\/\/www.wenger-basel.ch\/wp-content\/uploads\/2023\/11\/master-doppel-pritsche-2-800x600.jpg\" class=\"galery_link\" data-fancybox=\"group_0\" title=\"V\u00e9hicule utilitaire Renault Master cr\u00e9\u00e9 par Wenger AG Basel, d\u00e9partement Camions plateaux \/ ponts\/\"><img decoding=\"async\" src=\"https:\/\/www.wenger-basel.ch\/wp-content\/uploads\/2023\/11\/master-doppel-pritsche-2-800x600.jpg\" alt=\"V\u00e9hicule utilitaire Renault Master cr\u00e9\u00e9 par Wenger AG Basel, d\u00e9partement Camions plateaux \/ ponts\/\"><\/a><\/figure><\/div><div class=\"thumbnail aufbauten\"><figure class=\"post-attachment mime-image-jpeg\"><a href=\"https:\/\/www.wenger-basel.ch\/wp-content\/uploads\/2023\/11\/daily-durtschi-2-800x600.jpg\" class=\"galery_link\" data-fancybox=\"group_0\" title=\"V\u00e9hicule utilitaire Iveco Daily cr\u00e9\u00e9 par Wenger AG Basel, d\u00e9partement Camions plateaux \/ ponts\/Werkzeugkiste\"><img decoding=\"async\" src=\"https:\/\/www.wenger-basel.ch\/wp-content\/uploads\/2023\/11\/daily-durtschi-2-800x600.jpg\" alt=\"V\u00e9hicule utilitaire Iveco Daily cr\u00e9\u00e9 par Wenger AG Basel, d\u00e9partement Camions plateaux \/ ponts\/Werkzeugkiste\"><\/a><\/figure><\/div><div class=\"thumbnail aufbauten\"><figure class=\"post-attachment mime-image-jpeg\"><a href=\"https:\/\/www.wenger-basel.ch\/wp-content\/uploads\/2023\/04\/koffer-15-800x533.jpg\" class=\"galery_link\" data-fancybox=\"group_0\" title=\"Koffer\"><img decoding=\"async\" src=\"https:\/\/www.wenger-basel.ch\/wp-content\/uploads\/2023\/04\/koffer-15-800x533.jpg\" alt=\"Koffer\"><\/a><\/figure><\/div><div class=\"thumbnail ausbauten\"><figure class=\"post-attachment mime-image-jpeg\"><a href=\"https:\/\/www.wenger-basel.ch\/wp-content\/uploads\/2023\/11\/kangoo-aluca3-450x600.jpg\" class=\"galery_link\" data-fancybox=\"group_0\" title=\"V\u00e9hicule utilitaire Renault Kangoo cr\u00e9\u00e9 par Wenger AG Basel, d\u00e9partement Rayonnage \/ syst\u00e8me d&#039;\u00e9tag\u00e8res\/\"><img decoding=\"async\" src=\"https:\/\/www.wenger-basel.ch\/wp-content\/uploads\/2023\/11\/kangoo-aluca3-450x600.jpg\" alt=\"V\u00e9hicule utilitaire Renault Kangoo cr\u00e9\u00e9 par Wenger AG Basel, d\u00e9partement Rayonnage \/ syst\u00e8me d&#039;\u00e9tag\u00e8res\/\"><\/a><\/figure><\/div><div class=\"thumbnail aufbauten\"><figure class=\"post-attachment mime-image-jpeg\"><a href=\"https:\/\/www.wenger-basel.ch\/wp-content\/uploads\/2023\/11\/t6-egeler-800x600.jpg\" class=\"galery_link\" data-fancybox=\"group_0\" title=\"V\u00e9hicule utilitaire VW T-Modelle cr\u00e9\u00e9 par Wenger AG Basel, d\u00e9partement Camions plateaux \/ ponts\/\"><img decoding=\"async\" src=\"https:\/\/www.wenger-basel.ch\/wp-content\/uploads\/2023\/11\/t6-egeler-800x600.jpg\" alt=\"V\u00e9hicule utilitaire VW T-Modelle cr\u00e9\u00e9 par Wenger AG Basel, d\u00e9partement Camions plateaux \/ ponts\/\"><\/a><\/figure><\/div><div class=\"thumbnail aufbauten\"><figure class=\"post-attachment mime-image-jpeg\"><a href=\"https:\/\/www.wenger-basel.ch\/wp-content\/uploads\/2023\/11\/sprinter-lotti-800x600.jpg\" class=\"galery_link\" data-fancybox=\"group_0\" title=\"V\u00e9hicule utilitaire Mercedes Sprinter cr\u00e9\u00e9 par Wenger AG Basel, d\u00e9partement Camions plateaux \/ ponts\/\"><img decoding=\"async\" src=\"https:\/\/www.wenger-basel.ch\/wp-content\/uploads\/2023\/11\/sprinter-lotti-800x600.jpg\" alt=\"V\u00e9hicule utilitaire Mercedes Sprinter cr\u00e9\u00e9 par Wenger AG Basel, d\u00e9partement Camions plateaux \/ ponts\/\"><\/a><\/figure><\/div><div class=\"thumbnail fahrzeugbau\"><figure class=\"post-attachment mime-image-jpeg\"><a href=\"https:\/\/www.wenger-basel.ch\/wp-content\/uploads\/2023\/04\/pritsche-P1040805-800x600.jpg\" class=\"galery_link\" data-fancybox=\"group_0\" title=\"Aluminium Pritsche\"><img decoding=\"async\" src=\"https:\/\/www.wenger-basel.ch\/wp-content\/uploads\/2023\/04\/pritsche-P1040805-800x600.jpg\" alt=\"Aluminium Pritsche\"><\/a><\/figure><\/div><div class=\"thumbnail elektro-aufbauten\"><figure class=\"post-attachment mime-image-jpeg\"><a href=\"https:\/\/www.wenger-basel.ch\/wp-content\/uploads\/2024\/03\/ford-elektro-garten-450x600.jpg\" class=\"galery_link\" data-fancybox=\"group_0\" title=\"V\u00e9hicule utilitaire Ford  cr\u00e9\u00e9 par Wenger AG Basel, d\u00e9partement \/\"><img decoding=\"async\" src=\"https:\/\/www.wenger-basel.ch\/wp-content\/uploads\/2024\/03\/ford-elektro-garten-450x600.jpg\" alt=\"V\u00e9hicule utilitaire Ford  cr\u00e9\u00e9 par Wenger AG Basel, d\u00e9partement \/\"><\/a><\/figure><\/div><div class=\"thumbnail aufbauten\"><figure class=\"post-attachment mime-image-jpeg\"><a href=\"https:\/\/www.wenger-basel.ch\/wp-content\/uploads\/2023\/04\/koffer-16-800x533.jpg\" class=\"galery_link\" data-fancybox=\"group_0\" title=\"Koffer\"><img decoding=\"async\" src=\"https:\/\/www.wenger-basel.ch\/wp-content\/uploads\/2023\/04\/koffer-16-800x533.jpg\" alt=\"Koffer\"><\/a><\/figure><\/div><div class=\"thumbnail fahrzeugbau\"><figure class=\"post-attachment mime-image-jpeg\"><a href=\"https:\/\/www.wenger-basel.ch\/wp-content\/uploads\/2023\/04\/pritsche-9-800x533.jpg\" class=\"galery_link\" data-fancybox=\"group_0\" title=\"Aluminium Pritsche\"><img decoding=\"async\" src=\"https:\/\/www.wenger-basel.ch\/wp-content\/uploads\/2023\/04\/pritsche-9-800x533.jpg\" alt=\"Aluminium Pritsche\"><\/a><\/figure><\/div><div class=\"thumbnail \"><figure class=\"post-attachment mime-image-jpeg\"><a href=\"https:\/\/www.wenger-basel.ch\/wp-content\/uploads\/2024\/03\/citroen-grun-450x600.jpg\" class=\"galery_link\" data-fancybox=\"group_0\" title=\"V\u00e9hicule utilitaire Citro\u00ebn Jumper cr\u00e9\u00e9 par Wenger AG Basel, d\u00e9partement \/\"><img decoding=\"async\" src=\"https:\/\/www.wenger-basel.ch\/wp-content\/uploads\/2024\/03\/citroen-grun-450x600.jpg\" alt=\"V\u00e9hicule utilitaire Citro\u00ebn Jumper cr\u00e9\u00e9 par Wenger AG Basel, d\u00e9partement \/\"><\/a><\/figure><\/div><div class=\"thumbnail aufbauten\"><figure class=\"post-attachment mime-image-jpeg\"><a href=\"https:\/\/www.wenger-basel.ch\/wp-content\/uploads\/2023\/11\/tge-3-800x600.jpg\" class=\"galery_link\" data-fancybox=\"group_0\" title=\"V\u00e9hicule utilitaire MAN TGE cr\u00e9\u00e9 par Wenger AG Basel, d\u00e9partement Bennes basculantes\/\"><img decoding=\"async\" src=\"https:\/\/www.wenger-basel.ch\/wp-content\/uploads\/2023\/11\/tge-3-800x600.jpg\" alt=\"V\u00e9hicule utilitaire MAN TGE cr\u00e9\u00e9 par Wenger AG Basel, d\u00e9partement Bennes basculantes\/\"><\/a><\/figure><\/div><div class=\"thumbnail aufbauten\"><figure class=\"post-attachment mime-image-jpeg\"><a href=\"https:\/\/www.wenger-basel.ch\/wp-content\/uploads\/2023\/11\/daily-pritsche-3-450x600.jpg\" class=\"galery_link\" data-fancybox=\"group_0\" title=\"V\u00e9hicule utilitaire Iveco Daily cr\u00e9\u00e9 par Wenger AG Basel, d\u00e9partement Camions plateaux \/ ponts\/Werkzeugkiste\"><img decoding=\"async\" src=\"https:\/\/www.wenger-basel.ch\/wp-content\/uploads\/2023\/11\/daily-pritsche-3-450x600.jpg\" alt=\"V\u00e9hicule utilitaire Iveco Daily cr\u00e9\u00e9 par Wenger AG Basel, d\u00e9partement Camions plateaux \/ ponts\/Werkzeugkiste\"><\/a><\/figure><\/div><div class=\"thumbnail \"><figure class=\"post-attachment mime-image-jpeg\"><a href=\"https:\/\/www.wenger-basel.ch\/wp-content\/uploads\/2023\/06\/regal-Gartner-450x600.jpg\" class=\"galery_link\" data-fancybox=\"group_0\" title=\"V\u00e9hicule entretenu par Wenger AG Basel, d\u00e9partement \/\"><img decoding=\"async\" src=\"https:\/\/www.wenger-basel.ch\/wp-content\/uploads\/2023\/06\/regal-Gartner-450x600.jpg\" alt=\"V\u00e9hicule entretenu par Wenger AG Basel, d\u00e9partement \/\"><\/a><\/figure><\/div><div class=\"thumbnail ausbauten\"><figure class=\"post-attachment mime-image-jpeg\"><a href=\"https:\/\/www.wenger-basel.ch\/wp-content\/uploads\/2023\/04\/regal-systeme-10-800x533.jpg\" class=\"galery_link\" data-fancybox=\"group_0\" title=\"Regal-Systeme\"><img decoding=\"async\" src=\"https:\/\/www.wenger-basel.ch\/wp-content\/uploads\/2023\/04\/regal-systeme-10-800x533.jpg\" alt=\"Regal-Systeme\"><\/a><\/figure><\/div><div class=\"thumbnail aufbauten\"><figure class=\"post-attachment mime-image-jpeg\"><a href=\"https:\/\/www.wenger-basel.ch\/wp-content\/uploads\/2023\/11\/master-pritsche-holz-800x600.jpg\" class=\"galery_link\" data-fancybox=\"group_0\" title=\"V\u00e9hicule utilitaire Mercedes Sprinter cr\u00e9\u00e9 par Wenger AG Basel, d\u00e9partement Camions plateaux \/ ponts\/Werkzeugkiste\"><img decoding=\"async\" src=\"https:\/\/www.wenger-basel.ch\/wp-content\/uploads\/2023\/11\/master-pritsche-holz-800x600.jpg\" alt=\"V\u00e9hicule utilitaire Mercedes Sprinter cr\u00e9\u00e9 par Wenger AG Basel, d\u00e9partement Camions plateaux \/ ponts\/Werkzeugkiste\"><\/a><\/figure><\/div><div class=\"thumbnail aufbauten\"><figure class=\"post-attachment mime-image-jpeg\"><a href=\"https:\/\/www.wenger-basel.ch\/wp-content\/uploads\/2023\/11\/crafter-23-800x600.jpg\" class=\"galery_link\" data-fancybox=\"group_0\" title=\"V\u00e9hicule utilitaire VW Crafter cr\u00e9\u00e9 par Wenger AG Basel, d\u00e9partement Grues \/ utilitaires grues\/Camions plateaux \/ ponts\"><img decoding=\"async\" src=\"https:\/\/www.wenger-basel.ch\/wp-content\/uploads\/2023\/11\/crafter-23-800x600.jpg\" alt=\"V\u00e9hicule utilitaire VW Crafter cr\u00e9\u00e9 par Wenger AG Basel, d\u00e9partement Grues \/ utilitaires grues\/Camions plateaux \/ ponts\"><\/a><\/figure><\/div><div class=\"thumbnail tiefrahmenchassis\"><figure class=\"post-attachment mime-image-jpeg\"><a href=\"https:\/\/www.wenger-basel.ch\/wp-content\/uploads\/2023\/04\/tiefrahmenchassis-DSC_1810-800x535.jpg\" class=\"galery_link\" data-fancybox=\"group_0\" title=\"Tiefrahmenchassis\"><img decoding=\"async\" src=\"https:\/\/www.wenger-basel.ch\/wp-content\/uploads\/2023\/04\/tiefrahmenchassis-DSC_1810-800x535.jpg\" alt=\"Tiefrahmenchassis\"><\/a><\/figure><\/div><div class=\"thumbnail ausbauten\"><figure class=\"post-attachment mime-image-jpeg\"><a href=\"https:\/\/www.wenger-basel.ch\/wp-content\/uploads\/2023\/11\/master-aluca-schreiner-3-450x600.jpg\" class=\"galery_link\" data-fancybox=\"group_0\" title=\"V\u00e9hicule entretenu par Wenger AG Basel, d\u00e9partement Arrimage \/ s\u00e9curisation du chargement\/Am\u00e9nagement int\u00e9rieur d&#039;utilitaires \/ fourgon\"><img decoding=\"async\" src=\"https:\/\/www.wenger-basel.ch\/wp-content\/uploads\/2023\/11\/master-aluca-schreiner-3-450x600.jpg\" alt=\"V\u00e9hicule entretenu par Wenger AG Basel, d\u00e9partement Arrimage \/ s\u00e9curisation du chargement\/Am\u00e9nagement int\u00e9rieur d&#039;utilitaires \/ fourgon\"><\/a><\/figure><\/div><div class=\"thumbnail tiefrahmenchassis\"><figure class=\"post-attachment mime-image-jpeg\"><a href=\"https:\/\/www.wenger-basel.ch\/wp-content\/uploads\/2023\/04\/tiefrahmenchassis-P1020950-800x600.jpg\" class=\"galery_link\" data-fancybox=\"group_0\" title=\"Tiefrahmenchassis\"><img decoding=\"async\" src=\"https:\/\/www.wenger-basel.ch\/wp-content\/uploads\/2023\/04\/tiefrahmenchassis-P1020950-800x600.jpg\" alt=\"Tiefrahmenchassis\"><\/a><\/figure><\/div><div class=\"thumbnail aufbauten\"><figure class=\"post-attachment mime-image-jpeg\"><a href=\"https:\/\/www.wenger-basel.ch\/wp-content\/uploads\/2023\/12\/koffer-schreggs-450x600.jpg\" class=\"galery_link\" data-fancybox=\"group_0\" title=\"V\u00e9hicule entretenu par Wenger AG Basel, d\u00e9partement Werkzeugkiste\/Construction sur chassis cabine\"><img decoding=\"async\" src=\"https:\/\/www.wenger-basel.ch\/wp-content\/uploads\/2023\/12\/koffer-schreggs-450x600.jpg\" alt=\"V\u00e9hicule entretenu par Wenger AG Basel, d\u00e9partement Werkzeugkiste\/Construction sur chassis cabine\"><\/a><\/figure><\/div><div class=\"thumbnail anhaenger\"><figure class=\"post-attachment mime-image-jpeg\"><a href=\"https:\/\/www.wenger-basel.ch\/wp-content\/uploads\/2023\/04\/standard-anhaenger-10-800x533.jpg\" class=\"galery_link\" data-fancybox=\"group_0\" title=\"Standardanh\u00e4nger\"><img decoding=\"async\" src=\"https:\/\/www.wenger-basel.ch\/wp-content\/uploads\/2023\/04\/standard-anhaenger-10-800x533.jpg\" alt=\"Standardanh\u00e4nger\"><\/a><\/figure><\/div><div class=\"thumbnail aufbauten\"><figure class=\"post-attachment mime-image-jpeg\"><a href=\"https:\/\/www.wenger-basel.ch\/wp-content\/uploads\/2023\/11\/weidmann-plane-800x600.jpg\" class=\"galery_link\" data-fancybox=\"group_0\" title=\"V\u00e9hicule utilitaire Mercedes Sprinter cr\u00e9\u00e9 par Wenger AG Basel, d\u00e9partement B\u00e2ches \/ utilitaires b\u00e2ch\u00e9s \/ ponts b\u00e2ch\u00e9s\/\"><img decoding=\"async\" src=\"https:\/\/www.wenger-basel.ch\/wp-content\/uploads\/2023\/11\/weidmann-plane-800x600.jpg\" alt=\"V\u00e9hicule utilitaire Mercedes Sprinter cr\u00e9\u00e9 par Wenger AG Basel, d\u00e9partement B\u00e2ches \/ utilitaires b\u00e2ch\u00e9s \/ ponts b\u00e2ch\u00e9s\/\"><\/a><\/figure><\/div><div class=\"thumbnail aufbauten\"><figure class=\"post-attachment mime-image-jpeg\"><a href=\"https:\/\/www.wenger-basel.ch\/wp-content\/uploads\/2023\/11\/crafter-franz-800x600.jpg\" class=\"galery_link\" data-fancybox=\"group_0\" title=\"V\u00e9hicule utilitaire VW Crafter cr\u00e9\u00e9 par Wenger AG Basel, d\u00e9partement Grues \/ utilitaires grues\/Camions plateaux \/ ponts\"><img decoding=\"async\" src=\"https:\/\/www.wenger-basel.ch\/wp-content\/uploads\/2023\/11\/crafter-franz-800x600.jpg\" alt=\"V\u00e9hicule utilitaire VW Crafter cr\u00e9\u00e9 par Wenger AG Basel, d\u00e9partement Grues \/ utilitaires grues\/Camions plateaux \/ ponts\"><\/a><\/figure><\/div><div class=\"thumbnail ausbauten\"><figure class=\"post-attachment mime-image-jpeg\"><a href=\"https:\/\/www.wenger-basel.ch\/wp-content\/uploads\/2023\/12\/nef-800x600.jpg\" class=\"galery_link\" data-fancybox=\"group_0\" title=\"V\u00e9hicule entretenu par Wenger AG Basel, d\u00e9partement Arrimage \/ s\u00e9curisation du chargement\/Am\u00e9nagement int\u00e9rieur d&#039;utilitaires \/ fourgon\"><img decoding=\"async\" src=\"https:\/\/www.wenger-basel.ch\/wp-content\/uploads\/2023\/12\/nef-800x600.jpg\" alt=\"V\u00e9hicule entretenu par Wenger AG Basel, d\u00e9partement Arrimage \/ s\u00e9curisation du chargement\/Am\u00e9nagement int\u00e9rieur d&#039;utilitaires \/ fourgon\"><\/a><\/figure><\/div><div class=\"thumbnail aufbauten\"><figure class=\"post-attachment mime-image-jpeg\"><a href=\"https:\/\/www.wenger-basel.ch\/wp-content\/uploads\/2023\/11\/transit-weiss-2-800x600.jpg\" class=\"galery_link\" data-fancybox=\"group_0\" title=\"V\u00e9hicule utilitaire Ford Transit cr\u00e9\u00e9 par Wenger AG Basel, d\u00e9partement Bennes basculantes\/\"><img decoding=\"async\" src=\"https:\/\/www.wenger-basel.ch\/wp-content\/uploads\/2023\/11\/transit-weiss-2-800x600.jpg\" alt=\"V\u00e9hicule utilitaire Ford Transit cr\u00e9\u00e9 par Wenger AG Basel, d\u00e9partement Bennes basculantes\/\"><\/a><\/figure><\/div><div class=\"thumbnail aufbauten\"><figure class=\"post-attachment mime-image-jpeg\"><a href=\"https:\/\/www.wenger-basel.ch\/wp-content\/uploads\/2023\/04\/kran-aufbau-1060034-800x600.jpg\" class=\"galery_link\" data-fancybox=\"group_0\" title=\"Krahn Aufbau - Nutzfahrzeugen\"><img decoding=\"async\" src=\"https:\/\/www.wenger-basel.ch\/wp-content\/uploads\/2023\/04\/kran-aufbau-1060034-800x600.jpg\" alt=\"Krahn Aufbau - Nutzfahrzeugen\"><\/a><\/figure><\/div><div class=\"thumbnail aufbauten\"><figure class=\"post-attachment mime-image-jpeg\"><a href=\"https:\/\/www.wenger-basel.ch\/wp-content\/uploads\/2023\/12\/isuzu-kipper-800x600.jpg\" class=\"galery_link\" data-fancybox=\"group_0\" title=\"V\u00e9hicule utilitaire Isuzu  cr\u00e9\u00e9 par Wenger AG Basel, d\u00e9partement Bennes basculantes\/Werkzeugkiste\"><img decoding=\"async\" src=\"https:\/\/www.wenger-basel.ch\/wp-content\/uploads\/2023\/12\/isuzu-kipper-800x600.jpg\" alt=\"V\u00e9hicule utilitaire Isuzu  cr\u00e9\u00e9 par Wenger AG Basel, d\u00e9partement Bennes basculantes\/Werkzeugkiste\"><\/a><\/figure><\/div><div class=\"thumbnail aufbauten\"><figure class=\"post-attachment mime-image-jpeg\"><a href=\"https:\/\/www.wenger-basel.ch\/wp-content\/uploads\/2023\/04\/kran-aufbau-1030533-800x600.jpg\" class=\"galery_link\" data-fancybox=\"group_0\" title=\"Krahn Aufbau - Nutzfahrzeugen\"><img decoding=\"async\" src=\"https:\/\/www.wenger-basel.ch\/wp-content\/uploads\/2023\/04\/kran-aufbau-1030533-800x600.jpg\" alt=\"Krahn Aufbau - Nutzfahrzeugen\"><\/a><\/figure><\/div><div class=\"thumbnail aufbauten\"><figure class=\"post-attachment mime-image-jpeg\"><a href=\"https:\/\/www.wenger-basel.ch\/wp-content\/uploads\/2024\/06\/eDaily-Kipper-800x600.jpg\" class=\"galery_link\" data-fancybox=\"group_0\" title=\"V\u00e9hicule utilitaire Iveco Daily cr\u00e9\u00e9 par Wenger AG Basel, d\u00e9partement Elektro\/Bennes basculantes\"><img decoding=\"async\" src=\"https:\/\/www.wenger-basel.ch\/wp-content\/uploads\/2024\/06\/eDaily-Kipper-800x600.jpg\" alt=\"V\u00e9hicule utilitaire Iveco Daily cr\u00e9\u00e9 par Wenger AG Basel, d\u00e9partement Elektro\/Bennes basculantes\"><\/a><\/figure><\/div><div class=\"thumbnail aufbauten\"><figure class=\"post-attachment mime-image-jpeg\"><a href=\"https:\/\/www.wenger-basel.ch\/wp-content\/uploads\/2023\/11\/crafter-pritsche-2-800x600.jpg\" class=\"galery_link\" data-fancybox=\"group_0\" title=\"V\u00e9hicule utilitaire VW Crafter cr\u00e9\u00e9 par Wenger AG Basel, d\u00e9partement Grues \/ utilitaires grues\/Camions plateaux \/ ponts\"><img decoding=\"async\" src=\"https:\/\/www.wenger-basel.ch\/wp-content\/uploads\/2023\/11\/crafter-pritsche-2-800x600.jpg\" alt=\"V\u00e9hicule utilitaire VW Crafter cr\u00e9\u00e9 par Wenger AG Basel, d\u00e9partement Grues \/ utilitaires grues\/Camions plateaux \/ ponts\"><\/a><\/figure><\/div><div class=\"thumbnail aufbauten\"><figure class=\"post-attachment mime-image-jpeg\"><a href=\"https:\/\/www.wenger-basel.ch\/wp-content\/uploads\/2023\/06\/ford-transit-gekippt-hinten-800x600.jpg\" class=\"galery_link\" data-fancybox=\"group_0\" title=\"V\u00e9hicule utilitaire Ford Transit cr\u00e9\u00e9 par Wenger AG Basel, d\u00e9partement Construction de v\u00e9hicules utilitaires\/Werkzeugkiste\"><img decoding=\"async\" src=\"https:\/\/www.wenger-basel.ch\/wp-content\/uploads\/2023\/06\/ford-transit-gekippt-hinten-800x600.jpg\" alt=\"V\u00e9hicule utilitaire Ford Transit cr\u00e9\u00e9 par Wenger AG Basel, d\u00e9partement Construction de v\u00e9hicules utilitaires\/Werkzeugkiste\"><\/a><\/figure><\/div><div class=\"thumbnail anhaenger\"><figure class=\"post-attachment mime-image-jpeg\"><a href=\"https:\/\/www.wenger-basel.ch\/wp-content\/uploads\/2023\/12\/anhanger-plane42-450x600.jpg\" class=\"galery_link\" data-fancybox=\"group_0\" title=\"V\u00e9hicule entretenu par Wenger AG Basel, d\u00e9partement Remorques sp\u00e9ciales \/ sur mesure\/Remorques\"><img decoding=\"async\" src=\"https:\/\/www.wenger-basel.ch\/wp-content\/uploads\/2023\/12\/anhanger-plane42-450x600.jpg\" alt=\"V\u00e9hicule entretenu par Wenger AG Basel, d\u00e9partement Remorques sp\u00e9ciales \/ sur mesure\/Remorques\"><\/a><\/figure><\/div><div class=\"thumbnail aufbauten\"><figure class=\"post-attachment mime-image-jpeg\"><a href=\"https:\/\/www.wenger-basel.ch\/wp-content\/uploads\/2023\/11\/isuzu-kipper-3-800x600.jpg\" class=\"galery_link\" data-fancybox=\"group_0\" title=\"V\u00e9hicule utilitaire Isuzu M\/P\/F- Baureihe cr\u00e9\u00e9 par Wenger AG Basel, d\u00e9partement Bennes basculantes\/\"><img decoding=\"async\" src=\"https:\/\/www.wenger-basel.ch\/wp-content\/uploads\/2023\/11\/isuzu-kipper-3-800x600.jpg\" alt=\"V\u00e9hicule utilitaire Isuzu M\/P\/F- Baureihe cr\u00e9\u00e9 par Wenger AG Basel, d\u00e9partement Bennes basculantes\/\"><\/a><\/figure><\/div><div class=\"thumbnail ausbauten\"><figure class=\"post-attachment mime-image-jpeg\"><a href=\"https:\/\/www.wenger-basel.ch\/wp-content\/uploads\/2023\/11\/crafter-2-800x600.jpg\" class=\"galery_link\" data-fancybox=\"group_0\" title=\"V\u00e9hicule utilitaire VW Crafter cr\u00e9\u00e9 par Wenger AG Basel, d\u00e9partement Arrimage \/ s\u00e9curisation du chargement\/\"><img decoding=\"async\" src=\"https:\/\/www.wenger-basel.ch\/wp-content\/uploads\/2023\/11\/crafter-2-800x600.jpg\" alt=\"V\u00e9hicule utilitaire VW Crafter cr\u00e9\u00e9 par Wenger AG Basel, d\u00e9partement Arrimage \/ s\u00e9curisation du chargement\/\"><\/a><\/figure><\/div><div class=\"thumbnail tiefrahmenchassis\"><figure class=\"post-attachment mime-image-jpeg\"><a href=\"https:\/\/www.wenger-basel.ch\/wp-content\/uploads\/2023\/04\/tiefrahmenchassis-P1020605-800x600.jpg\" class=\"galery_link\" data-fancybox=\"group_0\" title=\"Tiefrahmenchassis\"><img decoding=\"async\" src=\"https:\/\/www.wenger-basel.ch\/wp-content\/uploads\/2023\/04\/tiefrahmenchassis-P1020605-800x600.jpg\" alt=\"Tiefrahmenchassis\"><\/a><\/figure><\/div><div class=\"thumbnail aufbauten\"><figure class=\"post-attachment mime-image-jpeg\"><a href=\"https:\/\/www.wenger-basel.ch\/wp-content\/uploads\/2023\/06\/ford-transit-gekippt-800x600.jpg\" class=\"galery_link\" data-fancybox=\"group_0\" title=\"V\u00e9hicule utilitaire Ford Transit cr\u00e9\u00e9 par Wenger AG Basel, d\u00e9partement Construction de v\u00e9hicules utilitaires\/Werkzeugkiste\"><img decoding=\"async\" src=\"https:\/\/www.wenger-basel.ch\/wp-content\/uploads\/2023\/06\/ford-transit-gekippt-800x600.jpg\" alt=\"V\u00e9hicule utilitaire Ford Transit cr\u00e9\u00e9 par Wenger AG Basel, d\u00e9partement Construction de v\u00e9hicules utilitaires\/Werkzeugkiste\"><\/a><\/figure><\/div><div class=\"thumbnail aufbauten\"><figure class=\"post-attachment mime-image-jpeg\"><a href=\"https:\/\/www.wenger-basel.ch\/wp-content\/uploads\/2023\/11\/master-2-800x600.jpg\" class=\"galery_link\" data-fancybox=\"group_0\" title=\"V\u00e9hicule utilitaire Renault Master cr\u00e9\u00e9 par Wenger AG Basel, d\u00e9partement Bennes basculantes\/\"><img decoding=\"async\" src=\"https:\/\/www.wenger-basel.ch\/wp-content\/uploads\/2023\/11\/master-2-800x600.jpg\" alt=\"V\u00e9hicule utilitaire Renault Master cr\u00e9\u00e9 par Wenger AG Basel, d\u00e9partement Bennes basculantes\/\"><\/a><\/figure><\/div><div class=\"thumbnail aufbauten\"><figure class=\"post-attachment mime-image-jpeg\"><a href=\"https:\/\/www.wenger-basel.ch\/wp-content\/uploads\/2023\/11\/daily-pritsche-2-800x600.jpg\" class=\"galery_link\" data-fancybox=\"group_0\" title=\"V\u00e9hicule utilitaire Iveco Daily cr\u00e9\u00e9 par Wenger AG Basel, d\u00e9partement Camions plateaux \/ ponts\/Werkzeugkiste\"><img decoding=\"async\" src=\"https:\/\/www.wenger-basel.ch\/wp-content\/uploads\/2023\/11\/daily-pritsche-2-800x600.jpg\" alt=\"V\u00e9hicule utilitaire Iveco Daily cr\u00e9\u00e9 par Wenger AG Basel, d\u00e9partement Camions plateaux \/ ponts\/Werkzeugkiste\"><\/a><\/figure><\/div><div class=\"thumbnail kran\"><figure class=\"post-attachment mime-image-jpeg\"><a href=\"https:\/\/www.wenger-basel.ch\/wp-content\/uploads\/2026\/03\/kran-anhanger-2-450x600.jpg\" class=\"galery_link\" data-fancybox=\"group_0\" title=\"V\u00e9hicule entretenu par Wenger AG Basel, d\u00e9partement Camions plateaux \/ ponts\/Grues \/ utilitaires grues\"><img decoding=\"async\" src=\"https:\/\/www.wenger-basel.ch\/wp-content\/uploads\/2026\/03\/kran-anhanger-2-450x600.jpg\" alt=\"V\u00e9hicule entretenu par Wenger AG Basel, d\u00e9partement Camions plateaux \/ ponts\/Grues \/ utilitaires grues\"><\/a><\/figure><\/div><div class=\"thumbnail aufbauten\"><figure class=\"post-attachment mime-image-jpeg\"><a href=\"https:\/\/www.wenger-basel.ch\/wp-content\/uploads\/2024\/10\/mercedes-sprinter-rot-649x600.jpeg\" class=\"galery_link\" data-fancybox=\"group_0\" title=\"V\u00e9hicule utilitaire Mercedes Sprinter cr\u00e9\u00e9 par Wenger AG Basel, d\u00e9partement Camions plateaux \/ ponts\/Werkzeugkiste\"><img decoding=\"async\" src=\"https:\/\/www.wenger-basel.ch\/wp-content\/uploads\/2024\/10\/mercedes-sprinter-rot-649x600.jpeg\" alt=\"V\u00e9hicule utilitaire Mercedes Sprinter cr\u00e9\u00e9 par Wenger AG Basel, d\u00e9partement Camions plateaux \/ ponts\/Werkzeugkiste\"><\/a><\/figure><\/div><div class=\"thumbnail aufbauten\"><figure class=\"post-attachment mime-image-jpeg\"><a href=\"https:\/\/www.wenger-basel.ch\/wp-content\/uploads\/2023\/12\/isuzu-lang-800x536.jpg\" class=\"galery_link\" data-fancybox=\"group_0\" title=\"V\u00e9hicule utilitaire Isuzu  cr\u00e9\u00e9 par Wenger AG Basel, d\u00e9partement Camions plateaux \/ ponts\/\"><img decoding=\"async\" src=\"https:\/\/www.wenger-basel.ch\/wp-content\/uploads\/2023\/12\/isuzu-lang-800x536.jpg\" alt=\"V\u00e9hicule utilitaire Isuzu  cr\u00e9\u00e9 par Wenger AG Basel, d\u00e9partement Camions plateaux \/ ponts\/\"><\/a><\/figure><\/div><div class=\"thumbnail tiefrahmenchassis\"><figure class=\"post-attachment mime-image-jpeg\"><a href=\"https:\/\/www.wenger-basel.ch\/wp-content\/uploads\/2023\/04\/tiefrahmenchassis-P1020953-800x600.jpg\" class=\"galery_link\" data-fancybox=\"group_0\" title=\"Tiefrahmenchassis\"><img decoding=\"async\" src=\"https:\/\/www.wenger-basel.ch\/wp-content\/uploads\/2023\/04\/tiefrahmenchassis-P1020953-800x600.jpg\" alt=\"Tiefrahmenchassis\"><\/a><\/figure><\/div><div class=\"thumbnail aufbauten\"><figure class=\"post-attachment mime-image-jpeg\"><a href=\"https:\/\/www.wenger-basel.ch\/wp-content\/uploads\/2023\/04\/kran-aufbau-1020217-800x600.jpg\" class=\"galery_link\" data-fancybox=\"group_0\" title=\"Krahn Aufbau - Nutzfahrzeugen\"><img decoding=\"async\" src=\"https:\/\/www.wenger-basel.ch\/wp-content\/uploads\/2023\/04\/kran-aufbau-1020217-800x600.jpg\" alt=\"Krahn Aufbau - Nutzfahrzeugen\"><\/a><\/figure><\/div><div class=\"thumbnail aufbauten\"><figure class=\"post-attachment mime-image-jpeg\"><a href=\"https:\/\/www.wenger-basel.ch\/wp-content\/uploads\/2023\/11\/tge-2-800x600.jpg\" class=\"galery_link\" data-fancybox=\"group_0\" title=\"V\u00e9hicule utilitaire MAN TGE cr\u00e9\u00e9 par Wenger AG Basel, d\u00e9partement Bennes basculantes\/\"><img decoding=\"async\" src=\"https:\/\/www.wenger-basel.ch\/wp-content\/uploads\/2023\/11\/tge-2-800x600.jpg\" alt=\"V\u00e9hicule utilitaire MAN TGE cr\u00e9\u00e9 par Wenger AG Basel, d\u00e9partement Bennes basculantes\/\"><\/a><\/figure><\/div><div class=\"thumbnail ausbauten\"><figure class=\"post-attachment mime-image-jpeg\"><a href=\"https:\/\/www.wenger-basel.ch\/wp-content\/uploads\/2023\/11\/dachtrager-crafter-800x600.jpg\" class=\"galery_link\" data-fancybox=\"group_0\" title=\"V\u00e9hicule utilitaire VW Crafter cr\u00e9\u00e9 par Wenger AG Basel, d\u00e9partement Arrimage \/ s\u00e9curisation du chargement\/\"><img decoding=\"async\" src=\"https:\/\/www.wenger-basel.ch\/wp-content\/uploads\/2023\/11\/dachtrager-crafter-800x600.jpg\" alt=\"V\u00e9hicule utilitaire VW Crafter cr\u00e9\u00e9 par Wenger AG Basel, d\u00e9partement Arrimage \/ s\u00e9curisation du chargement\/\"><\/a><\/figure><\/div><div class=\"thumbnail aufbauten\"><figure class=\"post-attachment mime-image-jpeg\"><a href=\"https:\/\/www.wenger-basel.ch\/wp-content\/uploads\/2023\/11\/sprinter-rote-2-800x600.jpg\" class=\"galery_link\" data-fancybox=\"group_0\" title=\"V\u00e9hicule utilitaire Mercedes Sprinter cr\u00e9\u00e9 par Wenger AG Basel, d\u00e9partement Bennes basculantes\/\"><img decoding=\"async\" src=\"https:\/\/www.wenger-basel.ch\/wp-content\/uploads\/2023\/11\/sprinter-rote-2-800x600.jpg\" alt=\"V\u00e9hicule utilitaire Mercedes Sprinter cr\u00e9\u00e9 par Wenger AG Basel, d\u00e9partement Bennes basculantes\/\"><\/a><\/figure><\/div><div class=\"thumbnail anhaenger\"><figure class=\"post-attachment mime-image-jpeg\"><a href=\"https:\/\/www.wenger-basel.ch\/wp-content\/uploads\/2023\/04\/standard-anhaenger-12-800x533.jpg\" class=\"galery_link\" data-fancybox=\"group_0\" title=\"Standardanh\u00e4nger\"><img decoding=\"async\" src=\"https:\/\/www.wenger-basel.ch\/wp-content\/uploads\/2023\/04\/standard-anhaenger-12-800x533.jpg\" alt=\"Standardanh\u00e4nger\"><\/a><\/figure><\/div><div class=\"thumbnail tiefrahmenchassis\"><figure class=\"post-attachment mime-image-jpeg\"><a href=\"https:\/\/www.wenger-basel.ch\/wp-content\/uploads\/2023\/04\/tiefrahmenchassis-P1020601-800x600.jpg\" class=\"galery_link\" data-fancybox=\"group_0\" title=\"Tiefrahmenchassis\"><img decoding=\"async\" src=\"https:\/\/www.wenger-basel.ch\/wp-content\/uploads\/2023\/04\/tiefrahmenchassis-P1020601-800x600.jpg\" alt=\"Tiefrahmenchassis\"><\/a><\/figure><\/div><div class=\"thumbnail aufbauten\"><figure class=\"post-attachment mime-image-jpeg\"><a href=\"https:\/\/www.wenger-basel.ch\/wp-content\/uploads\/2023\/11\/master-pritsche-holz-2-450x600.jpg\" class=\"galery_link\" data-fancybox=\"group_0\" title=\"V\u00e9hicule utilitaire Mercedes Sprinter cr\u00e9\u00e9 par Wenger AG Basel, d\u00e9partement Camions plateaux \/ ponts\/Werkzeugkiste\"><img decoding=\"async\" src=\"https:\/\/www.wenger-basel.ch\/wp-content\/uploads\/2023\/11\/master-pritsche-holz-2-450x600.jpg\" alt=\"V\u00e9hicule utilitaire Mercedes Sprinter cr\u00e9\u00e9 par Wenger AG Basel, d\u00e9partement Camions plateaux \/ ponts\/Werkzeugkiste\"><\/a><\/figure><\/div><div class=\"thumbnail fahrzeugbau\"><figure class=\"post-attachment mime-image-jpeg\"><a href=\"https:\/\/www.wenger-basel.ch\/wp-content\/uploads\/2023\/04\/pritsche-2020-04-30-08.06.30-800x600.jpg\" class=\"galery_link\" data-fancybox=\"group_0\" title=\"Aluminium Pritsche\"><img decoding=\"async\" src=\"https:\/\/www.wenger-basel.ch\/wp-content\/uploads\/2023\/04\/pritsche-2020-04-30-08.06.30-800x600.jpg\" alt=\"Aluminium Pritsche\"><\/a><\/figure><\/div><div class=\"thumbnail aufbauten\"><figure class=\"post-attachment mime-image-jpeg\"><a href=\"https:\/\/www.wenger-basel.ch\/wp-content\/uploads\/2023\/11\/isuzu-kipper-2-800x600.jpg\" class=\"galery_link\" data-fancybox=\"group_0\" title=\"V\u00e9hicule utilitaire Isuzu M\/P\/F- Baureihe cr\u00e9\u00e9 par Wenger AG Basel, d\u00e9partement Bennes basculantes\/Werkzeugkiste\"><img decoding=\"async\" src=\"https:\/\/www.wenger-basel.ch\/wp-content\/uploads\/2023\/11\/isuzu-kipper-2-800x600.jpg\" alt=\"V\u00e9hicule utilitaire Isuzu M\/P\/F- Baureihe cr\u00e9\u00e9 par Wenger AG Basel, d\u00e9partement Bennes basculantes\/Werkzeugkiste\"><\/a><\/figure><\/div><div class=\"thumbnail aufbauten\"><figure class=\"post-attachment mime-image-jpeg\"><a href=\"https:\/\/www.wenger-basel.ch\/wp-content\/uploads\/2023\/12\/nissan-nt-400-800x600.jpg\" class=\"galery_link\" data-fancybox=\"group_0\" title=\"V\u00e9hicule utilitaire Nissan  cr\u00e9\u00e9 par Wenger AG Basel, d\u00e9partement Bennes basculantes\/\"><img decoding=\"async\" src=\"https:\/\/www.wenger-basel.ch\/wp-content\/uploads\/2023\/12\/nissan-nt-400-800x600.jpg\" alt=\"V\u00e9hicule utilitaire Nissan  cr\u00e9\u00e9 par Wenger AG Basel, d\u00e9partement Bennes basculantes\/\"><\/a><\/figure><\/div><div class=\"thumbnail aufbauten\"><figure class=\"post-attachment mime-image-jpeg\"><a href=\"https:\/\/www.wenger-basel.ch\/wp-content\/uploads\/2023\/11\/sprinter-rote-800x600.jpg\" class=\"galery_link\" data-fancybox=\"group_0\" title=\"V\u00e9hicule utilitaire Mercedes Sprinter cr\u00e9\u00e9 par Wenger AG Basel, d\u00e9partement Bennes basculantes\/\"><img decoding=\"async\" src=\"https:\/\/www.wenger-basel.ch\/wp-content\/uploads\/2023\/11\/sprinter-rote-800x600.jpg\" alt=\"V\u00e9hicule utilitaire Mercedes Sprinter cr\u00e9\u00e9 par Wenger AG Basel, d\u00e9partement Bennes basculantes\/\"><\/a><\/figure><\/div><div class=\"thumbnail aufbauten\"><figure class=\"post-attachment mime-image-jpeg\"><a href=\"https:\/\/www.wenger-basel.ch\/wp-content\/uploads\/2023\/11\/sprinter-lotti-2-800x600.jpg\" class=\"galery_link\" data-fancybox=\"group_0\" title=\"V\u00e9hicule utilitaire Mercedes Sprinter cr\u00e9\u00e9 par Wenger AG Basel, d\u00e9partement Camions plateaux \/ ponts\/\"><img decoding=\"async\" src=\"https:\/\/www.wenger-basel.ch\/wp-content\/uploads\/2023\/11\/sprinter-lotti-2-800x600.jpg\" alt=\"V\u00e9hicule utilitaire Mercedes Sprinter cr\u00e9\u00e9 par Wenger AG Basel, d\u00e9partement Camions plateaux \/ ponts\/\"><\/a><\/figure><\/div><div class=\"thumbnail aufbauten\"><figure class=\"post-attachment mime-image-jpeg\"><a href=\"https:\/\/www.wenger-basel.ch\/wp-content\/uploads\/2023\/11\/master-pritsche-800x600.jpg\" class=\"galery_link\" data-fancybox=\"group_0\" title=\"V\u00e9hicule utilitaire Renault Master cr\u00e9\u00e9 par Wenger AG Basel, d\u00e9partement Camions plateaux \/ ponts\/\"><img decoding=\"async\" src=\"https:\/\/www.wenger-basel.ch\/wp-content\/uploads\/2023\/11\/master-pritsche-800x600.jpg\" alt=\"V\u00e9hicule utilitaire Renault Master cr\u00e9\u00e9 par Wenger AG Basel, d\u00e9partement Camions plateaux \/ ponts\/\"><\/a><\/figure><\/div><div class=\"thumbnail anhaenger\"><figure class=\"post-attachment mime-image-jpeg\"><a href=\"https:\/\/www.wenger-basel.ch\/wp-content\/uploads\/2023\/04\/standard-anhaenger-8-800x533.jpg\" class=\"galery_link\" data-fancybox=\"group_0\" title=\"Standardanh\u00e4nger\"><img decoding=\"async\" src=\"https:\/\/www.wenger-basel.ch\/wp-content\/uploads\/2023\/04\/standard-anhaenger-8-800x533.jpg\" alt=\"Standardanh\u00e4nger\"><\/a><\/figure><\/div><div class=\"thumbnail fahrzeugbau\"><figure class=\"post-attachment mime-image-jpeg\"><a href=\"https:\/\/www.wenger-basel.ch\/wp-content\/uploads\/2023\/04\/pritsche-P1090642-800x600.jpg\" class=\"galery_link\" data-fancybox=\"group_0\" title=\"Aluminium Pritsche\"><img decoding=\"async\" src=\"https:\/\/www.wenger-basel.ch\/wp-content\/uploads\/2023\/04\/pritsche-P1090642-800x600.jpg\" alt=\"Aluminium Pritsche\"><\/a><\/figure><\/div><div class=\"thumbnail ausbauten\"><figure class=\"post-attachment mime-image-jpeg\"><a href=\"https:\/\/www.wenger-basel.ch\/wp-content\/uploads\/2023\/11\/daily-wurth-dach-800x600.jpg\" class=\"galery_link\" data-fancybox=\"group_0\" title=\"V\u00e9hicule utilitaire Iveco Daily cr\u00e9\u00e9 par Wenger AG Basel, d\u00e9partement Arrimage \/ s\u00e9curisation du chargement\/\"><img decoding=\"async\" src=\"https:\/\/www.wenger-basel.ch\/wp-content\/uploads\/2023\/11\/daily-wurth-dach-800x600.jpg\" alt=\"V\u00e9hicule utilitaire Iveco Daily cr\u00e9\u00e9 par Wenger AG Basel, d\u00e9partement Arrimage \/ s\u00e9curisation du chargement\/\"><\/a><\/figure><\/div><div class=\"thumbnail kran\"><figure class=\"post-attachment mime-image-jpeg\"><a href=\"https:\/\/www.wenger-basel.ch\/wp-content\/uploads\/2026\/03\/kran-anhanger-800x600.jpg\" class=\"galery_link\" data-fancybox=\"group_0\" title=\"V\u00e9hicule entretenu par Wenger AG Basel, d\u00e9partement Camions plateaux \/ ponts\/Grues \/ utilitaires grues\"><img decoding=\"async\" src=\"https:\/\/www.wenger-basel.ch\/wp-content\/uploads\/2026\/03\/kran-anhanger-800x600.jpg\" alt=\"V\u00e9hicule entretenu par Wenger AG Basel, d\u00e9partement Camions plateaux \/ ponts\/Grues \/ utilitaires grues\"><\/a><\/figure><\/div><div class=\"thumbnail planen\"><figure class=\"post-attachment mime-image-jpeg\"><a href=\"https:\/\/www.wenger-basel.ch\/wp-content\/uploads\/2024\/03\/isuzu-blau-800x600.jpg\" class=\"galery_link\" data-fancybox=\"group_0\" title=\"V\u00e9hicule utilitaire Isuzu  cr\u00e9\u00e9 par Wenger AG Basel, d\u00e9partement Camions plateaux \/ ponts\/\"><img decoding=\"async\" src=\"https:\/\/www.wenger-basel.ch\/wp-content\/uploads\/2024\/03\/isuzu-blau-800x600.jpg\" alt=\"V\u00e9hicule utilitaire Isuzu  cr\u00e9\u00e9 par Wenger AG Basel, d\u00e9partement Camions plateaux \/ ponts\/\"><\/a><\/figure><\/div><div class=\"thumbnail aufbauten\"><figure class=\"post-attachment mime-image-jpeg\"><a href=\"https:\/\/www.wenger-basel.ch\/wp-content\/uploads\/2023\/12\/isuzu-kipper-3-800x600.jpg\" class=\"galery_link\" data-fancybox=\"group_0\" title=\"V\u00e9hicule utilitaire Isuzu  cr\u00e9\u00e9 par Wenger AG Basel, d\u00e9partement Bennes basculantes\/Werkzeugkiste\"><img decoding=\"async\" src=\"https:\/\/www.wenger-basel.ch\/wp-content\/uploads\/2023\/12\/isuzu-kipper-3-800x600.jpg\" alt=\"V\u00e9hicule utilitaire Isuzu  cr\u00e9\u00e9 par Wenger AG Basel, d\u00e9partement Bennes basculantes\/Werkzeugkiste\"><\/a><\/figure><\/div><div class=\"thumbnail aufbauten\"><figure class=\"post-attachment mime-image-jpeg\"><a href=\"https:\/\/www.wenger-basel.ch\/wp-content\/uploads\/2023\/04\/kran-aufbau-1040012-800x600.jpg\" class=\"galery_link\" data-fancybox=\"group_0\" title=\"Krahn Aufbau - Nutzfahrzeugen\"><img decoding=\"async\" src=\"https:\/\/www.wenger-basel.ch\/wp-content\/uploads\/2023\/04\/kran-aufbau-1040012-800x600.jpg\" alt=\"Krahn Aufbau - Nutzfahrzeugen\"><\/a><\/figure><\/div><div class=\"thumbnail kran\"><figure class=\"post-attachment mime-image-jpeg\"><a href=\"https:\/\/www.wenger-basel.ch\/wp-content\/uploads\/2025\/04\/Kran-F32-800x600.jpg\" class=\"galery_link\" data-fancybox=\"group_0\" title=\"V\u00e9hicule entretenu par Wenger AG Basel, d\u00e9partement \/Grues \/ utilitaires grues\"><img decoding=\"async\" src=\"https:\/\/www.wenger-basel.ch\/wp-content\/uploads\/2025\/04\/Kran-F32-800x600.jpg\" alt=\"V\u00e9hicule entretenu par Wenger AG Basel, d\u00e9partement \/Grues \/ utilitaires grues\"><\/a><\/figure><\/div><div class=\"thumbnail planen\"><figure class=\"post-attachment mime-image-jpeg\"><a href=\"https:\/\/www.wenger-basel.ch\/wp-content\/uploads\/2026\/01\/IMG_2522-800x600.jpg\" class=\"galery_link\" data-fancybox=\"group_0\" title=\"V\u00e9hicule utilitaire Toyota Hilux cr\u00e9\u00e9 par Wenger AG Basel, d\u00e9partement \/\"><img decoding=\"async\" src=\"https:\/\/www.wenger-basel.ch\/wp-content\/uploads\/2026\/01\/IMG_2522-800x600.jpg\" alt=\"V\u00e9hicule utilitaire Toyota Hilux cr\u00e9\u00e9 par Wenger AG Basel, d\u00e9partement \/\"><\/a><\/figure><\/div><div class=\"thumbnail aufbauten\"><figure class=\"post-attachment mime-image-jpeg\"><a href=\"https:\/\/www.wenger-basel.ch\/wp-content\/uploads\/2023\/11\/master-1-800x600.jpg\" class=\"galery_link\" data-fancybox=\"group_0\" title=\"V\u00e9hicule utilitaire Renault Master cr\u00e9\u00e9 par Wenger AG Basel, d\u00e9partement Bennes basculantes\/\"><img decoding=\"async\" src=\"https:\/\/www.wenger-basel.ch\/wp-content\/uploads\/2023\/11\/master-1-800x600.jpg\" alt=\"V\u00e9hicule utilitaire Renault Master cr\u00e9\u00e9 par Wenger AG Basel, d\u00e9partement Bennes basculantes\/\"><\/a><\/figure><\/div><div class=\"thumbnail aufbauten\"><figure class=\"post-attachment mime-image-jpeg\"><a href=\"https:\/\/www.wenger-basel.ch\/wp-content\/uploads\/2023\/10\/koffer-3-450x600.jpg\" class=\"galery_link\" data-fancybox=\"group_0\" title=\"V\u00e9hicule entretenu par Wenger AG Basel, d\u00e9partement Arrimage \/ s\u00e9curisation du chargement\/Construction sur chassis cabine\"><img decoding=\"async\" src=\"https:\/\/www.wenger-basel.ch\/wp-content\/uploads\/2023\/10\/koffer-3-450x600.jpg\" alt=\"V\u00e9hicule entretenu par Wenger AG Basel, d\u00e9partement Arrimage \/ s\u00e9curisation du chargement\/Construction sur chassis cabine\"><\/a><\/figure><\/div><div class=\"thumbnail aufbauten\"><figure class=\"post-attachment mime-image-jpeg\"><a href=\"https:\/\/www.wenger-basel.ch\/wp-content\/uploads\/2023\/11\/master-doppel-pritsche-800x600.jpg\" class=\"galery_link\" data-fancybox=\"group_0\" title=\"V\u00e9hicule utilitaire Renault Master cr\u00e9\u00e9 par Wenger AG Basel, d\u00e9partement Camions plateaux \/ ponts\/\"><img decoding=\"async\" src=\"https:\/\/www.wenger-basel.ch\/wp-content\/uploads\/2023\/11\/master-doppel-pritsche-800x600.jpg\" alt=\"V\u00e9hicule utilitaire Renault Master cr\u00e9\u00e9 par Wenger AG Basel, d\u00e9partement Camions plateaux \/ ponts\/\"><\/a><\/figure><\/div><\/div><\/div>[\/vc_column_text][\/vc_column][\/vc_row]\n","protected":false},"excerpt":{"rendered":"<p>[vc_row type=&#8221;in_container&#8221; full_screen_row_position=&#8221;middle&#8221; column_margin=&#8221;default&#8221; column_direction=&#8221;default&#8221; column_direction_tablet=&#8221;default&#8221; column_direction_phone=&#8221;default&#8221; scene_position=&#8221;center&#8221; text_color=&#8221;dark&#8221; text_align=&#8221;left&#8221; row_border_radius=&#8221;none&#8221; row_border_radius_applies=&#8221;bg&#8221; overflow=&#8221;visible&#8221; overlay_strength=&#8221;0.3&#8243; gradient_direction=&#8221;left_to_right&#8221; shape_divider_position=&#8221;bottom&#8221; bg_image_animation=&#8221;none&#8221;][vc_column column_padding=&#8221;no-extra-padding&#8221; column_padding_tablet=&#8221;inherit&#8221; column_padding_phone=&#8221;inherit&#8221; column_padding_position=&#8221;all&#8221; column_element_direction_desktop=&#8221;default&#8221; column_element_spacing=&#8221;default&#8221; desktop_text_alignment=&#8221;default&#8221; tablet_text_alignment=&#8221;default&#8221; phone_text_alignment=&#8221;default&#8221; background_color_opacity=&#8221;1&#8243; background_hover_color_opacity=&#8221;1&#8243; column_backdrop_filter=&#8221;none&#8221; column_shadow=&#8221;none&#8221;&#8230;<\/p>\n","protected":false},"author":6,"featured_media":0,"parent":6531,"menu_order":0,"comment_status":"closed","ping_status":"closed","template":"","meta":{"_acf_changed":false,"footnotes":""},"categories":[],"tags":[],"class_list":["post-8304","page","type-page","status-publish"],"acf":[],"yoast_head":"<!-- This site is optimized with the Yoast SEO plugin v27.5 - https:\/\/yoast.com\/product\/yoast-seo-wordpress\/ -->\n<title>M\u00e9tiers du Bois - Wenger Carrosserie\/Fahrzeugbau AG<\/title>\n<meta name=\"robots\" content=\"index, follow, max-snippet:-1, max-image-preview:large, max-video-preview:-1\" \/>\n<link rel=\"canonical\" href=\"https:\/\/www.wenger-basel.ch\/fr\/vous-etes\/secteur-prive\/construction-en-bois\/\" \/>\n<meta property=\"og:locale\" content=\"fr_FR\" \/>\n<meta property=\"og:type\" content=\"article\" \/>\n<meta property=\"og:title\" content=\"M\u00e9tiers du Bois - Wenger Carrosserie\/Fahrzeugbau AG\" \/>\n<meta property=\"og:description\" content=\"[vc_row type=&#8221;in_container&#8221; full_screen_row_position=&#8221;middle&#8221; column_margin=&#8221;default&#8221; column_direction=&#8221;default&#8221; column_direction_tablet=&#8221;default&#8221; column_direction_phone=&#8221;default&#8221; scene_position=&#8221;center&#8221; text_color=&#8221;dark&#8221; text_align=&#8221;left&#8221; row_border_radius=&#8221;none&#8221; row_border_radius_applies=&#8221;bg&#8221; overflow=&#8221;visible&#8221; overlay_strength=&#8221;0.3&#8243; gradient_direction=&#8221;left_to_right&#8221; shape_divider_position=&#8221;bottom&#8221; bg_image_animation=&#8221;none&#8221;][vc_column column_padding=&#8221;no-extra-padding&#8221; column_padding_tablet=&#8221;inherit&#8221; column_padding_phone=&#8221;inherit&#8221; column_padding_position=&#8221;all&#8221; column_element_direction_desktop=&#8221;default&#8221; column_element_spacing=&#8221;default&#8221; desktop_text_alignment=&#8221;default&#8221; tablet_text_alignment=&#8221;default&#8221; phone_text_alignment=&#8221;default&#8221; background_color_opacity=&#8221;1&#8243; background_hover_color_opacity=&#8221;1&#8243; column_backdrop_filter=&#8221;none&#8221; column_shadow=&#8221;none&#8221;...\" \/>\n<meta property=\"og:url\" content=\"https:\/\/www.wenger-basel.ch\/fr\/vous-etes\/secteur-prive\/construction-en-bois\/\" \/>\n<meta property=\"og:site_name\" content=\"Wenger Carrosserie\/Fahrzeugbau AG\" \/>\n<meta property=\"article:publisher\" content=\"https:\/\/www.facebook.com\/WengerBasel\" \/>\n<meta property=\"article:modified_time\" content=\"2023-12-07T08:44:24+00:00\" \/>\n<meta property=\"og:image\" content=\"https:\/\/www.wenger-basel.ch\/wp-content\/uploads\/2023\/08\/wenger-basel-empfang.jpg\" \/>\n\t<meta property=\"og:image:width\" content=\"1200\" \/>\n\t<meta property=\"og:image:height\" content=\"790\" \/>\n\t<meta property=\"og:image:type\" content=\"image\/jpeg\" \/>\n<meta name=\"twitter:card\" content=\"summary_large_image\" \/>\n<meta name=\"twitter:label1\" content=\"Est. reading time\" \/>\n\t<meta name=\"twitter:data1\" content=\"2 minutes\" \/>\n<!-- \/ Yoast SEO plugin. -->","yoast_head_json":{"title":"M\u00e9tiers du Bois - Wenger Carrosserie\/Fahrzeugbau AG","robots":{"index":"index","follow":"follow","max-snippet":"max-snippet:-1","max-image-preview":"max-image-preview:large","max-video-preview":"max-video-preview:-1"},"canonical":"https:\/\/www.wenger-basel.ch\/fr\/vous-etes\/secteur-prive\/construction-en-bois\/","og_locale":"fr_FR","og_type":"article","og_title":"M\u00e9tiers du Bois - Wenger Carrosserie\/Fahrzeugbau AG","og_description":"[vc_row type=&#8221;in_container&#8221; full_screen_row_position=&#8221;middle&#8221; column_margin=&#8221;default&#8221; column_direction=&#8221;default&#8221; column_direction_tablet=&#8221;default&#8221; column_direction_phone=&#8221;default&#8221; scene_position=&#8221;center&#8221; text_color=&#8221;dark&#8221; text_align=&#8221;left&#8221; row_border_radius=&#8221;none&#8221; row_border_radius_applies=&#8221;bg&#8221; overflow=&#8221;visible&#8221; overlay_strength=&#8221;0.3&#8243; gradient_direction=&#8221;left_to_right&#8221; shape_divider_position=&#8221;bottom&#8221; bg_image_animation=&#8221;none&#8221;][vc_column column_padding=&#8221;no-extra-padding&#8221; column_padding_tablet=&#8221;inherit&#8221; column_padding_phone=&#8221;inherit&#8221; column_padding_position=&#8221;all&#8221; column_element_direction_desktop=&#8221;default&#8221; column_element_spacing=&#8221;default&#8221; desktop_text_alignment=&#8221;default&#8221; tablet_text_alignment=&#8221;default&#8221; phone_text_alignment=&#8221;default&#8221; background_color_opacity=&#8221;1&#8243; background_hover_color_opacity=&#8221;1&#8243; column_backdrop_filter=&#8221;none&#8221; column_shadow=&#8221;none&#8221;...","og_url":"https:\/\/www.wenger-basel.ch\/fr\/vous-etes\/secteur-prive\/construction-en-bois\/","og_site_name":"Wenger Carrosserie\/Fahrzeugbau AG","article_publisher":"https:\/\/www.facebook.com\/WengerBasel","article_modified_time":"2023-12-07T08:44:24+00:00","og_image":[{"width":1200,"height":790,"url":"https:\/\/www.wenger-basel.ch\/wp-content\/uploads\/2023\/08\/wenger-basel-empfang.jpg","type":"image\/jpeg"}],"twitter_card":"summary_large_image","twitter_misc":{"Est. reading time":"2 minutes"},"schema":{"@context":"https:\/\/schema.org","@graph":[{"@type":"WebPage","@id":"https:\/\/www.wenger-basel.ch\/fr\/vous-etes\/secteur-prive\/construction-en-bois\/","url":"https:\/\/www.wenger-basel.ch\/fr\/vous-etes\/secteur-prive\/construction-en-bois\/","name":"M\u00e9tiers du Bois - Wenger Carrosserie\/Fahrzeugbau AG","isPartOf":{"@id":"https:\/\/www.wenger-basel.ch\/#website"},"datePublished":"2023-05-10T12:18:48+00:00","dateModified":"2023-12-07T08:44:24+00:00","breadcrumb":{"@id":"https:\/\/www.wenger-basel.ch\/fr\/vous-etes\/secteur-prive\/construction-en-bois\/#breadcrumb"},"inLanguage":"fr-CH","potentialAction":[{"@type":"ReadAction","target":["https:\/\/www.wenger-basel.ch\/fr\/vous-etes\/secteur-prive\/construction-en-bois\/"]}]},{"@type":"BreadcrumbList","@id":"https:\/\/www.wenger-basel.ch\/fr\/vous-etes\/secteur-prive\/construction-en-bois\/#breadcrumb","itemListElement":[{"@type":"ListItem","position":1,"name":"Startseite","item":"https:\/\/www.wenger-basel.ch\/fr\/"},{"@type":"ListItem","position":2,"name":"Vous \u00eates&#8230;","item":"https:\/\/www.wenger-basel.ch\/fr\/vous-etes\/"},{"@type":"ListItem","position":3,"name":"Secteur priv\u00e9","item":"https:\/\/www.wenger-basel.ch\/fr\/vous-etes\/secteur-prive\/"},{"@type":"ListItem","position":4,"name":"M\u00e9tiers du Bois"}]},{"@type":"WebSite","@id":"https:\/\/www.wenger-basel.ch\/#website","url":"https:\/\/www.wenger-basel.ch\/","name":"WENGER Carrosserie \/ Fahrzeugbau","description":"Best\u00e4ndige Qualit\u00e4t seit 1919","publisher":{"@id":"https:\/\/www.wenger-basel.ch\/#organization"},"potentialAction":[{"@type":"SearchAction","target":{"@type":"EntryPoint","urlTemplate":"https:\/\/www.wenger-basel.ch\/?s={search_term_string}"},"query-input":{"@type":"PropertyValueSpecification","valueRequired":true,"valueName":"search_term_string"}}],"inLanguage":"fr-CH"},{"@type":"Organization","@id":"https:\/\/www.wenger-basel.ch\/#organization","name":"WENGER Carrosserie \/ Fahrzeugbau","url":"https:\/\/www.wenger-basel.ch\/","logo":{"@type":"ImageObject","inLanguage":"fr-CH","@id":"https:\/\/www.wenger-basel.ch\/#\/schema\/logo\/image\/","url":"https:\/\/www.wenger-basel.ch\/wp-content\/uploads\/2023\/08\/wenger-logo-1919-large.png","contentUrl":"https:\/\/www.wenger-basel.ch\/wp-content\/uploads\/2023\/08\/wenger-logo-1919-large.png","width":696,"height":499,"caption":"WENGER Carrosserie \/ Fahrzeugbau"},"image":{"@id":"https:\/\/www.wenger-basel.ch\/#\/schema\/logo\/image\/"},"sameAs":["https:\/\/www.facebook.com\/WengerBasel"]}]}},"_links":{"self":[{"href":"https:\/\/www.wenger-basel.ch\/fr\/wp-json\/wp\/v2\/pages\/8304","targetHints":{"allow":["GET"]}}],"collection":[{"href":"https:\/\/www.wenger-basel.ch\/fr\/wp-json\/wp\/v2\/pages"}],"about":[{"href":"https:\/\/www.wenger-basel.ch\/fr\/wp-json\/wp\/v2\/types\/page"}],"author":[{"embeddable":true,"href":"https:\/\/www.wenger-basel.ch\/fr\/wp-json\/wp\/v2\/users\/6"}],"replies":[{"embeddable":true,"href":"https:\/\/www.wenger-basel.ch\/fr\/wp-json\/wp\/v2\/comments?post=8304"}],"version-history":[{"count":0,"href":"https:\/\/www.wenger-basel.ch\/fr\/wp-json\/wp\/v2\/pages\/8304\/revisions"}],"up":[{"embeddable":true,"href":"https:\/\/www.wenger-basel.ch\/fr\/wp-json\/wp\/v2\/pages\/6531"}],"wp:attachment":[{"href":"https:\/\/www.wenger-basel.ch\/fr\/wp-json\/wp\/v2\/media?parent=8304"}],"wp:term":[{"taxonomy":"category","embeddable":true,"href":"https:\/\/www.wenger-basel.ch\/fr\/wp-json\/wp\/v2\/categories?post=8304"},{"taxonomy":"post_tag","embeddable":true,"href":"https:\/\/www.wenger-basel.ch\/fr\/wp-json\/wp\/v2\/tags?post=8304"}],"curies":[{"name":"wp","href":"https:\/\/api.w.org\/{rel}","templated":true}]}}