{"id":8338,"date":"2023-05-10T14:19:32","date_gmt":"2023-05-10T12:19:32","guid":{"rendered":"https:\/\/www.wenger-basel.ch\/?page_id=8338"},"modified":"2024-07-19T14:44:51","modified_gmt":"2024-07-19T12:44:51","slug":"boucherie-hotellerie-traiteur","status":"publish","type":"page","link":"https:\/\/www.wenger-basel.ch\/fr\/vous-etes\/secteur-prive\/boucherie-hotellerie-traiteur\/","title":{"rendered":"Boucherie \/ M\u00e9tiers de Bouche \/ Catering Events"},"content":{"rendered":"[vc_row type=&#8221;in_container&#8221; full_screen_row_position=&#8221;middle&#8221; column_margin=&#8221;default&#8221; column_direction=&#8221;default&#8221; column_direction_tablet=&#8221;default&#8221; column_direction_phone=&#8221;default&#8221; scene_position=&#8221;center&#8221; text_color=&#8221;dark&#8221; text_align=&#8221;left&#8221; row_border_radius=&#8221;none&#8221; row_border_radius_applies=&#8221;bg&#8221; overflow=&#8221;visible&#8221; overlay_strength=&#8221;0.3&#8243; gradient_direction=&#8221;left_to_right&#8221; shape_divider_position=&#8221;bottom&#8221; bg_image_animation=&#8221;none&#8221;][vc_column column_padding=&#8221;no-extra-padding&#8221; column_padding_tablet=&#8221;inherit&#8221; column_padding_phone=&#8221;inherit&#8221; column_padding_position=&#8221;all&#8221; column_element_direction_desktop=&#8221;default&#8221; column_element_spacing=&#8221;default&#8221; desktop_text_alignment=&#8221;default&#8221; tablet_text_alignment=&#8221;default&#8221; phone_text_alignment=&#8221;default&#8221; background_color_opacity=&#8221;1&#8243; background_hover_color_opacity=&#8221;1&#8243; column_backdrop_filter=&#8221;none&#8221; column_shadow=&#8221;none&#8221; column_border_radius=&#8221;none&#8221; column_link_target=&#8221;_self&#8221; column_position=&#8221;default&#8221; gradient_direction=&#8221;left_to_right&#8221; overlay_strength=&#8221;0.3&#8243; width=&#8221;1\/1&#8243; tablet_width_inherit=&#8221;default&#8221; animation_type=&#8221;default&#8221; bg_image_animation=&#8221;none&#8221; border_type=&#8221;simple&#8221; column_border_width=&#8221;none&#8221; column_border_style=&#8221;solid&#8221;][vc_column_text]\n<h1>Boucherie \/ M\u00e9tiers de Bouche \/ Catering Events<\/h1>\n[\/vc_column_text][\/vc_column][\/vc_row][vc_row type=&#8221;in_container&#8221; full_screen_row_position=&#8221;middle&#8221; column_margin=&#8221;default&#8221; column_direction=&#8221;default&#8221; column_direction_tablet=&#8221;default&#8221; column_direction_phone=&#8221;default&#8221; scene_position=&#8221;center&#8221; text_color=&#8221;dark&#8221; text_align=&#8221;left&#8221; row_border_radius=&#8221;none&#8221; row_border_radius_applies=&#8221;bg&#8221; overflow=&#8221;visible&#8221; overlay_strength=&#8221;0.3&#8243; gradient_direction=&#8221;left_to_right&#8221; shape_divider_position=&#8221;bottom&#8221; bg_image_animation=&#8221;none&#8221;][vc_column column_padding=&#8221;no-extra-padding&#8221; column_padding_tablet=&#8221;inherit&#8221; column_padding_phone=&#8221;inherit&#8221; column_padding_position=&#8221;all&#8221; column_element_direction_desktop=&#8221;default&#8221; column_element_spacing=&#8221;default&#8221; desktop_text_alignment=&#8221;default&#8221; tablet_text_alignment=&#8221;default&#8221; phone_text_alignment=&#8221;default&#8221; background_color_opacity=&#8221;1&#8243; background_hover_color_opacity=&#8221;1&#8243; column_backdrop_filter=&#8221;none&#8221; column_shadow=&#8221;none&#8221; column_border_radius=&#8221;none&#8221; column_link_target=&#8221;_self&#8221; column_position=&#8221;default&#8221; gradient_direction=&#8221;left_to_right&#8221; overlay_strength=&#8221;0.3&#8243; width=&#8221;2\/3&#8243; tablet_width_inherit=&#8221;default&#8221; animation_type=&#8221;default&#8221; bg_image_animation=&#8221;none&#8221; border_type=&#8221;simple&#8221; column_border_width=&#8221;none&#8221; column_border_style=&#8221;solid&#8221;][nectar_global_section id=&#8221;8307&#8243;][\/vc_column][vc_column column_padding=&#8221;no-extra-padding&#8221; column_padding_tablet=&#8221;inherit&#8221; column_padding_phone=&#8221;inherit&#8221; column_padding_position=&#8221;all&#8221; column_element_direction_desktop=&#8221;default&#8221; column_element_spacing=&#8221;default&#8221; desktop_text_alignment=&#8221;default&#8221; tablet_text_alignment=&#8221;default&#8221; phone_text_alignment=&#8221;default&#8221; background_color_opacity=&#8221;1&#8243; background_hover_color_opacity=&#8221;1&#8243; column_backdrop_filter=&#8221;none&#8221; column_shadow=&#8221;none&#8221; column_border_radius=&#8221;none&#8221; column_link_target=&#8221;_self&#8221; column_position=&#8221;default&#8221; gradient_direction=&#8221;left_to_right&#8221; overlay_strength=&#8221;0.3&#8243; width=&#8221;1\/3&#8243; tablet_width_inherit=&#8221;default&#8221; animation_type=&#8221;default&#8221; bg_image_animation=&#8221;none&#8221; border_type=&#8221;simple&#8221; column_border_width=&#8221;none&#8221; column_border_style=&#8221;solid&#8221;][image_with_animation image_url=&#8221;2143&#8243; image_size=&#8221;full&#8221; animation_type=&#8221;entrance&#8221; animation=&#8221;None&#8221; animation_movement_type=&#8221;transform_y&#8221; hover_animation=&#8221;none&#8221; alignment=&#8221;&#8221; border_radius=&#8221;3px&#8221; box_shadow=&#8221;small_depth&#8221; image_loading=&#8221;default&#8221; max_width=&#8221;100%&#8221; max_width_mobile=&#8221;default&#8221;][image_with_animation image_url=&#8221;2131&#8243; image_size=&#8221;full&#8221; animation_type=&#8221;entrance&#8221; animation=&#8221;None&#8221; animation_movement_type=&#8221;transform_y&#8221; hover_animation=&#8221;none&#8221; alignment=&#8221;&#8221; border_radius=&#8221;3px&#8221; box_shadow=&#8221;small_depth&#8221; image_loading=&#8221;default&#8221; max_width=&#8221;100%&#8221; max_width_mobile=&#8221;default&#8221;][\/vc_column][\/vc_row][vc_row type=&#8221;in_container&#8221; full_screen_row_position=&#8221;middle&#8221; column_margin=&#8221;default&#8221; column_direction=&#8221;default&#8221; column_direction_tablet=&#8221;default&#8221; column_direction_phone=&#8221;default&#8221; scene_position=&#8221;center&#8221; text_color=&#8221;dark&#8221; text_align=&#8221;left&#8221; row_border_radius=&#8221;none&#8221; row_border_radius_applies=&#8221;bg&#8221; overflow=&#8221;visible&#8221; overlay_strength=&#8221;0.3&#8243; gradient_direction=&#8221;left_to_right&#8221; shape_divider_position=&#8221;bottom&#8221; bg_image_animation=&#8221;none&#8221;][vc_column column_padding=&#8221;no-extra-padding&#8221; column_padding_tablet=&#8221;inherit&#8221; column_padding_phone=&#8221;inherit&#8221; column_padding_position=&#8221;all&#8221; column_element_direction_desktop=&#8221;default&#8221; column_element_spacing=&#8221;default&#8221; desktop_text_alignment=&#8221;default&#8221; tablet_text_alignment=&#8221;default&#8221; phone_text_alignment=&#8221;default&#8221; background_color_opacity=&#8221;1&#8243; background_hover_color_opacity=&#8221;1&#8243; column_backdrop_filter=&#8221;none&#8221; column_shadow=&#8221;none&#8221; column_border_radius=&#8221;none&#8221; column_link_target=&#8221;_self&#8221; column_position=&#8221;default&#8221; gradient_direction=&#8221;left_to_right&#8221; overlay_strength=&#8221;0.3&#8243; width=&#8221;1\/1&#8243; tablet_width_inherit=&#8221;default&#8221; animation_type=&#8221;default&#8221; bg_image_animation=&#8221;none&#8221; border_type=&#8221;simple&#8221; column_border_width=&#8221;none&#8221; column_border_style=&#8221;solid&#8221;][nectar_global_section id=&#8221;5440&#8243;][\/vc_column][\/vc_row][vc_row type=&#8221;in_container&#8221; full_screen_row_position=&#8221;middle&#8221; column_margin=&#8221;default&#8221; column_direction=&#8221;default&#8221; column_direction_tablet=&#8221;default&#8221; column_direction_phone=&#8221;default&#8221; scene_position=&#8221;center&#8221; text_color=&#8221;dark&#8221; text_align=&#8221;left&#8221; row_border_radius=&#8221;none&#8221; row_border_radius_applies=&#8221;bg&#8221; overflow=&#8221;visible&#8221; overlay_strength=&#8221;0.3&#8243; gradient_direction=&#8221;left_to_right&#8221; shape_divider_position=&#8221;bottom&#8221; bg_image_animation=&#8221;none&#8221;][vc_column column_padding=&#8221;no-extra-padding&#8221; column_padding_tablet=&#8221;inherit&#8221; column_padding_phone=&#8221;inherit&#8221; column_padding_position=&#8221;all&#8221; column_element_direction_desktop=&#8221;default&#8221; column_element_spacing=&#8221;default&#8221; desktop_text_alignment=&#8221;default&#8221; tablet_text_alignment=&#8221;default&#8221; phone_text_alignment=&#8221;default&#8221; background_color_opacity=&#8221;1&#8243; background_hover_color_opacity=&#8221;1&#8243; column_backdrop_filter=&#8221;none&#8221; column_shadow=&#8221;none&#8221; column_border_radius=&#8221;none&#8221; column_link_target=&#8221;_self&#8221; column_position=&#8221;default&#8221; gradient_direction=&#8221;left_to_right&#8221; overlay_strength=&#8221;0.3&#8243; width=&#8221;1\/1&#8243; tablet_width_inherit=&#8221;default&#8221; animation_type=&#8221;default&#8221; bg_image_animation=&#8221;none&#8221; border_type=&#8221;simple&#8221; column_border_width=&#8221;none&#8221; column_border_style=&#8221;solid&#8221;][vc_column_text]<div class=\"galerie_wrapper\"><div class=\"galerie_wrapper_title\"><h2>Galerie \"M\u00e9tiers de bouche \/ Catering\"<\/h2><\/div><div class=\"liste_medias\"><div class=\"thumbnail kuehlausbau\"><figure class=\"post-attachment mime-image-jpeg\"><a href=\"https:\/\/www.wenger-basel.ch\/wp-content\/uploads\/2023\/04\/kuehlausbauten-P1110989-800x600.jpg\" class=\"galery_link\" data-fancybox=\"group_0\" title=\"K\u00fchlausbau\"><img decoding=\"async\" src=\"https:\/\/www.wenger-basel.ch\/wp-content\/uploads\/2023\/04\/kuehlausbauten-P1110989-800x600.jpg\" alt=\"K\u00fchlausbau\"><\/a><\/figure><\/div><div class=\"thumbnail ausbauten\"><figure class=\"post-attachment mime-image-jpeg\"><a href=\"https:\/\/www.wenger-basel.ch\/wp-content\/uploads\/2023\/11\/t6-kuhl-800x600.jpg\" class=\"galery_link\" data-fancybox=\"group_0\" title=\"V\u00e9hicule utilitaire VW T-Modelle cr\u00e9\u00e9 par Wenger AG Basel, d\u00e9partement Am\u00e9nagements de v\u00e9hicules-fourgons isothermes et frigorifiques\/\"><img decoding=\"async\" src=\"https:\/\/www.wenger-basel.ch\/wp-content\/uploads\/2023\/11\/t6-kuhl-800x600.jpg\" alt=\"V\u00e9hicule utilitaire VW T-Modelle cr\u00e9\u00e9 par Wenger AG Basel, d\u00e9partement Am\u00e9nagements de v\u00e9hicules-fourgons isothermes et frigorifiques\/\"><\/a><\/figure><\/div><div class=\"thumbnail fahrzeugbau\"><figure class=\"post-attachment mime-image-jpeg\"><a href=\"https:\/\/www.wenger-basel.ch\/wp-content\/uploads\/2023\/04\/kuehlkoffer-P1040212-800x600.jpg\" class=\"galery_link\" data-fancybox=\"group_0\" title=\"K\u00fchl- Aufbau\"><img decoding=\"async\" src=\"https:\/\/www.wenger-basel.ch\/wp-content\/uploads\/2023\/04\/kuehlkoffer-P1040212-800x600.jpg\" alt=\"K\u00fchl- Aufbau\"><\/a><\/figure><\/div><div class=\"thumbnail aufbauten\"><figure class=\"post-attachment mime-image-jpeg\"><a href=\"https:\/\/www.wenger-basel.ch\/wp-content\/uploads\/2023\/11\/sprinter-coop-5-800x600.jpg\" class=\"galery_link\" data-fancybox=\"group_0\" title=\"V\u00e9hicule utilitaire Mercedes Sprinter cr\u00e9\u00e9 par Wenger AG Basel, d\u00e9partement V\u00e9hicules isothermes et frigorifiques\/\"><img decoding=\"async\" src=\"https:\/\/www.wenger-basel.ch\/wp-content\/uploads\/2023\/11\/sprinter-coop-5-800x600.jpg\" alt=\"V\u00e9hicule utilitaire Mercedes Sprinter cr\u00e9\u00e9 par Wenger AG Basel, d\u00e9partement V\u00e9hicules isothermes et frigorifiques\/\"><\/a><\/figure><\/div><div class=\"thumbnail kuehlausbau\"><figure class=\"post-attachment mime-image-jpeg\"><a href=\"https:\/\/www.wenger-basel.ch\/wp-content\/uploads\/2023\/04\/kuehlausbauten-9-800x533.jpg\" class=\"galery_link\" data-fancybox=\"group_0\" title=\"K\u00fchlausbau\"><img decoding=\"async\" src=\"https:\/\/www.wenger-basel.ch\/wp-content\/uploads\/2023\/04\/kuehlausbauten-9-800x533.jpg\" alt=\"K\u00fchlausbau\"><\/a><\/figure><\/div><div class=\"thumbnail anhaenger\"><figure class=\"post-attachment mime-image-jpeg\"><a href=\"https:\/\/www.wenger-basel.ch\/wp-content\/uploads\/2023\/12\/anhanger-koffer-doppel-800x600.jpg\" class=\"galery_link\" data-fancybox=\"group_0\" title=\"V\u00e9hicule utilitaire Mercedes Sprinter cr\u00e9\u00e9 par Wenger AG Basel, d\u00e9partement Construction sur chassis cabine\/Construction de v\u00e9hicules utilitaires\"><img decoding=\"async\" src=\"https:\/\/www.wenger-basel.ch\/wp-content\/uploads\/2023\/12\/anhanger-koffer-doppel-800x600.jpg\" alt=\"V\u00e9hicule utilitaire Mercedes Sprinter cr\u00e9\u00e9 par Wenger AG Basel, d\u00e9partement Construction sur chassis cabine\/Construction de v\u00e9hicules utilitaires\"><\/a><\/figure><\/div><div class=\"thumbnail kuehlausbau\"><figure class=\"post-attachment mime-image-jpeg\"><a href=\"https:\/\/www.wenger-basel.ch\/wp-content\/uploads\/2023\/04\/kuehlausbauten-10-800x533.jpg\" class=\"galery_link\" data-fancybox=\"group_0\" title=\"K\u00fchlausbau\"><img decoding=\"async\" src=\"https:\/\/www.wenger-basel.ch\/wp-content\/uploads\/2023\/04\/kuehlausbauten-10-800x533.jpg\" alt=\"K\u00fchlausbau\"><\/a><\/figure><\/div><div class=\"thumbnail fahrzeugbau\"><figure class=\"post-attachment mime-image-jpeg\"><a href=\"https:\/\/www.wenger-basel.ch\/wp-content\/uploads\/2023\/04\/kuehlkoffer-P1100196-800x600.jpg\" class=\"galery_link\" data-fancybox=\"group_0\" title=\"K\u00fchl- Aufbau\"><img decoding=\"async\" src=\"https:\/\/www.wenger-basel.ch\/wp-content\/uploads\/2023\/04\/kuehlkoffer-P1100196-800x600.jpg\" alt=\"K\u00fchl- Aufbau\"><\/a><\/figure><\/div><div class=\"thumbnail fahrzeugbau\"><figure class=\"post-attachment mime-image-jpeg\"><a href=\"https:\/\/www.wenger-basel.ch\/wp-content\/uploads\/2023\/04\/plane-P1020042-800x600.jpg\" class=\"galery_link\" data-fancybox=\"group_0\" title=\"Plane\"><img decoding=\"async\" src=\"https:\/\/www.wenger-basel.ch\/wp-content\/uploads\/2023\/04\/plane-P1020042-800x600.jpg\" alt=\"Plane\"><\/a><\/figure><\/div><div class=\"thumbnail fahrzeugbau\"><figure class=\"post-attachment mime-image-jpeg\"><a href=\"https:\/\/www.wenger-basel.ch\/wp-content\/uploads\/2023\/04\/kuehlkoffer-4-800x533.jpg\" class=\"galery_link\" data-fancybox=\"group_0\" title=\"K\u00fchl- Aufbau\"><img decoding=\"async\" src=\"https:\/\/www.wenger-basel.ch\/wp-content\/uploads\/2023\/04\/kuehlkoffer-4-800x533.jpg\" alt=\"K\u00fchl- Aufbau\"><\/a><\/figure><\/div><div class=\"thumbnail fahrzeugbau\"><figure class=\"post-attachment mime-image-jpeg\"><a href=\"https:\/\/www.wenger-basel.ch\/wp-content\/uploads\/2023\/04\/kuehlkoffer-P1030736-800x600.jpg\" class=\"galery_link\" data-fancybox=\"group_0\" title=\"K\u00fchl- Aufbau\"><img decoding=\"async\" src=\"https:\/\/www.wenger-basel.ch\/wp-content\/uploads\/2023\/04\/kuehlkoffer-P1030736-800x600.jpg\" alt=\"K\u00fchl- Aufbau\"><\/a><\/figure><\/div><div class=\"thumbnail aufbauten\"><figure class=\"post-attachment mime-image-jpeg\"><a href=\"https:\/\/www.wenger-basel.ch\/wp-content\/uploads\/2023\/11\/sprinter-coop-800x600.jpg\" class=\"galery_link\" data-fancybox=\"group_0\" title=\"V\u00e9hicule utilitaire Mercedes Sprinter cr\u00e9\u00e9 par Wenger AG Basel, d\u00e9partement V\u00e9hicules isothermes et frigorifiques\/\"><img decoding=\"async\" src=\"https:\/\/www.wenger-basel.ch\/wp-content\/uploads\/2023\/11\/sprinter-coop-800x600.jpg\" alt=\"V\u00e9hicule utilitaire Mercedes Sprinter cr\u00e9\u00e9 par Wenger AG Basel, d\u00e9partement V\u00e9hicules isothermes et frigorifiques\/\"><\/a><\/figure><\/div><div class=\"thumbnail ausbauten\"><figure class=\"post-attachment mime-image-jpeg\"><a href=\"https:\/\/www.wenger-basel.ch\/wp-content\/uploads\/2023\/11\/2021-12-21-07.14.24-800x600.jpg\" class=\"galery_link\" data-fancybox=\"group_0\" title=\"Hebeb\u00fchne \/ Catering\"><img decoding=\"async\" src=\"https:\/\/www.wenger-basel.ch\/wp-content\/uploads\/2023\/11\/2021-12-21-07.14.24-800x600.jpg\" alt=\"Hebeb\u00fchne \/ Catering\"><\/a><\/figure><\/div><div class=\"thumbnail kuehlausbau\"><figure class=\"post-attachment mime-image-jpeg\"><a href=\"https:\/\/www.wenger-basel.ch\/wp-content\/uploads\/2023\/04\/kuehlausbauten-6-800x533.jpg\" class=\"galery_link\" data-fancybox=\"group_0\" title=\"K\u00fchlausbau\"><img decoding=\"async\" src=\"https:\/\/www.wenger-basel.ch\/wp-content\/uploads\/2023\/04\/kuehlausbauten-6-800x533.jpg\" alt=\"K\u00fchlausbau\"><\/a><\/figure><\/div><div class=\"thumbnail kuehlausbau\"><figure class=\"post-attachment mime-image-jpeg\"><a href=\"https:\/\/www.wenger-basel.ch\/wp-content\/uploads\/2023\/04\/kuehlausbauten-P1130934-800x600.jpg\" class=\"galery_link\" data-fancybox=\"group_0\" title=\"K\u00fchlausbau\"><img decoding=\"async\" src=\"https:\/\/www.wenger-basel.ch\/wp-content\/uploads\/2023\/04\/kuehlausbauten-P1130934-800x600.jpg\" alt=\"K\u00fchlausbau\"><\/a><\/figure><\/div><div class=\"thumbnail kuehlausbau\"><figure class=\"post-attachment mime-image-jpeg\"><a href=\"https:\/\/www.wenger-basel.ch\/wp-content\/uploads\/2023\/04\/kuehlausbauten-14-800x533.jpg\" class=\"galery_link\" data-fancybox=\"group_0\" title=\"K\u00fchlausbau\"><img decoding=\"async\" src=\"https:\/\/www.wenger-basel.ch\/wp-content\/uploads\/2023\/04\/kuehlausbauten-14-800x533.jpg\" alt=\"K\u00fchlausbau\"><\/a><\/figure><\/div><div class=\"thumbnail fahrzeugbau\"><figure class=\"post-attachment mime-image-jpeg\"><a href=\"https:\/\/www.wenger-basel.ch\/wp-content\/uploads\/2023\/04\/kuehlkoffer-10-800x533.jpg\" class=\"galery_link\" data-fancybox=\"group_0\" title=\"K\u00fchl- Aufbau\"><img decoding=\"async\" src=\"https:\/\/www.wenger-basel.ch\/wp-content\/uploads\/2023\/04\/kuehlkoffer-10-800x533.jpg\" alt=\"K\u00fchl- Aufbau\"><\/a><\/figure><\/div><div class=\"thumbnail koffer\"><figure class=\"post-attachment mime-image-jpeg\"><a href=\"https:\/\/www.wenger-basel.ch\/wp-content\/uploads\/2024\/03\/coop-kuhl-1-800x600.jpg\" class=\"galery_link\" data-fancybox=\"group_0\" title=\"V\u00e9hicule entretenu par Wenger AG Basel, d\u00e9partement V\u00e9hicules isothermes et frigorifiques\/Cellules et coffres\"><img decoding=\"async\" src=\"https:\/\/www.wenger-basel.ch\/wp-content\/uploads\/2024\/03\/coop-kuhl-1-800x600.jpg\" alt=\"V\u00e9hicule entretenu par Wenger AG Basel, d\u00e9partement V\u00e9hicules isothermes et frigorifiques\/Cellules et coffres\"><\/a><\/figure><\/div><div class=\"thumbnail kuehlausbau\"><figure class=\"post-attachment mime-image-jpeg\"><a href=\"https:\/\/www.wenger-basel.ch\/wp-content\/uploads\/2023\/04\/kuehlausbauten-15-800x533.jpg\" class=\"galery_link\" data-fancybox=\"group_0\" title=\"K\u00fchlausbau\"><img decoding=\"async\" src=\"https:\/\/www.wenger-basel.ch\/wp-content\/uploads\/2023\/04\/kuehlausbauten-15-800x533.jpg\" alt=\"K\u00fchlausbau\"><\/a><\/figure><\/div><div class=\"thumbnail kuehlausbau\"><figure class=\"post-attachment mime-image-jpeg\"><a href=\"https:\/\/www.wenger-basel.ch\/wp-content\/uploads\/2023\/04\/kuehlausbauten-IMG_5595-800x600.jpg\" class=\"galery_link\" data-fancybox=\"group_0\" title=\"K\u00fchlausbau\"><img decoding=\"async\" src=\"https:\/\/www.wenger-basel.ch\/wp-content\/uploads\/2023\/04\/kuehlausbauten-IMG_5595-800x600.jpg\" alt=\"K\u00fchlausbau\"><\/a><\/figure><\/div><div class=\"thumbnail fahrzeugbau\"><figure class=\"post-attachment mime-image-jpeg\"><a href=\"https:\/\/www.wenger-basel.ch\/wp-content\/uploads\/2023\/04\/kuehlkoffer-P1070925-800x600.jpg\" class=\"galery_link\" data-fancybox=\"group_0\" title=\"K\u00fchl- Aufbau\"><img decoding=\"async\" src=\"https:\/\/www.wenger-basel.ch\/wp-content\/uploads\/2023\/04\/kuehlkoffer-P1070925-800x600.jpg\" alt=\"K\u00fchl- Aufbau\"><\/a><\/figure><\/div><div class=\"thumbnail anhaenger\"><figure class=\"post-attachment mime-image-jpeg\"><a href=\"https:\/\/www.wenger-basel.ch\/wp-content\/uploads\/2023\/12\/anhanger-koffer-doppel-2-800x600.jpg\" class=\"galery_link\" data-fancybox=\"group_0\" title=\"V\u00e9hicule utilitaire Mercedes Sprinter cr\u00e9\u00e9 par Wenger AG Basel, d\u00e9partement Construction sur chassis cabine\/Construction de v\u00e9hicules utilitaires\"><img decoding=\"async\" src=\"https:\/\/www.wenger-basel.ch\/wp-content\/uploads\/2023\/12\/anhanger-koffer-doppel-2-800x600.jpg\" alt=\"V\u00e9hicule utilitaire Mercedes Sprinter cr\u00e9\u00e9 par Wenger AG Basel, d\u00e9partement Construction sur chassis cabine\/Construction de v\u00e9hicules utilitaires\"><\/a><\/figure><\/div><div class=\"thumbnail fahrzeugbau\"><figure class=\"post-attachment mime-image-jpeg\"><a href=\"https:\/\/www.wenger-basel.ch\/wp-content\/uploads\/2023\/04\/plane-5-800x533.jpg\" class=\"galery_link\" data-fancybox=\"group_0\" title=\"Plane\"><img decoding=\"async\" src=\"https:\/\/www.wenger-basel.ch\/wp-content\/uploads\/2023\/04\/plane-5-800x533.jpg\" alt=\"Plane\"><\/a><\/figure><\/div><div class=\"thumbnail kuehlausbau\"><figure class=\"post-attachment mime-image-jpeg\"><a href=\"https:\/\/www.wenger-basel.ch\/wp-content\/uploads\/2023\/04\/kuehlausbauten-P1110324-800x600.jpg\" class=\"galery_link\" data-fancybox=\"group_0\" title=\"K\u00fchlausbau\"><img decoding=\"async\" src=\"https:\/\/www.wenger-basel.ch\/wp-content\/uploads\/2023\/04\/kuehlausbauten-P1110324-800x600.jpg\" alt=\"K\u00fchlausbau\"><\/a><\/figure><\/div><div class=\"thumbnail ausbauten\"><figure class=\"post-attachment mime-image-jpeg\"><a href=\"https:\/\/www.wenger-basel.ch\/wp-content\/uploads\/2023\/11\/kangoo-kuhl-800x600.jpg\" class=\"galery_link\" data-fancybox=\"group_0\" title=\"V\u00e9hicule utilitaire Renault Kangoo cr\u00e9\u00e9 par Wenger AG Basel, d\u00e9partement Am\u00e9nagements de v\u00e9hicules-fourgons isothermes et frigorifiques\/\"><img decoding=\"async\" src=\"https:\/\/www.wenger-basel.ch\/wp-content\/uploads\/2023\/11\/kangoo-kuhl-800x600.jpg\" alt=\"V\u00e9hicule utilitaire Renault Kangoo cr\u00e9\u00e9 par Wenger AG Basel, d\u00e9partement Am\u00e9nagements de v\u00e9hicules-fourgons isothermes et frigorifiques\/\"><\/a><\/figure><\/div><div class=\"thumbnail anhaenger\"><figure class=\"post-attachment mime-image-jpeg\"><a href=\"https:\/\/www.wenger-basel.ch\/wp-content\/uploads\/2023\/12\/anhanger-koffer-frisch2-450x600.jpg\" class=\"galery_link\" data-fancybox=\"group_0\" title=\"V\u00e9hicule entretenu par Wenger AG Basel, d\u00e9partement Cellules et coffres\/Remorques\"><img decoding=\"async\" src=\"https:\/\/www.wenger-basel.ch\/wp-content\/uploads\/2023\/12\/anhanger-koffer-frisch2-450x600.jpg\" alt=\"V\u00e9hicule entretenu par Wenger AG Basel, d\u00e9partement Cellules et coffres\/Remorques\"><\/a><\/figure><\/div><div class=\"thumbnail ausbauten\"><figure class=\"post-attachment mime-image-jpeg\"><a href=\"https:\/\/www.wenger-basel.ch\/wp-content\/uploads\/2023\/11\/kangoo-kuhl-2-800x600.jpg\" class=\"galery_link\" data-fancybox=\"group_0\" title=\"V\u00e9hicule utilitaire Renault Kangoo cr\u00e9\u00e9 par Wenger AG Basel, d\u00e9partement Am\u00e9nagements de v\u00e9hicules-fourgons isothermes et frigorifiques\/\"><img decoding=\"async\" src=\"https:\/\/www.wenger-basel.ch\/wp-content\/uploads\/2023\/11\/kangoo-kuhl-2-800x600.jpg\" alt=\"V\u00e9hicule utilitaire Renault Kangoo cr\u00e9\u00e9 par Wenger AG Basel, d\u00e9partement Am\u00e9nagements de v\u00e9hicules-fourgons isothermes et frigorifiques\/\"><\/a><\/figure><\/div><div class=\"thumbnail fahrzeugbau\"><figure class=\"post-attachment mime-image-jpeg\"><a href=\"https:\/\/www.wenger-basel.ch\/wp-content\/uploads\/2023\/04\/kuehlkoffer-8-800x533.jpg\" class=\"galery_link\" data-fancybox=\"group_0\" title=\"K\u00fchl- Aufbau\"><img decoding=\"async\" src=\"https:\/\/www.wenger-basel.ch\/wp-content\/uploads\/2023\/04\/kuehlkoffer-8-800x533.jpg\" alt=\"K\u00fchl- Aufbau\"><\/a><\/figure><\/div><div class=\"thumbnail koffer\"><figure class=\"post-attachment mime-image-jpeg\"><a href=\"https:\/\/www.wenger-basel.ch\/wp-content\/uploads\/2026\/04\/bisskid-koffer-800x600.jpg\" class=\"galery_link\" data-fancybox=\"group_0\" title=\"V\u00e9hicule entretenu par Wenger AG Basel, d\u00e9partement \/Cellules et coffres\"><img decoding=\"async\" src=\"https:\/\/www.wenger-basel.ch\/wp-content\/uploads\/2026\/04\/bisskid-koffer-800x600.jpg\" alt=\"V\u00e9hicule entretenu par Wenger AG Basel, d\u00e9partement \/Cellules et coffres\"><\/a><\/figure><\/div><div class=\"thumbnail ausbauten\"><figure class=\"post-attachment mime-image-jpeg\"><a href=\"https:\/\/www.wenger-basel.ch\/wp-content\/uploads\/2023\/11\/2022-02-16-13.41.55-450x600.jpg\" class=\"galery_link\" data-fancybox=\"group_0\" title=\"V\u00e9hicule utilitaire Renault Master cr\u00e9\u00e9 par Wenger AG Basel, d\u00e9partement Arrimage \/ s\u00e9curisation du chargement\/\"><img decoding=\"async\" src=\"https:\/\/www.wenger-basel.ch\/wp-content\/uploads\/2023\/11\/2022-02-16-13.41.55-450x600.jpg\" alt=\"V\u00e9hicule utilitaire Renault Master cr\u00e9\u00e9 par Wenger AG Basel, d\u00e9partement Arrimage \/ s\u00e9curisation du chargement\/\"><\/a><\/figure><\/div><div class=\"thumbnail anhaenger\"><figure class=\"post-attachment mime-image-jpeg\"><a href=\"https:\/\/www.wenger-basel.ch\/wp-content\/uploads\/2023\/12\/doppel-frisch-800x600.jpg\" class=\"galery_link\" data-fancybox=\"group_0\" title=\"V\u00e9hicule utilitaire VW Crafter cr\u00e9\u00e9 par Wenger AG Basel, d\u00e9partement Construction sur chassis cabine\/Construction de v\u00e9hicules utilitaires\"><img decoding=\"async\" src=\"https:\/\/www.wenger-basel.ch\/wp-content\/uploads\/2023\/12\/doppel-frisch-800x600.jpg\" alt=\"V\u00e9hicule utilitaire VW Crafter cr\u00e9\u00e9 par Wenger AG Basel, d\u00e9partement Construction sur chassis cabine\/Construction de v\u00e9hicules utilitaires\"><\/a><\/figure><\/div><div class=\"thumbnail ausbauten\"><figure class=\"post-attachment mime-image-jpeg\"><a href=\"https:\/\/www.wenger-basel.ch\/wp-content\/uploads\/2023\/11\/t6-kuhl-2-800x600.jpg\" class=\"galery_link\" data-fancybox=\"group_0\" title=\"V\u00e9hicule utilitaire VW T-Modelle cr\u00e9\u00e9 par Wenger AG Basel, d\u00e9partement Am\u00e9nagements de v\u00e9hicules-fourgons isothermes et frigorifiques\/\"><img decoding=\"async\" src=\"https:\/\/www.wenger-basel.ch\/wp-content\/uploads\/2023\/11\/t6-kuhl-2-800x600.jpg\" alt=\"V\u00e9hicule utilitaire VW T-Modelle cr\u00e9\u00e9 par Wenger AG Basel, d\u00e9partement Am\u00e9nagements de v\u00e9hicules-fourgons isothermes et frigorifiques\/\"><\/a><\/figure><\/div><div class=\"thumbnail fahrzeugbau\"><figure class=\"post-attachment mime-image-jpeg\"><a href=\"https:\/\/www.wenger-basel.ch\/wp-content\/uploads\/2023\/04\/kuehlkoffer-1-800x533.jpg\" class=\"galery_link\" data-fancybox=\"group_0\" title=\"K\u00fchl- Aufbau\"><img decoding=\"async\" src=\"https:\/\/www.wenger-basel.ch\/wp-content\/uploads\/2023\/04\/kuehlkoffer-1-800x533.jpg\" alt=\"K\u00fchl- Aufbau\"><\/a><\/figure><\/div><div class=\"thumbnail ausbauten\"><figure class=\"post-attachment mime-image-jpeg\"><a href=\"https:\/\/www.wenger-basel.ch\/wp-content\/uploads\/2023\/11\/t6-kuhl-4-800x600.jpg\" class=\"galery_link\" data-fancybox=\"group_0\" title=\"V\u00e9hicule utilitaire VW T-Modelle cr\u00e9\u00e9 par Wenger AG Basel, d\u00e9partement Am\u00e9nagements de v\u00e9hicules-fourgons isothermes et frigorifiques\/\"><img decoding=\"async\" src=\"https:\/\/www.wenger-basel.ch\/wp-content\/uploads\/2023\/11\/t6-kuhl-4-800x600.jpg\" alt=\"V\u00e9hicule utilitaire VW T-Modelle cr\u00e9\u00e9 par Wenger AG Basel, d\u00e9partement Am\u00e9nagements de v\u00e9hicules-fourgons isothermes et frigorifiques\/\"><\/a><\/figure><\/div><div class=\"thumbnail \"><figure class=\"post-attachment mime-image-jpeg\"><a href=\"https:\/\/www.wenger-basel.ch\/wp-content\/uploads\/2025\/02\/Metzgerei-Betschart-800x600.jpg\" class=\"galery_link\" data-fancybox=\"group_0\" title=\"V\u00e9hicule entretenu par Wenger AG Basel, d\u00e9partement \/\"><img decoding=\"async\" src=\"https:\/\/www.wenger-basel.ch\/wp-content\/uploads\/2025\/02\/Metzgerei-Betschart-800x600.jpg\" alt=\"V\u00e9hicule entretenu par Wenger AG Basel, d\u00e9partement \/\"><\/a><\/figure><\/div><div class=\"thumbnail fahrzeugbau\"><figure class=\"post-attachment mime-image-jpeg\"><a href=\"https:\/\/www.wenger-basel.ch\/wp-content\/uploads\/2023\/04\/kuehlkoffer-P1070936-800x600.jpg\" class=\"galery_link\" data-fancybox=\"group_0\" title=\"K\u00fchl- Aufbau\"><img decoding=\"async\" src=\"https:\/\/www.wenger-basel.ch\/wp-content\/uploads\/2023\/04\/kuehlkoffer-P1070936-800x600.jpg\" alt=\"K\u00fchl- Aufbau\"><\/a><\/figure><\/div><div class=\"thumbnail kuehlausbau\"><figure class=\"post-attachment mime-image-jpeg\"><a href=\"https:\/\/www.wenger-basel.ch\/wp-content\/uploads\/2023\/04\/kuehlausbauten-2-800x533.jpg\" class=\"galery_link\" data-fancybox=\"group_0\" title=\"K\u00fchlausbau\"><img decoding=\"async\" src=\"https:\/\/www.wenger-basel.ch\/wp-content\/uploads\/2023\/04\/kuehlausbauten-2-800x533.jpg\" alt=\"K\u00fchlausbau\"><\/a><\/figure><\/div><div class=\"thumbnail anhaenger\"><figure class=\"post-attachment mime-image-jpeg\"><a href=\"https:\/\/www.wenger-basel.ch\/wp-content\/uploads\/2023\/12\/anhanger-koffer-frisch-800x600.jpg\" class=\"galery_link\" data-fancybox=\"group_0\" title=\"V\u00e9hicule entretenu par Wenger AG Basel, d\u00e9partement Cellules et coffres\/Remorques\"><img decoding=\"async\" src=\"https:\/\/www.wenger-basel.ch\/wp-content\/uploads\/2023\/12\/anhanger-koffer-frisch-800x600.jpg\" alt=\"V\u00e9hicule entretenu par Wenger AG Basel, d\u00e9partement Cellules et coffres\/Remorques\"><\/a><\/figure><\/div><div class=\"thumbnail fahrzeugbau\"><figure class=\"post-attachment mime-image-jpeg\"><a href=\"https:\/\/www.wenger-basel.ch\/wp-content\/uploads\/2023\/04\/plane-9-800x533.jpg\" class=\"galery_link\" data-fancybox=\"group_0\" title=\"Plane\"><img decoding=\"async\" src=\"https:\/\/www.wenger-basel.ch\/wp-content\/uploads\/2023\/04\/plane-9-800x533.jpg\" alt=\"Plane\"><\/a><\/figure><\/div><div class=\"thumbnail fahrzeugbau\"><figure class=\"post-attachment mime-image-jpeg\"><a href=\"https:\/\/www.wenger-basel.ch\/wp-content\/uploads\/2023\/04\/kuehlkoffer-3-800x533.jpg\" class=\"galery_link\" data-fancybox=\"group_0\" title=\"K\u00fchl- Aufbau\"><img decoding=\"async\" src=\"https:\/\/www.wenger-basel.ch\/wp-content\/uploads\/2023\/04\/kuehlkoffer-3-800x533.jpg\" alt=\"K\u00fchl- Aufbau\"><\/a><\/figure><\/div><div class=\"thumbnail \"><figure class=\"post-attachment mime-image-jpeg\"><a href=\"https:\/\/www.wenger-basel.ch\/wp-content\/uploads\/2025\/02\/wyniger-event-trafic-1-616x600.jpg\" class=\"galery_link\" data-fancybox=\"group_0\" title=\"V\u00e9hicule entretenu par Wenger AG Basel, d\u00e9partement \/\"><img decoding=\"async\" src=\"https:\/\/www.wenger-basel.ch\/wp-content\/uploads\/2025\/02\/wyniger-event-trafic-1-616x600.jpg\" alt=\"V\u00e9hicule entretenu par Wenger AG Basel, d\u00e9partement \/\"><\/a><\/figure><\/div><div class=\"thumbnail fahrzeugbau\"><figure class=\"post-attachment mime-image-jpeg\"><a href=\"https:\/\/www.wenger-basel.ch\/wp-content\/uploads\/2023\/04\/kuehlkoffer-7-800x533.jpg\" class=\"galery_link\" data-fancybox=\"group_0\" title=\"K\u00fchl- Aufbau\"><img decoding=\"async\" src=\"https:\/\/www.wenger-basel.ch\/wp-content\/uploads\/2023\/04\/kuehlkoffer-7-800x533.jpg\" alt=\"K\u00fchl- Aufbau\"><\/a><\/figure><\/div><div class=\"thumbnail kuehlausbau\"><figure class=\"post-attachment mime-image-jpeg\"><a href=\"https:\/\/www.wenger-basel.ch\/wp-content\/uploads\/2023\/04\/kuehlausbauten-P1080367-800x600.jpg\" class=\"galery_link\" data-fancybox=\"group_0\" title=\"K\u00fchlausbau\"><img decoding=\"async\" src=\"https:\/\/www.wenger-basel.ch\/wp-content\/uploads\/2023\/04\/kuehlausbauten-P1080367-800x600.jpg\" alt=\"K\u00fchlausbau\"><\/a><\/figure><\/div><div class=\"thumbnail fahrzeugbau\"><figure class=\"post-attachment mime-image-jpeg\"><a href=\"https:\/\/www.wenger-basel.ch\/wp-content\/uploads\/2023\/04\/kuehlkoffer-9-800x533.jpg\" class=\"galery_link\" data-fancybox=\"group_0\" title=\"K\u00fchl- Aufbau\"><img decoding=\"async\" src=\"https:\/\/www.wenger-basel.ch\/wp-content\/uploads\/2023\/04\/kuehlkoffer-9-800x533.jpg\" alt=\"K\u00fchl- Aufbau\"><\/a><\/figure><\/div><div class=\"thumbnail fahrzeugbau\"><figure class=\"post-attachment mime-image-jpeg\"><a href=\"https:\/\/www.wenger-basel.ch\/wp-content\/uploads\/2023\/04\/plane-4-800x533.jpg\" class=\"galery_link\" data-fancybox=\"group_0\" title=\"Plane\"><img decoding=\"async\" src=\"https:\/\/www.wenger-basel.ch\/wp-content\/uploads\/2023\/04\/plane-4-800x533.jpg\" alt=\"Plane\"><\/a><\/figure><\/div><div class=\"thumbnail fahrzeugbau\"><figure class=\"post-attachment mime-image-jpeg\"><a href=\"https:\/\/www.wenger-basel.ch\/wp-content\/uploads\/2023\/04\/plane-P1020045-800x600.jpg\" class=\"galery_link\" data-fancybox=\"group_0\" title=\"Plane\"><img decoding=\"async\" src=\"https:\/\/www.wenger-basel.ch\/wp-content\/uploads\/2023\/04\/plane-P1020045-800x600.jpg\" alt=\"Plane\"><\/a><\/figure><\/div><div class=\"thumbnail anhaenger\"><figure class=\"post-attachment mime-image-jpeg\"><a href=\"https:\/\/www.wenger-basel.ch\/wp-content\/uploads\/2023\/04\/spezialanhaenger-8-800x533.jpg\" class=\"galery_link\" data-fancybox=\"group_0\" title=\"Spezialanh\u00e4nger\"><img decoding=\"async\" src=\"https:\/\/www.wenger-basel.ch\/wp-content\/uploads\/2023\/04\/spezialanhaenger-8-800x533.jpg\" alt=\"Spezialanh\u00e4nger\"><\/a><\/figure><\/div><div class=\"thumbnail kuehlausbau\"><figure class=\"post-attachment mime-image-jpeg\"><a href=\"https:\/\/www.wenger-basel.ch\/wp-content\/uploads\/2023\/04\/kuehlausbauten-7-800x533.jpg\" class=\"galery_link\" data-fancybox=\"group_0\" title=\"K\u00fchlausbau\"><img decoding=\"async\" src=\"https:\/\/www.wenger-basel.ch\/wp-content\/uploads\/2023\/04\/kuehlausbauten-7-800x533.jpg\" alt=\"K\u00fchlausbau\"><\/a><\/figure><\/div><div class=\"thumbnail kuehlausbau\"><figure class=\"post-attachment mime-image-jpeg\"><a href=\"https:\/\/www.wenger-basel.ch\/wp-content\/uploads\/2023\/04\/kuehlausbauten-1-800x533.jpg\" class=\"galery_link\" data-fancybox=\"group_0\" title=\"K\u00fchlausbau\"><img decoding=\"async\" src=\"https:\/\/www.wenger-basel.ch\/wp-content\/uploads\/2023\/04\/kuehlausbauten-1-800x533.jpg\" alt=\"K\u00fchlausbau\"><\/a><\/figure><\/div><div class=\"thumbnail \"><figure class=\"post-attachment mime-image-jpeg\"><a href=\"https:\/\/www.wenger-basel.ch\/wp-content\/uploads\/2025\/09\/coop-800x600.jpg\" class=\"galery_link\" data-fancybox=\"group_0\" title=\"V\u00e9hicule entretenu par Wenger AG Basel, d\u00e9partement \/\"><img decoding=\"async\" src=\"https:\/\/www.wenger-basel.ch\/wp-content\/uploads\/2025\/09\/coop-800x600.jpg\" alt=\"V\u00e9hicule entretenu par Wenger AG Basel, d\u00e9partement \/\"><\/a><\/figure><\/div><div class=\"thumbnail kuehlausbau\"><figure class=\"post-attachment mime-image-jpeg\"><a href=\"https:\/\/www.wenger-basel.ch\/wp-content\/uploads\/2023\/04\/kuehlausbauten-5-800x533.jpg\" class=\"galery_link\" data-fancybox=\"group_0\" title=\"K\u00fchlausbau\"><img decoding=\"async\" src=\"https:\/\/www.wenger-basel.ch\/wp-content\/uploads\/2023\/04\/kuehlausbauten-5-800x533.jpg\" alt=\"K\u00fchlausbau\"><\/a><\/figure><\/div><div class=\"thumbnail aufbauten\"><figure class=\"post-attachment mime-image-jpeg\"><a href=\"https:\/\/www.wenger-basel.ch\/wp-content\/uploads\/2023\/12\/isuzu-kuhl-2-800x600.jpg\" class=\"galery_link\" data-fancybox=\"group_0\" title=\"V\u00e9hicule utilitaire Isuzu  cr\u00e9\u00e9 par Wenger AG Basel, d\u00e9partement V\u00e9hicules isothermes et frigorifiques\/\"><img decoding=\"async\" src=\"https:\/\/www.wenger-basel.ch\/wp-content\/uploads\/2023\/12\/isuzu-kuhl-2-800x600.jpg\" alt=\"V\u00e9hicule utilitaire Isuzu  cr\u00e9\u00e9 par Wenger AG Basel, d\u00e9partement V\u00e9hicules isothermes et frigorifiques\/\"><\/a><\/figure><\/div><div class=\"thumbnail ausbauten\"><figure class=\"post-attachment mime-image-jpeg\"><a href=\"https:\/\/www.wenger-basel.ch\/wp-content\/uploads\/2023\/11\/kangoo-kuhl-5-800x600.jpg\" class=\"galery_link\" data-fancybox=\"group_0\" title=\"V\u00e9hicule utilitaire Renault Kangoo cr\u00e9\u00e9 par Wenger AG Basel, d\u00e9partement Am\u00e9nagements de v\u00e9hicules-fourgons isothermes et frigorifiques\/\"><img decoding=\"async\" src=\"https:\/\/www.wenger-basel.ch\/wp-content\/uploads\/2023\/11\/kangoo-kuhl-5-800x600.jpg\" alt=\"V\u00e9hicule utilitaire Renault Kangoo cr\u00e9\u00e9 par Wenger AG Basel, d\u00e9partement Am\u00e9nagements de v\u00e9hicules-fourgons isothermes et frigorifiques\/\"><\/a><\/figure><\/div><div class=\"thumbnail ausbauten\"><figure class=\"post-attachment mime-image-jpeg\"><a href=\"https:\/\/www.wenger-basel.ch\/wp-content\/uploads\/2023\/11\/kangoo-kuhl-3-450x600.jpg\" class=\"galery_link\" data-fancybox=\"group_0\" title=\"V\u00e9hicule utilitaire Renault Kangoo cr\u00e9\u00e9 par Wenger AG Basel, d\u00e9partement Am\u00e9nagements de v\u00e9hicules-fourgons isothermes et frigorifiques\/\"><img decoding=\"async\" src=\"https:\/\/www.wenger-basel.ch\/wp-content\/uploads\/2023\/11\/kangoo-kuhl-3-450x600.jpg\" alt=\"V\u00e9hicule utilitaire Renault Kangoo cr\u00e9\u00e9 par Wenger AG Basel, d\u00e9partement Am\u00e9nagements de v\u00e9hicules-fourgons isothermes et frigorifiques\/\"><\/a><\/figure><\/div><div class=\"thumbnail aufbauten\"><figure class=\"post-attachment mime-image-jpeg\"><a href=\"https:\/\/www.wenger-basel.ch\/wp-content\/uploads\/2023\/11\/sprinter-coop-4-800x600.jpg\" class=\"galery_link\" data-fancybox=\"group_0\" title=\"V\u00e9hicule utilitaire Mercedes Sprinter cr\u00e9\u00e9 par Wenger AG Basel, d\u00e9partement V\u00e9hicules isothermes et frigorifiques\/\"><img decoding=\"async\" src=\"https:\/\/www.wenger-basel.ch\/wp-content\/uploads\/2023\/11\/sprinter-coop-4-800x600.jpg\" alt=\"V\u00e9hicule utilitaire Mercedes Sprinter cr\u00e9\u00e9 par Wenger AG Basel, d\u00e9partement V\u00e9hicules isothermes et frigorifiques\/\"><\/a><\/figure><\/div><div class=\"thumbnail fahrzeugbau\"><figure class=\"post-attachment mime-image-jpeg\"><a href=\"https:\/\/www.wenger-basel.ch\/wp-content\/uploads\/2023\/04\/kuehlkoffer-12-800x533.jpg\" class=\"galery_link\" data-fancybox=\"group_0\" title=\"K\u00fchl- Aufbau\"><img decoding=\"async\" src=\"https:\/\/www.wenger-basel.ch\/wp-content\/uploads\/2023\/04\/kuehlkoffer-12-800x533.jpg\" alt=\"K\u00fchl- Aufbau\"><\/a><\/figure><\/div><div class=\"thumbnail fahrzeugbau\"><figure class=\"post-attachment mime-image-jpeg\"><a href=\"https:\/\/www.wenger-basel.ch\/wp-content\/uploads\/2023\/04\/kuehlkoffer-2-800x533.jpg\" class=\"galery_link\" data-fancybox=\"group_0\" title=\"K\u00fchl- Aufbau\"><img decoding=\"async\" src=\"https:\/\/www.wenger-basel.ch\/wp-content\/uploads\/2023\/04\/kuehlkoffer-2-800x533.jpg\" alt=\"K\u00fchl- Aufbau\"><\/a><\/figure><\/div><div class=\"thumbnail ausbauten\"><figure class=\"post-attachment mime-image-jpeg\"><a href=\"https:\/\/www.wenger-basel.ch\/wp-content\/uploads\/2023\/11\/t6-kuhl-5-800x600.jpg\" class=\"galery_link\" data-fancybox=\"group_0\" title=\"V\u00e9hicule utilitaire VW T-Modelle cr\u00e9\u00e9 par Wenger AG Basel, d\u00e9partement Am\u00e9nagements de v\u00e9hicules-fourgons isothermes et frigorifiques\/\"><img decoding=\"async\" src=\"https:\/\/www.wenger-basel.ch\/wp-content\/uploads\/2023\/11\/t6-kuhl-5-800x600.jpg\" alt=\"V\u00e9hicule utilitaire VW T-Modelle cr\u00e9\u00e9 par Wenger AG Basel, d\u00e9partement Am\u00e9nagements de v\u00e9hicules-fourgons isothermes et frigorifiques\/\"><\/a><\/figure><\/div><div class=\"thumbnail kuehlausbau\"><figure class=\"post-attachment mime-image-jpeg\"><a href=\"https:\/\/www.wenger-basel.ch\/wp-content\/uploads\/2023\/04\/kuehlausbauten-16-800x533.jpg\" class=\"galery_link\" data-fancybox=\"group_0\" title=\"K\u00fchlausbau\"><img decoding=\"async\" src=\"https:\/\/www.wenger-basel.ch\/wp-content\/uploads\/2023\/04\/kuehlausbauten-16-800x533.jpg\" alt=\"K\u00fchlausbau\"><\/a><\/figure><\/div><div class=\"thumbnail ausbauten\"><figure class=\"post-attachment mime-image-jpeg\"><a href=\"https:\/\/www.wenger-basel.ch\/wp-content\/uploads\/2023\/11\/kangoo-kuhl-4-800x600.jpg\" class=\"galery_link\" data-fancybox=\"group_0\" title=\"V\u00e9hicule utilitaire Renault Kangoo cr\u00e9\u00e9 par Wenger AG Basel, d\u00e9partement Am\u00e9nagements de v\u00e9hicules-fourgons isothermes et frigorifiques\/\"><img decoding=\"async\" src=\"https:\/\/www.wenger-basel.ch\/wp-content\/uploads\/2023\/11\/kangoo-kuhl-4-800x600.jpg\" alt=\"V\u00e9hicule utilitaire Renault Kangoo cr\u00e9\u00e9 par Wenger AG Basel, d\u00e9partement Am\u00e9nagements de v\u00e9hicules-fourgons isothermes et frigorifiques\/\"><\/a><\/figure><\/div><div class=\"thumbnail \"><figure class=\"post-attachment mime-image-jpeg\"><a href=\"https:\/\/www.wenger-basel.ch\/wp-content\/uploads\/2023\/06\/Lieferung-Getranke-800x600.jpg\" class=\"galery_link\" data-fancybox=\"group_0\" title=\"V\u00e9hicule entretenu par Wenger AG Basel, d\u00e9partement \/\"><img decoding=\"async\" src=\"https:\/\/www.wenger-basel.ch\/wp-content\/uploads\/2023\/06\/Lieferung-Getranke-800x600.jpg\" alt=\"V\u00e9hicule entretenu par Wenger AG Basel, d\u00e9partement \/\"><\/a><\/figure><\/div><div class=\"thumbnail koffer\"><figure class=\"post-attachment mime-image-jpeg\"><a href=\"https:\/\/www.wenger-basel.ch\/wp-content\/uploads\/2024\/03\/coop-kuhl-2-800x600.jpg\" class=\"galery_link\" data-fancybox=\"group_0\" title=\"V\u00e9hicule entretenu par Wenger AG Basel, d\u00e9partement V\u00e9hicules isothermes et frigorifiques\/Cellules et coffres\"><img decoding=\"async\" src=\"https:\/\/www.wenger-basel.ch\/wp-content\/uploads\/2024\/03\/coop-kuhl-2-800x600.jpg\" alt=\"V\u00e9hicule entretenu par Wenger AG Basel, d\u00e9partement V\u00e9hicules isothermes et frigorifiques\/Cellules et coffres\"><\/a><\/figure><\/div><div class=\"thumbnail ausbauten\"><figure class=\"post-attachment mime-image-jpeg\"><a href=\"https:\/\/www.wenger-basel.ch\/wp-content\/uploads\/2023\/11\/t6-kuhl-3-800x600.jpg\" class=\"galery_link\" data-fancybox=\"group_0\" title=\"V\u00e9hicule utilitaire VW T-Modelle cr\u00e9\u00e9 par Wenger AG Basel, d\u00e9partement Am\u00e9nagements de v\u00e9hicules-fourgons isothermes et frigorifiques\/\"><img decoding=\"async\" src=\"https:\/\/www.wenger-basel.ch\/wp-content\/uploads\/2023\/11\/t6-kuhl-3-800x600.jpg\" alt=\"V\u00e9hicule utilitaire VW T-Modelle cr\u00e9\u00e9 par Wenger AG Basel, d\u00e9partement Am\u00e9nagements de v\u00e9hicules-fourgons isothermes et frigorifiques\/\"><\/a><\/figure><\/div><div class=\"thumbnail koffer\"><figure class=\"post-attachment mime-image-jpeg\"><a href=\"https:\/\/www.wenger-basel.ch\/wp-content\/uploads\/2026\/04\/compass-koffer-crafter-800x600.jpg\" class=\"galery_link\" data-fancybox=\"group_0\" title=\"V\u00e9hicule entretenu par Wenger AG Basel, d\u00e9partement \/Cellules et coffres\"><img decoding=\"async\" src=\"https:\/\/www.wenger-basel.ch\/wp-content\/uploads\/2026\/04\/compass-koffer-crafter-800x600.jpg\" alt=\"V\u00e9hicule entretenu par Wenger AG Basel, d\u00e9partement \/Cellules et coffres\"><\/a><\/figure><\/div><div class=\"thumbnail kuehlausbau\"><figure class=\"post-attachment mime-image-jpeg\"><a href=\"https:\/\/www.wenger-basel.ch\/wp-content\/uploads\/2023\/04\/kuehlausbauten-8-800x533.jpg\" class=\"galery_link\" data-fancybox=\"group_0\" title=\"K\u00fchlausbau\"><img decoding=\"async\" src=\"https:\/\/www.wenger-basel.ch\/wp-content\/uploads\/2023\/04\/kuehlausbauten-8-800x533.jpg\" alt=\"K\u00fchlausbau\"><\/a><\/figure><\/div><div class=\"thumbnail fahrzeugbau\"><figure class=\"post-attachment mime-image-jpeg\"><a href=\"https:\/\/www.wenger-basel.ch\/wp-content\/uploads\/2023\/04\/kuehlkoffer-P1040615-800x600.jpg\" class=\"galery_link\" data-fancybox=\"group_0\" title=\"K\u00fchl- Aufbau\"><img decoding=\"async\" src=\"https:\/\/www.wenger-basel.ch\/wp-content\/uploads\/2023\/04\/kuehlkoffer-P1040615-800x600.jpg\" alt=\"K\u00fchl- Aufbau\"><\/a><\/figure><\/div><div class=\"thumbnail aufbauten\"><figure class=\"post-attachment mime-image-jpeg\"><a href=\"https:\/\/www.wenger-basel.ch\/wp-content\/uploads\/2023\/12\/isuzu-kuhl-800x600.jpg\" class=\"galery_link\" data-fancybox=\"group_0\" title=\"V\u00e9hicule utilitaire Isuzu  cr\u00e9\u00e9 par Wenger AG Basel, d\u00e9partement V\u00e9hicules isothermes et frigorifiques\/\"><img decoding=\"async\" src=\"https:\/\/www.wenger-basel.ch\/wp-content\/uploads\/2023\/12\/isuzu-kuhl-800x600.jpg\" alt=\"V\u00e9hicule utilitaire Isuzu  cr\u00e9\u00e9 par Wenger AG Basel, d\u00e9partement V\u00e9hicules isothermes et frigorifiques\/\"><\/a><\/figure><\/div><\/div><\/div>[\/vc_column_text][\/vc_column][\/vc_row]\n","protected":false},"excerpt":{"rendered":"<p>[vc_row type=&#8221;in_container&#8221; full_screen_row_position=&#8221;middle&#8221; column_margin=&#8221;default&#8221; column_direction=&#8221;default&#8221; column_direction_tablet=&#8221;default&#8221; column_direction_phone=&#8221;default&#8221; scene_position=&#8221;center&#8221; text_color=&#8221;dark&#8221; text_align=&#8221;left&#8221; row_border_radius=&#8221;none&#8221; row_border_radius_applies=&#8221;bg&#8221; overflow=&#8221;visible&#8221; overlay_strength=&#8221;0.3&#8243; gradient_direction=&#8221;left_to_right&#8221; shape_divider_position=&#8221;bottom&#8221; bg_image_animation=&#8221;none&#8221;][vc_column column_padding=&#8221;no-extra-padding&#8221; column_padding_tablet=&#8221;inherit&#8221; column_padding_phone=&#8221;inherit&#8221; column_padding_position=&#8221;all&#8221; column_element_direction_desktop=&#8221;default&#8221; column_element_spacing=&#8221;default&#8221; desktop_text_alignment=&#8221;default&#8221; tablet_text_alignment=&#8221;default&#8221; phone_text_alignment=&#8221;default&#8221; background_color_opacity=&#8221;1&#8243; background_hover_color_opacity=&#8221;1&#8243; column_backdrop_filter=&#8221;none&#8221; column_shadow=&#8221;none&#8221;&#8230;<\/p>\n","protected":false},"author":6,"featured_media":0,"parent":6531,"menu_order":0,"comment_status":"closed","ping_status":"closed","template":"","meta":{"_acf_changed":false,"footnotes":""},"categories":[],"tags":[],"class_list":["post-8338","page","type-page","status-publish"],"acf":[],"yoast_head":"<!-- This site is optimized with the Yoast SEO plugin v27.5 - https:\/\/yoast.com\/product\/yoast-seo-wordpress\/ -->\n<title>Carrossier pour v\u00e9hicules pro - boucher \/ charcutier \/ catering<\/title>\n<meta name=\"robots\" content=\"index, follow, max-snippet:-1, max-image-preview:large, max-video-preview:-1\" \/>\n<link rel=\"canonical\" href=\"https:\/\/www.wenger-basel.ch\/fr\/vous-etes\/secteur-prive\/boucherie-hotellerie-traiteur\/\" \/>\n<meta property=\"og:locale\" content=\"fr_FR\" \/>\n<meta property=\"og:type\" content=\"article\" \/>\n<meta property=\"og:title\" content=\"Carrossier pour v\u00e9hicules pro - boucher \/ charcutier \/ catering\" \/>\n<meta property=\"og:description\" content=\"[vc_row type=&#8221;in_container&#8221; full_screen_row_position=&#8221;middle&#8221; column_margin=&#8221;default&#8221; column_direction=&#8221;default&#8221; column_direction_tablet=&#8221;default&#8221; column_direction_phone=&#8221;default&#8221; scene_position=&#8221;center&#8221; text_color=&#8221;dark&#8221; text_align=&#8221;left&#8221; row_border_radius=&#8221;none&#8221; row_border_radius_applies=&#8221;bg&#8221; overflow=&#8221;visible&#8221; overlay_strength=&#8221;0.3&#8243; gradient_direction=&#8221;left_to_right&#8221; shape_divider_position=&#8221;bottom&#8221; bg_image_animation=&#8221;none&#8221;][vc_column column_padding=&#8221;no-extra-padding&#8221; column_padding_tablet=&#8221;inherit&#8221; column_padding_phone=&#8221;inherit&#8221; column_padding_position=&#8221;all&#8221; column_element_direction_desktop=&#8221;default&#8221; column_element_spacing=&#8221;default&#8221; desktop_text_alignment=&#8221;default&#8221; tablet_text_alignment=&#8221;default&#8221; phone_text_alignment=&#8221;default&#8221; background_color_opacity=&#8221;1&#8243; background_hover_color_opacity=&#8221;1&#8243; column_backdrop_filter=&#8221;none&#8221; column_shadow=&#8221;none&#8221;...\" \/>\n<meta property=\"og:url\" content=\"https:\/\/www.wenger-basel.ch\/fr\/vous-etes\/secteur-prive\/boucherie-hotellerie-traiteur\/\" \/>\n<meta property=\"og:site_name\" content=\"Wenger Carrosserie\/Fahrzeugbau AG\" \/>\n<meta property=\"article:publisher\" content=\"https:\/\/www.facebook.com\/WengerBasel\" \/>\n<meta property=\"article:modified_time\" content=\"2024-07-19T12:44:51+00:00\" \/>\n<meta property=\"og:image\" content=\"https:\/\/www.wenger-basel.ch\/wp-content\/uploads\/2023\/08\/wenger-basel-empfang.jpg\" \/>\n\t<meta property=\"og:image:width\" content=\"1200\" \/>\n\t<meta property=\"og:image:height\" content=\"790\" \/>\n\t<meta property=\"og:image:type\" content=\"image\/jpeg\" \/>\n<meta name=\"twitter:card\" content=\"summary_large_image\" \/>\n<meta name=\"twitter:label1\" content=\"Est. reading time\" \/>\n\t<meta name=\"twitter:data1\" content=\"2 minutes\" \/>\n<!-- \/ Yoast SEO plugin. -->","yoast_head_json":{"title":"Carrossier pour v\u00e9hicules pro - boucher \/ charcutier \/ catering","robots":{"index":"index","follow":"follow","max-snippet":"max-snippet:-1","max-image-preview":"max-image-preview:large","max-video-preview":"max-video-preview:-1"},"canonical":"https:\/\/www.wenger-basel.ch\/fr\/vous-etes\/secteur-prive\/boucherie-hotellerie-traiteur\/","og_locale":"fr_FR","og_type":"article","og_title":"Carrossier pour v\u00e9hicules pro - boucher \/ charcutier \/ catering","og_description":"[vc_row type=&#8221;in_container&#8221; full_screen_row_position=&#8221;middle&#8221; column_margin=&#8221;default&#8221; column_direction=&#8221;default&#8221; column_direction_tablet=&#8221;default&#8221; column_direction_phone=&#8221;default&#8221; scene_position=&#8221;center&#8221; text_color=&#8221;dark&#8221; text_align=&#8221;left&#8221; row_border_radius=&#8221;none&#8221; row_border_radius_applies=&#8221;bg&#8221; overflow=&#8221;visible&#8221; overlay_strength=&#8221;0.3&#8243; gradient_direction=&#8221;left_to_right&#8221; shape_divider_position=&#8221;bottom&#8221; bg_image_animation=&#8221;none&#8221;][vc_column column_padding=&#8221;no-extra-padding&#8221; column_padding_tablet=&#8221;inherit&#8221; column_padding_phone=&#8221;inherit&#8221; column_padding_position=&#8221;all&#8221; column_element_direction_desktop=&#8221;default&#8221; column_element_spacing=&#8221;default&#8221; desktop_text_alignment=&#8221;default&#8221; tablet_text_alignment=&#8221;default&#8221; phone_text_alignment=&#8221;default&#8221; background_color_opacity=&#8221;1&#8243; background_hover_color_opacity=&#8221;1&#8243; column_backdrop_filter=&#8221;none&#8221; column_shadow=&#8221;none&#8221;...","og_url":"https:\/\/www.wenger-basel.ch\/fr\/vous-etes\/secteur-prive\/boucherie-hotellerie-traiteur\/","og_site_name":"Wenger Carrosserie\/Fahrzeugbau AG","article_publisher":"https:\/\/www.facebook.com\/WengerBasel","article_modified_time":"2024-07-19T12:44:51+00:00","og_image":[{"width":1200,"height":790,"url":"https:\/\/www.wenger-basel.ch\/wp-content\/uploads\/2023\/08\/wenger-basel-empfang.jpg","type":"image\/jpeg"}],"twitter_card":"summary_large_image","twitter_misc":{"Est. reading time":"2 minutes"},"schema":{"@context":"https:\/\/schema.org","@graph":[{"@type":"WebPage","@id":"https:\/\/www.wenger-basel.ch\/fr\/vous-etes\/secteur-prive\/boucherie-hotellerie-traiteur\/","url":"https:\/\/www.wenger-basel.ch\/fr\/vous-etes\/secteur-prive\/boucherie-hotellerie-traiteur\/","name":"Carrossier pour v\u00e9hicules pro - boucher \/ charcutier \/ catering","isPartOf":{"@id":"https:\/\/www.wenger-basel.ch\/#website"},"datePublished":"2023-05-10T12:19:32+00:00","dateModified":"2024-07-19T12:44:51+00:00","breadcrumb":{"@id":"https:\/\/www.wenger-basel.ch\/fr\/vous-etes\/secteur-prive\/boucherie-hotellerie-traiteur\/#breadcrumb"},"inLanguage":"fr-CH","potentialAction":[{"@type":"ReadAction","target":["https:\/\/www.wenger-basel.ch\/fr\/vous-etes\/secteur-prive\/boucherie-hotellerie-traiteur\/"]}]},{"@type":"BreadcrumbList","@id":"https:\/\/www.wenger-basel.ch\/fr\/vous-etes\/secteur-prive\/boucherie-hotellerie-traiteur\/#breadcrumb","itemListElement":[{"@type":"ListItem","position":1,"name":"Startseite","item":"https:\/\/www.wenger-basel.ch\/fr\/"},{"@type":"ListItem","position":2,"name":"Vous \u00eates&#8230;","item":"https:\/\/www.wenger-basel.ch\/fr\/vous-etes\/"},{"@type":"ListItem","position":3,"name":"Secteur priv\u00e9","item":"https:\/\/www.wenger-basel.ch\/fr\/vous-etes\/secteur-prive\/"},{"@type":"ListItem","position":4,"name":"Boucherie \/ M\u00e9tiers de Bouche \/ Catering Events"}]},{"@type":"WebSite","@id":"https:\/\/www.wenger-basel.ch\/#website","url":"https:\/\/www.wenger-basel.ch\/","name":"WENGER Carrosserie \/ Fahrzeugbau","description":"Best\u00e4ndige Qualit\u00e4t seit 1919","publisher":{"@id":"https:\/\/www.wenger-basel.ch\/#organization"},"potentialAction":[{"@type":"SearchAction","target":{"@type":"EntryPoint","urlTemplate":"https:\/\/www.wenger-basel.ch\/?s={search_term_string}"},"query-input":{"@type":"PropertyValueSpecification","valueRequired":true,"valueName":"search_term_string"}}],"inLanguage":"fr-CH"},{"@type":"Organization","@id":"https:\/\/www.wenger-basel.ch\/#organization","name":"WENGER Carrosserie \/ Fahrzeugbau","url":"https:\/\/www.wenger-basel.ch\/","logo":{"@type":"ImageObject","inLanguage":"fr-CH","@id":"https:\/\/www.wenger-basel.ch\/#\/schema\/logo\/image\/","url":"https:\/\/www.wenger-basel.ch\/wp-content\/uploads\/2023\/08\/wenger-logo-1919-large.png","contentUrl":"https:\/\/www.wenger-basel.ch\/wp-content\/uploads\/2023\/08\/wenger-logo-1919-large.png","width":696,"height":499,"caption":"WENGER Carrosserie \/ Fahrzeugbau"},"image":{"@id":"https:\/\/www.wenger-basel.ch\/#\/schema\/logo\/image\/"},"sameAs":["https:\/\/www.facebook.com\/WengerBasel"]}]}},"_links":{"self":[{"href":"https:\/\/www.wenger-basel.ch\/fr\/wp-json\/wp\/v2\/pages\/8338","targetHints":{"allow":["GET"]}}],"collection":[{"href":"https:\/\/www.wenger-basel.ch\/fr\/wp-json\/wp\/v2\/pages"}],"about":[{"href":"https:\/\/www.wenger-basel.ch\/fr\/wp-json\/wp\/v2\/types\/page"}],"author":[{"embeddable":true,"href":"https:\/\/www.wenger-basel.ch\/fr\/wp-json\/wp\/v2\/users\/6"}],"replies":[{"embeddable":true,"href":"https:\/\/www.wenger-basel.ch\/fr\/wp-json\/wp\/v2\/comments?post=8338"}],"version-history":[{"count":0,"href":"https:\/\/www.wenger-basel.ch\/fr\/wp-json\/wp\/v2\/pages\/8338\/revisions"}],"up":[{"embeddable":true,"href":"https:\/\/www.wenger-basel.ch\/fr\/wp-json\/wp\/v2\/pages\/6531"}],"wp:attachment":[{"href":"https:\/\/www.wenger-basel.ch\/fr\/wp-json\/wp\/v2\/media?parent=8338"}],"wp:term":[{"taxonomy":"category","embeddable":true,"href":"https:\/\/www.wenger-basel.ch\/fr\/wp-json\/wp\/v2\/categories?post=8338"},{"taxonomy":"post_tag","embeddable":true,"href":"https:\/\/www.wenger-basel.ch\/fr\/wp-json\/wp\/v2\/tags?post=8338"}],"curies":[{"name":"wp","href":"https:\/\/api.w.org\/{rel}","templated":true}]}}