{"id":9751,"date":"2024-02-16T09:12:40","date_gmt":"2024-02-16T08:12:40","guid":{"rendered":"https:\/\/www.wenger-basel.ch\/superstructures\/werkzeugkiste\/"},"modified":"2024-02-16T10:26:28","modified_gmt":"2024-02-16T09:26:28","slug":"werkzeugkiste","status":"publish","type":"page","link":"https:\/\/www.wenger-basel.ch\/fr\/superstructures\/werkzeugkiste\/","title":{"rendered":"Caisse de rangement"},"content":{"rendered":"[vc_row type=&#8221;in_container&#8221; full_screen_row_position=&#8221;middle&#8221; column_margin=&#8221;default&#8221; column_direction=&#8221;default&#8221; column_direction_tablet=&#8221;default&#8221; column_direction_phone=&#8221;default&#8221; scene_position=&#8221;center&#8221; text_color=&#8221;dark&#8221; text_align=&#8221;left&#8221; row_border_radius=&#8221;none&#8221; row_border_radius_applies=&#8221;bg&#8221; overflow=&#8221;visible&#8221; overlay_strength=&#8221;0.3&#8243; gradient_direction=&#8221;left_to_right&#8221; shape_divider_position=&#8221;bottom&#8221; bg_image_animation=&#8221;none&#8221;][vc_column column_padding=&#8221;no-extra-padding&#8221; column_padding_tablet=&#8221;inherit&#8221; column_padding_phone=&#8221;inherit&#8221; column_padding_position=&#8221;all&#8221; column_element_direction_desktop=&#8221;default&#8221; column_element_spacing=&#8221;default&#8221; desktop_text_alignment=&#8221;default&#8221; tablet_text_alignment=&#8221;default&#8221; phone_text_alignment=&#8221;default&#8221; background_color_opacity=&#8221;1&#8243; background_hover_color_opacity=&#8221;1&#8243; column_backdrop_filter=&#8221;none&#8221; column_shadow=&#8221;none&#8221; column_border_radius=&#8221;none&#8221; column_link_target=&#8221;_self&#8221; column_position=&#8221;default&#8221; gradient_direction=&#8221;left_to_right&#8221; overlay_strength=&#8221;0.3&#8243; width=&#8221;1\/1&#8243; tablet_width_inherit=&#8221;default&#8221; animation_type=&#8221;default&#8221; bg_image_animation=&#8221;none&#8221; border_type=&#8221;simple&#8221; column_border_width=&#8221;none&#8221; column_border_style=&#8221;solid&#8221;][vc_column_text]\n<h1>Caisse de rangement<\/h1>\n[\/vc_column_text][\/vc_column][\/vc_row][vc_row type=&#8221;in_container&#8221; full_screen_row_position=&#8221;middle&#8221; column_margin=&#8221;default&#8221; column_direction=&#8221;default&#8221; column_direction_tablet=&#8221;default&#8221; column_direction_phone=&#8221;default&#8221; scene_position=&#8221;center&#8221; text_color=&#8221;dark&#8221; text_align=&#8221;left&#8221; row_border_radius=&#8221;none&#8221; row_border_radius_applies=&#8221;bg&#8221; overflow=&#8221;visible&#8221; overlay_strength=&#8221;0.3&#8243; gradient_direction=&#8221;left_to_right&#8221; shape_divider_position=&#8221;bottom&#8221; bg_image_animation=&#8221;none&#8221;][vc_column column_padding=&#8221;no-extra-padding&#8221; column_padding_tablet=&#8221;inherit&#8221; column_padding_phone=&#8221;inherit&#8221; column_padding_position=&#8221;all&#8221; column_element_direction_desktop=&#8221;default&#8221; column_element_spacing=&#8221;default&#8221; desktop_text_alignment=&#8221;default&#8221; tablet_text_alignment=&#8221;default&#8221; phone_text_alignment=&#8221;default&#8221; background_color_opacity=&#8221;1&#8243; background_hover_color_opacity=&#8221;1&#8243; column_backdrop_filter=&#8221;none&#8221; column_shadow=&#8221;none&#8221; column_border_radius=&#8221;none&#8221; column_link_target=&#8221;_self&#8221; column_position=&#8221;default&#8221; gradient_direction=&#8221;left_to_right&#8221; overlay_strength=&#8221;0.3&#8243; width=&#8221;2\/3&#8243; tablet_width_inherit=&#8221;default&#8221; animation_type=&#8221;default&#8221; bg_image_animation=&#8221;none&#8221; border_type=&#8221;simple&#8221; column_border_width=&#8221;none&#8221; column_border_style=&#8221;solid&#8221;][vc_column_text]\n<h2>Adapt\u00e9, stable, ergonomique<\/h2>\n<p>Gr\u00e2ce aux <strong>diff\u00e9rents mod\u00e8les construits depuis des ann\u00e9es et au savoir-faire de Wenger<\/strong> dans la <strong>conception de superstructures adapt\u00e9es<\/strong> aux besoins des clients, les caisses \u00e0 outils peuvent facilement \u00eatre <strong>pos\u00e9es sur n&#8217;importe quel plateau de toutes marques<\/strong> pour <strong>stocker les outils et les \u00e9quipements n\u00e9cessaires<\/strong> au travail.<br \/>\nElles sont fabriqu\u00e9es en <strong>aluminium robuste, pli\u00e9es, soud\u00e9es, rivet\u00e9es ou viss\u00e9es et r\u00e9sistent \u00e0 l&#8217;\u00e9preuve du temps sans rouiller<\/strong>. Les caisses \u00e0 outils ont une <strong>forme rectangulaire avec des fermetures indestructibles<\/strong>&#8230;<br \/>\nAvec des <strong>tiroirs, des compartiments, des \u00e9tag\u00e8res, un acc\u00e8s simple ou double et de nombreuses options<\/strong>, les caisses \u00e0 outils peuvent faciliter le <strong>transport et l&#8217;acc\u00e8s aux outils en toute s\u00e9curit\u00e9<\/strong>.[\/vc_column_text][\/vc_column][vc_column column_padding=&#8221;no-extra-padding&#8221; column_padding_tablet=&#8221;inherit&#8221; column_padding_phone=&#8221;inherit&#8221; column_padding_position=&#8221;all&#8221; column_element_direction_desktop=&#8221;default&#8221; column_element_spacing=&#8221;default&#8221; desktop_text_alignment=&#8221;default&#8221; tablet_text_alignment=&#8221;default&#8221; phone_text_alignment=&#8221;default&#8221; background_color_opacity=&#8221;1&#8243; background_hover_color_opacity=&#8221;1&#8243; column_backdrop_filter=&#8221;none&#8221; column_shadow=&#8221;none&#8221; column_border_radius=&#8221;none&#8221; column_link_target=&#8221;_self&#8221; column_position=&#8221;default&#8221; gradient_direction=&#8221;left_to_right&#8221; overlay_strength=&#8221;0.3&#8243; width=&#8221;1\/3&#8243; tablet_width_inherit=&#8221;default&#8221; animation_type=&#8221;default&#8221; bg_image_animation=&#8221;none&#8221; border_type=&#8221;simple&#8221; column_border_width=&#8221;none&#8221; column_border_style=&#8221;solid&#8221;][image_with_animation image_url=&#8221;7872&#8243; image_size=&#8221;full&#8221; animation_type=&#8221;entrance&#8221; animation=&#8221;None&#8221; animation_movement_type=&#8221;transform_y&#8221; hover_animation=&#8221;none&#8221; alignment=&#8221;&#8221; border_radius=&#8221;3px&#8221; box_shadow=&#8221;small_depth&#8221; image_loading=&#8221;default&#8221; max_width=&#8221;100%&#8221; max_width_mobile=&#8221;default&#8221;][image_with_animation image_url=&#8221;7859&#8243; image_size=&#8221;full&#8221; animation_type=&#8221;entrance&#8221; animation=&#8221;None&#8221; animation_movement_type=&#8221;transform_y&#8221; hover_animation=&#8221;none&#8221; alignment=&#8221;&#8221; border_radius=&#8221;3px&#8221; box_shadow=&#8221;small_depth&#8221; image_loading=&#8221;default&#8221; max_width=&#8221;100%&#8221; max_width_mobile=&#8221;default&#8221;][image_with_animation image_url=&#8221;7824&#8243; image_size=&#8221;full&#8221; animation_type=&#8221;entrance&#8221; animation=&#8221;None&#8221; animation_movement_type=&#8221;transform_y&#8221; hover_animation=&#8221;none&#8221; alignment=&#8221;&#8221; border_radius=&#8221;none&#8221; box_shadow=&#8221;none&#8221; image_loading=&#8221;default&#8221; max_width=&#8221;100%&#8221; max_width_mobile=&#8221;default&#8221;][\/vc_column][\/vc_row][vc_row type=&#8221;in_container&#8221; full_screen_row_position=&#8221;middle&#8221; column_margin=&#8221;default&#8221; column_direction=&#8221;default&#8221; column_direction_tablet=&#8221;default&#8221; column_direction_phone=&#8221;default&#8221; scene_position=&#8221;center&#8221; text_color=&#8221;dark&#8221; text_align=&#8221;left&#8221; row_border_radius=&#8221;none&#8221; row_border_radius_applies=&#8221;bg&#8221; overflow=&#8221;visible&#8221; overlay_strength=&#8221;0.3&#8243; gradient_direction=&#8221;left_to_right&#8221; shape_divider_position=&#8221;bottom&#8221; bg_image_animation=&#8221;none&#8221;][vc_column column_padding=&#8221;no-extra-padding&#8221; column_padding_tablet=&#8221;inherit&#8221; column_padding_phone=&#8221;inherit&#8221; column_padding_position=&#8221;all&#8221; column_element_direction_desktop=&#8221;default&#8221; column_element_spacing=&#8221;default&#8221; desktop_text_alignment=&#8221;default&#8221; tablet_text_alignment=&#8221;default&#8221; phone_text_alignment=&#8221;default&#8221; background_color_opacity=&#8221;1&#8243; background_hover_color_opacity=&#8221;1&#8243; column_backdrop_filter=&#8221;none&#8221; column_shadow=&#8221;none&#8221; column_border_radius=&#8221;none&#8221; column_link_target=&#8221;_self&#8221; column_position=&#8221;default&#8221; gradient_direction=&#8221;left_to_right&#8221; overlay_strength=&#8221;0.3&#8243; width=&#8221;1\/1&#8243; tablet_width_inherit=&#8221;default&#8221; animation_type=&#8221;default&#8221; bg_image_animation=&#8221;none&#8221; border_type=&#8221;simple&#8221; column_border_width=&#8221;none&#8221; column_border_style=&#8221;solid&#8221;][vc_column_text]<div class=\"galerie_wrapper\"><div class=\"galerie_wrapper_title\"><h2>Galerie \"Werkzeugkiste\"<\/h2><\/div><div class=\"liste_medias\"><div class=\"thumbnail werkzeugkiste\"><figure class=\"post-attachment mime-image-jpeg\"><a href=\"https:\/\/www.wenger-basel.ch\/wp-content\/uploads\/2025\/03\/werkzeugkiste-seite-1-450x600.jpg\" class=\"galery_link\" data-fancybox=\"group_0\" title=\"V\u00e9hicule entretenu par Wenger AG Basel, d\u00e9partement \/Werkzeugkiste\"><img decoding=\"async\" src=\"https:\/\/www.wenger-basel.ch\/wp-content\/uploads\/2025\/03\/werkzeugkiste-seite-1-450x600.jpg\" alt=\"V\u00e9hicule entretenu par Wenger AG Basel, d\u00e9partement \/Werkzeugkiste\"><\/a><\/figure><\/div><div class=\"thumbnail aufbauten\"><figure class=\"post-attachment mime-image-jpeg\"><a href=\"https:\/\/www.wenger-basel.ch\/wp-content\/uploads\/2023\/10\/koffer-3-450x600.jpg\" class=\"galery_link\" data-fancybox=\"group_0\" title=\"V\u00e9hicule entretenu par Wenger AG Basel, d\u00e9partement Arrimage \/ s\u00e9curisation du chargement\/Construction sur chassis cabine\"><img decoding=\"async\" src=\"https:\/\/www.wenger-basel.ch\/wp-content\/uploads\/2023\/10\/koffer-3-450x600.jpg\" alt=\"V\u00e9hicule entretenu par Wenger AG Basel, d\u00e9partement Arrimage \/ s\u00e9curisation du chargement\/Construction sur chassis cabine\"><\/a><\/figure><\/div><div class=\"thumbnail aufbauten\"><figure class=\"post-attachment mime-image-jpeg\"><a href=\"https:\/\/www.wenger-basel.ch\/wp-content\/uploads\/2023\/06\/ford-transit-kipper-grun-doppelK-800x600.jpg\" class=\"galery_link\" data-fancybox=\"group_0\" title=\"V\u00e9hicule utilitaire Ford Transit cr\u00e9\u00e9 par Wenger AG Basel, d\u00e9partement Construction de v\u00e9hicules utilitaires\/Werkzeugkiste\"><img decoding=\"async\" src=\"https:\/\/www.wenger-basel.ch\/wp-content\/uploads\/2023\/06\/ford-transit-kipper-grun-doppelK-800x600.jpg\" alt=\"V\u00e9hicule utilitaire Ford Transit cr\u00e9\u00e9 par Wenger AG Basel, d\u00e9partement Construction de v\u00e9hicules utilitaires\/Werkzeugkiste\"><\/a><\/figure><\/div><div class=\"thumbnail aufbauten\"><figure class=\"post-attachment mime-image-jpeg\"><a href=\"https:\/\/www.wenger-basel.ch\/wp-content\/uploads\/2023\/11\/daily-orange-800x600.jpg\" class=\"galery_link\" data-fancybox=\"group_0\" title=\"V\u00e9hicule utilitaire Iveco Daily cr\u00e9\u00e9 par Wenger AG Basel, d\u00e9partement Bennes basculantes\/Werkzeugkiste\"><img decoding=\"async\" src=\"https:\/\/www.wenger-basel.ch\/wp-content\/uploads\/2023\/11\/daily-orange-800x600.jpg\" alt=\"V\u00e9hicule utilitaire Iveco Daily cr\u00e9\u00e9 par Wenger AG Basel, d\u00e9partement Bennes basculantes\/Werkzeugkiste\"><\/a><\/figure><\/div><div class=\"thumbnail aufbauten\"><figure class=\"post-attachment mime-image-jpeg\"><a href=\"https:\/\/www.wenger-basel.ch\/wp-content\/uploads\/2023\/10\/gartenbau-fzg-800x600.jpg\" class=\"galery_link\" data-fancybox=\"group_0\" title=\"V\u00e9hicule utilitaire Mercedes Sprinter cr\u00e9\u00e9 par Wenger AG Basel, d\u00e9partement Construction de v\u00e9hicules utilitaires\/Camions plateaux \/ ponts\"><img decoding=\"async\" src=\"https:\/\/www.wenger-basel.ch\/wp-content\/uploads\/2023\/10\/gartenbau-fzg-800x600.jpg\" alt=\"V\u00e9hicule utilitaire Mercedes Sprinter cr\u00e9\u00e9 par Wenger AG Basel, d\u00e9partement Construction de v\u00e9hicules utilitaires\/Camions plateaux \/ ponts\"><\/a><\/figure><\/div><div class=\"thumbnail aufbauten\"><figure class=\"post-attachment mime-image-jpeg\"><a href=\"https:\/\/www.wenger-basel.ch\/wp-content\/uploads\/2024\/10\/mercedes-sprinter-rot-649x600.jpeg\" class=\"galery_link\" data-fancybox=\"group_0\" title=\"V\u00e9hicule utilitaire Mercedes Sprinter cr\u00e9\u00e9 par Wenger AG Basel, d\u00e9partement Camions plateaux \/ ponts\/Werkzeugkiste\"><img decoding=\"async\" src=\"https:\/\/www.wenger-basel.ch\/wp-content\/uploads\/2024\/10\/mercedes-sprinter-rot-649x600.jpeg\" alt=\"V\u00e9hicule utilitaire Mercedes Sprinter cr\u00e9\u00e9 par Wenger AG Basel, d\u00e9partement Camions plateaux \/ ponts\/Werkzeugkiste\"><\/a><\/figure><\/div><div class=\"thumbnail aufbauten\"><figure class=\"post-attachment mime-image-jpeg\"><a href=\"https:\/\/www.wenger-basel.ch\/wp-content\/uploads\/2023\/11\/sprinter-garten-450x600.jpg\" class=\"galery_link\" data-fancybox=\"group_0\" title=\"V\u00e9hicule entretenu par Wenger AG Basel, d\u00e9partement Werkzeugkiste\/Construction sur chassis cabine\"><img decoding=\"async\" src=\"https:\/\/www.wenger-basel.ch\/wp-content\/uploads\/2023\/11\/sprinter-garten-450x600.jpg\" alt=\"V\u00e9hicule entretenu par Wenger AG Basel, d\u00e9partement Werkzeugkiste\/Construction sur chassis cabine\"><\/a><\/figure><\/div><div class=\"thumbnail kran\"><figure class=\"post-attachment mime-image-jpeg\"><a href=\"https:\/\/www.wenger-basel.ch\/wp-content\/uploads\/2026\/04\/fuso-kran-pritsche-werkz-gemeinde-800x600.jpg\" class=\"galery_link\" data-fancybox=\"group_0\" title=\"V\u00e9hicule utilitaire Mitsubishi Fuso Canter cr\u00e9\u00e9 par Wenger AG Basel, d\u00e9partement Camions plateaux \/ ponts\/Werkzeugkiste\"><img decoding=\"async\" src=\"https:\/\/www.wenger-basel.ch\/wp-content\/uploads\/2026\/04\/fuso-kran-pritsche-werkz-gemeinde-800x600.jpg\" alt=\"V\u00e9hicule utilitaire Mitsubishi Fuso Canter cr\u00e9\u00e9 par Wenger AG Basel, d\u00e9partement Camions plateaux \/ ponts\/Werkzeugkiste\"><\/a><\/figure><\/div><div class=\"thumbnail aufbauten\"><figure class=\"post-attachment mime-image-jpeg\"><a href=\"https:\/\/www.wenger-basel.ch\/wp-content\/uploads\/2023\/11\/sprinter-orange-2-800x600.jpg\" class=\"galery_link\" data-fancybox=\"group_0\" title=\"V\u00e9hicule utilitaire Mercedes Sprinter cr\u00e9\u00e9 par Wenger AG Basel, d\u00e9partement Bennes basculantes\/Werkzeugkiste\"><img decoding=\"async\" src=\"https:\/\/www.wenger-basel.ch\/wp-content\/uploads\/2023\/11\/sprinter-orange-2-800x600.jpg\" alt=\"V\u00e9hicule utilitaire Mercedes Sprinter cr\u00e9\u00e9 par Wenger AG Basel, d\u00e9partement Bennes basculantes\/Werkzeugkiste\"><\/a><\/figure><\/div><div class=\"thumbnail aufbauten\"><figure class=\"post-attachment mime-image-jpeg\"><a href=\"https:\/\/www.wenger-basel.ch\/wp-content\/uploads\/2023\/06\/ford-transit-gekippt-800x600.jpg\" class=\"galery_link\" data-fancybox=\"group_0\" title=\"V\u00e9hicule utilitaire Ford Transit cr\u00e9\u00e9 par Wenger AG Basel, d\u00e9partement Construction de v\u00e9hicules utilitaires\/Werkzeugkiste\"><img decoding=\"async\" src=\"https:\/\/www.wenger-basel.ch\/wp-content\/uploads\/2023\/06\/ford-transit-gekippt-800x600.jpg\" alt=\"V\u00e9hicule utilitaire Ford Transit cr\u00e9\u00e9 par Wenger AG Basel, d\u00e9partement Construction de v\u00e9hicules utilitaires\/Werkzeugkiste\"><\/a><\/figure><\/div><div class=\"thumbnail fahrzeugbau\"><figure class=\"post-attachment mime-image-jpeg\"><a href=\"https:\/\/www.wenger-basel.ch\/wp-content\/uploads\/2023\/04\/kipper-P1080643-800x600.jpg\" class=\"galery_link\" data-fancybox=\"group_0\" title=\"Kipper\"><img decoding=\"async\" src=\"https:\/\/www.wenger-basel.ch\/wp-content\/uploads\/2023\/04\/kipper-P1080643-800x600.jpg\" alt=\"Kipper\"><\/a><\/figure><\/div><div class=\"thumbnail werkzeugkiste\"><figure class=\"post-attachment mime-image-jpeg\"><a href=\"https:\/\/www.wenger-basel.ch\/wp-content\/uploads\/2023\/11\/sprinter-feuer-2-800x600.jpg\" class=\"galery_link\" data-fancybox=\"group_0\" title=\"V\u00e9hicule entretenu par Wenger AG Basel, d\u00e9partement \/Werkzeugkiste\"><img decoding=\"async\" src=\"https:\/\/www.wenger-basel.ch\/wp-content\/uploads\/2023\/11\/sprinter-feuer-2-800x600.jpg\" alt=\"V\u00e9hicule entretenu par Wenger AG Basel, d\u00e9partement \/Werkzeugkiste\"><\/a><\/figure><\/div><div class=\"thumbnail aufbauten\"><figure class=\"post-attachment mime-image-jpeg\"><a href=\"https:\/\/www.wenger-basel.ch\/wp-content\/uploads\/2023\/12\/koffer-schreggs-450x600.jpg\" class=\"galery_link\" data-fancybox=\"group_0\" title=\"V\u00e9hicule entretenu par Wenger AG Basel, d\u00e9partement Werkzeugkiste\/Construction sur chassis cabine\"><img decoding=\"async\" src=\"https:\/\/www.wenger-basel.ch\/wp-content\/uploads\/2023\/12\/koffer-schreggs-450x600.jpg\" alt=\"V\u00e9hicule entretenu par Wenger AG Basel, d\u00e9partement Werkzeugkiste\/Construction sur chassis cabine\"><\/a><\/figure><\/div><div class=\"thumbnail aufbauten\"><figure class=\"post-attachment mime-image-jpeg\"><a href=\"https:\/\/www.wenger-basel.ch\/wp-content\/uploads\/2023\/11\/sprinter-blau-koffer-800x600.jpg\" class=\"galery_link\" data-fancybox=\"group_0\" title=\"V\u00e9hicule utilitaire Mercedes Sprinter cr\u00e9\u00e9 par Wenger AG Basel, d\u00e9partement Bennes basculantes\/Werkzeugkiste\"><img decoding=\"async\" src=\"https:\/\/www.wenger-basel.ch\/wp-content\/uploads\/2023\/11\/sprinter-blau-koffer-800x600.jpg\" alt=\"V\u00e9hicule utilitaire Mercedes Sprinter cr\u00e9\u00e9 par Wenger AG Basel, d\u00e9partement Bennes basculantes\/Werkzeugkiste\"><\/a><\/figure><\/div><div class=\"thumbnail aufbauten\"><figure class=\"post-attachment mime-image-jpeg\"><a href=\"https:\/\/www.wenger-basel.ch\/wp-content\/uploads\/2023\/12\/isuzu-kipper-3-800x600.jpg\" class=\"galery_link\" data-fancybox=\"group_0\" title=\"V\u00e9hicule utilitaire Isuzu  cr\u00e9\u00e9 par Wenger AG Basel, d\u00e9partement Bennes basculantes\/Werkzeugkiste\"><img decoding=\"async\" src=\"https:\/\/www.wenger-basel.ch\/wp-content\/uploads\/2023\/12\/isuzu-kipper-3-800x600.jpg\" alt=\"V\u00e9hicule utilitaire Isuzu  cr\u00e9\u00e9 par Wenger AG Basel, d\u00e9partement Bennes basculantes\/Werkzeugkiste\"><\/a><\/figure><\/div><div class=\"thumbnail aufbauten\"><figure class=\"post-attachment mime-image-jpeg\"><a href=\"https:\/\/www.wenger-basel.ch\/wp-content\/uploads\/2023\/04\/kran-aufbau-1060034-800x600.jpg\" class=\"galery_link\" data-fancybox=\"group_0\" title=\"Krahn Aufbau - Nutzfahrzeugen\"><img decoding=\"async\" src=\"https:\/\/www.wenger-basel.ch\/wp-content\/uploads\/2023\/04\/kran-aufbau-1060034-800x600.jpg\" alt=\"Krahn Aufbau - Nutzfahrzeugen\"><\/a><\/figure><\/div><div class=\"thumbnail werkzeugkiste\"><figure class=\"post-attachment mime-image-jpeg\"><a href=\"https:\/\/www.wenger-basel.ch\/wp-content\/uploads\/2025\/10\/IMG_1565-450x600.jpg\" class=\"galery_link\" data-fancybox=\"group_0\" title=\"V\u00e9hicule entretenu par Wenger AG Basel, d\u00e9partement \/Werkzeugkiste\"><img decoding=\"async\" src=\"https:\/\/www.wenger-basel.ch\/wp-content\/uploads\/2025\/10\/IMG_1565-450x600.jpg\" alt=\"V\u00e9hicule entretenu par Wenger AG Basel, d\u00e9partement \/Werkzeugkiste\"><\/a><\/figure><\/div><div class=\"thumbnail aufbauten\"><figure class=\"post-attachment mime-image-jpeg\"><a href=\"https:\/\/www.wenger-basel.ch\/wp-content\/uploads\/2023\/11\/sprinter-orange-800x600.jpg\" class=\"galery_link\" data-fancybox=\"group_0\" title=\"V\u00e9hicule utilitaire Mercedes Sprinter cr\u00e9\u00e9 par Wenger AG Basel, d\u00e9partement Bennes basculantes\/Werkzeugkiste\"><img decoding=\"async\" src=\"https:\/\/www.wenger-basel.ch\/wp-content\/uploads\/2023\/11\/sprinter-orange-800x600.jpg\" alt=\"V\u00e9hicule utilitaire Mercedes Sprinter cr\u00e9\u00e9 par Wenger AG Basel, d\u00e9partement Bennes basculantes\/Werkzeugkiste\"><\/a><\/figure><\/div><div class=\"thumbnail aufbauten\"><figure class=\"post-attachment mime-image-jpeg\"><a href=\"https:\/\/www.wenger-basel.ch\/wp-content\/uploads\/2023\/11\/master-pritsche-holz-2-450x600.jpg\" class=\"galery_link\" data-fancybox=\"group_0\" title=\"V\u00e9hicule utilitaire Mercedes Sprinter cr\u00e9\u00e9 par Wenger AG Basel, d\u00e9partement Camions plateaux \/ ponts\/Werkzeugkiste\"><img decoding=\"async\" src=\"https:\/\/www.wenger-basel.ch\/wp-content\/uploads\/2023\/11\/master-pritsche-holz-2-450x600.jpg\" alt=\"V\u00e9hicule utilitaire Mercedes Sprinter cr\u00e9\u00e9 par Wenger AG Basel, d\u00e9partement Camions plateaux \/ ponts\/Werkzeugkiste\"><\/a><\/figure><\/div><div class=\"thumbnail aufbauten\"><figure class=\"post-attachment mime-image-jpeg\"><a href=\"https:\/\/www.wenger-basel.ch\/wp-content\/uploads\/2023\/06\/grau-fahrzeugbau2-800x600.jpg\" class=\"galery_link\" data-fancybox=\"group_0\" title=\"V\u00e9hicule utilitaire Mercedes Sprinter cr\u00e9\u00e9 par Wenger AG Basel, d\u00e9partement Construction de v\u00e9hicules utilitaires\/Werkzeugkiste\"><img decoding=\"async\" src=\"https:\/\/www.wenger-basel.ch\/wp-content\/uploads\/2023\/06\/grau-fahrzeugbau2-800x600.jpg\" alt=\"V\u00e9hicule utilitaire Mercedes Sprinter cr\u00e9\u00e9 par Wenger AG Basel, d\u00e9partement Construction de v\u00e9hicules utilitaires\/Werkzeugkiste\"><\/a><\/figure><\/div><div class=\"thumbnail aufbauten\"><figure class=\"post-attachment mime-image-jpeg\"><a href=\"https:\/\/www.wenger-basel.ch\/wp-content\/uploads\/2023\/12\/isuzu-kipper-800x600.jpg\" class=\"galery_link\" data-fancybox=\"group_0\" title=\"V\u00e9hicule utilitaire Isuzu  cr\u00e9\u00e9 par Wenger AG Basel, d\u00e9partement Bennes basculantes\/Werkzeugkiste\"><img decoding=\"async\" src=\"https:\/\/www.wenger-basel.ch\/wp-content\/uploads\/2023\/12\/isuzu-kipper-800x600.jpg\" alt=\"V\u00e9hicule utilitaire Isuzu  cr\u00e9\u00e9 par Wenger AG Basel, d\u00e9partement Bennes basculantes\/Werkzeugkiste\"><\/a><\/figure><\/div><div class=\"thumbnail werkzeugkiste\"><figure class=\"post-attachment mime-image-jpeg\"><a href=\"https:\/\/www.wenger-basel.ch\/wp-content\/uploads\/2023\/06\/werkzeugekiste-unter-brucke-450x600.jpg\" class=\"galery_link\" data-fancybox=\"group_0\" title=\"V\u00e9hicule entretenu par Wenger AG Basel, d\u00e9partement \/Werkzeugkiste\"><img decoding=\"async\" src=\"https:\/\/www.wenger-basel.ch\/wp-content\/uploads\/2023\/06\/werkzeugekiste-unter-brucke-450x600.jpg\" alt=\"V\u00e9hicule entretenu par Wenger AG Basel, d\u00e9partement \/Werkzeugkiste\"><\/a><\/figure><\/div><div class=\"thumbnail werkzeugkiste\"><figure class=\"post-attachment mime-image-jpeg\"><a href=\"https:\/\/www.wenger-basel.ch\/wp-content\/uploads\/2023\/06\/doppel-seitig-koffer-450x600.jpg\" class=\"galery_link\" data-fancybox=\"group_0\" title=\"V\u00e9hicule entretenu par Wenger AG Basel, d\u00e9partement \/Werkzeugkiste\"><img decoding=\"async\" src=\"https:\/\/www.wenger-basel.ch\/wp-content\/uploads\/2023\/06\/doppel-seitig-koffer-450x600.jpg\" alt=\"V\u00e9hicule entretenu par Wenger AG Basel, d\u00e9partement \/Werkzeugkiste\"><\/a><\/figure><\/div><div class=\"thumbnail aufbauten\"><figure class=\"post-attachment mime-image-jpeg\"><a href=\"https:\/\/www.wenger-basel.ch\/wp-content\/uploads\/2023\/04\/kran-aufbau-1120309-800x600.jpg\" class=\"galery_link\" data-fancybox=\"group_0\" title=\"Krahn Aufbau - Nutzfahrzeugen\"><img decoding=\"async\" src=\"https:\/\/www.wenger-basel.ch\/wp-content\/uploads\/2023\/04\/kran-aufbau-1120309-800x600.jpg\" alt=\"Krahn Aufbau - Nutzfahrzeugen\"><\/a><\/figure><\/div><div class=\"thumbnail aufbauten\"><figure class=\"post-attachment mime-image-jpeg\"><a href=\"https:\/\/www.wenger-basel.ch\/wp-content\/uploads\/2023\/11\/daily-pritsche-2-800x600.jpg\" class=\"galery_link\" data-fancybox=\"group_0\" title=\"V\u00e9hicule utilitaire Iveco Daily cr\u00e9\u00e9 par Wenger AG Basel, d\u00e9partement Camions plateaux \/ ponts\/Werkzeugkiste\"><img decoding=\"async\" src=\"https:\/\/www.wenger-basel.ch\/wp-content\/uploads\/2023\/11\/daily-pritsche-2-800x600.jpg\" alt=\"V\u00e9hicule utilitaire Iveco Daily cr\u00e9\u00e9 par Wenger AG Basel, d\u00e9partement Camions plateaux \/ ponts\/Werkzeugkiste\"><\/a><\/figure><\/div><div class=\"thumbnail fahrzeugbau\"><figure class=\"post-attachment mime-image-jpeg\"><a href=\"https:\/\/www.wenger-basel.ch\/wp-content\/uploads\/2023\/04\/kipper-P1080920-800x600.jpg\" class=\"galery_link\" data-fancybox=\"group_0\" title=\"Kipper\"><img decoding=\"async\" src=\"https:\/\/www.wenger-basel.ch\/wp-content\/uploads\/2023\/04\/kipper-P1080920-800x600.jpg\" alt=\"Kipper\"><\/a><\/figure><\/div><div class=\"thumbnail aufbauten\"><figure class=\"post-attachment mime-image-jpeg\"><a href=\"https:\/\/www.wenger-basel.ch\/wp-content\/uploads\/2023\/11\/master-pritsche-holz-3-800x600.jpg\" class=\"galery_link\" data-fancybox=\"group_0\" title=\"V\u00e9hicule utilitaire Mercedes Sprinter cr\u00e9\u00e9 par Wenger AG Basel, d\u00e9partement Camions plateaux \/ ponts\/Werkzeugkiste\"><img decoding=\"async\" src=\"https:\/\/www.wenger-basel.ch\/wp-content\/uploads\/2023\/11\/master-pritsche-holz-3-800x600.jpg\" alt=\"V\u00e9hicule utilitaire Mercedes Sprinter cr\u00e9\u00e9 par Wenger AG Basel, d\u00e9partement Camions plateaux \/ ponts\/Werkzeugkiste\"><\/a><\/figure><\/div><div class=\"thumbnail aufbauten\"><figure class=\"post-attachment mime-image-jpeg\"><a href=\"https:\/\/www.wenger-basel.ch\/wp-content\/uploads\/2023\/11\/isuzu-2-800x600.jpg\" class=\"galery_link\" data-fancybox=\"group_0\" title=\"V\u00e9hicule utilitaire Isuzu  cr\u00e9\u00e9 par Wenger AG Basel, d\u00e9partement Camions plateaux \/ ponts\/Werkzeugkiste\"><img decoding=\"async\" src=\"https:\/\/www.wenger-basel.ch\/wp-content\/uploads\/2023\/11\/isuzu-2-800x600.jpg\" alt=\"V\u00e9hicule utilitaire Isuzu  cr\u00e9\u00e9 par Wenger AG Basel, d\u00e9partement Camions plateaux \/ ponts\/Werkzeugkiste\"><\/a><\/figure><\/div><div class=\"thumbnail werkzeugkiste\"><figure class=\"post-attachment mime-image-jpeg\"><a href=\"https:\/\/www.wenger-basel.ch\/wp-content\/uploads\/2025\/03\/werkzeugkiste-doppelt-800x600.jpg\" class=\"galery_link\" data-fancybox=\"group_0\" title=\"V\u00e9hicule entretenu par Wenger AG Basel, d\u00e9partement \/Werkzeugkiste\"><img decoding=\"async\" src=\"https:\/\/www.wenger-basel.ch\/wp-content\/uploads\/2025\/03\/werkzeugkiste-doppelt-800x600.jpg\" alt=\"V\u00e9hicule entretenu par Wenger AG Basel, d\u00e9partement \/Werkzeugkiste\"><\/a><\/figure><\/div><div class=\"thumbnail aufbauten\"><figure class=\"post-attachment mime-image-jpeg\"><a href=\"https:\/\/www.wenger-basel.ch\/wp-content\/uploads\/2023\/04\/kran-aufbau-1050131-800x600.jpg\" class=\"galery_link\" data-fancybox=\"group_0\" title=\"Krahn Aufbau - Nutzfahrzeugen\"><img decoding=\"async\" src=\"https:\/\/www.wenger-basel.ch\/wp-content\/uploads\/2023\/04\/kran-aufbau-1050131-800x600.jpg\" alt=\"Krahn Aufbau - Nutzfahrzeugen\"><\/a><\/figure><\/div><div class=\"thumbnail aufbauten\"><figure class=\"post-attachment mime-image-jpeg\"><a href=\"https:\/\/www.wenger-basel.ch\/wp-content\/uploads\/2023\/11\/sprinter-garten-2-800x600.jpg\" class=\"galery_link\" data-fancybox=\"group_0\" title=\"V\u00e9hicule utilitaire Mercedes Sprinter cr\u00e9\u00e9 par Wenger AG Basel, d\u00e9partement Bennes basculantes\/Werkzeugkiste\"><img decoding=\"async\" src=\"https:\/\/www.wenger-basel.ch\/wp-content\/uploads\/2023\/11\/sprinter-garten-2-800x600.jpg\" alt=\"V\u00e9hicule utilitaire Mercedes Sprinter cr\u00e9\u00e9 par Wenger AG Basel, d\u00e9partement Bennes basculantes\/Werkzeugkiste\"><\/a><\/figure><\/div><div class=\"thumbnail werkzeugkiste\"><figure class=\"post-attachment mime-image-jpeg\"><a href=\"https:\/\/www.wenger-basel.ch\/wp-content\/uploads\/2023\/11\/sprinter-feuer-800x600.jpg\" class=\"galery_link\" data-fancybox=\"group_0\" title=\"V\u00e9hicule entretenu par Wenger AG Basel, d\u00e9partement \/Werkzeugkiste\"><img decoding=\"async\" src=\"https:\/\/www.wenger-basel.ch\/wp-content\/uploads\/2023\/11\/sprinter-feuer-800x600.jpg\" alt=\"V\u00e9hicule entretenu par Wenger AG Basel, d\u00e9partement \/Werkzeugkiste\"><\/a><\/figure><\/div><div class=\"thumbnail kran\"><figure class=\"post-attachment mime-image-jpeg\"><a href=\"https:\/\/www.wenger-basel.ch\/wp-content\/uploads\/2026\/04\/flux-kran-pritsche-800x600.jpg\" class=\"galery_link\" data-fancybox=\"group_0\" title=\"V\u00e9hicule utilitaire Flux Mobility Fahrzeuge  cr\u00e9\u00e9 par Wenger AG Basel, d\u00e9partement Camions plateaux \/ ponts\/Werkzeugkiste\"><img decoding=\"async\" src=\"https:\/\/www.wenger-basel.ch\/wp-content\/uploads\/2026\/04\/flux-kran-pritsche-800x600.jpg\" alt=\"V\u00e9hicule utilitaire Flux Mobility Fahrzeuge  cr\u00e9\u00e9 par Wenger AG Basel, d\u00e9partement Camions plateaux \/ ponts\/Werkzeugkiste\"><\/a><\/figure><\/div><div class=\"thumbnail aufbauten\"><figure class=\"post-attachment mime-image-jpeg\"><a href=\"https:\/\/www.wenger-basel.ch\/wp-content\/uploads\/2023\/11\/isuzu-450x600.jpg\" class=\"galery_link\" data-fancybox=\"group_0\" title=\"V\u00e9hicule utilitaire Isuzu  cr\u00e9\u00e9 par Wenger AG Basel, d\u00e9partement Camions plateaux \/ ponts\/Werkzeugkiste\"><img decoding=\"async\" src=\"https:\/\/www.wenger-basel.ch\/wp-content\/uploads\/2023\/11\/isuzu-450x600.jpg\" alt=\"V\u00e9hicule utilitaire Isuzu  cr\u00e9\u00e9 par Wenger AG Basel, d\u00e9partement Camions plateaux \/ ponts\/Werkzeugkiste\"><\/a><\/figure><\/div><div class=\"thumbnail aufbauten\"><figure class=\"post-attachment mime-image-jpeg\"><a href=\"https:\/\/www.wenger-basel.ch\/wp-content\/uploads\/2023\/11\/daily-durtschi-800x600.jpg\" class=\"galery_link\" data-fancybox=\"group_0\" title=\"V\u00e9hicule utilitaire Iveco Daily cr\u00e9\u00e9 par Wenger AG Basel, d\u00e9partement Camions plateaux \/ ponts\/Werkzeugkiste\"><img decoding=\"async\" src=\"https:\/\/www.wenger-basel.ch\/wp-content\/uploads\/2023\/11\/daily-durtschi-800x600.jpg\" alt=\"V\u00e9hicule utilitaire Iveco Daily cr\u00e9\u00e9 par Wenger AG Basel, d\u00e9partement Camions plateaux \/ ponts\/Werkzeugkiste\"><\/a><\/figure><\/div><div class=\"thumbnail aufbauten\"><figure class=\"post-attachment mime-image-jpeg\"><a href=\"https:\/\/www.wenger-basel.ch\/wp-content\/uploads\/2023\/11\/daily-pritsche-4-450x600.jpg\" class=\"galery_link\" data-fancybox=\"group_0\" title=\"V\u00e9hicule utilitaire Iveco Daily cr\u00e9\u00e9 par Wenger AG Basel, d\u00e9partement Camions plateaux \/ ponts\/Werkzeugkiste\"><img decoding=\"async\" src=\"https:\/\/www.wenger-basel.ch\/wp-content\/uploads\/2023\/11\/daily-pritsche-4-450x600.jpg\" alt=\"V\u00e9hicule utilitaire Iveco Daily cr\u00e9\u00e9 par Wenger AG Basel, d\u00e9partement Camions plateaux \/ ponts\/Werkzeugkiste\"><\/a><\/figure><\/div><div class=\"thumbnail kipper\"><figure class=\"post-attachment mime-image-jpeg\"><a href=\"https:\/\/www.wenger-basel.ch\/wp-content\/uploads\/2025\/10\/Hans-Wenger-Wagner-Mercedes-800x600.jpg\" class=\"galery_link\" data-fancybox=\"group_0\" title=\"V\u00e9hicule utilitaire Mercedes Sprinter cr\u00e9\u00e9 par Wenger AG Basel, d\u00e9partement Werkzeugkiste\/\"><img decoding=\"async\" src=\"https:\/\/www.wenger-basel.ch\/wp-content\/uploads\/2025\/10\/Hans-Wenger-Wagner-Mercedes-800x600.jpg\" alt=\"V\u00e9hicule utilitaire Mercedes Sprinter cr\u00e9\u00e9 par Wenger AG Basel, d\u00e9partement Werkzeugkiste\/\"><\/a><\/figure><\/div><div class=\"thumbnail aufbauten\"><figure class=\"post-attachment mime-image-jpeg\"><a href=\"https:\/\/www.wenger-basel.ch\/wp-content\/uploads\/2023\/06\/ford-transit-gekippt-hinten-800x600.jpg\" class=\"galery_link\" data-fancybox=\"group_0\" title=\"V\u00e9hicule utilitaire Ford Transit cr\u00e9\u00e9 par Wenger AG Basel, d\u00e9partement Construction de v\u00e9hicules utilitaires\/Werkzeugkiste\"><img decoding=\"async\" src=\"https:\/\/www.wenger-basel.ch\/wp-content\/uploads\/2023\/06\/ford-transit-gekippt-hinten-800x600.jpg\" alt=\"V\u00e9hicule utilitaire Ford Transit cr\u00e9\u00e9 par Wenger AG Basel, d\u00e9partement Construction de v\u00e9hicules utilitaires\/Werkzeugkiste\"><\/a><\/figure><\/div><div class=\"thumbnail aufbauten\"><figure class=\"post-attachment mime-image-jpeg\"><a href=\"https:\/\/www.wenger-basel.ch\/wp-content\/uploads\/2023\/06\/Werkzeugkiste-hinter-kabine-2-450x600.jpg\" class=\"galery_link\" data-fancybox=\"group_0\" title=\"V\u00e9hicule utilitaire Mercedes Sprinter cr\u00e9\u00e9 par Wenger AG Basel, d\u00e9partement Construction de v\u00e9hicules utilitaires\/Bennes basculantes\"><img decoding=\"async\" src=\"https:\/\/www.wenger-basel.ch\/wp-content\/uploads\/2023\/06\/Werkzeugkiste-hinter-kabine-2-450x600.jpg\" alt=\"V\u00e9hicule utilitaire Mercedes Sprinter cr\u00e9\u00e9 par Wenger AG Basel, d\u00e9partement Construction de v\u00e9hicules utilitaires\/Bennes basculantes\"><\/a><\/figure><\/div><div class=\"thumbnail werkzeugkiste\"><figure class=\"post-attachment mime-image-jpeg\"><a href=\"https:\/\/www.wenger-basel.ch\/wp-content\/uploads\/2025\/03\/werkzeugkiste-hinten-800x600.jpg\" class=\"galery_link\" data-fancybox=\"group_0\" title=\"V\u00e9hicule entretenu par Wenger AG Basel, d\u00e9partement \/Werkzeugkiste\"><img decoding=\"async\" src=\"https:\/\/www.wenger-basel.ch\/wp-content\/uploads\/2025\/03\/werkzeugkiste-hinten-800x600.jpg\" alt=\"V\u00e9hicule entretenu par Wenger AG Basel, d\u00e9partement \/Werkzeugkiste\"><\/a><\/figure><\/div><div class=\"thumbnail werkzeugkiste\"><figure class=\"post-attachment mime-image-jpeg\"><a href=\"https:\/\/www.wenger-basel.ch\/wp-content\/uploads\/2025\/03\/werkzeugkiste-seite-2-800x600.jpg\" class=\"galery_link\" data-fancybox=\"group_0\" title=\"V\u00e9hicule entretenu par Wenger AG Basel, d\u00e9partement \/Werkzeugkiste\"><img decoding=\"async\" src=\"https:\/\/www.wenger-basel.ch\/wp-content\/uploads\/2025\/03\/werkzeugkiste-seite-2-800x600.jpg\" alt=\"V\u00e9hicule entretenu par Wenger AG Basel, d\u00e9partement \/Werkzeugkiste\"><\/a><\/figure><\/div><div class=\"thumbnail aufbauten\"><figure class=\"post-attachment mime-image-jpeg\"><a href=\"https:\/\/www.wenger-basel.ch\/wp-content\/uploads\/2023\/11\/sprinter-koffer-3-450x600.jpg\" class=\"galery_link\" data-fancybox=\"group_0\" title=\"V\u00e9hicule utilitaire Mercedes Sprinter cr\u00e9\u00e9 par Wenger AG Basel, d\u00e9partement Bennes basculantes\/Werkzeugkiste\"><img decoding=\"async\" src=\"https:\/\/www.wenger-basel.ch\/wp-content\/uploads\/2023\/11\/sprinter-koffer-3-450x600.jpg\" alt=\"V\u00e9hicule utilitaire Mercedes Sprinter cr\u00e9\u00e9 par Wenger AG Basel, d\u00e9partement Bennes basculantes\/Werkzeugkiste\"><\/a><\/figure><\/div><div class=\"thumbnail aufbauten\"><figure class=\"post-attachment mime-image-jpeg\"><a href=\"https:\/\/www.wenger-basel.ch\/wp-content\/uploads\/2023\/06\/Werkzeugkiste-hinter-kabine-450x600.jpg\" class=\"galery_link\" data-fancybox=\"group_0\" title=\"V\u00e9hicule utilitaire Mercedes Sprinter cr\u00e9\u00e9 par Wenger AG Basel, d\u00e9partement Construction de v\u00e9hicules utilitaires\/Bennes basculantes\"><img decoding=\"async\" src=\"https:\/\/www.wenger-basel.ch\/wp-content\/uploads\/2023\/06\/Werkzeugkiste-hinter-kabine-450x600.jpg\" alt=\"V\u00e9hicule utilitaire Mercedes Sprinter cr\u00e9\u00e9 par Wenger AG Basel, d\u00e9partement Construction de v\u00e9hicules utilitaires\/Bennes basculantes\"><\/a><\/figure><\/div><div class=\"thumbnail aufbauten\"><figure class=\"post-attachment mime-image-jpeg\"><a href=\"https:\/\/www.wenger-basel.ch\/wp-content\/uploads\/2023\/11\/sprinter-blau-koffer-2-800x600.jpg\" class=\"galery_link\" data-fancybox=\"group_0\" title=\"V\u00e9hicule utilitaire Mercedes Sprinter cr\u00e9\u00e9 par Wenger AG Basel, d\u00e9partement Bennes basculantes\/Werkzeugkiste\"><img decoding=\"async\" src=\"https:\/\/www.wenger-basel.ch\/wp-content\/uploads\/2023\/11\/sprinter-blau-koffer-2-800x600.jpg\" alt=\"V\u00e9hicule utilitaire Mercedes Sprinter cr\u00e9\u00e9 par Wenger AG Basel, d\u00e9partement Bennes basculantes\/Werkzeugkiste\"><\/a><\/figure><\/div><div class=\"thumbnail kipper\"><figure class=\"post-attachment mime-image-jpeg\"><a href=\"https:\/\/www.wenger-basel.ch\/wp-content\/uploads\/2026\/04\/peugeot-boxer-kipper-grun-800x600.jpg\" class=\"galery_link\" data-fancybox=\"group_0\" title=\"V\u00e9hicule entretenu par Wenger AG Basel, d\u00e9partement Werkzeugkiste\/Bennes basculantes\"><img decoding=\"async\" src=\"https:\/\/www.wenger-basel.ch\/wp-content\/uploads\/2026\/04\/peugeot-boxer-kipper-grun-800x600.jpg\" alt=\"V\u00e9hicule entretenu par Wenger AG Basel, d\u00e9partement Werkzeugkiste\/Bennes basculantes\"><\/a><\/figure><\/div><div class=\"thumbnail fahrzeugbau\"><figure class=\"post-attachment mime-image-jpeg\"><a href=\"https:\/\/www.wenger-basel.ch\/wp-content\/uploads\/2023\/04\/kipper-4-800x533.jpg\" class=\"galery_link\" data-fancybox=\"group_0\" title=\"Kipper\"><img decoding=\"async\" src=\"https:\/\/www.wenger-basel.ch\/wp-content\/uploads\/2023\/04\/kipper-4-800x533.jpg\" alt=\"Kipper\"><\/a><\/figure><\/div><div class=\"thumbnail aufbauten\"><figure class=\"post-attachment mime-image-jpeg\"><a href=\"https:\/\/www.wenger-basel.ch\/wp-content\/uploads\/2023\/08\/koffer-450x600.jpg\" class=\"galery_link\" data-fancybox=\"group_0\" title=\"V\u00e9hicule entretenu par Wenger AG Basel, d\u00e9partement Werkzeugkiste\/Construction sur chassis cabine\"><img decoding=\"async\" src=\"https:\/\/www.wenger-basel.ch\/wp-content\/uploads\/2023\/08\/koffer-450x600.jpg\" alt=\"V\u00e9hicule entretenu par Wenger AG Basel, d\u00e9partement Werkzeugkiste\/Construction sur chassis cabine\"><\/a><\/figure><\/div><div class=\"thumbnail aufbauten\"><figure class=\"post-attachment mime-image-jpeg\"><a href=\"https:\/\/www.wenger-basel.ch\/wp-content\/uploads\/2023\/11\/daily-pritsche-800x600.jpg\" class=\"galery_link\" data-fancybox=\"group_0\" title=\"V\u00e9hicule utilitaire Iveco Daily cr\u00e9\u00e9 par Wenger AG Basel, d\u00e9partement Camions plateaux \/ ponts\/Werkzeugkiste\"><img decoding=\"async\" src=\"https:\/\/www.wenger-basel.ch\/wp-content\/uploads\/2023\/11\/daily-pritsche-800x600.jpg\" alt=\"V\u00e9hicule utilitaire Iveco Daily cr\u00e9\u00e9 par Wenger AG Basel, d\u00e9partement Camions plateaux \/ ponts\/Werkzeugkiste\"><\/a><\/figure><\/div><div class=\"thumbnail aufbauten\"><figure class=\"post-attachment mime-image-jpeg\"><a href=\"https:\/\/www.wenger-basel.ch\/wp-content\/uploads\/2023\/06\/Ford-Transit-kipper-800x600.jpg\" class=\"galery_link\" data-fancybox=\"group_0\" title=\"V\u00e9hicule utilitaire Ford Transit cr\u00e9\u00e9 par Wenger AG Basel, d\u00e9partement Construction de v\u00e9hicules utilitaires\/Werkzeugkiste\"><img decoding=\"async\" src=\"https:\/\/www.wenger-basel.ch\/wp-content\/uploads\/2023\/06\/Ford-Transit-kipper-800x600.jpg\" alt=\"V\u00e9hicule utilitaire Ford Transit cr\u00e9\u00e9 par Wenger AG Basel, d\u00e9partement Construction de v\u00e9hicules utilitaires\/Werkzeugkiste\"><\/a><\/figure><\/div><div class=\"thumbnail aufbauten\"><figure class=\"post-attachment mime-image-jpeg\"><a href=\"https:\/\/www.wenger-basel.ch\/wp-content\/uploads\/2023\/11\/isuzu-kipper-2-800x600.jpg\" class=\"galery_link\" data-fancybox=\"group_0\" title=\"V\u00e9hicule utilitaire Isuzu M\/P\/F- Baureihe cr\u00e9\u00e9 par Wenger AG Basel, d\u00e9partement Bennes basculantes\/Werkzeugkiste\"><img decoding=\"async\" src=\"https:\/\/www.wenger-basel.ch\/wp-content\/uploads\/2023\/11\/isuzu-kipper-2-800x600.jpg\" alt=\"V\u00e9hicule utilitaire Isuzu M\/P\/F- Baureihe cr\u00e9\u00e9 par Wenger AG Basel, d\u00e9partement Bennes basculantes\/Werkzeugkiste\"><\/a><\/figure><\/div><div class=\"thumbnail anhaenger\"><figure class=\"post-attachment mime-image-jpeg\"><a href=\"https:\/\/www.wenger-basel.ch\/wp-content\/uploads\/2023\/12\/P1030087-800x600.jpg\" class=\"galery_link\" data-fancybox=\"group_0\" title=\"V\u00e9hicule entretenu par Wenger AG Basel, d\u00e9partement Remorques standards\/Remorques\"><img decoding=\"async\" src=\"https:\/\/www.wenger-basel.ch\/wp-content\/uploads\/2023\/12\/P1030087-800x600.jpg\" alt=\"V\u00e9hicule entretenu par Wenger AG Basel, d\u00e9partement Remorques standards\/Remorques\"><\/a><\/figure><\/div><div class=\"thumbnail aufbauten\"><figure class=\"post-attachment mime-image-jpeg\"><a href=\"https:\/\/www.wenger-basel.ch\/wp-content\/uploads\/2023\/11\/daily-pritsche-3-450x600.jpg\" class=\"galery_link\" data-fancybox=\"group_0\" title=\"V\u00e9hicule utilitaire Iveco Daily cr\u00e9\u00e9 par Wenger AG Basel, d\u00e9partement Camions plateaux \/ ponts\/Werkzeugkiste\"><img decoding=\"async\" src=\"https:\/\/www.wenger-basel.ch\/wp-content\/uploads\/2023\/11\/daily-pritsche-3-450x600.jpg\" alt=\"V\u00e9hicule utilitaire Iveco Daily cr\u00e9\u00e9 par Wenger AG Basel, d\u00e9partement Camions plateaux \/ ponts\/Werkzeugkiste\"><\/a><\/figure><\/div><div class=\"thumbnail werkzeugkiste\"><figure class=\"post-attachment mime-image-jpeg\"><a href=\"https:\/\/www.wenger-basel.ch\/wp-content\/uploads\/2025\/10\/werkzeugkiste-banner-breit-800x436.jpg\" class=\"galery_link\" data-fancybox=\"group_0\" title=\"V\u00e9hicule utilitaire Flux Mobility Fahrzeuge  cr\u00e9\u00e9 par Wenger AG Basel, d\u00e9partement \/\"><img decoding=\"async\" src=\"https:\/\/www.wenger-basel.ch\/wp-content\/uploads\/2025\/10\/werkzeugkiste-banner-breit-800x436.jpg\" alt=\"V\u00e9hicule utilitaire Flux Mobility Fahrzeuge  cr\u00e9\u00e9 par Wenger AG Basel, d\u00e9partement \/\"><\/a><\/figure><\/div><div class=\"thumbnail aufbauten\"><figure class=\"post-attachment mime-image-jpeg\"><a href=\"https:\/\/www.wenger-basel.ch\/wp-content\/uploads\/2023\/06\/grau-sprinter-800x600.jpg\" class=\"galery_link\" data-fancybox=\"group_0\" title=\"V\u00e9hicule utilitaire Mercedes Sprinter cr\u00e9\u00e9 par Wenger AG Basel, d\u00e9partement Construction de v\u00e9hicules utilitaires\/Bennes basculantes\"><img decoding=\"async\" src=\"https:\/\/www.wenger-basel.ch\/wp-content\/uploads\/2023\/06\/grau-sprinter-800x600.jpg\" alt=\"V\u00e9hicule utilitaire Mercedes Sprinter cr\u00e9\u00e9 par Wenger AG Basel, d\u00e9partement Construction de v\u00e9hicules utilitaires\/Bennes basculantes\"><\/a><\/figure><\/div><div class=\"thumbnail aufbauten\"><figure class=\"post-attachment mime-image-jpeg\"><a href=\"https:\/\/www.wenger-basel.ch\/wp-content\/uploads\/2023\/11\/daily-durtschi-2-800x600.jpg\" class=\"galery_link\" data-fancybox=\"group_0\" title=\"V\u00e9hicule utilitaire Iveco Daily cr\u00e9\u00e9 par Wenger AG Basel, d\u00e9partement Camions plateaux \/ ponts\/Werkzeugkiste\"><img decoding=\"async\" src=\"https:\/\/www.wenger-basel.ch\/wp-content\/uploads\/2023\/11\/daily-durtschi-2-800x600.jpg\" alt=\"V\u00e9hicule utilitaire Iveco Daily cr\u00e9\u00e9 par Wenger AG Basel, d\u00e9partement Camions plateaux \/ ponts\/Werkzeugkiste\"><\/a><\/figure><\/div><div class=\"thumbnail anhaenger\"><figure class=\"post-attachment mime-image-jpeg\"><a href=\"https:\/\/www.wenger-basel.ch\/wp-content\/uploads\/2023\/11\/2022-08-09-06.55.44-800x600.jpg\" class=\"galery_link\" data-fancybox=\"group_0\" title=\"V\u00e9hicule entretenu par Wenger AG Basel, d\u00e9partement Werkzeugkiste\/Remorques\"><img decoding=\"async\" src=\"https:\/\/www.wenger-basel.ch\/wp-content\/uploads\/2023\/11\/2022-08-09-06.55.44-800x600.jpg\" alt=\"V\u00e9hicule entretenu par Wenger AG Basel, d\u00e9partement Werkzeugkiste\/Remorques\"><\/a><\/figure><\/div><div class=\"thumbnail aufbauten\"><figure class=\"post-attachment mime-image-jpeg\"><a href=\"https:\/\/www.wenger-basel.ch\/wp-content\/uploads\/2023\/11\/master-pritsche-holz-800x600.jpg\" class=\"galery_link\" data-fancybox=\"group_0\" title=\"V\u00e9hicule utilitaire Mercedes Sprinter cr\u00e9\u00e9 par Wenger AG Basel, d\u00e9partement Camions plateaux \/ ponts\/Werkzeugkiste\"><img decoding=\"async\" src=\"https:\/\/www.wenger-basel.ch\/wp-content\/uploads\/2023\/11\/master-pritsche-holz-800x600.jpg\" alt=\"V\u00e9hicule utilitaire Mercedes Sprinter cr\u00e9\u00e9 par Wenger AG Basel, d\u00e9partement Camions plateaux \/ ponts\/Werkzeugkiste\"><\/a><\/figure><\/div><div class=\"thumbnail aufbauten\"><figure class=\"post-attachment mime-image-jpeg\"><a href=\"https:\/\/www.wenger-basel.ch\/wp-content\/uploads\/2025\/10\/renault-Emaster-Viva-Gartenbau-800x600.jpg\" class=\"galery_link\" data-fancybox=\"group_0\" title=\"V\u00e9hicule utilitaire Renault Master cr\u00e9\u00e9 par Wenger AG Basel, d\u00e9partement Elektro\/Camions plateaux \/ ponts\"><img decoding=\"async\" src=\"https:\/\/www.wenger-basel.ch\/wp-content\/uploads\/2025\/10\/renault-Emaster-Viva-Gartenbau-800x600.jpg\" alt=\"V\u00e9hicule utilitaire Renault Master cr\u00e9\u00e9 par Wenger AG Basel, d\u00e9partement Elektro\/Camions plateaux \/ ponts\"><\/a><\/figure><\/div><div class=\"thumbnail aufbauten\"><figure class=\"post-attachment mime-image-jpeg\"><a href=\"https:\/\/www.wenger-basel.ch\/wp-content\/uploads\/2023\/11\/sprinter-garten-3-800x600.jpg\" class=\"galery_link\" data-fancybox=\"group_0\" title=\"V\u00e9hicule utilitaire Mercedes Sprinter cr\u00e9\u00e9 par Wenger AG Basel, d\u00e9partement Bennes basculantes\/Werkzeugkiste\"><img decoding=\"async\" src=\"https:\/\/www.wenger-basel.ch\/wp-content\/uploads\/2023\/11\/sprinter-garten-3-800x600.jpg\" alt=\"V\u00e9hicule utilitaire Mercedes Sprinter cr\u00e9\u00e9 par Wenger AG Basel, d\u00e9partement Bennes basculantes\/Werkzeugkiste\"><\/a><\/figure><\/div><div class=\"thumbnail aufbauten\"><figure class=\"post-attachment mime-image-jpeg\"><a href=\"https:\/\/www.wenger-basel.ch\/wp-content\/uploads\/2023\/07\/schweissen-alu-koffer-414x600.jpg\" class=\"galery_link\" data-fancybox=\"group_0\" title=\"V\u00e9hicule entretenu par Wenger AG Basel, d\u00e9partement Werkzeugkiste\/Construction sur chassis cabine\"><img decoding=\"async\" src=\"https:\/\/www.wenger-basel.ch\/wp-content\/uploads\/2023\/07\/schweissen-alu-koffer-414x600.jpg\" alt=\"V\u00e9hicule entretenu par Wenger AG Basel, d\u00e9partement Werkzeugkiste\/Construction sur chassis cabine\"><\/a><\/figure><\/div><\/div><\/div>[\/vc_column_text][\/vc_column][\/vc_row][vc_row type=&#8221;in_container&#8221; full_screen_row_position=&#8221;middle&#8221; column_margin=&#8221;default&#8221; column_direction=&#8221;default&#8221; column_direction_tablet=&#8221;default&#8221; column_direction_phone=&#8221;default&#8221; scene_position=&#8221;center&#8221; text_color=&#8221;dark&#8221; text_align=&#8221;left&#8221; row_border_radius=&#8221;none&#8221; row_border_radius_applies=&#8221;bg&#8221; overflow=&#8221;visible&#8221; overlay_strength=&#8221;0.3&#8243; gradient_direction=&#8221;left_to_right&#8221; shape_divider_position=&#8221;bottom&#8221; bg_image_animation=&#8221;none&#8221;][vc_column column_padding=&#8221;no-extra-padding&#8221; column_padding_tablet=&#8221;inherit&#8221; column_padding_phone=&#8221;inherit&#8221; column_padding_position=&#8221;all&#8221; column_element_direction_desktop=&#8221;default&#8221; column_element_spacing=&#8221;default&#8221; desktop_text_alignment=&#8221;default&#8221; tablet_text_alignment=&#8221;default&#8221; phone_text_alignment=&#8221;default&#8221; background_color_opacity=&#8221;1&#8243; background_hover_color_opacity=&#8221;1&#8243; column_backdrop_filter=&#8221;none&#8221; column_shadow=&#8221;none&#8221; column_border_radius=&#8221;none&#8221; column_link_target=&#8221;_self&#8221; column_position=&#8221;default&#8221; gradient_direction=&#8221;left_to_right&#8221; overlay_strength=&#8221;0.3&#8243; width=&#8221;1\/1&#8243; tablet_width_inherit=&#8221;default&#8221; animation_type=&#8221;default&#8221; bg_image_animation=&#8221;none&#8221; border_type=&#8221;simple&#8221; column_border_width=&#8221;none&#8221; column_border_style=&#8221;solid&#8221;][nectar_global_section id=&#8221;3564&#8243;][\/vc_column][\/vc_row][vc_row type=&#8221;in_container&#8221; full_screen_row_position=&#8221;middle&#8221; column_margin=&#8221;default&#8221; column_direction=&#8221;default&#8221; column_direction_tablet=&#8221;default&#8221; column_direction_phone=&#8221;default&#8221; scene_position=&#8221;center&#8221; text_color=&#8221;dark&#8221; text_align=&#8221;left&#8221; row_border_radius=&#8221;none&#8221; row_border_radius_applies=&#8221;bg&#8221; overflow=&#8221;visible&#8221; overlay_strength=&#8221;0.3&#8243; gradient_direction=&#8221;left_to_right&#8221; shape_divider_position=&#8221;bottom&#8221; bg_image_animation=&#8221;none&#8221;][vc_column column_padding=&#8221;no-extra-padding&#8221; column_padding_tablet=&#8221;inherit&#8221; column_padding_phone=&#8221;inherit&#8221; column_padding_position=&#8221;all&#8221; column_element_direction_desktop=&#8221;default&#8221; column_element_spacing=&#8221;default&#8221; desktop_text_alignment=&#8221;default&#8221; tablet_text_alignment=&#8221;default&#8221; phone_text_alignment=&#8221;default&#8221; background_color_opacity=&#8221;1&#8243; background_hover_color_opacity=&#8221;1&#8243; column_backdrop_filter=&#8221;none&#8221; column_shadow=&#8221;none&#8221; column_border_radius=&#8221;none&#8221; column_link_target=&#8221;_self&#8221; column_position=&#8221;default&#8221; gradient_direction=&#8221;left_to_right&#8221; overlay_strength=&#8221;0.3&#8243; width=&#8221;1\/1&#8243; tablet_width_inherit=&#8221;default&#8221; animation_type=&#8221;default&#8221; bg_image_animation=&#8221;none&#8221; border_type=&#8221;simple&#8221; column_border_width=&#8221;none&#8221; column_border_style=&#8221;solid&#8221;][nectar_global_section id=&#8221;3533&#8243;][\/vc_column][\/vc_row]\n","protected":false},"excerpt":{"rendered":"<p>[vc_row type=&#8221;in_container&#8221; full_screen_row_position=&#8221;middle&#8221; column_margin=&#8221;default&#8221; column_direction=&#8221;default&#8221; column_direction_tablet=&#8221;default&#8221; column_direction_phone=&#8221;default&#8221; scene_position=&#8221;center&#8221; text_color=&#8221;dark&#8221; text_align=&#8221;left&#8221; row_border_radius=&#8221;none&#8221; row_border_radius_applies=&#8221;bg&#8221; overflow=&#8221;visible&#8221; overlay_strength=&#8221;0.3&#8243; gradient_direction=&#8221;left_to_right&#8221; shape_divider_position=&#8221;bottom&#8221; bg_image_animation=&#8221;none&#8221;][vc_column column_padding=&#8221;no-extra-padding&#8221; column_padding_tablet=&#8221;inherit&#8221; column_padding_phone=&#8221;inherit&#8221; column_padding_position=&#8221;all&#8221; column_element_direction_desktop=&#8221;default&#8221; column_element_spacing=&#8221;default&#8221; desktop_text_alignment=&#8221;default&#8221; tablet_text_alignment=&#8221;default&#8221; phone_text_alignment=&#8221;default&#8221; background_color_opacity=&#8221;1&#8243; background_hover_color_opacity=&#8221;1&#8243; column_backdrop_filter=&#8221;none&#8221; column_shadow=&#8221;none&#8221;&#8230;<\/p>\n","protected":false},"author":6,"featured_media":0,"parent":6668,"menu_order":0,"comment_status":"closed","ping_status":"closed","template":"","meta":{"_acf_changed":false,"footnotes":""},"categories":[],"tags":[],"class_list":["post-9751","page","type-page","status-publish"],"acf":[],"yoast_head":"<!-- This site is optimized with the Yoast SEO plugin v27.5 - https:\/\/yoast.com\/product\/yoast-seo-wordpress\/ -->\n<title>Caisse de rangement - Wenger Carrosserie\/Fahrzeugbau AG<\/title>\n<meta name=\"robots\" content=\"index, follow, max-snippet:-1, max-image-preview:large, max-video-preview:-1\" \/>\n<link rel=\"canonical\" href=\"https:\/\/www.wenger-basel.ch\/fr\/superstructures\/werkzeugkiste\/\" \/>\n<meta property=\"og:locale\" content=\"fr_FR\" \/>\n<meta property=\"og:type\" content=\"article\" \/>\n<meta property=\"og:title\" content=\"Caisse de rangement - Wenger Carrosserie\/Fahrzeugbau AG\" \/>\n<meta property=\"og:description\" content=\"[vc_row type=&#8221;in_container&#8221; full_screen_row_position=&#8221;middle&#8221; column_margin=&#8221;default&#8221; column_direction=&#8221;default&#8221; column_direction_tablet=&#8221;default&#8221; column_direction_phone=&#8221;default&#8221; scene_position=&#8221;center&#8221; text_color=&#8221;dark&#8221; text_align=&#8221;left&#8221; row_border_radius=&#8221;none&#8221; row_border_radius_applies=&#8221;bg&#8221; overflow=&#8221;visible&#8221; overlay_strength=&#8221;0.3&#8243; gradient_direction=&#8221;left_to_right&#8221; shape_divider_position=&#8221;bottom&#8221; bg_image_animation=&#8221;none&#8221;][vc_column column_padding=&#8221;no-extra-padding&#8221; column_padding_tablet=&#8221;inherit&#8221; column_padding_phone=&#8221;inherit&#8221; column_padding_position=&#8221;all&#8221; column_element_direction_desktop=&#8221;default&#8221; column_element_spacing=&#8221;default&#8221; desktop_text_alignment=&#8221;default&#8221; tablet_text_alignment=&#8221;default&#8221; phone_text_alignment=&#8221;default&#8221; background_color_opacity=&#8221;1&#8243; background_hover_color_opacity=&#8221;1&#8243; column_backdrop_filter=&#8221;none&#8221; column_shadow=&#8221;none&#8221;...\" \/>\n<meta property=\"og:url\" content=\"https:\/\/www.wenger-basel.ch\/fr\/superstructures\/werkzeugkiste\/\" \/>\n<meta property=\"og:site_name\" content=\"Wenger Carrosserie\/Fahrzeugbau AG\" \/>\n<meta property=\"article:publisher\" content=\"https:\/\/www.facebook.com\/WengerBasel\" \/>\n<meta property=\"article:modified_time\" content=\"2024-02-16T09:26:28+00:00\" \/>\n<meta property=\"og:image\" content=\"https:\/\/www.wenger-basel.ch\/wp-content\/uploads\/2023\/08\/wenger-basel-empfang.jpg\" \/>\n\t<meta property=\"og:image:width\" content=\"1200\" \/>\n\t<meta property=\"og:image:height\" content=\"790\" \/>\n\t<meta property=\"og:image:type\" content=\"image\/jpeg\" \/>\n<meta name=\"twitter:card\" content=\"summary_large_image\" \/>\n<meta name=\"twitter:label1\" content=\"Est. reading time\" \/>\n\t<meta name=\"twitter:data1\" content=\"3 minutes\" \/>\n<!-- \/ Yoast SEO plugin. -->","yoast_head_json":{"title":"Caisse de rangement - Wenger Carrosserie\/Fahrzeugbau AG","robots":{"index":"index","follow":"follow","max-snippet":"max-snippet:-1","max-image-preview":"max-image-preview:large","max-video-preview":"max-video-preview:-1"},"canonical":"https:\/\/www.wenger-basel.ch\/fr\/superstructures\/werkzeugkiste\/","og_locale":"fr_FR","og_type":"article","og_title":"Caisse de rangement - Wenger Carrosserie\/Fahrzeugbau AG","og_description":"[vc_row type=&#8221;in_container&#8221; full_screen_row_position=&#8221;middle&#8221; column_margin=&#8221;default&#8221; column_direction=&#8221;default&#8221; column_direction_tablet=&#8221;default&#8221; column_direction_phone=&#8221;default&#8221; scene_position=&#8221;center&#8221; text_color=&#8221;dark&#8221; text_align=&#8221;left&#8221; row_border_radius=&#8221;none&#8221; row_border_radius_applies=&#8221;bg&#8221; overflow=&#8221;visible&#8221; overlay_strength=&#8221;0.3&#8243; gradient_direction=&#8221;left_to_right&#8221; shape_divider_position=&#8221;bottom&#8221; bg_image_animation=&#8221;none&#8221;][vc_column column_padding=&#8221;no-extra-padding&#8221; column_padding_tablet=&#8221;inherit&#8221; column_padding_phone=&#8221;inherit&#8221; column_padding_position=&#8221;all&#8221; column_element_direction_desktop=&#8221;default&#8221; column_element_spacing=&#8221;default&#8221; desktop_text_alignment=&#8221;default&#8221; tablet_text_alignment=&#8221;default&#8221; phone_text_alignment=&#8221;default&#8221; background_color_opacity=&#8221;1&#8243; background_hover_color_opacity=&#8221;1&#8243; column_backdrop_filter=&#8221;none&#8221; column_shadow=&#8221;none&#8221;...","og_url":"https:\/\/www.wenger-basel.ch\/fr\/superstructures\/werkzeugkiste\/","og_site_name":"Wenger Carrosserie\/Fahrzeugbau AG","article_publisher":"https:\/\/www.facebook.com\/WengerBasel","article_modified_time":"2024-02-16T09:26:28+00:00","og_image":[{"width":1200,"height":790,"url":"https:\/\/www.wenger-basel.ch\/wp-content\/uploads\/2023\/08\/wenger-basel-empfang.jpg","type":"image\/jpeg"}],"twitter_card":"summary_large_image","twitter_misc":{"Est. reading time":"3 minutes"},"schema":{"@context":"https:\/\/schema.org","@graph":[{"@type":"WebPage","@id":"https:\/\/www.wenger-basel.ch\/fr\/superstructures\/werkzeugkiste\/","url":"https:\/\/www.wenger-basel.ch\/fr\/superstructures\/werkzeugkiste\/","name":"Caisse de rangement - Wenger Carrosserie\/Fahrzeugbau AG","isPartOf":{"@id":"https:\/\/www.wenger-basel.ch\/#website"},"datePublished":"2024-02-16T08:12:40+00:00","dateModified":"2024-02-16T09:26:28+00:00","breadcrumb":{"@id":"https:\/\/www.wenger-basel.ch\/fr\/superstructures\/werkzeugkiste\/#breadcrumb"},"inLanguage":"fr-CH","potentialAction":[{"@type":"ReadAction","target":["https:\/\/www.wenger-basel.ch\/fr\/superstructures\/werkzeugkiste\/"]}]},{"@type":"BreadcrumbList","@id":"https:\/\/www.wenger-basel.ch\/fr\/superstructures\/werkzeugkiste\/#breadcrumb","itemListElement":[{"@type":"ListItem","position":1,"name":"Startseite","item":"https:\/\/www.wenger-basel.ch\/fr\/"},{"@type":"ListItem","position":2,"name":"Construction sur chassis cabine","item":"https:\/\/www.wenger-basel.ch\/fr\/superstructures\/"},{"@type":"ListItem","position":3,"name":"Caisse de rangement"}]},{"@type":"WebSite","@id":"https:\/\/www.wenger-basel.ch\/#website","url":"https:\/\/www.wenger-basel.ch\/","name":"WENGER Carrosserie \/ Fahrzeugbau","description":"Best\u00e4ndige Qualit\u00e4t seit 1919","publisher":{"@id":"https:\/\/www.wenger-basel.ch\/#organization"},"potentialAction":[{"@type":"SearchAction","target":{"@type":"EntryPoint","urlTemplate":"https:\/\/www.wenger-basel.ch\/?s={search_term_string}"},"query-input":{"@type":"PropertyValueSpecification","valueRequired":true,"valueName":"search_term_string"}}],"inLanguage":"fr-CH"},{"@type":"Organization","@id":"https:\/\/www.wenger-basel.ch\/#organization","name":"WENGER Carrosserie \/ Fahrzeugbau","url":"https:\/\/www.wenger-basel.ch\/","logo":{"@type":"ImageObject","inLanguage":"fr-CH","@id":"https:\/\/www.wenger-basel.ch\/#\/schema\/logo\/image\/","url":"https:\/\/www.wenger-basel.ch\/wp-content\/uploads\/2023\/08\/wenger-logo-1919-large.png","contentUrl":"https:\/\/www.wenger-basel.ch\/wp-content\/uploads\/2023\/08\/wenger-logo-1919-large.png","width":696,"height":499,"caption":"WENGER Carrosserie \/ Fahrzeugbau"},"image":{"@id":"https:\/\/www.wenger-basel.ch\/#\/schema\/logo\/image\/"},"sameAs":["https:\/\/www.facebook.com\/WengerBasel"]}]}},"_links":{"self":[{"href":"https:\/\/www.wenger-basel.ch\/fr\/wp-json\/wp\/v2\/pages\/9751","targetHints":{"allow":["GET"]}}],"collection":[{"href":"https:\/\/www.wenger-basel.ch\/fr\/wp-json\/wp\/v2\/pages"}],"about":[{"href":"https:\/\/www.wenger-basel.ch\/fr\/wp-json\/wp\/v2\/types\/page"}],"author":[{"embeddable":true,"href":"https:\/\/www.wenger-basel.ch\/fr\/wp-json\/wp\/v2\/users\/6"}],"replies":[{"embeddable":true,"href":"https:\/\/www.wenger-basel.ch\/fr\/wp-json\/wp\/v2\/comments?post=9751"}],"version-history":[{"count":0,"href":"https:\/\/www.wenger-basel.ch\/fr\/wp-json\/wp\/v2\/pages\/9751\/revisions"}],"up":[{"embeddable":true,"href":"https:\/\/www.wenger-basel.ch\/fr\/wp-json\/wp\/v2\/pages\/6668"}],"wp:attachment":[{"href":"https:\/\/www.wenger-basel.ch\/fr\/wp-json\/wp\/v2\/media?parent=9751"}],"wp:term":[{"taxonomy":"category","embeddable":true,"href":"https:\/\/www.wenger-basel.ch\/fr\/wp-json\/wp\/v2\/categories?post=9751"},{"taxonomy":"post_tag","embeddable":true,"href":"https:\/\/www.wenger-basel.ch\/fr\/wp-json\/wp\/v2\/tags?post=9751"}],"curies":[{"name":"wp","href":"https:\/\/api.w.org\/{rel}","templated":true}]}}